{"id":11219,"date":"2024-05-27T16:17:40","date_gmt":"2024-05-27T16:17:40","guid":{"rendered":"https:\/\/www.sopro.pt\/produto\/duo-infra-rojos\/"},"modified":"2025-07-18T11:42:42","modified_gmt":"2025-07-18T11:42:42","slug":"duo-infra-rojos","status":"publish","type":"product","link":"https:\/\/www.sopro.pt\/es\/produto\/duo-infra-rojos\/","title":{"rendered":"DUO INFRA-ROJOS"},"content":{"rendered":"<p><span class=\"OYPEnA text-decoration-none text-strikethrough-none\"><strong>SECADOR DYNAMIC4300<\/strong><\/span><\/p>\n<p>Potencia: 2200 W<br \/>\nMotor AC de larga duraci\u00f3n<br \/>\nLigero (550 g) y ergon\u00f3mico<br \/>\n<span class=\"OYPEnA text-decoration-none text-strikethrough-none\">2 Velocidades + 3 Configuraciones de calor<br \/>\n<\/span><span class=\"OYPEnA text-decoration-none text-strikethrough-none\">Tecnolog\u00eda Ionic: 30 milllones de iones negativos para ajudar en la eliminaci\u00f3n del frizz y de la est\u00e1tica<\/span><\/p>\n<p><strong>Tecnolog\u00eda de rayos infrarrojos:<\/strong><br \/>\nFavorece el crecimiento sano del fol\u00edculo piloso<br \/>\nTiempo de secado m\u00e1s r\u00e1pido<br \/>\nDa\u00f1o reducido<br \/>\nCut\u00edculas selladas<br \/>\nMejora la circulaci\u00f3n sangu\u00ednea<br \/>\nM\u00e1s suave para el cabello<br \/>\nConservaci\u00f3n de la humedad natural<\/p>\n<p><span class=\"OYPEnA text-decoration-none text-strikethrough-none\">2 tamanhos de b<\/span><span class=\"OYPEnA text-decoration-none text-strikethrough-none\">oquilhas que se roscan al secador<br \/>\n<\/span>Bot\u00f3n Cool Shot (inyecci\u00f3n de aire fr\u00edo)<br \/>\n<span class=\"OYPEnA text-decoration-none text-strikethrough-none\">Cable flexible de 3 m<br \/>\n<\/span><\/p>\n<p><span class=\"OYPEnA text-decoration-none text-strikethrough-none\"><br \/>\n<strong>PLANCHA PURE SMOOTH<\/strong><\/span><\/p>\n<p><span class=\"OYPEnA text-decoration-none text-strikethrough-none\"><strong><br \/>\n<\/strong><\/span>Placas calefactoras cer\u00e1micas para un deslizamiento perfecto<br \/>\nControl digital de la temperatura (90\u00baC &#8211; 230\u00baC)<br \/>\nCable giratorio 3D: 2,5 m<br \/>\nPantalla LCD digital<br \/>\nTecnolog\u00eda de iones negativos<br \/>\nTecnolog\u00eda de rayos infra-rojos<\/p>\n<p><span class=\"OYPEnA text-decoration-none text-strikethrough-none\"><strong>\u00a1Adquiere el D\u00daO INFRA-ROJO y transforma tu rutina de cuidado del cabello!<\/strong><\/span><\/p>\n<p>Promoci\u00f3n v\u00e1lida hasta 31\/12\/2025<strong><br \/>\n<\/strong><\/p>\n","protected":false},"excerpt":{"rendered":"<p>\u00a1La combinaci\u00f3n perfecta para un <span class=\"notion-enable-hover\" data-token-index=\"1\">cuidado capilar<\/span> excepcional!<\/p>\n<p><strong>Secador Dynamic4300<\/strong><br \/>\n-Tecnolog\u00eda infra-roja para un secado r\u00e1pido y saludable<br \/>\n-Funci\u00f3n i\u00f3nica para cabello brillante y sin encrespamiento<br \/>\n-Motor AC de alta potencia para un desempe\u00f1o incre\u00edble<\/p>\n<p><strong>Plancha Pure Smooth<\/strong><br \/>\n-Placas de cer\u00e1mica con tecnolog\u00eda de infra-rojos<br \/>\n-Control digital de temperatura para resultados precisos<br \/>\n-Ideal para alisamientos, ondas, y para estilizar sin damnificar<\/p>\n<p><strong>Beneficios<\/strong><br \/>\n&#8211; Reduce da\u00f1os en el cabello<br \/>\n&#8211; Promueve la salud de los fol\u00edculos pilosos<br \/>\n&#8211; Cabello sano, nutrido, m\u00e1s suave y brillante<br \/>\n&#8211; Resultados profesionales en menos tiempo<br \/>\n&#8211; Ahorra dinero al comprar este pack<\/p>\n<p>Aprovecha esta oportunidad!<\/p>\n","protected":false},"featured_media":11215,"template":"","meta":[],"product_brand":[],"product_cat":[158],"product_tag":[],"class_list":{"0":"post-11219","1":"product","2":"type-product","3":"status-publish","4":"has-post-thumbnail","6":"product_cat-todas-las-categorias","8":"first","9":"instock","10":"sale","11":"shipping-taxable","12":"purchasable","13":"product-type-simple","14":"wpzoom-wc-spi-has-enabled"},"yoast_head":"<!-- This site is optimized with the Yoast SEO plugin v27.3 - https:\/\/yoast.com\/product\/yoast-seo-wordpress\/ -->\n<title>DUO INFRA-ROJOS - Sopro - Equipamentos el\u00e9tricos para cabeleireiro<\/title>\n<meta name=\"description\" content=\"Professional - Equipamentos el\u00e9tricos para cabeleireiro. A Sopro \u00e9 uma marca Portuguesa de equipamentos el\u00e9tricos do setor profissional de cabeleireiro.\" \/>\n<meta name=\"robots\" content=\"index, follow, max-snippet:-1, max-image-preview:large, max-video-preview:-1\" \/>\n<link rel=\"canonical\" href=\"https:\/\/www.sopro.pt\/es\/produto\/duo-infra-rojos\/\" \/>\n<meta property=\"og:locale\" content=\"es_ES\" \/>\n<meta property=\"og:type\" content=\"article\" \/>\n<meta property=\"og:title\" content=\"DUO INFRA-ROJOS - Sopro - Equipamentos el\u00e9tricos para cabeleireiro\" \/>\n<meta property=\"og:description\" content=\"Professional - Equipamentos el\u00e9tricos para cabeleireiro. A Sopro \u00e9 uma marca Portuguesa de equipamentos el\u00e9tricos do setor profissional de cabeleireiro.\" \/>\n<meta property=\"og:url\" content=\"https:\/\/www.sopro.pt\/es\/produto\/duo-infra-rojos\/\" \/>\n<meta property=\"og:site_name\" content=\"Sopro - Equipamentos el\u00e9tricos para cabeleireiro\" \/>\n<meta property=\"article:publisher\" content=\"https:\/\/www.facebook.com\/soproprofessionals\/\" \/>\n<meta property=\"article:modified_time\" content=\"2025-07-18T11:42:42+00:00\" \/>\n<meta property=\"og:image\" content=\"https:\/\/www.sopro.pt\/wp-content\/uploads\/2024\/05\/Sopro-Duo-Infravermelhos-2.jpg\" \/>\n\t<meta property=\"og:image:width\" content=\"1080\" \/>\n\t<meta property=\"og:image:height\" content=\"1080\" \/>\n\t<meta property=\"og:image:type\" content=\"image\/jpeg\" \/>\n<meta name=\"twitter:card\" content=\"summary_large_image\" \/>\n<meta name=\"twitter:label1\" content=\"Tiempo de lectura\" \/>\n\t<meta name=\"twitter:data1\" content=\"1 minuto\" \/>\n<script type=\"application\/ld+json\" class=\"yoast-schema-graph\">{\"@context\":\"https:\\\/\\\/schema.org\",\"@graph\":[{\"@type\":\"WebPage\",\"@id\":\"https:\\\/\\\/www.sopro.pt\\\/es\\\/produto\\\/duo-infra-rojos\\\/\",\"url\":\"https:\\\/\\\/www.sopro.pt\\\/es\\\/produto\\\/duo-infra-rojos\\\/\",\"name\":\"DUO INFRA-ROJOS - Sopro - Equipamentos el\u00e9tricos para cabeleireiro\",\"isPartOf\":{\"@id\":\"https:\\\/\\\/www.sopro.pt\\\/es\\\/#website\"},\"primaryImageOfPage\":{\"@id\":\"https:\\\/\\\/www.sopro.pt\\\/es\\\/produto\\\/duo-infra-rojos\\\/#primaryimage\"},\"image\":{\"@id\":\"https:\\\/\\\/www.sopro.pt\\\/es\\\/produto\\\/duo-infra-rojos\\\/#primaryimage\"},\"thumbnailUrl\":\"https:\\\/\\\/www.sopro.pt\\\/wp-content\\\/uploads\\\/2024\\\/05\\\/Sopro-Duo-Infravermelhos-2.jpg\",\"datePublished\":\"2024-05-27T16:17:40+00:00\",\"dateModified\":\"2025-07-18T11:42:42+00:00\",\"description\":\"Professional - Equipamentos el\u00e9tricos para cabeleireiro. A Sopro \u00e9 uma marca Portuguesa de equipamentos el\u00e9tricos do setor profissional de cabeleireiro.\",\"breadcrumb\":{\"@id\":\"https:\\\/\\\/www.sopro.pt\\\/es\\\/produto\\\/duo-infra-rojos\\\/#breadcrumb\"},\"inLanguage\":\"es\",\"potentialAction\":[{\"@type\":\"ReadAction\",\"target\":[\"https:\\\/\\\/www.sopro.pt\\\/es\\\/produto\\\/duo-infra-rojos\\\/\"]}]},{\"@type\":\"ImageObject\",\"inLanguage\":\"es\",\"@id\":\"https:\\\/\\\/www.sopro.pt\\\/es\\\/produto\\\/duo-infra-rojos\\\/#primaryimage\",\"url\":\"https:\\\/\\\/www.sopro.pt\\\/wp-content\\\/uploads\\\/2024\\\/05\\\/Sopro-Duo-Infravermelhos-2.jpg\",\"contentUrl\":\"https:\\\/\\\/www.sopro.pt\\\/wp-content\\\/uploads\\\/2024\\\/05\\\/Sopro-Duo-Infravermelhos-2.jpg\",\"width\":1080,\"height\":1080,\"caption\":\"Secador y Plancha Infra-rojos\"},{\"@type\":\"BreadcrumbList\",\"@id\":\"https:\\\/\\\/www.sopro.pt\\\/es\\\/produto\\\/duo-infra-rojos\\\/#breadcrumb\",\"itemListElement\":[{\"@type\":\"ListItem\",\"position\":1,\"name\":\"In\u00edcio\",\"item\":\"https:\\\/\\\/www.sopro.pt\\\/es\\\/home-2\\\/\"},{\"@type\":\"ListItem\",\"position\":2,\"name\":\"Productos\",\"item\":\"https:\\\/\\\/www.sopro.pt\\\/es\\\/shop\\\/\"},{\"@type\":\"ListItem\",\"position\":3,\"name\":\"DUO INFRA-ROJOS\"}]},{\"@type\":\"WebSite\",\"@id\":\"https:\\\/\\\/www.sopro.pt\\\/es\\\/#website\",\"url\":\"https:\\\/\\\/www.sopro.pt\\\/es\\\/\",\"name\":\"Sopro Professionals\",\"description\":\"Professional - Equipamentos el\u00e9tricos para cabeleireiro. A Sopro \u00e9 uma marca Portuguesa de equipamentos el\u00e9tricos do setor profissional de cabeleireiro.\",\"publisher\":{\"@id\":\"https:\\\/\\\/www.sopro.pt\\\/es\\\/#organization\"},\"alternateName\":\"Sopro\",\"potentialAction\":[{\"@type\":\"SearchAction\",\"target\":{\"@type\":\"EntryPoint\",\"urlTemplate\":\"https:\\\/\\\/www.sopro.pt\\\/es\\\/?s={search_term_string}\"},\"query-input\":{\"@type\":\"PropertyValueSpecification\",\"valueRequired\":true,\"valueName\":\"search_term_string\"}}],\"inLanguage\":\"es\"},{\"@type\":\"Organization\",\"@id\":\"https:\\\/\\\/www.sopro.pt\\\/es\\\/#organization\",\"name\":\"Sopro Professionals\",\"url\":\"https:\\\/\\\/www.sopro.pt\\\/es\\\/\",\"logo\":{\"@type\":\"ImageObject\",\"inLanguage\":\"es\",\"@id\":\"https:\\\/\\\/www.sopro.pt\\\/es\\\/#\\\/schema\\\/logo\\\/image\\\/\",\"url\":\"https:\\\/\\\/www.sopro.pt\\\/wp-content\\\/uploads\\\/2024\\\/01\\\/SOPRO-PROFESSIONALS-FAVICON-web.svg\",\"contentUrl\":\"https:\\\/\\\/www.sopro.pt\\\/wp-content\\\/uploads\\\/2024\\\/01\\\/SOPRO-PROFESSIONALS-FAVICON-web.svg\",\"width\":512,\"height\":512,\"caption\":\"Sopro Professionals\"},\"image\":{\"@id\":\"https:\\\/\\\/www.sopro.pt\\\/es\\\/#\\\/schema\\\/logo\\\/image\\\/\"},\"sameAs\":[\"https:\\\/\\\/www.facebook.com\\\/soproprofessionals\\\/\",\"https:\\\/\\\/www.instagram.com\\\/sopro_professionals\\\/\"]}]}<\/script>\n<!-- \/ Yoast SEO plugin. -->","yoast_head_json":{"title":"DUO INFRA-ROJOS - Sopro - Equipamentos el\u00e9tricos para cabeleireiro","description":"Professional - Equipamentos el\u00e9tricos para cabeleireiro. A Sopro \u00e9 uma marca Portuguesa de equipamentos el\u00e9tricos do setor profissional de cabeleireiro.","robots":{"index":"index","follow":"follow","max-snippet":"max-snippet:-1","max-image-preview":"max-image-preview:large","max-video-preview":"max-video-preview:-1"},"canonical":"https:\/\/www.sopro.pt\/es\/produto\/duo-infra-rojos\/","og_locale":"es_ES","og_type":"article","og_title":"DUO INFRA-ROJOS - Sopro - Equipamentos el\u00e9tricos para cabeleireiro","og_description":"Professional - Equipamentos el\u00e9tricos para cabeleireiro. A Sopro \u00e9 uma marca Portuguesa de equipamentos el\u00e9tricos do setor profissional de cabeleireiro.","og_url":"https:\/\/www.sopro.pt\/es\/produto\/duo-infra-rojos\/","og_site_name":"Sopro - Equipamentos el\u00e9tricos para cabeleireiro","article_publisher":"https:\/\/www.facebook.com\/soproprofessionals\/","article_modified_time":"2025-07-18T11:42:42+00:00","og_image":[{"width":1080,"height":1080,"url":"https:\/\/www.sopro.pt\/wp-content\/uploads\/2024\/05\/Sopro-Duo-Infravermelhos-2.jpg","type":"image\/jpeg"}],"twitter_card":"summary_large_image","twitter_misc":{"Tiempo de lectura":"1 minuto"},"schema":{"@context":"https:\/\/schema.org","@graph":[{"@type":"WebPage","@id":"https:\/\/www.sopro.pt\/es\/produto\/duo-infra-rojos\/","url":"https:\/\/www.sopro.pt\/es\/produto\/duo-infra-rojos\/","name":"DUO INFRA-ROJOS - Sopro - Equipamentos el\u00e9tricos para cabeleireiro","isPartOf":{"@id":"https:\/\/www.sopro.pt\/es\/#website"},"primaryImageOfPage":{"@id":"https:\/\/www.sopro.pt\/es\/produto\/duo-infra-rojos\/#primaryimage"},"image":{"@id":"https:\/\/www.sopro.pt\/es\/produto\/duo-infra-rojos\/#primaryimage"},"thumbnailUrl":"https:\/\/www.sopro.pt\/wp-content\/uploads\/2024\/05\/Sopro-Duo-Infravermelhos-2.jpg","datePublished":"2024-05-27T16:17:40+00:00","dateModified":"2025-07-18T11:42:42+00:00","description":"Professional - Equipamentos el\u00e9tricos para cabeleireiro. A Sopro \u00e9 uma marca Portuguesa de equipamentos el\u00e9tricos do setor profissional de cabeleireiro.","breadcrumb":{"@id":"https:\/\/www.sopro.pt\/es\/produto\/duo-infra-rojos\/#breadcrumb"},"inLanguage":"es","potentialAction":[{"@type":"ReadAction","target":["https:\/\/www.sopro.pt\/es\/produto\/duo-infra-rojos\/"]}]},{"@type":"ImageObject","inLanguage":"es","@id":"https:\/\/www.sopro.pt\/es\/produto\/duo-infra-rojos\/#primaryimage","url":"https:\/\/www.sopro.pt\/wp-content\/uploads\/2024\/05\/Sopro-Duo-Infravermelhos-2.jpg","contentUrl":"https:\/\/www.sopro.pt\/wp-content\/uploads\/2024\/05\/Sopro-Duo-Infravermelhos-2.jpg","width":1080,"height":1080,"caption":"Secador y Plancha Infra-rojos"},{"@type":"BreadcrumbList","@id":"https:\/\/www.sopro.pt\/es\/produto\/duo-infra-rojos\/#breadcrumb","itemListElement":[{"@type":"ListItem","position":1,"name":"In\u00edcio","item":"https:\/\/www.sopro.pt\/es\/home-2\/"},{"@type":"ListItem","position":2,"name":"Productos","item":"https:\/\/www.sopro.pt\/es\/shop\/"},{"@type":"ListItem","position":3,"name":"DUO INFRA-ROJOS"}]},{"@type":"WebSite","@id":"https:\/\/www.sopro.pt\/es\/#website","url":"https:\/\/www.sopro.pt\/es\/","name":"Sopro Professionals","description":"Professional - Equipamentos el\u00e9tricos para cabeleireiro. A Sopro \u00e9 uma marca Portuguesa de equipamentos el\u00e9tricos do setor profissional de cabeleireiro.","publisher":{"@id":"https:\/\/www.sopro.pt\/es\/#organization"},"alternateName":"Sopro","potentialAction":[{"@type":"SearchAction","target":{"@type":"EntryPoint","urlTemplate":"https:\/\/www.sopro.pt\/es\/?s={search_term_string}"},"query-input":{"@type":"PropertyValueSpecification","valueRequired":true,"valueName":"search_term_string"}}],"inLanguage":"es"},{"@type":"Organization","@id":"https:\/\/www.sopro.pt\/es\/#organization","name":"Sopro Professionals","url":"https:\/\/www.sopro.pt\/es\/","logo":{"@type":"ImageObject","inLanguage":"es","@id":"https:\/\/www.sopro.pt\/es\/#\/schema\/logo\/image\/","url":"https:\/\/www.sopro.pt\/wp-content\/uploads\/2024\/01\/SOPRO-PROFESSIONALS-FAVICON-web.svg","contentUrl":"https:\/\/www.sopro.pt\/wp-content\/uploads\/2024\/01\/SOPRO-PROFESSIONALS-FAVICON-web.svg","width":512,"height":512,"caption":"Sopro Professionals"},"image":{"@id":"https:\/\/www.sopro.pt\/es\/#\/schema\/logo\/image\/"},"sameAs":["https:\/\/www.facebook.com\/soproprofessionals\/","https:\/\/www.instagram.com\/sopro_professionals\/"]}]}},"_links":{"self":[{"href":"https:\/\/www.sopro.pt\/es\/wp-json\/wp\/v2\/product\/11219","targetHints":{"allow":["GET"]}}],"collection":[{"href":"https:\/\/www.sopro.pt\/es\/wp-json\/wp\/v2\/product"}],"about":[{"href":"https:\/\/www.sopro.pt\/es\/wp-json\/wp\/v2\/types\/product"}],"version-history":[{"count":2,"href":"https:\/\/www.sopro.pt\/es\/wp-json\/wp\/v2\/product\/11219\/revisions"}],"predecessor-version":[{"id":12273,"href":"https:\/\/www.sopro.pt\/es\/wp-json\/wp\/v2\/product\/11219\/revisions\/12273"}],"wp:featuredmedia":[{"embeddable":true,"href":"https:\/\/www.sopro.pt\/es\/wp-json\/wp\/v2\/media\/11215"}],"wp:attachment":[{"href":"https:\/\/www.sopro.pt\/es\/wp-json\/wp\/v2\/media?parent=11219"}],"wp:term":[{"taxonomy":"product_brand","embeddable":true,"href":"https:\/\/www.sopro.pt\/es\/wp-json\/wp\/v2\/product_brand?post=11219"},{"taxonomy":"product_cat","embeddable":true,"href":"https:\/\/www.sopro.pt\/es\/wp-json\/wp\/v2\/product_cat?post=11219"},{"taxonomy":"product_tag","embeddable":true,"href":"https:\/\/www.sopro.pt\/es\/wp-json\/wp\/v2\/product_tag?post=11219"}],"curies":[{"name":"wp","href":"https:\/\/api.w.org\/{rel}","templated":true}]}}