{"id":11036,"date":"2021-06-14T14:49:24","date_gmt":"2021-06-14T14:49:24","guid":{"rendered":"https:\/\/www.sopro.pt\/produto\/secador-eco-born\/"},"modified":"2024-05-10T10:24:41","modified_gmt":"2024-05-10T10:24:41","slug":"secador-eco-born","status":"publish","type":"product","link":"https:\/\/www.sopro.pt\/es\/produto\/secador-eco-born\/","title":{"rendered":"SECADOR ECO BORN"},"content":{"rendered":"<p><strong>Motor Brushless de \u00daltima Generaci\u00f3n:<\/strong> El motor del Eco Born utiliza tecnolog\u00eda sin escobillas, proporcionando una potencia excepcional para un secado r\u00e1pido y eficiente.<\/p>\n<p><strong>Dise\u00f1o Ergon\u00f3mico y Compacto:<\/strong> Con una estructura ergon\u00f3mica, esta secadora es liviana y f\u00e1cil de manejar, ofreciendo comodidad durante un uso prolongado.<\/p>\n<p><strong>Resistencia a Altas Temperaturas:<\/strong> La carcasa de la secadora est\u00e1 dise\u00f1ada para soportar altas temperaturas sin deformaciones ni riesgo de sobrecalentamiento.<\/p>\n<p><strong>Ligereza para mayor comodidad:<\/strong> Con tan solo 420 g, el Secador Eco Born alivia la tensi\u00f3n en mu\u00f1ecas, brazos y hombros, brindando una experiencia c\u00f3moda para el usuario.<\/p>\n<p><strong>Beneficios adicionales:<\/strong><\/p>\n<ul>\n<li><strong>Eficiencia Profesional:<\/strong> Garantiza un secado r\u00e1pido y eficaz, satisfaciendo las necesidades de los profesionales del cabello m\u00e1s exigentes.<\/li>\n<li><strong>Garant\u00eda de 2 a\u00f1os:<\/strong> Ofrece confianza y tranquilidad, confirmando la durabilidad y calidad del producto.<\/li>\n<\/ul>\n<p>&nbsp;<\/p>\n<p><strong>Experimenta el poder y la comodidad de secar el cabello con cuidado<\/strong><\/p>\n<p>Con el Secador Eco Born no solo obtienes un rendimiento inigualable, sino tambi\u00e9n un aliado para el cuidado diario de tu cabello. Invierta en la eficiencia y comodidad que ofrece esta secadora de alta calidad. \ud83d\udca8\u2728<\/p>\n","protected":false},"excerpt":{"rendered":"<h5 class=\"elementor-heading-title elementor-size-default\">Ultraligero con grandes prestaciones<\/h5>\n<p>&nbsp;<\/p>\n<p>El Secador Eco Born es una obra maestra de rendimiento profesional, creado para proporcionar un secado ultrarr\u00e1pido para todo tipo de cabello. Su potencia se incrementa gracias a la avanzada tecnolog\u00eda de motor sin escobillas, lo que garantiza eficiencia y durabilidad.<\/p>\n","protected":false},"featured_media":10236,"template":"","meta":[],"product_brand":[],"product_cat":[160,180,158],"product_tag":[],"class_list":{"0":"post-11036","1":"product","2":"type-product","3":"status-publish","4":"has-post-thumbnail","6":"product_cat-peluqueria","7":"product_cat-secadores-es","8":"product_cat-todas-las-categorias","10":"first","11":"instock","12":"shipping-taxable","13":"purchasable","14":"product-type-simple"},"yoast_head":"<!-- This site is optimized with the Yoast SEO plugin v27.3 - https:\/\/yoast.com\/product\/yoast-seo-wordpress\/ -->\n<title>SECADOR ECO BORN - Sopro - Equipamentos el\u00e9tricos para cabeleireiro<\/title>\n<meta name=\"description\" content=\"Professional - Equipamentos el\u00e9tricos para cabeleireiro. A Sopro \u00e9 uma marca Portuguesa de equipamentos el\u00e9tricos do setor profissional de cabeleireiro.\" \/>\n<meta name=\"robots\" content=\"index, follow, max-snippet:-1, max-image-preview:large, max-video-preview:-1\" \/>\n<link rel=\"canonical\" href=\"https:\/\/www.sopro.pt\/es\/produto\/secador-eco-born\/\" \/>\n<meta property=\"og:locale\" content=\"es_ES\" \/>\n<meta property=\"og:type\" content=\"article\" \/>\n<meta property=\"og:title\" content=\"SECADOR ECO BORN - Sopro - Equipamentos el\u00e9tricos para cabeleireiro\" \/>\n<meta property=\"og:description\" content=\"Professional - Equipamentos el\u00e9tricos para cabeleireiro. A Sopro \u00e9 uma marca Portuguesa de equipamentos el\u00e9tricos do setor profissional de cabeleireiro.\" \/>\n<meta property=\"og:url\" content=\"https:\/\/www.sopro.pt\/es\/produto\/secador-eco-born\/\" \/>\n<meta property=\"og:site_name\" content=\"Sopro - Equipamentos el\u00e9tricos para cabeleireiro\" \/>\n<meta property=\"article:publisher\" content=\"https:\/\/www.facebook.com\/soproprofessionals\/\" \/>\n<meta property=\"article:modified_time\" content=\"2024-05-10T10:24:41+00:00\" \/>\n<meta property=\"og:image\" content=\"https:\/\/www.sopro.pt\/wp-content\/uploads\/2021\/06\/SOPRO-SECADOR-ECO-BORN.png\" \/>\n\t<meta property=\"og:image:width\" content=\"1080\" \/>\n\t<meta property=\"og:image:height\" content=\"1080\" \/>\n\t<meta property=\"og:image:type\" content=\"image\/png\" \/>\n<meta name=\"twitter:card\" content=\"summary_large_image\" \/>\n<meta name=\"twitter:label1\" content=\"Tiempo de lectura\" \/>\n\t<meta name=\"twitter:data1\" content=\"1 minuto\" \/>\n<script type=\"application\/ld+json\" class=\"yoast-schema-graph\">{\"@context\":\"https:\\\/\\\/schema.org\",\"@graph\":[{\"@type\":\"WebPage\",\"@id\":\"https:\\\/\\\/www.sopro.pt\\\/es\\\/produto\\\/secador-eco-born\\\/\",\"url\":\"https:\\\/\\\/www.sopro.pt\\\/es\\\/produto\\\/secador-eco-born\\\/\",\"name\":\"SECADOR ECO BORN - Sopro - Equipamentos el\u00e9tricos para cabeleireiro\",\"isPartOf\":{\"@id\":\"https:\\\/\\\/www.sopro.pt\\\/es\\\/#website\"},\"primaryImageOfPage\":{\"@id\":\"https:\\\/\\\/www.sopro.pt\\\/es\\\/produto\\\/secador-eco-born\\\/#primaryimage\"},\"image\":{\"@id\":\"https:\\\/\\\/www.sopro.pt\\\/es\\\/produto\\\/secador-eco-born\\\/#primaryimage\"},\"thumbnailUrl\":\"https:\\\/\\\/www.sopro.pt\\\/wp-content\\\/uploads\\\/2021\\\/06\\\/SOPRO-SECADOR-ECO-BORN.png\",\"datePublished\":\"2021-06-14T14:49:24+00:00\",\"dateModified\":\"2024-05-10T10:24:41+00:00\",\"description\":\"Professional - Equipamentos el\u00e9tricos para cabeleireiro. A Sopro \u00e9 uma marca Portuguesa de equipamentos el\u00e9tricos do setor profissional de cabeleireiro.\",\"breadcrumb\":{\"@id\":\"https:\\\/\\\/www.sopro.pt\\\/es\\\/produto\\\/secador-eco-born\\\/#breadcrumb\"},\"inLanguage\":\"es\",\"potentialAction\":[{\"@type\":\"ReadAction\",\"target\":[\"https:\\\/\\\/www.sopro.pt\\\/es\\\/produto\\\/secador-eco-born\\\/\"]}]},{\"@type\":\"ImageObject\",\"inLanguage\":\"es\",\"@id\":\"https:\\\/\\\/www.sopro.pt\\\/es\\\/produto\\\/secador-eco-born\\\/#primaryimage\",\"url\":\"https:\\\/\\\/www.sopro.pt\\\/wp-content\\\/uploads\\\/2021\\\/06\\\/SOPRO-SECADOR-ECO-BORN.png\",\"contentUrl\":\"https:\\\/\\\/www.sopro.pt\\\/wp-content\\\/uploads\\\/2021\\\/06\\\/SOPRO-SECADOR-ECO-BORN.png\",\"width\":1080,\"height\":1080,\"caption\":\"Secador de Cabelo Eco Born - Sopro Professionals\"},{\"@type\":\"BreadcrumbList\",\"@id\":\"https:\\\/\\\/www.sopro.pt\\\/es\\\/produto\\\/secador-eco-born\\\/#breadcrumb\",\"itemListElement\":[{\"@type\":\"ListItem\",\"position\":1,\"name\":\"In\u00edcio\",\"item\":\"https:\\\/\\\/www.sopro.pt\\\/es\\\/home-2\\\/\"},{\"@type\":\"ListItem\",\"position\":2,\"name\":\"Productos\",\"item\":\"https:\\\/\\\/www.sopro.pt\\\/es\\\/shop\\\/\"},{\"@type\":\"ListItem\",\"position\":3,\"name\":\"SECADOR ECO BORN\"}]},{\"@type\":\"WebSite\",\"@id\":\"https:\\\/\\\/www.sopro.pt\\\/es\\\/#website\",\"url\":\"https:\\\/\\\/www.sopro.pt\\\/es\\\/\",\"name\":\"Sopro Professionals\",\"description\":\"Professional - Equipamentos el\u00e9tricos para cabeleireiro. A Sopro \u00e9 uma marca Portuguesa de equipamentos el\u00e9tricos do setor profissional de cabeleireiro.\",\"publisher\":{\"@id\":\"https:\\\/\\\/www.sopro.pt\\\/es\\\/#organization\"},\"alternateName\":\"Sopro\",\"potentialAction\":[{\"@type\":\"SearchAction\",\"target\":{\"@type\":\"EntryPoint\",\"urlTemplate\":\"https:\\\/\\\/www.sopro.pt\\\/es\\\/?s={search_term_string}\"},\"query-input\":{\"@type\":\"PropertyValueSpecification\",\"valueRequired\":true,\"valueName\":\"search_term_string\"}}],\"inLanguage\":\"es\"},{\"@type\":\"Organization\",\"@id\":\"https:\\\/\\\/www.sopro.pt\\\/es\\\/#organization\",\"name\":\"Sopro Professionals\",\"url\":\"https:\\\/\\\/www.sopro.pt\\\/es\\\/\",\"logo\":{\"@type\":\"ImageObject\",\"inLanguage\":\"es\",\"@id\":\"https:\\\/\\\/www.sopro.pt\\\/es\\\/#\\\/schema\\\/logo\\\/image\\\/\",\"url\":\"https:\\\/\\\/www.sopro.pt\\\/wp-content\\\/uploads\\\/2024\\\/01\\\/SOPRO-PROFESSIONALS-FAVICON-web.svg\",\"contentUrl\":\"https:\\\/\\\/www.sopro.pt\\\/wp-content\\\/uploads\\\/2024\\\/01\\\/SOPRO-PROFESSIONALS-FAVICON-web.svg\",\"width\":512,\"height\":512,\"caption\":\"Sopro Professionals\"},\"image\":{\"@id\":\"https:\\\/\\\/www.sopro.pt\\\/es\\\/#\\\/schema\\\/logo\\\/image\\\/\"},\"sameAs\":[\"https:\\\/\\\/www.facebook.com\\\/soproprofessionals\\\/\",\"https:\\\/\\\/www.instagram.com\\\/sopro_professionals\\\/\"]}]}<\/script>\n<!-- \/ Yoast SEO plugin. -->","yoast_head_json":{"title":"SECADOR ECO BORN - Sopro - Equipamentos el\u00e9tricos para cabeleireiro","description":"Professional - Equipamentos el\u00e9tricos para cabeleireiro. A Sopro \u00e9 uma marca Portuguesa de equipamentos el\u00e9tricos do setor profissional de cabeleireiro.","robots":{"index":"index","follow":"follow","max-snippet":"max-snippet:-1","max-image-preview":"max-image-preview:large","max-video-preview":"max-video-preview:-1"},"canonical":"https:\/\/www.sopro.pt\/es\/produto\/secador-eco-born\/","og_locale":"es_ES","og_type":"article","og_title":"SECADOR ECO BORN - Sopro - Equipamentos el\u00e9tricos para cabeleireiro","og_description":"Professional - Equipamentos el\u00e9tricos para cabeleireiro. A Sopro \u00e9 uma marca Portuguesa de equipamentos el\u00e9tricos do setor profissional de cabeleireiro.","og_url":"https:\/\/www.sopro.pt\/es\/produto\/secador-eco-born\/","og_site_name":"Sopro - Equipamentos el\u00e9tricos para cabeleireiro","article_publisher":"https:\/\/www.facebook.com\/soproprofessionals\/","article_modified_time":"2024-05-10T10:24:41+00:00","og_image":[{"width":1080,"height":1080,"url":"https:\/\/www.sopro.pt\/wp-content\/uploads\/2021\/06\/SOPRO-SECADOR-ECO-BORN.png","type":"image\/png"}],"twitter_card":"summary_large_image","twitter_misc":{"Tiempo de lectura":"1 minuto"},"schema":{"@context":"https:\/\/schema.org","@graph":[{"@type":"WebPage","@id":"https:\/\/www.sopro.pt\/es\/produto\/secador-eco-born\/","url":"https:\/\/www.sopro.pt\/es\/produto\/secador-eco-born\/","name":"SECADOR ECO BORN - Sopro - Equipamentos el\u00e9tricos para cabeleireiro","isPartOf":{"@id":"https:\/\/www.sopro.pt\/es\/#website"},"primaryImageOfPage":{"@id":"https:\/\/www.sopro.pt\/es\/produto\/secador-eco-born\/#primaryimage"},"image":{"@id":"https:\/\/www.sopro.pt\/es\/produto\/secador-eco-born\/#primaryimage"},"thumbnailUrl":"https:\/\/www.sopro.pt\/wp-content\/uploads\/2021\/06\/SOPRO-SECADOR-ECO-BORN.png","datePublished":"2021-06-14T14:49:24+00:00","dateModified":"2024-05-10T10:24:41+00:00","description":"Professional - Equipamentos el\u00e9tricos para cabeleireiro. A Sopro \u00e9 uma marca Portuguesa de equipamentos el\u00e9tricos do setor profissional de cabeleireiro.","breadcrumb":{"@id":"https:\/\/www.sopro.pt\/es\/produto\/secador-eco-born\/#breadcrumb"},"inLanguage":"es","potentialAction":[{"@type":"ReadAction","target":["https:\/\/www.sopro.pt\/es\/produto\/secador-eco-born\/"]}]},{"@type":"ImageObject","inLanguage":"es","@id":"https:\/\/www.sopro.pt\/es\/produto\/secador-eco-born\/#primaryimage","url":"https:\/\/www.sopro.pt\/wp-content\/uploads\/2021\/06\/SOPRO-SECADOR-ECO-BORN.png","contentUrl":"https:\/\/www.sopro.pt\/wp-content\/uploads\/2021\/06\/SOPRO-SECADOR-ECO-BORN.png","width":1080,"height":1080,"caption":"Secador de Cabelo Eco Born - Sopro Professionals"},{"@type":"BreadcrumbList","@id":"https:\/\/www.sopro.pt\/es\/produto\/secador-eco-born\/#breadcrumb","itemListElement":[{"@type":"ListItem","position":1,"name":"In\u00edcio","item":"https:\/\/www.sopro.pt\/es\/home-2\/"},{"@type":"ListItem","position":2,"name":"Productos","item":"https:\/\/www.sopro.pt\/es\/shop\/"},{"@type":"ListItem","position":3,"name":"SECADOR ECO BORN"}]},{"@type":"WebSite","@id":"https:\/\/www.sopro.pt\/es\/#website","url":"https:\/\/www.sopro.pt\/es\/","name":"Sopro Professionals","description":"Professional - Equipamentos el\u00e9tricos para cabeleireiro. A Sopro \u00e9 uma marca Portuguesa de equipamentos el\u00e9tricos do setor profissional de cabeleireiro.","publisher":{"@id":"https:\/\/www.sopro.pt\/es\/#organization"},"alternateName":"Sopro","potentialAction":[{"@type":"SearchAction","target":{"@type":"EntryPoint","urlTemplate":"https:\/\/www.sopro.pt\/es\/?s={search_term_string}"},"query-input":{"@type":"PropertyValueSpecification","valueRequired":true,"valueName":"search_term_string"}}],"inLanguage":"es"},{"@type":"Organization","@id":"https:\/\/www.sopro.pt\/es\/#organization","name":"Sopro Professionals","url":"https:\/\/www.sopro.pt\/es\/","logo":{"@type":"ImageObject","inLanguage":"es","@id":"https:\/\/www.sopro.pt\/es\/#\/schema\/logo\/image\/","url":"https:\/\/www.sopro.pt\/wp-content\/uploads\/2024\/01\/SOPRO-PROFESSIONALS-FAVICON-web.svg","contentUrl":"https:\/\/www.sopro.pt\/wp-content\/uploads\/2024\/01\/SOPRO-PROFESSIONALS-FAVICON-web.svg","width":512,"height":512,"caption":"Sopro Professionals"},"image":{"@id":"https:\/\/www.sopro.pt\/es\/#\/schema\/logo\/image\/"},"sameAs":["https:\/\/www.facebook.com\/soproprofessionals\/","https:\/\/www.instagram.com\/sopro_professionals\/"]}]}},"_links":{"self":[{"href":"https:\/\/www.sopro.pt\/es\/wp-json\/wp\/v2\/product\/11036","targetHints":{"allow":["GET"]}}],"collection":[{"href":"https:\/\/www.sopro.pt\/es\/wp-json\/wp\/v2\/product"}],"about":[{"href":"https:\/\/www.sopro.pt\/es\/wp-json\/wp\/v2\/types\/product"}],"version-history":[{"count":1,"href":"https:\/\/www.sopro.pt\/es\/wp-json\/wp\/v2\/product\/11036\/revisions"}],"predecessor-version":[{"id":11038,"href":"https:\/\/www.sopro.pt\/es\/wp-json\/wp\/v2\/product\/11036\/revisions\/11038"}],"wp:featuredmedia":[{"embeddable":true,"href":"https:\/\/www.sopro.pt\/es\/wp-json\/wp\/v2\/media\/10236"}],"wp:attachment":[{"href":"https:\/\/www.sopro.pt\/es\/wp-json\/wp\/v2\/media?parent=11036"}],"wp:term":[{"taxonomy":"product_brand","embeddable":true,"href":"https:\/\/www.sopro.pt\/es\/wp-json\/wp\/v2\/product_brand?post=11036"},{"taxonomy":"product_cat","embeddable":true,"href":"https:\/\/www.sopro.pt\/es\/wp-json\/wp\/v2\/product_cat?post=11036"},{"taxonomy":"product_tag","embeddable":true,"href":"https:\/\/www.sopro.pt\/es\/wp-json\/wp\/v2\/product_tag?post=11036"}],"curies":[{"name":"wp","href":"https:\/\/api.w.org\/{rel}","templated":true}]}}