{"id":11030,"date":"2021-06-14T14:49:25","date_gmt":"2021-06-14T14:49:25","guid":{"rendered":"https:\/\/www.sopro.pt\/produto\/secador-first3500\/"},"modified":"2024-09-27T13:55:38","modified_gmt":"2024-09-27T13:55:38","slug":"sopro-pb3500b-secador-first-blanco","status":"publish","type":"product","link":"https:\/\/www.sopro.pt\/es\/produto\/sopro-pb3500b-secador-first-blanco\/","title":{"rendered":"SECADOR FIRST3500"},"content":{"rendered":"<p>Potencia impresionante: Con una potencia de 2100 W, este secador garantiza un flujo de aire fuerte y eficiente para resultados r\u00e1pidos y efectivos. <strong>Motor AC profesional:<\/strong> Equipado con un motor AC, este secador ofrece una larga vida \u00fatil, manteniendo un rendimiento constante incluso con un uso intensivo. <strong>Control Personalizado:<\/strong> Con 2 velocidades y 3 ajustes de temperatura, tienes control total sobre el proceso de secado, adapt\u00e1ndose a diferentes tipos y estilos de cabello. <strong>Cable Flexible:<\/strong> El cable de 3 metros proporciona libertad de movimiento. <strong>Funci\u00f3n I\u00f3nica:<\/strong> Reduce el frizz y deja el cabello m\u00e1s suave, promoviendo un resultado profesional y duradero. <strong>Colores Disponibles:<\/strong> Elije entre rose gold, negro, rojo y blanco para complementar el estilo de tu sal\u00f3n. El secador First3500 es m\u00e1s que una herramienta de secado, es un socio confiable para crear estilos incre\u00edbles y duraderos. Invierte en calidad y desempe\u00f1o profesional con el First3500. \u2640\ufe0f<\/p>\n","protected":false},"excerpt":{"rendered":"<h5>Potencia i\u00f3nica, rendimiento profesional<\/h5>\n<p><strong>Disponible ahora en Rose Gold y Negro Cl\u00e1sico!<\/strong> El secador First3500 es la opci\u00f3n ideal para profesionales que buscan potencia, rendimiento y durabilidad en un solo dispositivo. Dise\u00f1ado para ofrecer resultados extraordinarios, este secador es una excelente herramenta para el d\u00eda a d\u00eda.<\/p>\n","protected":false},"featured_media":11512,"template":"","meta":[],"product_brand":[],"product_cat":[160,180,158],"product_tag":[],"class_list":{"0":"post-11030","1":"product","2":"type-product","3":"status-publish","4":"has-post-thumbnail","6":"product_cat-peluqueria","7":"product_cat-secadores-es","8":"product_cat-todas-las-categorias","10":"first","11":"instock","12":"shipping-taxable","13":"purchasable","14":"product-type-variable","15":"has-default-attributes","16":"wpzoom-wc-spi-has-enabled"},"yoast_head":"<!-- This site is optimized with the Yoast SEO plugin v27.3 - https:\/\/yoast.com\/product\/yoast-seo-wordpress\/ -->\n<title>SECADOR FIRST3500 - Sopro - Equipamentos el\u00e9tricos para cabeleireiro<\/title>\n<meta name=\"description\" content=\"Professional - Equipamentos el\u00e9tricos para cabeleireiro. A Sopro \u00e9 uma marca Portuguesa de equipamentos el\u00e9tricos do setor profissional de cabeleireiro.\" \/>\n<meta name=\"robots\" content=\"index, follow, max-snippet:-1, max-image-preview:large, max-video-preview:-1\" \/>\n<link rel=\"canonical\" href=\"https:\/\/www.sopro.pt\/es\/produto\/sopro-pb3500b-secador-first-blanco\/\" \/>\n<meta property=\"og:locale\" content=\"es_ES\" \/>\n<meta property=\"og:type\" content=\"article\" \/>\n<meta property=\"og:title\" content=\"SECADOR FIRST3500 - Sopro - Equipamentos el\u00e9tricos para cabeleireiro\" \/>\n<meta property=\"og:description\" content=\"Professional - Equipamentos el\u00e9tricos para cabeleireiro. A Sopro \u00e9 uma marca Portuguesa de equipamentos el\u00e9tricos do setor profissional de cabeleireiro.\" \/>\n<meta property=\"og:url\" content=\"https:\/\/www.sopro.pt\/es\/produto\/sopro-pb3500b-secador-first-blanco\/\" \/>\n<meta property=\"og:site_name\" content=\"Sopro - Equipamentos el\u00e9tricos para cabeleireiro\" \/>\n<meta property=\"article:publisher\" content=\"https:\/\/www.facebook.com\/soproprofessionals\/\" \/>\n<meta property=\"article:modified_time\" content=\"2024-09-27T13:55:38+00:00\" \/>\n<meta property=\"og:image\" content=\"https:\/\/www.sopro.pt\/wp-content\/uploads\/2021\/06\/SOPRO-Secadores-FIRST3500-1-jpg.webp\" \/>\n\t<meta property=\"og:image:width\" content=\"1080\" \/>\n\t<meta property=\"og:image:height\" content=\"1080\" \/>\n\t<meta property=\"og:image:type\" content=\"image\/jpeg\" \/>\n<meta name=\"twitter:card\" content=\"summary_large_image\" \/>\n<meta name=\"twitter:label1\" content=\"Tiempo de lectura\" \/>\n\t<meta name=\"twitter:data1\" content=\"1 minuto\" \/>\n<script type=\"application\/ld+json\" class=\"yoast-schema-graph\">{\"@context\":\"https:\\\/\\\/schema.org\",\"@graph\":[{\"@type\":\"WebPage\",\"@id\":\"https:\\\/\\\/www.sopro.pt\\\/es\\\/produto\\\/sopro-pb3500b-secador-first-blanco\\\/\",\"url\":\"https:\\\/\\\/www.sopro.pt\\\/es\\\/produto\\\/sopro-pb3500b-secador-first-blanco\\\/\",\"name\":\"SECADOR FIRST3500 - Sopro - Equipamentos el\u00e9tricos para cabeleireiro\",\"isPartOf\":{\"@id\":\"https:\\\/\\\/www.sopro.pt\\\/es\\\/#website\"},\"primaryImageOfPage\":{\"@id\":\"https:\\\/\\\/www.sopro.pt\\\/es\\\/produto\\\/sopro-pb3500b-secador-first-blanco\\\/#primaryimage\"},\"image\":{\"@id\":\"https:\\\/\\\/www.sopro.pt\\\/es\\\/produto\\\/sopro-pb3500b-secador-first-blanco\\\/#primaryimage\"},\"thumbnailUrl\":\"https:\\\/\\\/www.sopro.pt\\\/wp-content\\\/uploads\\\/2021\\\/06\\\/SOPRO-Secadores-FIRST3500-1-jpg.webp\",\"datePublished\":\"2021-06-14T14:49:25+00:00\",\"dateModified\":\"2024-09-27T13:55:38+00:00\",\"description\":\"Professional - Equipamentos el\u00e9tricos para cabeleireiro. A Sopro \u00e9 uma marca Portuguesa de equipamentos el\u00e9tricos do setor profissional de cabeleireiro.\",\"breadcrumb\":{\"@id\":\"https:\\\/\\\/www.sopro.pt\\\/es\\\/produto\\\/sopro-pb3500b-secador-first-blanco\\\/#breadcrumb\"},\"inLanguage\":\"es\",\"potentialAction\":[{\"@type\":\"ReadAction\",\"target\":[\"https:\\\/\\\/www.sopro.pt\\\/es\\\/produto\\\/sopro-pb3500b-secador-first-blanco\\\/\"]}]},{\"@type\":\"ImageObject\",\"inLanguage\":\"es\",\"@id\":\"https:\\\/\\\/www.sopro.pt\\\/es\\\/produto\\\/sopro-pb3500b-secador-first-blanco\\\/#primaryimage\",\"url\":\"https:\\\/\\\/www.sopro.pt\\\/wp-content\\\/uploads\\\/2021\\\/06\\\/SOPRO-Secadores-FIRST3500-1-jpg.webp\",\"contentUrl\":\"https:\\\/\\\/www.sopro.pt\\\/wp-content\\\/uploads\\\/2021\\\/06\\\/SOPRO-Secadores-FIRST3500-1-jpg.webp\",\"width\":1080,\"height\":1080,\"caption\":\"Secador de Cabelo Profissional - First3500 - Sopro Professionals\"},{\"@type\":\"BreadcrumbList\",\"@id\":\"https:\\\/\\\/www.sopro.pt\\\/es\\\/produto\\\/sopro-pb3500b-secador-first-blanco\\\/#breadcrumb\",\"itemListElement\":[{\"@type\":\"ListItem\",\"position\":1,\"name\":\"In\u00edcio\",\"item\":\"https:\\\/\\\/www.sopro.pt\\\/es\\\/home-2\\\/\"},{\"@type\":\"ListItem\",\"position\":2,\"name\":\"Productos\",\"item\":\"https:\\\/\\\/www.sopro.pt\\\/es\\\/shop\\\/\"},{\"@type\":\"ListItem\",\"position\":3,\"name\":\"SECADOR FIRST3500\"}]},{\"@type\":\"WebSite\",\"@id\":\"https:\\\/\\\/www.sopro.pt\\\/es\\\/#website\",\"url\":\"https:\\\/\\\/www.sopro.pt\\\/es\\\/\",\"name\":\"Sopro Professionals\",\"description\":\"Professional - Equipamentos el\u00e9tricos para cabeleireiro. A Sopro \u00e9 uma marca Portuguesa de equipamentos el\u00e9tricos do setor profissional de cabeleireiro.\",\"publisher\":{\"@id\":\"https:\\\/\\\/www.sopro.pt\\\/es\\\/#organization\"},\"alternateName\":\"Sopro\",\"potentialAction\":[{\"@type\":\"SearchAction\",\"target\":{\"@type\":\"EntryPoint\",\"urlTemplate\":\"https:\\\/\\\/www.sopro.pt\\\/es\\\/?s={search_term_string}\"},\"query-input\":{\"@type\":\"PropertyValueSpecification\",\"valueRequired\":true,\"valueName\":\"search_term_string\"}}],\"inLanguage\":\"es\"},{\"@type\":\"Organization\",\"@id\":\"https:\\\/\\\/www.sopro.pt\\\/es\\\/#organization\",\"name\":\"Sopro Professionals\",\"url\":\"https:\\\/\\\/www.sopro.pt\\\/es\\\/\",\"logo\":{\"@type\":\"ImageObject\",\"inLanguage\":\"es\",\"@id\":\"https:\\\/\\\/www.sopro.pt\\\/es\\\/#\\\/schema\\\/logo\\\/image\\\/\",\"url\":\"https:\\\/\\\/www.sopro.pt\\\/wp-content\\\/uploads\\\/2024\\\/01\\\/SOPRO-PROFESSIONALS-FAVICON-web.svg\",\"contentUrl\":\"https:\\\/\\\/www.sopro.pt\\\/wp-content\\\/uploads\\\/2024\\\/01\\\/SOPRO-PROFESSIONALS-FAVICON-web.svg\",\"width\":512,\"height\":512,\"caption\":\"Sopro Professionals\"},\"image\":{\"@id\":\"https:\\\/\\\/www.sopro.pt\\\/es\\\/#\\\/schema\\\/logo\\\/image\\\/\"},\"sameAs\":[\"https:\\\/\\\/www.facebook.com\\\/soproprofessionals\\\/\",\"https:\\\/\\\/www.instagram.com\\\/sopro_professionals\\\/\"]}]}<\/script>\n<!-- \/ Yoast SEO plugin. -->","yoast_head_json":{"title":"SECADOR FIRST3500 - Sopro - Equipamentos el\u00e9tricos para cabeleireiro","description":"Professional - Equipamentos el\u00e9tricos para cabeleireiro. A Sopro \u00e9 uma marca Portuguesa de equipamentos el\u00e9tricos do setor profissional de cabeleireiro.","robots":{"index":"index","follow":"follow","max-snippet":"max-snippet:-1","max-image-preview":"max-image-preview:large","max-video-preview":"max-video-preview:-1"},"canonical":"https:\/\/www.sopro.pt\/es\/produto\/sopro-pb3500b-secador-first-blanco\/","og_locale":"es_ES","og_type":"article","og_title":"SECADOR FIRST3500 - Sopro - Equipamentos el\u00e9tricos para cabeleireiro","og_description":"Professional - Equipamentos el\u00e9tricos para cabeleireiro. A Sopro \u00e9 uma marca Portuguesa de equipamentos el\u00e9tricos do setor profissional de cabeleireiro.","og_url":"https:\/\/www.sopro.pt\/es\/produto\/sopro-pb3500b-secador-first-blanco\/","og_site_name":"Sopro - Equipamentos el\u00e9tricos para cabeleireiro","article_publisher":"https:\/\/www.facebook.com\/soproprofessionals\/","article_modified_time":"2024-09-27T13:55:38+00:00","og_image":[{"width":1080,"height":1080,"url":"https:\/\/www.sopro.pt\/wp-content\/uploads\/2021\/06\/SOPRO-Secadores-FIRST3500-1-jpg.webp","type":"image\/jpeg"}],"twitter_card":"summary_large_image","twitter_misc":{"Tiempo de lectura":"1 minuto"},"schema":{"@context":"https:\/\/schema.org","@graph":[{"@type":"WebPage","@id":"https:\/\/www.sopro.pt\/es\/produto\/sopro-pb3500b-secador-first-blanco\/","url":"https:\/\/www.sopro.pt\/es\/produto\/sopro-pb3500b-secador-first-blanco\/","name":"SECADOR FIRST3500 - Sopro - Equipamentos el\u00e9tricos para cabeleireiro","isPartOf":{"@id":"https:\/\/www.sopro.pt\/es\/#website"},"primaryImageOfPage":{"@id":"https:\/\/www.sopro.pt\/es\/produto\/sopro-pb3500b-secador-first-blanco\/#primaryimage"},"image":{"@id":"https:\/\/www.sopro.pt\/es\/produto\/sopro-pb3500b-secador-first-blanco\/#primaryimage"},"thumbnailUrl":"https:\/\/www.sopro.pt\/wp-content\/uploads\/2021\/06\/SOPRO-Secadores-FIRST3500-1-jpg.webp","datePublished":"2021-06-14T14:49:25+00:00","dateModified":"2024-09-27T13:55:38+00:00","description":"Professional - Equipamentos el\u00e9tricos para cabeleireiro. A Sopro \u00e9 uma marca Portuguesa de equipamentos el\u00e9tricos do setor profissional de cabeleireiro.","breadcrumb":{"@id":"https:\/\/www.sopro.pt\/es\/produto\/sopro-pb3500b-secador-first-blanco\/#breadcrumb"},"inLanguage":"es","potentialAction":[{"@type":"ReadAction","target":["https:\/\/www.sopro.pt\/es\/produto\/sopro-pb3500b-secador-first-blanco\/"]}]},{"@type":"ImageObject","inLanguage":"es","@id":"https:\/\/www.sopro.pt\/es\/produto\/sopro-pb3500b-secador-first-blanco\/#primaryimage","url":"https:\/\/www.sopro.pt\/wp-content\/uploads\/2021\/06\/SOPRO-Secadores-FIRST3500-1-jpg.webp","contentUrl":"https:\/\/www.sopro.pt\/wp-content\/uploads\/2021\/06\/SOPRO-Secadores-FIRST3500-1-jpg.webp","width":1080,"height":1080,"caption":"Secador de Cabelo Profissional - First3500 - Sopro Professionals"},{"@type":"BreadcrumbList","@id":"https:\/\/www.sopro.pt\/es\/produto\/sopro-pb3500b-secador-first-blanco\/#breadcrumb","itemListElement":[{"@type":"ListItem","position":1,"name":"In\u00edcio","item":"https:\/\/www.sopro.pt\/es\/home-2\/"},{"@type":"ListItem","position":2,"name":"Productos","item":"https:\/\/www.sopro.pt\/es\/shop\/"},{"@type":"ListItem","position":3,"name":"SECADOR FIRST3500"}]},{"@type":"WebSite","@id":"https:\/\/www.sopro.pt\/es\/#website","url":"https:\/\/www.sopro.pt\/es\/","name":"Sopro Professionals","description":"Professional - Equipamentos el\u00e9tricos para cabeleireiro. A Sopro \u00e9 uma marca Portuguesa de equipamentos el\u00e9tricos do setor profissional de cabeleireiro.","publisher":{"@id":"https:\/\/www.sopro.pt\/es\/#organization"},"alternateName":"Sopro","potentialAction":[{"@type":"SearchAction","target":{"@type":"EntryPoint","urlTemplate":"https:\/\/www.sopro.pt\/es\/?s={search_term_string}"},"query-input":{"@type":"PropertyValueSpecification","valueRequired":true,"valueName":"search_term_string"}}],"inLanguage":"es"},{"@type":"Organization","@id":"https:\/\/www.sopro.pt\/es\/#organization","name":"Sopro Professionals","url":"https:\/\/www.sopro.pt\/es\/","logo":{"@type":"ImageObject","inLanguage":"es","@id":"https:\/\/www.sopro.pt\/es\/#\/schema\/logo\/image\/","url":"https:\/\/www.sopro.pt\/wp-content\/uploads\/2024\/01\/SOPRO-PROFESSIONALS-FAVICON-web.svg","contentUrl":"https:\/\/www.sopro.pt\/wp-content\/uploads\/2024\/01\/SOPRO-PROFESSIONALS-FAVICON-web.svg","width":512,"height":512,"caption":"Sopro Professionals"},"image":{"@id":"https:\/\/www.sopro.pt\/es\/#\/schema\/logo\/image\/"},"sameAs":["https:\/\/www.facebook.com\/soproprofessionals\/","https:\/\/www.instagram.com\/sopro_professionals\/"]}]}},"_links":{"self":[{"href":"https:\/\/www.sopro.pt\/es\/wp-json\/wp\/v2\/product\/11030","targetHints":{"allow":["GET"]}}],"collection":[{"href":"https:\/\/www.sopro.pt\/es\/wp-json\/wp\/v2\/product"}],"about":[{"href":"https:\/\/www.sopro.pt\/es\/wp-json\/wp\/v2\/types\/product"}],"version-history":[{"count":2,"href":"https:\/\/www.sopro.pt\/es\/wp-json\/wp\/v2\/product\/11030\/revisions"}],"predecessor-version":[{"id":11525,"href":"https:\/\/www.sopro.pt\/es\/wp-json\/wp\/v2\/product\/11030\/revisions\/11525"}],"wp:featuredmedia":[{"embeddable":true,"href":"https:\/\/www.sopro.pt\/es\/wp-json\/wp\/v2\/media\/11512"}],"wp:attachment":[{"href":"https:\/\/www.sopro.pt\/es\/wp-json\/wp\/v2\/media?parent=11030"}],"wp:term":[{"taxonomy":"product_brand","embeddable":true,"href":"https:\/\/www.sopro.pt\/es\/wp-json\/wp\/v2\/product_brand?post=11030"},{"taxonomy":"product_cat","embeddable":true,"href":"https:\/\/www.sopro.pt\/es\/wp-json\/wp\/v2\/product_cat?post=11030"},{"taxonomy":"product_tag","embeddable":true,"href":"https:\/\/www.sopro.pt\/es\/wp-json\/wp\/v2\/product_tag?post=11030"}],"curies":[{"name":"wp","href":"https:\/\/api.w.org\/{rel}","templated":true}]}}