{"id":10894,"date":"2022-06-30T09:54:31","date_gmt":"2022-06-30T09:54:31","guid":{"rendered":"https:\/\/www.sopro.pt\/produto\/cepillo-termico-estocolmo\/"},"modified":"2024-05-08T18:53:57","modified_gmt":"2024-05-08T18:53:57","slug":"cepillo-termico-estocolmo","status":"publish","type":"product","link":"https:\/\/www.sopro.pt\/es\/produto\/cepillo-termico-estocolmo\/","title":{"rendered":"CEPILLO T\u00c9RMICO ESTOCOLMO"},"content":{"rendered":"","protected":false},"excerpt":{"rendered":"<p>Cada cepillo est\u00e1 fabricado con pines de Nylon y cerdas de jabal\u00ed, lo que proporciona el equilibrio perfecto entre un desenredado suave y un peinado preciso. Ya sea para peinados elegantes o alisamientos \u200b\u200bimpecables, estos cepillos son imprescindibles para cualquier profesional de la belleza. Producto disponible en 4 tama\u00f1os.<\/p>\n","protected":false},"featured_media":10234,"template":"","meta":[],"product_brand":[],"product_cat":[168,160,158],"product_tag":[],"class_list":{"0":"post-10894","1":"product","2":"type-product","3":"status-publish","4":"has-post-thumbnail","6":"product_cat-cepillos-peines","7":"product_cat-peluqueria","8":"product_cat-todas-las-categorias","10":"first","11":"instock","12":"shipping-taxable","13":"purchasable","14":"product-type-variable","15":"wpzoom-wc-spi-has-enabled"},"yoast_head":"<!-- This site is optimized with the Yoast SEO plugin v27.3 - https:\/\/yoast.com\/product\/yoast-seo-wordpress\/ -->\n<title>CEPILLO T\u00c9RMICO ESTOCOLMO - Sopro - Equipamentos el\u00e9tricos para cabeleireiro<\/title>\n<meta name=\"description\" content=\"Professional - Equipamentos el\u00e9tricos para cabeleireiro. A Sopro \u00e9 uma marca Portuguesa de equipamentos el\u00e9tricos do setor profissional de cabeleireiro.\" \/>\n<meta name=\"robots\" content=\"index, follow, max-snippet:-1, max-image-preview:large, max-video-preview:-1\" \/>\n<link rel=\"canonical\" href=\"https:\/\/www.sopro.pt\/es\/produto\/cepillo-termico-estocolmo\/\" \/>\n<meta property=\"og:locale\" content=\"es_ES\" \/>\n<meta property=\"og:type\" content=\"article\" \/>\n<meta property=\"og:title\" content=\"CEPILLO T\u00c9RMICO ESTOCOLMO - Sopro - Equipamentos el\u00e9tricos para cabeleireiro\" \/>\n<meta property=\"og:description\" content=\"Professional - Equipamentos el\u00e9tricos para cabeleireiro. A Sopro \u00e9 uma marca Portuguesa de equipamentos el\u00e9tricos do setor profissional de cabeleireiro.\" \/>\n<meta property=\"og:url\" content=\"https:\/\/www.sopro.pt\/es\/produto\/cepillo-termico-estocolmo\/\" \/>\n<meta property=\"og:site_name\" content=\"Sopro - Equipamentos el\u00e9tricos para cabeleireiro\" \/>\n<meta property=\"article:publisher\" content=\"https:\/\/www.facebook.com\/soproprofessionals\/\" \/>\n<meta property=\"article:modified_time\" content=\"2024-05-08T18:53:57+00:00\" \/>\n<meta property=\"og:image\" content=\"https:\/\/www.sopro.pt\/wp-content\/uploads\/2022\/06\/SOPRO-ESCOVA-TERMICA-ESTOCOLMO.png\" \/>\n\t<meta property=\"og:image:width\" content=\"1080\" \/>\n\t<meta property=\"og:image:height\" content=\"1080\" \/>\n\t<meta property=\"og:image:type\" content=\"image\/png\" \/>\n<meta name=\"twitter:card\" content=\"summary_large_image\" \/>\n<script type=\"application\/ld+json\" class=\"yoast-schema-graph\">{\"@context\":\"https:\\\/\\\/schema.org\",\"@graph\":[{\"@type\":\"WebPage\",\"@id\":\"https:\\\/\\\/www.sopro.pt\\\/es\\\/produto\\\/cepillo-termico-estocolmo\\\/\",\"url\":\"https:\\\/\\\/www.sopro.pt\\\/es\\\/produto\\\/cepillo-termico-estocolmo\\\/\",\"name\":\"CEPILLO T\u00c9RMICO ESTOCOLMO - Sopro - Equipamentos el\u00e9tricos para cabeleireiro\",\"isPartOf\":{\"@id\":\"https:\\\/\\\/www.sopro.pt\\\/es\\\/#website\"},\"primaryImageOfPage\":{\"@id\":\"https:\\\/\\\/www.sopro.pt\\\/es\\\/produto\\\/cepillo-termico-estocolmo\\\/#primaryimage\"},\"image\":{\"@id\":\"https:\\\/\\\/www.sopro.pt\\\/es\\\/produto\\\/cepillo-termico-estocolmo\\\/#primaryimage\"},\"thumbnailUrl\":\"https:\\\/\\\/www.sopro.pt\\\/wp-content\\\/uploads\\\/2022\\\/06\\\/SOPRO-ESCOVA-TERMICA-ESTOCOLMO.png\",\"datePublished\":\"2022-06-30T09:54:31+00:00\",\"dateModified\":\"2024-05-08T18:53:57+00:00\",\"description\":\"Professional - Equipamentos el\u00e9tricos para cabeleireiro. A Sopro \u00e9 uma marca Portuguesa de equipamentos el\u00e9tricos do setor profissional de cabeleireiro.\",\"breadcrumb\":{\"@id\":\"https:\\\/\\\/www.sopro.pt\\\/es\\\/produto\\\/cepillo-termico-estocolmo\\\/#breadcrumb\"},\"inLanguage\":\"es\",\"potentialAction\":[{\"@type\":\"ReadAction\",\"target\":[\"https:\\\/\\\/www.sopro.pt\\\/es\\\/produto\\\/cepillo-termico-estocolmo\\\/\"]}]},{\"@type\":\"ImageObject\",\"inLanguage\":\"es\",\"@id\":\"https:\\\/\\\/www.sopro.pt\\\/es\\\/produto\\\/cepillo-termico-estocolmo\\\/#primaryimage\",\"url\":\"https:\\\/\\\/www.sopro.pt\\\/wp-content\\\/uploads\\\/2022\\\/06\\\/SOPRO-ESCOVA-TERMICA-ESTOCOLMO.png\",\"contentUrl\":\"https:\\\/\\\/www.sopro.pt\\\/wp-content\\\/uploads\\\/2022\\\/06\\\/SOPRO-ESCOVA-TERMICA-ESTOCOLMO.png\",\"width\":1080,\"height\":1080,\"caption\":\"SOPRO - ESCOVA T\u00c9RMICA ESTOCOLMO\"},{\"@type\":\"BreadcrumbList\",\"@id\":\"https:\\\/\\\/www.sopro.pt\\\/es\\\/produto\\\/cepillo-termico-estocolmo\\\/#breadcrumb\",\"itemListElement\":[{\"@type\":\"ListItem\",\"position\":1,\"name\":\"In\u00edcio\",\"item\":\"https:\\\/\\\/www.sopro.pt\\\/es\\\/home-2\\\/\"},{\"@type\":\"ListItem\",\"position\":2,\"name\":\"Productos\",\"item\":\"https:\\\/\\\/www.sopro.pt\\\/es\\\/shop\\\/\"},{\"@type\":\"ListItem\",\"position\":3,\"name\":\"CEPILLO T\u00c9RMICO ESTOCOLMO\"}]},{\"@type\":\"WebSite\",\"@id\":\"https:\\\/\\\/www.sopro.pt\\\/es\\\/#website\",\"url\":\"https:\\\/\\\/www.sopro.pt\\\/es\\\/\",\"name\":\"Sopro Professionals\",\"description\":\"Professional - Equipamentos el\u00e9tricos para cabeleireiro. A Sopro \u00e9 uma marca Portuguesa de equipamentos el\u00e9tricos do setor profissional de cabeleireiro.\",\"publisher\":{\"@id\":\"https:\\\/\\\/www.sopro.pt\\\/es\\\/#organization\"},\"alternateName\":\"Sopro\",\"potentialAction\":[{\"@type\":\"SearchAction\",\"target\":{\"@type\":\"EntryPoint\",\"urlTemplate\":\"https:\\\/\\\/www.sopro.pt\\\/es\\\/?s={search_term_string}\"},\"query-input\":{\"@type\":\"PropertyValueSpecification\",\"valueRequired\":true,\"valueName\":\"search_term_string\"}}],\"inLanguage\":\"es\"},{\"@type\":\"Organization\",\"@id\":\"https:\\\/\\\/www.sopro.pt\\\/es\\\/#organization\",\"name\":\"Sopro Professionals\",\"url\":\"https:\\\/\\\/www.sopro.pt\\\/es\\\/\",\"logo\":{\"@type\":\"ImageObject\",\"inLanguage\":\"es\",\"@id\":\"https:\\\/\\\/www.sopro.pt\\\/es\\\/#\\\/schema\\\/logo\\\/image\\\/\",\"url\":\"https:\\\/\\\/www.sopro.pt\\\/wp-content\\\/uploads\\\/2024\\\/01\\\/SOPRO-PROFESSIONALS-FAVICON-web.svg\",\"contentUrl\":\"https:\\\/\\\/www.sopro.pt\\\/wp-content\\\/uploads\\\/2024\\\/01\\\/SOPRO-PROFESSIONALS-FAVICON-web.svg\",\"width\":512,\"height\":512,\"caption\":\"Sopro Professionals\"},\"image\":{\"@id\":\"https:\\\/\\\/www.sopro.pt\\\/es\\\/#\\\/schema\\\/logo\\\/image\\\/\"},\"sameAs\":[\"https:\\\/\\\/www.facebook.com\\\/soproprofessionals\\\/\",\"https:\\\/\\\/www.instagram.com\\\/sopro_professionals\\\/\"]}]}<\/script>\n<!-- \/ Yoast SEO plugin. -->","yoast_head_json":{"title":"CEPILLO T\u00c9RMICO ESTOCOLMO - Sopro - Equipamentos el\u00e9tricos para cabeleireiro","description":"Professional - Equipamentos el\u00e9tricos para cabeleireiro. A Sopro \u00e9 uma marca Portuguesa de equipamentos el\u00e9tricos do setor profissional de cabeleireiro.","robots":{"index":"index","follow":"follow","max-snippet":"max-snippet:-1","max-image-preview":"max-image-preview:large","max-video-preview":"max-video-preview:-1"},"canonical":"https:\/\/www.sopro.pt\/es\/produto\/cepillo-termico-estocolmo\/","og_locale":"es_ES","og_type":"article","og_title":"CEPILLO T\u00c9RMICO ESTOCOLMO - Sopro - Equipamentos el\u00e9tricos para cabeleireiro","og_description":"Professional - Equipamentos el\u00e9tricos para cabeleireiro. A Sopro \u00e9 uma marca Portuguesa de equipamentos el\u00e9tricos do setor profissional de cabeleireiro.","og_url":"https:\/\/www.sopro.pt\/es\/produto\/cepillo-termico-estocolmo\/","og_site_name":"Sopro - Equipamentos el\u00e9tricos para cabeleireiro","article_publisher":"https:\/\/www.facebook.com\/soproprofessionals\/","article_modified_time":"2024-05-08T18:53:57+00:00","og_image":[{"width":1080,"height":1080,"url":"https:\/\/www.sopro.pt\/wp-content\/uploads\/2022\/06\/SOPRO-ESCOVA-TERMICA-ESTOCOLMO.png","type":"image\/png"}],"twitter_card":"summary_large_image","schema":{"@context":"https:\/\/schema.org","@graph":[{"@type":"WebPage","@id":"https:\/\/www.sopro.pt\/es\/produto\/cepillo-termico-estocolmo\/","url":"https:\/\/www.sopro.pt\/es\/produto\/cepillo-termico-estocolmo\/","name":"CEPILLO T\u00c9RMICO ESTOCOLMO - Sopro - Equipamentos el\u00e9tricos para cabeleireiro","isPartOf":{"@id":"https:\/\/www.sopro.pt\/es\/#website"},"primaryImageOfPage":{"@id":"https:\/\/www.sopro.pt\/es\/produto\/cepillo-termico-estocolmo\/#primaryimage"},"image":{"@id":"https:\/\/www.sopro.pt\/es\/produto\/cepillo-termico-estocolmo\/#primaryimage"},"thumbnailUrl":"https:\/\/www.sopro.pt\/wp-content\/uploads\/2022\/06\/SOPRO-ESCOVA-TERMICA-ESTOCOLMO.png","datePublished":"2022-06-30T09:54:31+00:00","dateModified":"2024-05-08T18:53:57+00:00","description":"Professional - Equipamentos el\u00e9tricos para cabeleireiro. A Sopro \u00e9 uma marca Portuguesa de equipamentos el\u00e9tricos do setor profissional de cabeleireiro.","breadcrumb":{"@id":"https:\/\/www.sopro.pt\/es\/produto\/cepillo-termico-estocolmo\/#breadcrumb"},"inLanguage":"es","potentialAction":[{"@type":"ReadAction","target":["https:\/\/www.sopro.pt\/es\/produto\/cepillo-termico-estocolmo\/"]}]},{"@type":"ImageObject","inLanguage":"es","@id":"https:\/\/www.sopro.pt\/es\/produto\/cepillo-termico-estocolmo\/#primaryimage","url":"https:\/\/www.sopro.pt\/wp-content\/uploads\/2022\/06\/SOPRO-ESCOVA-TERMICA-ESTOCOLMO.png","contentUrl":"https:\/\/www.sopro.pt\/wp-content\/uploads\/2022\/06\/SOPRO-ESCOVA-TERMICA-ESTOCOLMO.png","width":1080,"height":1080,"caption":"SOPRO - ESCOVA T\u00c9RMICA ESTOCOLMO"},{"@type":"BreadcrumbList","@id":"https:\/\/www.sopro.pt\/es\/produto\/cepillo-termico-estocolmo\/#breadcrumb","itemListElement":[{"@type":"ListItem","position":1,"name":"In\u00edcio","item":"https:\/\/www.sopro.pt\/es\/home-2\/"},{"@type":"ListItem","position":2,"name":"Productos","item":"https:\/\/www.sopro.pt\/es\/shop\/"},{"@type":"ListItem","position":3,"name":"CEPILLO T\u00c9RMICO ESTOCOLMO"}]},{"@type":"WebSite","@id":"https:\/\/www.sopro.pt\/es\/#website","url":"https:\/\/www.sopro.pt\/es\/","name":"Sopro Professionals","description":"Professional - Equipamentos el\u00e9tricos para cabeleireiro. A Sopro \u00e9 uma marca Portuguesa de equipamentos el\u00e9tricos do setor profissional de cabeleireiro.","publisher":{"@id":"https:\/\/www.sopro.pt\/es\/#organization"},"alternateName":"Sopro","potentialAction":[{"@type":"SearchAction","target":{"@type":"EntryPoint","urlTemplate":"https:\/\/www.sopro.pt\/es\/?s={search_term_string}"},"query-input":{"@type":"PropertyValueSpecification","valueRequired":true,"valueName":"search_term_string"}}],"inLanguage":"es"},{"@type":"Organization","@id":"https:\/\/www.sopro.pt\/es\/#organization","name":"Sopro Professionals","url":"https:\/\/www.sopro.pt\/es\/","logo":{"@type":"ImageObject","inLanguage":"es","@id":"https:\/\/www.sopro.pt\/es\/#\/schema\/logo\/image\/","url":"https:\/\/www.sopro.pt\/wp-content\/uploads\/2024\/01\/SOPRO-PROFESSIONALS-FAVICON-web.svg","contentUrl":"https:\/\/www.sopro.pt\/wp-content\/uploads\/2024\/01\/SOPRO-PROFESSIONALS-FAVICON-web.svg","width":512,"height":512,"caption":"Sopro Professionals"},"image":{"@id":"https:\/\/www.sopro.pt\/es\/#\/schema\/logo\/image\/"},"sameAs":["https:\/\/www.facebook.com\/soproprofessionals\/","https:\/\/www.instagram.com\/sopro_professionals\/"]}]}},"_links":{"self":[{"href":"https:\/\/www.sopro.pt\/es\/wp-json\/wp\/v2\/product\/10894","targetHints":{"allow":["GET"]}}],"collection":[{"href":"https:\/\/www.sopro.pt\/es\/wp-json\/wp\/v2\/product"}],"about":[{"href":"https:\/\/www.sopro.pt\/es\/wp-json\/wp\/v2\/types\/product"}],"version-history":[{"count":1,"href":"https:\/\/www.sopro.pt\/es\/wp-json\/wp\/v2\/product\/10894\/revisions"}],"predecessor-version":[{"id":10901,"href":"https:\/\/www.sopro.pt\/es\/wp-json\/wp\/v2\/product\/10894\/revisions\/10901"}],"wp:featuredmedia":[{"embeddable":true,"href":"https:\/\/www.sopro.pt\/es\/wp-json\/wp\/v2\/media\/10234"}],"wp:attachment":[{"href":"https:\/\/www.sopro.pt\/es\/wp-json\/wp\/v2\/media?parent=10894"}],"wp:term":[{"taxonomy":"product_brand","embeddable":true,"href":"https:\/\/www.sopro.pt\/es\/wp-json\/wp\/v2\/product_brand?post=10894"},{"taxonomy":"product_cat","embeddable":true,"href":"https:\/\/www.sopro.pt\/es\/wp-json\/wp\/v2\/product_cat?post=10894"},{"taxonomy":"product_tag","embeddable":true,"href":"https:\/\/www.sopro.pt\/es\/wp-json\/wp\/v2\/product_tag?post=10894"}],"curies":[{"name":"wp","href":"https:\/\/api.w.org\/{rel}","templated":true}]}}