{"id":10881,"date":"2022-09-20T14:20:15","date_gmt":"2022-09-20T14:20:15","guid":{"rendered":"https:\/\/www.sopro.pt\/produto\/camara-de-analisis-capilar\/"},"modified":"2024-05-08T18:23:52","modified_gmt":"2024-05-08T18:23:52","slug":"camara-de-analisis-capilar","status":"publish","type":"product","link":"https:\/\/www.sopro.pt\/es\/produto\/camara-de-analisis-capilar\/","title":{"rendered":"C\u00c1MARA DE AN\u00c1LISIS CAPILAR"},"content":{"rendered":"<p>Procesador de imagen HD, estabilizador \u00f3ptico de imagen.<\/p>\n<p>Enfoque ajustable para una imagen clara.<\/p>\n<p>Compatible con lentes para an\u00e1lisis de cabello y piel.<\/p>\n<p>Im\u00e1genes claras y precisas.<\/p>\n<p>Almacenamiento de gran capacidad (m\u00e1s de 10.000 fotograf\u00edas).<\/p>\n<p>Ampliaci\u00f3n: 50X y 200X.<\/p>\n<p>3 Modos de Luz: Natural, Polarizada y Ultravioleta.<\/p>\n<p>&nbsp;<\/p>\n<ol>\n<li><strong>Detecci\u00f3n en tiempo real: <\/strong> Tecnolog\u00eda \u00f3ptica de gran aumento para analizar la piel y el cabello al instante.<\/li>\n<li><strong>An\u00e1lisis<\/strong> <strong>Preciso<\/strong> : Tecnolog\u00eda avanzada que permite im\u00e1genes detalladas de la piel y el cabello.<\/li>\n<li><strong>Fotograf\u00eda de alta definici\u00f3n:<\/strong> Funci\u00f3n de ampliaci\u00f3n de fotograf\u00eda para proporcionar informaci\u00f3n detallada al profesional.<\/li>\n<li><strong>Visi\u00f3n Microsc\u00f3pica:<\/strong> Localiza detalles invisibles a simple vista, asegurando diagn\u00f3sticos precisos.<\/li>\n<li><strong>Transmisi\u00f3n instant\u00e1nea:<\/strong> La imagen se muestra en tiempo real en una pantalla de 15 pulgadas para tomar decisiones de tratamiento informadas.<\/li>\n<\/ol>\n<p>&nbsp;<\/p>\n<p>\u00a1Mejore la calidad de su servicio con nuestra c\u00e1mara de an\u00e1lisis de capilar de \u00faltima generaci\u00f3n! \ud83d\udc41\ufe0f\ud83d\udcab<\/p>\n","protected":false},"excerpt":{"rendered":"<p>Moderniza tus servicios y ofrece a tus clientes nuevas soluciones que fortalecer\u00e1n tu servicio. Adem\u00e1s de la belleza, brindar salud capilar eleva el nivel de tu sal\u00f3n.<\/p>\n<p>Realiza todo tipo de an\u00e1lisis y evaluaciones de la piel y el cabello gracias a su avanzada tecnolog\u00eda.<\/p>\n<p>Esta c\u00e1mara tiene funci\u00f3n fotogr\u00e1fica, proporcionando al profesional, gracias a su gran capacidad de aumento, toda la informaci\u00f3n necesaria para realizar un an\u00e1lisis fiable.<\/p>\n<p>&nbsp;<\/p>\n","protected":false},"featured_media":10122,"template":"","meta":[],"product_brand":[],"product_cat":[184,160,158],"product_tag":[],"class_list":{"0":"post-10881","1":"product","2":"type-product","3":"status-publish","4":"has-post-thumbnail","6":"product_cat-diagnostico-es","7":"product_cat-peluqueria","8":"product_cat-todas-las-categorias","10":"first","11":"outofstock","12":"shipping-taxable","13":"purchasable","14":"product-type-simple","15":"wpzoom-wc-spi-has-enabled"},"yoast_head":"<!-- This site is optimized with the Yoast SEO plugin v27.3 - https:\/\/yoast.com\/product\/yoast-seo-wordpress\/ -->\n<title>C\u00c1MARA DE AN\u00c1LISIS CAPILAR - Sopro - Equipamentos el\u00e9tricos para cabeleireiro<\/title>\n<meta name=\"description\" content=\"Professional - Equipamentos el\u00e9tricos para cabeleireiro. A Sopro \u00e9 uma marca Portuguesa de equipamentos el\u00e9tricos do setor profissional de cabeleireiro.\" \/>\n<meta name=\"robots\" content=\"index, follow, max-snippet:-1, max-image-preview:large, max-video-preview:-1\" \/>\n<link rel=\"canonical\" href=\"https:\/\/www.sopro.pt\/es\/produto\/camara-de-analisis-capilar\/\" \/>\n<meta property=\"og:locale\" content=\"es_ES\" \/>\n<meta property=\"og:type\" content=\"article\" \/>\n<meta property=\"og:title\" content=\"C\u00c1MARA DE AN\u00c1LISIS CAPILAR - Sopro - Equipamentos el\u00e9tricos para cabeleireiro\" \/>\n<meta property=\"og:description\" content=\"Professional - Equipamentos el\u00e9tricos para cabeleireiro. A Sopro \u00e9 uma marca Portuguesa de equipamentos el\u00e9tricos do setor profissional de cabeleireiro.\" \/>\n<meta property=\"og:url\" content=\"https:\/\/www.sopro.pt\/es\/produto\/camara-de-analisis-capilar\/\" \/>\n<meta property=\"og:site_name\" content=\"Sopro - Equipamentos el\u00e9tricos para cabeleireiro\" \/>\n<meta property=\"article:publisher\" content=\"https:\/\/www.facebook.com\/soproprofessionals\/\" \/>\n<meta property=\"article:modified_time\" content=\"2024-05-08T18:23:52+00:00\" \/>\n<meta property=\"og:image\" content=\"https:\/\/www.sopro.pt\/wp-content\/uploads\/2022\/09\/sopro-camara-analise-capilar.png\" \/>\n\t<meta property=\"og:image:width\" content=\"540\" \/>\n\t<meta property=\"og:image:height\" content=\"540\" \/>\n\t<meta property=\"og:image:type\" content=\"image\/png\" \/>\n<meta name=\"twitter:card\" content=\"summary_large_image\" \/>\n<meta name=\"twitter:label1\" content=\"Tiempo de lectura\" \/>\n\t<meta name=\"twitter:data1\" content=\"1 minuto\" \/>\n<script type=\"application\/ld+json\" class=\"yoast-schema-graph\">{\"@context\":\"https:\\\/\\\/schema.org\",\"@graph\":[{\"@type\":\"WebPage\",\"@id\":\"https:\\\/\\\/www.sopro.pt\\\/es\\\/produto\\\/camara-de-analisis-capilar\\\/\",\"url\":\"https:\\\/\\\/www.sopro.pt\\\/es\\\/produto\\\/camara-de-analisis-capilar\\\/\",\"name\":\"C\u00c1MARA DE AN\u00c1LISIS CAPILAR - Sopro - Equipamentos el\u00e9tricos para cabeleireiro\",\"isPartOf\":{\"@id\":\"https:\\\/\\\/www.sopro.pt\\\/es\\\/#website\"},\"primaryImageOfPage\":{\"@id\":\"https:\\\/\\\/www.sopro.pt\\\/es\\\/produto\\\/camara-de-analisis-capilar\\\/#primaryimage\"},\"image\":{\"@id\":\"https:\\\/\\\/www.sopro.pt\\\/es\\\/produto\\\/camara-de-analisis-capilar\\\/#primaryimage\"},\"thumbnailUrl\":\"https:\\\/\\\/www.sopro.pt\\\/wp-content\\\/uploads\\\/2022\\\/09\\\/sopro-camara-analise-capilar.png\",\"datePublished\":\"2022-09-20T14:20:15+00:00\",\"dateModified\":\"2024-05-08T18:23:52+00:00\",\"description\":\"Professional - Equipamentos el\u00e9tricos para cabeleireiro. A Sopro \u00e9 uma marca Portuguesa de equipamentos el\u00e9tricos do setor profissional de cabeleireiro.\",\"breadcrumb\":{\"@id\":\"https:\\\/\\\/www.sopro.pt\\\/es\\\/produto\\\/camara-de-analisis-capilar\\\/#breadcrumb\"},\"inLanguage\":\"es\",\"potentialAction\":[{\"@type\":\"ReadAction\",\"target\":[\"https:\\\/\\\/www.sopro.pt\\\/es\\\/produto\\\/camara-de-analisis-capilar\\\/\"]}]},{\"@type\":\"ImageObject\",\"inLanguage\":\"es\",\"@id\":\"https:\\\/\\\/www.sopro.pt\\\/es\\\/produto\\\/camara-de-analisis-capilar\\\/#primaryimage\",\"url\":\"https:\\\/\\\/www.sopro.pt\\\/wp-content\\\/uploads\\\/2022\\\/09\\\/sopro-camara-analise-capilar.png\",\"contentUrl\":\"https:\\\/\\\/www.sopro.pt\\\/wp-content\\\/uploads\\\/2022\\\/09\\\/sopro-camara-analise-capilar.png\",\"width\":540,\"height\":540,\"caption\":\"Sopro Professionals C\u00e2mara de An\u00e1lise Capilar\"},{\"@type\":\"BreadcrumbList\",\"@id\":\"https:\\\/\\\/www.sopro.pt\\\/es\\\/produto\\\/camara-de-analisis-capilar\\\/#breadcrumb\",\"itemListElement\":[{\"@type\":\"ListItem\",\"position\":1,\"name\":\"In\u00edcio\",\"item\":\"https:\\\/\\\/www.sopro.pt\\\/es\\\/home-2\\\/\"},{\"@type\":\"ListItem\",\"position\":2,\"name\":\"Productos\",\"item\":\"https:\\\/\\\/www.sopro.pt\\\/es\\\/shop\\\/\"},{\"@type\":\"ListItem\",\"position\":3,\"name\":\"C\u00c1MARA DE AN\u00c1LISIS CAPILAR\"}]},{\"@type\":\"WebSite\",\"@id\":\"https:\\\/\\\/www.sopro.pt\\\/es\\\/#website\",\"url\":\"https:\\\/\\\/www.sopro.pt\\\/es\\\/\",\"name\":\"Sopro Professionals\",\"description\":\"Professional - Equipamentos el\u00e9tricos para cabeleireiro. A Sopro \u00e9 uma marca Portuguesa de equipamentos el\u00e9tricos do setor profissional de cabeleireiro.\",\"publisher\":{\"@id\":\"https:\\\/\\\/www.sopro.pt\\\/es\\\/#organization\"},\"alternateName\":\"Sopro\",\"potentialAction\":[{\"@type\":\"SearchAction\",\"target\":{\"@type\":\"EntryPoint\",\"urlTemplate\":\"https:\\\/\\\/www.sopro.pt\\\/es\\\/?s={search_term_string}\"},\"query-input\":{\"@type\":\"PropertyValueSpecification\",\"valueRequired\":true,\"valueName\":\"search_term_string\"}}],\"inLanguage\":\"es\"},{\"@type\":\"Organization\",\"@id\":\"https:\\\/\\\/www.sopro.pt\\\/es\\\/#organization\",\"name\":\"Sopro Professionals\",\"url\":\"https:\\\/\\\/www.sopro.pt\\\/es\\\/\",\"logo\":{\"@type\":\"ImageObject\",\"inLanguage\":\"es\",\"@id\":\"https:\\\/\\\/www.sopro.pt\\\/es\\\/#\\\/schema\\\/logo\\\/image\\\/\",\"url\":\"https:\\\/\\\/www.sopro.pt\\\/wp-content\\\/uploads\\\/2024\\\/01\\\/SOPRO-PROFESSIONALS-FAVICON-web.svg\",\"contentUrl\":\"https:\\\/\\\/www.sopro.pt\\\/wp-content\\\/uploads\\\/2024\\\/01\\\/SOPRO-PROFESSIONALS-FAVICON-web.svg\",\"width\":512,\"height\":512,\"caption\":\"Sopro Professionals\"},\"image\":{\"@id\":\"https:\\\/\\\/www.sopro.pt\\\/es\\\/#\\\/schema\\\/logo\\\/image\\\/\"},\"sameAs\":[\"https:\\\/\\\/www.facebook.com\\\/soproprofessionals\\\/\",\"https:\\\/\\\/www.instagram.com\\\/sopro_professionals\\\/\"]}]}<\/script>\n<!-- \/ Yoast SEO plugin. -->","yoast_head_json":{"title":"C\u00c1MARA DE AN\u00c1LISIS CAPILAR - Sopro - Equipamentos el\u00e9tricos para cabeleireiro","description":"Professional - Equipamentos el\u00e9tricos para cabeleireiro. A Sopro \u00e9 uma marca Portuguesa de equipamentos el\u00e9tricos do setor profissional de cabeleireiro.","robots":{"index":"index","follow":"follow","max-snippet":"max-snippet:-1","max-image-preview":"max-image-preview:large","max-video-preview":"max-video-preview:-1"},"canonical":"https:\/\/www.sopro.pt\/es\/produto\/camara-de-analisis-capilar\/","og_locale":"es_ES","og_type":"article","og_title":"C\u00c1MARA DE AN\u00c1LISIS CAPILAR - Sopro - Equipamentos el\u00e9tricos para cabeleireiro","og_description":"Professional - Equipamentos el\u00e9tricos para cabeleireiro. A Sopro \u00e9 uma marca Portuguesa de equipamentos el\u00e9tricos do setor profissional de cabeleireiro.","og_url":"https:\/\/www.sopro.pt\/es\/produto\/camara-de-analisis-capilar\/","og_site_name":"Sopro - Equipamentos el\u00e9tricos para cabeleireiro","article_publisher":"https:\/\/www.facebook.com\/soproprofessionals\/","article_modified_time":"2024-05-08T18:23:52+00:00","og_image":[{"width":540,"height":540,"url":"https:\/\/www.sopro.pt\/wp-content\/uploads\/2022\/09\/sopro-camara-analise-capilar.png","type":"image\/png"}],"twitter_card":"summary_large_image","twitter_misc":{"Tiempo de lectura":"1 minuto"},"schema":{"@context":"https:\/\/schema.org","@graph":[{"@type":"WebPage","@id":"https:\/\/www.sopro.pt\/es\/produto\/camara-de-analisis-capilar\/","url":"https:\/\/www.sopro.pt\/es\/produto\/camara-de-analisis-capilar\/","name":"C\u00c1MARA DE AN\u00c1LISIS CAPILAR - Sopro - Equipamentos el\u00e9tricos para cabeleireiro","isPartOf":{"@id":"https:\/\/www.sopro.pt\/es\/#website"},"primaryImageOfPage":{"@id":"https:\/\/www.sopro.pt\/es\/produto\/camara-de-analisis-capilar\/#primaryimage"},"image":{"@id":"https:\/\/www.sopro.pt\/es\/produto\/camara-de-analisis-capilar\/#primaryimage"},"thumbnailUrl":"https:\/\/www.sopro.pt\/wp-content\/uploads\/2022\/09\/sopro-camara-analise-capilar.png","datePublished":"2022-09-20T14:20:15+00:00","dateModified":"2024-05-08T18:23:52+00:00","description":"Professional - Equipamentos el\u00e9tricos para cabeleireiro. A Sopro \u00e9 uma marca Portuguesa de equipamentos el\u00e9tricos do setor profissional de cabeleireiro.","breadcrumb":{"@id":"https:\/\/www.sopro.pt\/es\/produto\/camara-de-analisis-capilar\/#breadcrumb"},"inLanguage":"es","potentialAction":[{"@type":"ReadAction","target":["https:\/\/www.sopro.pt\/es\/produto\/camara-de-analisis-capilar\/"]}]},{"@type":"ImageObject","inLanguage":"es","@id":"https:\/\/www.sopro.pt\/es\/produto\/camara-de-analisis-capilar\/#primaryimage","url":"https:\/\/www.sopro.pt\/wp-content\/uploads\/2022\/09\/sopro-camara-analise-capilar.png","contentUrl":"https:\/\/www.sopro.pt\/wp-content\/uploads\/2022\/09\/sopro-camara-analise-capilar.png","width":540,"height":540,"caption":"Sopro Professionals C\u00e2mara de An\u00e1lise Capilar"},{"@type":"BreadcrumbList","@id":"https:\/\/www.sopro.pt\/es\/produto\/camara-de-analisis-capilar\/#breadcrumb","itemListElement":[{"@type":"ListItem","position":1,"name":"In\u00edcio","item":"https:\/\/www.sopro.pt\/es\/home-2\/"},{"@type":"ListItem","position":2,"name":"Productos","item":"https:\/\/www.sopro.pt\/es\/shop\/"},{"@type":"ListItem","position":3,"name":"C\u00c1MARA DE AN\u00c1LISIS CAPILAR"}]},{"@type":"WebSite","@id":"https:\/\/www.sopro.pt\/es\/#website","url":"https:\/\/www.sopro.pt\/es\/","name":"Sopro Professionals","description":"Professional - Equipamentos el\u00e9tricos para cabeleireiro. A Sopro \u00e9 uma marca Portuguesa de equipamentos el\u00e9tricos do setor profissional de cabeleireiro.","publisher":{"@id":"https:\/\/www.sopro.pt\/es\/#organization"},"alternateName":"Sopro","potentialAction":[{"@type":"SearchAction","target":{"@type":"EntryPoint","urlTemplate":"https:\/\/www.sopro.pt\/es\/?s={search_term_string}"},"query-input":{"@type":"PropertyValueSpecification","valueRequired":true,"valueName":"search_term_string"}}],"inLanguage":"es"},{"@type":"Organization","@id":"https:\/\/www.sopro.pt\/es\/#organization","name":"Sopro Professionals","url":"https:\/\/www.sopro.pt\/es\/","logo":{"@type":"ImageObject","inLanguage":"es","@id":"https:\/\/www.sopro.pt\/es\/#\/schema\/logo\/image\/","url":"https:\/\/www.sopro.pt\/wp-content\/uploads\/2024\/01\/SOPRO-PROFESSIONALS-FAVICON-web.svg","contentUrl":"https:\/\/www.sopro.pt\/wp-content\/uploads\/2024\/01\/SOPRO-PROFESSIONALS-FAVICON-web.svg","width":512,"height":512,"caption":"Sopro Professionals"},"image":{"@id":"https:\/\/www.sopro.pt\/es\/#\/schema\/logo\/image\/"},"sameAs":["https:\/\/www.facebook.com\/soproprofessionals\/","https:\/\/www.instagram.com\/sopro_professionals\/"]}]}},"_links":{"self":[{"href":"https:\/\/www.sopro.pt\/es\/wp-json\/wp\/v2\/product\/10881","targetHints":{"allow":["GET"]}}],"collection":[{"href":"https:\/\/www.sopro.pt\/es\/wp-json\/wp\/v2\/product"}],"about":[{"href":"https:\/\/www.sopro.pt\/es\/wp-json\/wp\/v2\/types\/product"}],"version-history":[{"count":1,"href":"https:\/\/www.sopro.pt\/es\/wp-json\/wp\/v2\/product\/10881\/revisions"}],"predecessor-version":[{"id":10883,"href":"https:\/\/www.sopro.pt\/es\/wp-json\/wp\/v2\/product\/10881\/revisions\/10883"}],"wp:featuredmedia":[{"embeddable":true,"href":"https:\/\/www.sopro.pt\/es\/wp-json\/wp\/v2\/media\/10122"}],"wp:attachment":[{"href":"https:\/\/www.sopro.pt\/es\/wp-json\/wp\/v2\/media?parent=10881"}],"wp:term":[{"taxonomy":"product_brand","embeddable":true,"href":"https:\/\/www.sopro.pt\/es\/wp-json\/wp\/v2\/product_brand?post=10881"},{"taxonomy":"product_cat","embeddable":true,"href":"https:\/\/www.sopro.pt\/es\/wp-json\/wp\/v2\/product_cat?post=10881"},{"taxonomy":"product_tag","embeddable":true,"href":"https:\/\/www.sopro.pt\/es\/wp-json\/wp\/v2\/product_tag?post=10881"}],"curies":[{"name":"wp","href":"https:\/\/api.w.org\/{rel}","templated":true}]}}