{"id":10729,"date":"2024-04-10T14:08:42","date_gmt":"2024-04-10T14:08:42","guid":{"rendered":"https:\/\/www.sopro.pt\/produto\/calentador-portatil-de-cera-depilatoria\/"},"modified":"2025-07-18T12:00:21","modified_gmt":"2025-07-18T12:00:21","slug":"aquecedor-portatil-de-cera-depilatoria","status":"publish","type":"product","link":"https:\/\/www.sopro.pt\/es\/produto\/aquecedor-portatil-de-cera-depilatoria\/","title":{"rendered":"CALENTADOR PORT\u00c1TIL DE CERA DEPILATORIA"},"content":{"rendered":"<p>Base doble con Roll-On y regulaci\u00f3n de temperatura.<\/p>\n<p>Un sistema profesional que permite trabajar con todos los tipos de cera en el mercado, ya que el punto de fusi\u00f3n var\u00eda seg\u00fan el fabricante.<\/p>\n<p>La cera de origen espa\u00f1ol se funde a una temperatura baja de alrededor de 40\/50 grados, mientras que la cera de origen italiano se funde a temperaturas m\u00e1s altas, alrededor de 50\/60 grados. Este calentador port\u00e1til cuenta con un regulador de temperatura que permite al usuario adaptar la temperatura al punto de fusi\u00f3n m\u00e1s adecuado.*<\/p>\n<p>Este sistema electr\u00f3nico permite una reducci\u00f3n permanente de energ\u00eda.<\/p>\n<p>*Este calentador portatil no incluye la cera.<\/p>\n<p>Capacidad de Roll-On: 100 \/ 110 ml<\/p>\n<p>Voltaje: 220-240 V \/ 50 Hz<br \/>\n100-120 V \/ 60 Hz<\/p>\n<p>Potencia: 60 W<\/p>\n","protected":false},"excerpt":{"rendered":"<p><strong>Promoci\u00f3n de Primavera!<\/strong><\/p>\n<p>\u00a1Aprovecha la practicidad de nuestro Calentador Port\u00e1til de Cera Depilatoria!<br \/>\nCon f\u00e1cil aplicaci\u00f3n de roll-on, base doble y regulador de temperatura, obt\u00e9n una depilaci\u00f3n eficiente y sin complicaciones.<br \/>\n\u00a1No pierdas esta oportunidad!<\/p>\n<p>Esta promoci\u00f3n es v\u00e1lida hasta 30\/06\/2025<\/p>\n","protected":false},"featured_media":10500,"template":"","meta":[],"product_brand":[],"product_cat":[158],"product_tag":[],"class_list":{"0":"post-10729","1":"product","2":"type-product","3":"status-publish","4":"has-post-thumbnail","6":"product_cat-todas-las-categorias","8":"first","9":"instock","10":"sale","11":"shipping-taxable","12":"purchasable","13":"product-type-simple","14":"wpzoom-wc-spi-has-enabled"},"yoast_head":"<!-- This site is optimized with the Yoast SEO plugin v27.3 - https:\/\/yoast.com\/product\/yoast-seo-wordpress\/ -->\n<title>CALENTADOR PORT\u00c1TIL DE CERA DEPILATORIA - Sopro - Equipamentos el\u00e9tricos para cabeleireiro<\/title>\n<meta name=\"description\" content=\"Professional - Equipamentos el\u00e9tricos para cabeleireiro. A Sopro \u00e9 uma marca Portuguesa de equipamentos el\u00e9tricos do setor profissional de cabeleireiro.\" \/>\n<meta name=\"robots\" content=\"index, follow, max-snippet:-1, max-image-preview:large, max-video-preview:-1\" \/>\n<link rel=\"canonical\" href=\"https:\/\/www.sopro.pt\/es\/produto\/aquecedor-portatil-de-cera-depilatoria\/\" \/>\n<meta property=\"og:locale\" content=\"es_ES\" \/>\n<meta property=\"og:type\" content=\"article\" \/>\n<meta property=\"og:title\" content=\"CALENTADOR PORT\u00c1TIL DE CERA DEPILATORIA - Sopro - Equipamentos el\u00e9tricos para cabeleireiro\" \/>\n<meta property=\"og:description\" content=\"Professional - Equipamentos el\u00e9tricos para cabeleireiro. A Sopro \u00e9 uma marca Portuguesa de equipamentos el\u00e9tricos do setor profissional de cabeleireiro.\" \/>\n<meta property=\"og:url\" content=\"https:\/\/www.sopro.pt\/es\/produto\/aquecedor-portatil-de-cera-depilatoria\/\" \/>\n<meta property=\"og:site_name\" content=\"Sopro - Equipamentos el\u00e9tricos para cabeleireiro\" \/>\n<meta property=\"article:publisher\" content=\"https:\/\/www.facebook.com\/soproprofessionals\/\" \/>\n<meta property=\"article:modified_time\" content=\"2025-07-18T12:00:21+00:00\" \/>\n<meta property=\"og:image\" content=\"https:\/\/www.sopro.pt\/wp-content\/uploads\/2024\/04\/Sopro-Professionals-AQUECEDOR-PORTATIL-DE-CERA.jpg\" \/>\n\t<meta property=\"og:image:width\" content=\"1080\" \/>\n\t<meta property=\"og:image:height\" content=\"1080\" \/>\n\t<meta property=\"og:image:type\" content=\"image\/jpeg\" \/>\n<meta name=\"twitter:card\" content=\"summary_large_image\" \/>\n<meta name=\"twitter:label1\" content=\"Tiempo de lectura\" \/>\n\t<meta name=\"twitter:data1\" content=\"1 minuto\" \/>\n<script type=\"application\/ld+json\" class=\"yoast-schema-graph\">{\"@context\":\"https:\\\/\\\/schema.org\",\"@graph\":[{\"@type\":\"WebPage\",\"@id\":\"https:\\\/\\\/www.sopro.pt\\\/es\\\/produto\\\/aquecedor-portatil-de-cera-depilatoria\\\/\",\"url\":\"https:\\\/\\\/www.sopro.pt\\\/es\\\/produto\\\/aquecedor-portatil-de-cera-depilatoria\\\/\",\"name\":\"CALENTADOR PORT\u00c1TIL DE CERA DEPILATORIA - Sopro - Equipamentos el\u00e9tricos para cabeleireiro\",\"isPartOf\":{\"@id\":\"https:\\\/\\\/www.sopro.pt\\\/es\\\/#website\"},\"primaryImageOfPage\":{\"@id\":\"https:\\\/\\\/www.sopro.pt\\\/es\\\/produto\\\/aquecedor-portatil-de-cera-depilatoria\\\/#primaryimage\"},\"image\":{\"@id\":\"https:\\\/\\\/www.sopro.pt\\\/es\\\/produto\\\/aquecedor-portatil-de-cera-depilatoria\\\/#primaryimage\"},\"thumbnailUrl\":\"https:\\\/\\\/www.sopro.pt\\\/wp-content\\\/uploads\\\/2024\\\/04\\\/Sopro-Professionals-AQUECEDOR-PORTATIL-DE-CERA.jpg\",\"datePublished\":\"2024-04-10T14:08:42+00:00\",\"dateModified\":\"2025-07-18T12:00:21+00:00\",\"description\":\"Professional - Equipamentos el\u00e9tricos para cabeleireiro. A Sopro \u00e9 uma marca Portuguesa de equipamentos el\u00e9tricos do setor profissional de cabeleireiro.\",\"breadcrumb\":{\"@id\":\"https:\\\/\\\/www.sopro.pt\\\/es\\\/produto\\\/aquecedor-portatil-de-cera-depilatoria\\\/#breadcrumb\"},\"inLanguage\":\"es\",\"potentialAction\":[{\"@type\":\"ReadAction\",\"target\":[\"https:\\\/\\\/www.sopro.pt\\\/es\\\/produto\\\/aquecedor-portatil-de-cera-depilatoria\\\/\"]}]},{\"@type\":\"ImageObject\",\"inLanguage\":\"es\",\"@id\":\"https:\\\/\\\/www.sopro.pt\\\/es\\\/produto\\\/aquecedor-portatil-de-cera-depilatoria\\\/#primaryimage\",\"url\":\"https:\\\/\\\/www.sopro.pt\\\/wp-content\\\/uploads\\\/2024\\\/04\\\/Sopro-Professionals-AQUECEDOR-PORTATIL-DE-CERA.jpg\",\"contentUrl\":\"https:\\\/\\\/www.sopro.pt\\\/wp-content\\\/uploads\\\/2024\\\/04\\\/Sopro-Professionals-AQUECEDOR-PORTATIL-DE-CERA.jpg\",\"width\":1080,\"height\":1080,\"caption\":\"CALENTADOR PORT\u00c1TIL DE CERA \\\/ ROLL-ON\"},{\"@type\":\"BreadcrumbList\",\"@id\":\"https:\\\/\\\/www.sopro.pt\\\/es\\\/produto\\\/aquecedor-portatil-de-cera-depilatoria\\\/#breadcrumb\",\"itemListElement\":[{\"@type\":\"ListItem\",\"position\":1,\"name\":\"In\u00edcio\",\"item\":\"https:\\\/\\\/www.sopro.pt\\\/es\\\/home-2\\\/\"},{\"@type\":\"ListItem\",\"position\":2,\"name\":\"Productos\",\"item\":\"https:\\\/\\\/www.sopro.pt\\\/es\\\/shop\\\/\"},{\"@type\":\"ListItem\",\"position\":3,\"name\":\"CALENTADOR PORT\u00c1TIL DE CERA DEPILATORIA\"}]},{\"@type\":\"WebSite\",\"@id\":\"https:\\\/\\\/www.sopro.pt\\\/es\\\/#website\",\"url\":\"https:\\\/\\\/www.sopro.pt\\\/es\\\/\",\"name\":\"Sopro Professionals\",\"description\":\"Professional - Equipamentos el\u00e9tricos para cabeleireiro. A Sopro \u00e9 uma marca Portuguesa de equipamentos el\u00e9tricos do setor profissional de cabeleireiro.\",\"publisher\":{\"@id\":\"https:\\\/\\\/www.sopro.pt\\\/es\\\/#organization\"},\"alternateName\":\"Sopro\",\"potentialAction\":[{\"@type\":\"SearchAction\",\"target\":{\"@type\":\"EntryPoint\",\"urlTemplate\":\"https:\\\/\\\/www.sopro.pt\\\/es\\\/?s={search_term_string}\"},\"query-input\":{\"@type\":\"PropertyValueSpecification\",\"valueRequired\":true,\"valueName\":\"search_term_string\"}}],\"inLanguage\":\"es\"},{\"@type\":\"Organization\",\"@id\":\"https:\\\/\\\/www.sopro.pt\\\/es\\\/#organization\",\"name\":\"Sopro Professionals\",\"url\":\"https:\\\/\\\/www.sopro.pt\\\/es\\\/\",\"logo\":{\"@type\":\"ImageObject\",\"inLanguage\":\"es\",\"@id\":\"https:\\\/\\\/www.sopro.pt\\\/es\\\/#\\\/schema\\\/logo\\\/image\\\/\",\"url\":\"https:\\\/\\\/www.sopro.pt\\\/wp-content\\\/uploads\\\/2024\\\/01\\\/SOPRO-PROFESSIONALS-FAVICON-web.svg\",\"contentUrl\":\"https:\\\/\\\/www.sopro.pt\\\/wp-content\\\/uploads\\\/2024\\\/01\\\/SOPRO-PROFESSIONALS-FAVICON-web.svg\",\"width\":512,\"height\":512,\"caption\":\"Sopro Professionals\"},\"image\":{\"@id\":\"https:\\\/\\\/www.sopro.pt\\\/es\\\/#\\\/schema\\\/logo\\\/image\\\/\"},\"sameAs\":[\"https:\\\/\\\/www.facebook.com\\\/soproprofessionals\\\/\",\"https:\\\/\\\/www.instagram.com\\\/sopro_professionals\\\/\"]}]}<\/script>\n<!-- \/ Yoast SEO plugin. -->","yoast_head_json":{"title":"CALENTADOR PORT\u00c1TIL DE CERA DEPILATORIA - Sopro - Equipamentos el\u00e9tricos para cabeleireiro","description":"Professional - Equipamentos el\u00e9tricos para cabeleireiro. A Sopro \u00e9 uma marca Portuguesa de equipamentos el\u00e9tricos do setor profissional de cabeleireiro.","robots":{"index":"index","follow":"follow","max-snippet":"max-snippet:-1","max-image-preview":"max-image-preview:large","max-video-preview":"max-video-preview:-1"},"canonical":"https:\/\/www.sopro.pt\/es\/produto\/aquecedor-portatil-de-cera-depilatoria\/","og_locale":"es_ES","og_type":"article","og_title":"CALENTADOR PORT\u00c1TIL DE CERA DEPILATORIA - Sopro - Equipamentos el\u00e9tricos para cabeleireiro","og_description":"Professional - Equipamentos el\u00e9tricos para cabeleireiro. A Sopro \u00e9 uma marca Portuguesa de equipamentos el\u00e9tricos do setor profissional de cabeleireiro.","og_url":"https:\/\/www.sopro.pt\/es\/produto\/aquecedor-portatil-de-cera-depilatoria\/","og_site_name":"Sopro - Equipamentos el\u00e9tricos para cabeleireiro","article_publisher":"https:\/\/www.facebook.com\/soproprofessionals\/","article_modified_time":"2025-07-18T12:00:21+00:00","og_image":[{"width":1080,"height":1080,"url":"https:\/\/www.sopro.pt\/wp-content\/uploads\/2024\/04\/Sopro-Professionals-AQUECEDOR-PORTATIL-DE-CERA.jpg","type":"image\/jpeg"}],"twitter_card":"summary_large_image","twitter_misc":{"Tiempo de lectura":"1 minuto"},"schema":{"@context":"https:\/\/schema.org","@graph":[{"@type":"WebPage","@id":"https:\/\/www.sopro.pt\/es\/produto\/aquecedor-portatil-de-cera-depilatoria\/","url":"https:\/\/www.sopro.pt\/es\/produto\/aquecedor-portatil-de-cera-depilatoria\/","name":"CALENTADOR PORT\u00c1TIL DE CERA DEPILATORIA - Sopro - Equipamentos el\u00e9tricos para cabeleireiro","isPartOf":{"@id":"https:\/\/www.sopro.pt\/es\/#website"},"primaryImageOfPage":{"@id":"https:\/\/www.sopro.pt\/es\/produto\/aquecedor-portatil-de-cera-depilatoria\/#primaryimage"},"image":{"@id":"https:\/\/www.sopro.pt\/es\/produto\/aquecedor-portatil-de-cera-depilatoria\/#primaryimage"},"thumbnailUrl":"https:\/\/www.sopro.pt\/wp-content\/uploads\/2024\/04\/Sopro-Professionals-AQUECEDOR-PORTATIL-DE-CERA.jpg","datePublished":"2024-04-10T14:08:42+00:00","dateModified":"2025-07-18T12:00:21+00:00","description":"Professional - Equipamentos el\u00e9tricos para cabeleireiro. A Sopro \u00e9 uma marca Portuguesa de equipamentos el\u00e9tricos do setor profissional de cabeleireiro.","breadcrumb":{"@id":"https:\/\/www.sopro.pt\/es\/produto\/aquecedor-portatil-de-cera-depilatoria\/#breadcrumb"},"inLanguage":"es","potentialAction":[{"@type":"ReadAction","target":["https:\/\/www.sopro.pt\/es\/produto\/aquecedor-portatil-de-cera-depilatoria\/"]}]},{"@type":"ImageObject","inLanguage":"es","@id":"https:\/\/www.sopro.pt\/es\/produto\/aquecedor-portatil-de-cera-depilatoria\/#primaryimage","url":"https:\/\/www.sopro.pt\/wp-content\/uploads\/2024\/04\/Sopro-Professionals-AQUECEDOR-PORTATIL-DE-CERA.jpg","contentUrl":"https:\/\/www.sopro.pt\/wp-content\/uploads\/2024\/04\/Sopro-Professionals-AQUECEDOR-PORTATIL-DE-CERA.jpg","width":1080,"height":1080,"caption":"CALENTADOR PORT\u00c1TIL DE CERA \/ ROLL-ON"},{"@type":"BreadcrumbList","@id":"https:\/\/www.sopro.pt\/es\/produto\/aquecedor-portatil-de-cera-depilatoria\/#breadcrumb","itemListElement":[{"@type":"ListItem","position":1,"name":"In\u00edcio","item":"https:\/\/www.sopro.pt\/es\/home-2\/"},{"@type":"ListItem","position":2,"name":"Productos","item":"https:\/\/www.sopro.pt\/es\/shop\/"},{"@type":"ListItem","position":3,"name":"CALENTADOR PORT\u00c1TIL DE CERA DEPILATORIA"}]},{"@type":"WebSite","@id":"https:\/\/www.sopro.pt\/es\/#website","url":"https:\/\/www.sopro.pt\/es\/","name":"Sopro Professionals","description":"Professional - Equipamentos el\u00e9tricos para cabeleireiro. A Sopro \u00e9 uma marca Portuguesa de equipamentos el\u00e9tricos do setor profissional de cabeleireiro.","publisher":{"@id":"https:\/\/www.sopro.pt\/es\/#organization"},"alternateName":"Sopro","potentialAction":[{"@type":"SearchAction","target":{"@type":"EntryPoint","urlTemplate":"https:\/\/www.sopro.pt\/es\/?s={search_term_string}"},"query-input":{"@type":"PropertyValueSpecification","valueRequired":true,"valueName":"search_term_string"}}],"inLanguage":"es"},{"@type":"Organization","@id":"https:\/\/www.sopro.pt\/es\/#organization","name":"Sopro Professionals","url":"https:\/\/www.sopro.pt\/es\/","logo":{"@type":"ImageObject","inLanguage":"es","@id":"https:\/\/www.sopro.pt\/es\/#\/schema\/logo\/image\/","url":"https:\/\/www.sopro.pt\/wp-content\/uploads\/2024\/01\/SOPRO-PROFESSIONALS-FAVICON-web.svg","contentUrl":"https:\/\/www.sopro.pt\/wp-content\/uploads\/2024\/01\/SOPRO-PROFESSIONALS-FAVICON-web.svg","width":512,"height":512,"caption":"Sopro Professionals"},"image":{"@id":"https:\/\/www.sopro.pt\/es\/#\/schema\/logo\/image\/"},"sameAs":["https:\/\/www.facebook.com\/soproprofessionals\/","https:\/\/www.instagram.com\/sopro_professionals\/"]}]}},"_links":{"self":[{"href":"https:\/\/www.sopro.pt\/es\/wp-json\/wp\/v2\/product\/10729","targetHints":{"allow":["GET"]}}],"collection":[{"href":"https:\/\/www.sopro.pt\/es\/wp-json\/wp\/v2\/product"}],"about":[{"href":"https:\/\/www.sopro.pt\/es\/wp-json\/wp\/v2\/types\/product"}],"version-history":[{"count":3,"href":"https:\/\/www.sopro.pt\/es\/wp-json\/wp\/v2\/product\/10729\/revisions"}],"predecessor-version":[{"id":12276,"href":"https:\/\/www.sopro.pt\/es\/wp-json\/wp\/v2\/product\/10729\/revisions\/12276"}],"wp:featuredmedia":[{"embeddable":true,"href":"https:\/\/www.sopro.pt\/es\/wp-json\/wp\/v2\/media\/10500"}],"wp:attachment":[{"href":"https:\/\/www.sopro.pt\/es\/wp-json\/wp\/v2\/media?parent=10729"}],"wp:term":[{"taxonomy":"product_brand","embeddable":true,"href":"https:\/\/www.sopro.pt\/es\/wp-json\/wp\/v2\/product_brand?post=10729"},{"taxonomy":"product_cat","embeddable":true,"href":"https:\/\/www.sopro.pt\/es\/wp-json\/wp\/v2\/product_cat?post=10729"},{"taxonomy":"product_tag","embeddable":true,"href":"https:\/\/www.sopro.pt\/es\/wp-json\/wp\/v2\/product_tag?post=10729"}],"curies":[{"name":"wp","href":"https:\/\/api.w.org\/{rel}","templated":true}]}}