{"id":9938,"date":"2024-04-30T10:35:31","date_gmt":"2024-04-30T10:35:31","guid":{"rendered":"https:\/\/www.sopro.pt\/carrito\/"},"modified":"2024-04-30T10:35:51","modified_gmt":"2024-04-30T10:35:51","slug":"carrito","status":"publish","type":"page","link":"https:\/\/www.sopro.pt\/es\/carrito\/","title":{"rendered":"Carrito"},"content":{"rendered":"\n<div data-block-name=\"woocommerce\/cart\" class=\"wp-block-woocommerce-cart alignwide is-loading\">\n<div data-block-name=\"woocommerce\/filled-cart-block\" class=\"wp-block-woocommerce-filled-cart-block\">\n<div data-block-name=\"woocommerce\/cart-items-block\" class=\"wp-block-woocommerce-cart-items-block\">\n<div data-block-name=\"woocommerce\/cart-line-items-block\" class=\"wp-block-woocommerce-cart-line-items-block\"><\/div>\n\n\n\n<div data-block-name=\"woocommerce\/cart-cross-sells-block\" class=\"wp-block-woocommerce-cart-cross-sells-block\">\n<h2 class=\"wp-block-heading has-large-font-size\">Pode estar interessado em\u2026<\/h2>\n\n\n\n<div data-block-name=\"woocommerce\/cart-cross-sells-products-block\" class=\"wp-block-woocommerce-cart-cross-sells-products-block\"><\/div>\n<\/div>\n<\/div>\n\n\n\n<div data-block-name=\"woocommerce\/cart-totals-block\" class=\"wp-block-woocommerce-cart-totals-block\">\n<div data-block-name=\"woocommerce\/cart-order-summary-block\" class=\"wp-block-woocommerce-cart-order-summary-block\">\n<div data-block-name=\"woocommerce\/cart-order-summary-heading-block\" class=\"wp-block-woocommerce-cart-order-summary-heading-block\"><\/div><div data-block-name=\"woocommerce\/cart-order-summary-coupon-form-block\" class=\"wp-block-woocommerce-cart-order-summary-coupon-form-block\"><\/div><div data-block-name=\"woocommerce\/cart-order-summary-totals-block\" class=\"wp-block-woocommerce-cart-order-summary-totals-block\">\n<div data-block-name=\"woocommerce\/cart-order-summary-subtotal-block\" class=\"wp-block-woocommerce-cart-order-summary-subtotal-block\"><\/div>\n<div data-block-name=\"woocommerce\/cart-order-summary-discount-block\" class=\"wp-block-woocommerce-cart-order-summary-discount-block\"><\/div>\n<div data-block-name=\"woocommerce\/cart-order-summary-fee-block\" class=\"wp-block-woocommerce-cart-order-summary-fee-block\"><\/div>\n<div data-block-name=\"woocommerce\/cart-order-summary-shipping-block\" class=\"wp-block-woocommerce-cart-order-summary-shipping-block\"><\/div>\n<div data-block-name=\"woocommerce\/cart-order-summary-taxes-block\" class=\"wp-block-woocommerce-cart-order-summary-taxes-block\"><\/div><\/div>\n<\/div>\n\n\n\n<div data-block-name=\"woocommerce\/cart-express-payment-block\" class=\"wp-block-woocommerce-cart-express-payment-block\"><\/div>\n\n\n\n<div data-block-name=\"woocommerce\/proceed-to-checkout-block\" class=\"wp-block-woocommerce-proceed-to-checkout-block\"><\/div>\n\n\n\n<div data-block-name=\"woocommerce\/cart-accepted-payment-methods-block\" class=\"wp-block-woocommerce-cart-accepted-payment-methods-block\"><\/div>\n<\/div>\n<\/div>\n\n\n\n<div data-block-name=\"woocommerce\/empty-cart-block\" class=\"wp-block-woocommerce-empty-cart-block\">\n<h2 class=\"wp-block-heading has-text-align-center with-empty-cart-icon wc-block-cart__empty-cart__title\">O seu carrinho est\u00e1 vazio!<\/h2>\n\n\n\n<hr class=\"wp-block-separator has-alpha-channel-opacity is-style-dots\"\/>\n\n\n\n<h2 class=\"wp-block-heading has-text-align-center\">Novo na loja<\/h2>\n\n\n<div data-block-name=\"woocommerce\/product-new\" data-columns=\"4\" data-rows=\"1\" class=\"wc-block-grid wp-block-product-new wp-block-woocommerce-product-new wc-block-product-new has-4-columns\"><ul class=\"wc-block-grid__products\"><li class=\"wc-block-grid__product\"><span class=\"gtm4wp_productdata\" style=\"display:none; visibility:hidden;\" data-gtm4wp_product_data=\"{&quot;internal_id&quot;:12722,&quot;item_id&quot;:12722,&quot;item_name&quot;:&quot;Promoci\\u00f3n Nuevos Colores First3500 (C\\u00f3pia)&quot;,&quot;sku&quot;:12722,&quot;price&quot;:190,&quot;stocklevel&quot;:null,&quot;stockstatus&quot;:&quot;instock&quot;,&quot;google_business_vertical&quot;:&quot;retail&quot;,&quot;item_category&quot;:&quot;Todas las categor\\u00edas&quot;,&quot;id&quot;:12722,&quot;productlink&quot;:&quot;https:\\\/\\\/www.sopro.pt\\\/es\\\/produto\\\/promocion-nuevos-colores-first3500-copia\\\/&quot;,&quot;item_list_name&quot;:&quot;Lista general de productos&quot;,&quot;index&quot;:0,&quot;product_type&quot;:&quot;variable&quot;,&quot;item_brand&quot;:&quot;&quot;}\"><\/span>\n\t\t\t\t<a href=\"https:\/\/www.sopro.pt\/es\/produto\/promocion-nuevos-colores-first3500-copia\/\" class=\"wc-block-grid__product-link\">\n\t\t\t\t\t<div class=\"wc-block-grid__product-onsale\">\n\t\t\t<span aria-hidden=\"true\">Oferta<\/span>\n\t\t\t<span class=\"screen-reader-text\">Producto en oferta<\/span>\n\t\t<\/div>\n\t\t\t\t\t<div class=\"wc-block-grid__product-image\"><img fetchpriority=\"high\" decoding=\"async\" width=\"300\" height=\"300\" src=\"https:\/\/www.sopro.pt\/wp-content\/uploads\/2026\/01\/SoproProfessionals-campanha-secador-First-300x300.webp\" class=\"attachment-woocommerce_thumbnail size-woocommerce_thumbnail\" alt=\"Campanha 3x2 secadores First\" srcset=\"https:\/\/www.sopro.pt\/wp-content\/uploads\/2026\/01\/SoproProfessionals-campanha-secador-First-300x300.webp 300w, https:\/\/www.sopro.pt\/wp-content\/uploads\/2026\/01\/SoproProfessionals-campanha-secador-First-600x600.webp 600w, https:\/\/www.sopro.pt\/wp-content\/uploads\/2026\/01\/SoproProfessionals-campanha-secador-First-100x100.webp 100w, https:\/\/www.sopro.pt\/wp-content\/uploads\/2026\/01\/SoproProfessionals-campanha-secador-First.webp 810w\" sizes=\"(max-width: 300px) 100vw, 300px\" \/><\/div>\n\t\t\t\t\t<div class=\"wc-block-grid__product-title\">Promoci\u00f3n Nuevos Colores First3500 (C\u00f3pia)<\/div>\n\t\t\t\t<\/a>\n\t\t\t\t<div class=\"wc-block-grid__product-price price\"><del aria-hidden=\"true\"><span class=\"woocommerce-Price-amount amount\">285.00&nbsp;<span class=\"woocommerce-Price-currencySymbol\">&euro;<\/span><\/span><\/del> <span class=\"screen-reader-text\">El precio original era: 285.00&nbsp;&euro;.<\/span><ins aria-hidden=\"true\"><span class=\"woocommerce-Price-amount amount\">190.00&nbsp;<span class=\"woocommerce-Price-currencySymbol\">&euro;<\/span><\/span><\/ins><span class=\"screen-reader-text\">El precio actual es: 190.00&nbsp;&euro;.<\/span><\/div>\n\t\t\t\t\n\t\t\t\t<div class=\"wp-block-button wc-block-grid__product-add-to-cart\"><a href=\"https:\/\/www.sopro.pt\/es\/produto\/promocion-nuevos-colores-first3500-copia\/\" aria-label=\"Elige las opciones para &ldquo;Promoci\u00f3n Nuevos Colores First3500 (C\u00f3pia)&rdquo;\" data-quantity=\"1\" data-product_id=\"12722\" data-product_sku=\"\" data-price=\"190\" rel=\"nofollow\" class=\"wp-block-button__link  add_to_cart_button\">Seleccionar opciones<\/a><\/div>\n\t\t\t<\/li><li class=\"wc-block-grid__product\"><span class=\"gtm4wp_productdata\" style=\"display:none; visibility:hidden;\" data-gtm4wp_product_data=\"{&quot;internal_id&quot;:12573,&quot;item_id&quot;:12573,&quot;item_name&quot;:&quot;C\\u00c1MARA DE AN\\u00c1LISIS CAPILAR (C\\u00f3pia)&quot;,&quot;sku&quot;:&quot;SPCACET25&quot;,&quot;price&quot;:795,&quot;stocklevel&quot;:null,&quot;stockstatus&quot;:&quot;instock&quot;,&quot;google_business_vertical&quot;:&quot;retail&quot;,&quot;item_category&quot;:&quot;Peluquer\\u00eda&quot;,&quot;id&quot;:12573,&quot;productlink&quot;:&quot;https:\\\/\\\/www.sopro.pt\\\/es\\\/produto\\\/camara-de-analisis-capilar-copia\\\/&quot;,&quot;item_list_name&quot;:&quot;Lista general de productos&quot;,&quot;index&quot;:0,&quot;product_type&quot;:&quot;simple&quot;,&quot;item_brand&quot;:&quot;&quot;}\"><\/span>\n\t\t\t\t<a href=\"https:\/\/www.sopro.pt\/es\/produto\/camara-de-analisis-capilar-copia\/\" class=\"wc-block-grid__product-link\">\n\t\t\t\t\t\n\t\t\t\t\t<div class=\"wc-block-grid__product-image\"><img decoding=\"async\" width=\"300\" height=\"300\" src=\"https:\/\/www.sopro.pt\/wp-content\/uploads\/2026\/01\/SoproProfessionals-CamaraEssencialTouch-web-300x300.webp\" class=\"attachment-woocommerce_thumbnail size-woocommerce_thumbnail\" alt=\"Sopro Professionals C\u00e2mara de An\u00e1lise Capilar Essencial Touch\" srcset=\"https:\/\/www.sopro.pt\/wp-content\/uploads\/2026\/01\/SoproProfessionals-CamaraEssencialTouch-web-300x300.webp 300w, https:\/\/www.sopro.pt\/wp-content\/uploads\/2026\/01\/SoproProfessionals-CamaraEssencialTouch-web-600x600.webp 600w, https:\/\/www.sopro.pt\/wp-content\/uploads\/2026\/01\/SoproProfessionals-CamaraEssencialTouch-web-100x100.webp 100w, https:\/\/www.sopro.pt\/wp-content\/uploads\/2026\/01\/SoproProfessionals-CamaraEssencialTouch-web.webp 810w\" sizes=\"(max-width: 300px) 100vw, 300px\" \/><\/div>\n\t\t\t\t\t<div class=\"wc-block-grid__product-title\">C\u00c1MARA DE AN\u00c1LISIS CAPILAR (C\u00f3pia)<\/div>\n\t\t\t\t<\/a>\n\t\t\t\t<div class=\"wc-block-grid__product-price price\"><span class=\"woocommerce-Price-amount amount\">795.00&nbsp;<span class=\"woocommerce-Price-currencySymbol\">&euro;<\/span><\/span><\/div>\n\t\t\t\t\n\t\t\t\t<div class=\"wp-block-button wc-block-grid__product-add-to-cart\"><a href=\"\/es\/wp-json\/wp\/v2\/pages\/9938?add-to-cart=12573\" aria-label=\"A\u00f1adir al carrito: &ldquo;C\u00c1MARA DE AN\u00c1LISIS CAPILAR (C\u00f3pia)&rdquo;\" data-quantity=\"1\" data-product_id=\"12573\" data-product_sku=\"SPCACET25\" data-price=\"795\" rel=\"nofollow\" class=\"wp-block-button__link  add_to_cart_button ajax_add_to_cart\">A\u00f1adir al carrito<\/a><\/div>\n\t\t\t<\/li><li class=\"wc-block-grid__product\"><span class=\"gtm4wp_productdata\" style=\"display:none; visibility:hidden;\" data-gtm4wp_product_data=\"{&quot;internal_id&quot;:12459,&quot;item_id&quot;:12459,&quot;item_name&quot;:&quot;1 Plancha + 1 Secador (C\\u00f3pia)&quot;,&quot;sku&quot;:12459,&quot;price&quot;:150,&quot;stocklevel&quot;:null,&quot;stockstatus&quot;:&quot;instock&quot;,&quot;google_business_vertical&quot;:&quot;retail&quot;,&quot;item_category&quot;:&quot;Todas las categor\\u00edas&quot;,&quot;id&quot;:12459,&quot;productlink&quot;:&quot;https:\\\/\\\/www.sopro.pt\\\/es\\\/produto\\\/1-plancha-1-secador-copia\\\/&quot;,&quot;item_list_name&quot;:&quot;Lista general de productos&quot;,&quot;index&quot;:0,&quot;product_type&quot;:&quot;variable&quot;,&quot;item_brand&quot;:&quot;&quot;}\"><\/span>\n\t\t\t\t<a href=\"https:\/\/www.sopro.pt\/es\/produto\/1-plancha-1-secador-copia\/\" class=\"wc-block-grid__product-link\">\n\t\t\t\t\t<div class=\"wc-block-grid__product-onsale\">\n\t\t\t<span aria-hidden=\"true\">Oferta<\/span>\n\t\t\t<span class=\"screen-reader-text\">Producto en oferta<\/span>\n\t\t<\/div>\n\t\t\t\t\t<div class=\"wc-block-grid__product-image\"><img decoding=\"async\" width=\"300\" height=\"300\" src=\"https:\/\/www.sopro.pt\/wp-content\/uploads\/2025\/11\/Campanha-11-SoproPr-300x300.webp\" class=\"attachment-woocommerce_thumbnail size-woocommerce_thumbnail\" alt=\"Campanha 1 Secador + 1 Prancha\" srcset=\"https:\/\/www.sopro.pt\/wp-content\/uploads\/2025\/11\/Campanha-11-SoproPr-300x300.webp 300w, https:\/\/www.sopro.pt\/wp-content\/uploads\/2025\/11\/Campanha-11-SoproPr-600x600.webp 600w, https:\/\/www.sopro.pt\/wp-content\/uploads\/2025\/11\/Campanha-11-SoproPr-100x100.webp 100w, https:\/\/www.sopro.pt\/wp-content\/uploads\/2025\/11\/Campanha-11-SoproPr.webp 1080w\" sizes=\"(max-width: 300px) 100vw, 300px\" \/><\/div>\n\t\t\t\t\t<div class=\"wc-block-grid__product-title\">1 Plancha + 1 Secador (C\u00f3pia)<\/div>\n\t\t\t\t<\/a>\n\t\t\t\t<div class=\"wc-block-grid__product-price price\"><del aria-hidden=\"true\"><span class=\"woocommerce-Price-amount amount\">227.00&nbsp;<span class=\"woocommerce-Price-currencySymbol\">&euro;<\/span><\/span><\/del> <span class=\"screen-reader-text\">El precio original era: 227.00&nbsp;&euro;.<\/span><ins aria-hidden=\"true\"><span class=\"woocommerce-Price-amount amount\">150.00&nbsp;<span class=\"woocommerce-Price-currencySymbol\">&euro;<\/span><\/span><\/ins><span class=\"screen-reader-text\">El precio actual es: 150.00&nbsp;&euro;.<\/span><\/div>\n\t\t\t\t\n\t\t\t\t<div class=\"wp-block-button wc-block-grid__product-add-to-cart\"><a href=\"https:\/\/www.sopro.pt\/es\/produto\/1-plancha-1-secador-copia\/\" aria-label=\"Elige las opciones para &ldquo;1 Plancha + 1 Secador (C\u00f3pia)&rdquo;\" data-quantity=\"1\" data-product_id=\"12459\" data-product_sku=\"\" data-price=\"150\" rel=\"nofollow\" class=\"wp-block-button__link  add_to_cart_button\">Seleccionar opciones<\/a><\/div>\n\t\t\t<\/li><li class=\"wc-block-grid__product\"><span class=\"gtm4wp_productdata\" style=\"display:none; visibility:hidden;\" data-gtm4wp_product_data=\"{&quot;internal_id&quot;:12355,&quot;item_id&quot;:12355,&quot;item_name&quot;:&quot;C\\u00e1mara de An\\u00e1lisis Capilar Premium com IA&quot;,&quot;sku&quot;:12355,&quot;price&quot;:2790,&quot;stocklevel&quot;:null,&quot;stockstatus&quot;:&quot;instock&quot;,&quot;google_business_vertical&quot;:&quot;retail&quot;,&quot;item_category&quot;:&quot;Todas las categor\\u00edas&quot;,&quot;id&quot;:12355,&quot;productlink&quot;:&quot;https:\\\/\\\/www.sopro.pt\\\/es\\\/produto\\\/camara-de-analise-capilar-premium-ai\\\/&quot;,&quot;item_list_name&quot;:&quot;Lista general de productos&quot;,&quot;index&quot;:0,&quot;product_type&quot;:&quot;simple&quot;,&quot;item_brand&quot;:&quot;&quot;}\"><\/span>\n\t\t\t\t<a href=\"https:\/\/www.sopro.pt\/es\/produto\/camara-de-analise-capilar-premium-ai\/\" class=\"wc-block-grid__product-link\">\n\t\t\t\t\t\n\t\t\t\t\t<div class=\"wc-block-grid__product-image\"><img loading=\"lazy\" decoding=\"async\" width=\"300\" height=\"300\" src=\"https:\/\/www.sopro.pt\/wp-content\/uploads\/2025\/08\/SoproProfessionals-CamaraPremiumAI-1-300x300.webp\" class=\"attachment-woocommerce_thumbnail size-woocommerce_thumbnail\" alt=\"C\u00e1mara de an\u00e1lisis capilar premium com IA\" srcset=\"https:\/\/www.sopro.pt\/wp-content\/uploads\/2025\/08\/SoproProfessionals-CamaraPremiumAI-1-300x300.webp 300w, https:\/\/www.sopro.pt\/wp-content\/uploads\/2025\/08\/SoproProfessionals-CamaraPremiumAI-1-600x600.webp 600w, https:\/\/www.sopro.pt\/wp-content\/uploads\/2025\/08\/SoproProfessionals-CamaraPremiumAI-1-100x100.webp 100w, https:\/\/www.sopro.pt\/wp-content\/uploads\/2025\/08\/SoproProfessionals-CamaraPremiumAI-1.webp 1080w\" sizes=\"(max-width: 300px) 100vw, 300px\" \/><\/div>\n\t\t\t\t\t<div class=\"wc-block-grid__product-title\">C\u00e1mara de An\u00e1lisis Capilar Premium com IA<\/div>\n\t\t\t\t<\/a>\n\t\t\t\t<div class=\"wc-block-grid__product-price price\"><span class=\"woocommerce-Price-amount amount\">2790.00&nbsp;<span class=\"woocommerce-Price-currencySymbol\">&euro;<\/span><\/span><\/div>\n\t\t\t\t\n\t\t\t\t<div class=\"wp-block-button wc-block-grid__product-add-to-cart\"><a href=\"\/es\/wp-json\/wp\/v2\/pages\/9938?add-to-cart=12355\" aria-label=\"A\u00f1adir al carrito: &ldquo;C\u00e1mara de An\u00e1lisis Capilar Premium com IA&rdquo;\" data-quantity=\"1\" data-product_id=\"12355\" data-product_sku=\"\" data-price=\"2790\" rel=\"nofollow\" class=\"wp-block-button__link  add_to_cart_button ajax_add_to_cart\">A\u00f1adir al carrito<\/a><\/div>\n\t\t\t<\/li><\/ul><\/div><\/div>\n<\/div>\n","protected":false},"excerpt":{"rendered":"","protected":false},"author":7,"featured_media":0,"parent":0,"menu_order":0,"comment_status":"closed","ping_status":"closed","template":"","meta":{"footnotes":""},"class_list":["post-9938","page","type-page","status-publish","hentry"],"yoast_head":"<!-- This site is optimized with the Yoast SEO plugin v27.3 - https:\/\/yoast.com\/product\/yoast-seo-wordpress\/ -->\n<title>Carrito - Sopro - Equipamentos el\u00e9tricos para cabeleireiro<\/title>\n<meta name=\"description\" content=\"Professional - Equipamentos el\u00e9tricos para cabeleireiro. A Sopro \u00e9 uma marca Portuguesa de equipamentos el\u00e9tricos do setor profissional de cabeleireiro.\" \/>\n<meta name=\"robots\" content=\"index, follow, max-snippet:-1, max-image-preview:large, max-video-preview:-1\" \/>\n<link rel=\"canonical\" href=\"https:\/\/www.sopro.pt\/es\/carrito\/\" \/>\n<meta property=\"og:locale\" content=\"es_ES\" \/>\n<meta property=\"og:type\" content=\"article\" \/>\n<meta property=\"og:title\" content=\"Carrito - Sopro - Equipamentos el\u00e9tricos para cabeleireiro\" \/>\n<meta property=\"og:description\" content=\"Professional - Equipamentos el\u00e9tricos para cabeleireiro. A Sopro \u00e9 uma marca Portuguesa de equipamentos el\u00e9tricos do setor profissional de cabeleireiro.\" \/>\n<meta property=\"og:url\" content=\"https:\/\/www.sopro.pt\/es\/carrito\/\" \/>\n<meta property=\"og:site_name\" content=\"Sopro - Equipamentos el\u00e9tricos para cabeleireiro\" \/>\n<meta property=\"article:publisher\" content=\"https:\/\/www.facebook.com\/soproprofessionals\/\" \/>\n<meta property=\"article:modified_time\" content=\"2024-04-30T10:35:51+00:00\" \/>\n<meta name=\"twitter:card\" content=\"summary_large_image\" \/>\n<script type=\"application\/ld+json\" class=\"yoast-schema-graph\">{\"@context\":\"https:\\\/\\\/schema.org\",\"@graph\":[{\"@type\":\"WebPage\",\"@id\":\"https:\\\/\\\/www.sopro.pt\\\/es\\\/carrito\\\/\",\"url\":\"https:\\\/\\\/www.sopro.pt\\\/es\\\/carrito\\\/\",\"name\":\"Carrito - Sopro - Equipamentos el\u00e9tricos para cabeleireiro\",\"isPartOf\":{\"@id\":\"https:\\\/\\\/www.sopro.pt\\\/es\\\/#website\"},\"datePublished\":\"2024-04-30T10:35:31+00:00\",\"dateModified\":\"2024-04-30T10:35:51+00:00\",\"description\":\"Professional - Equipamentos el\u00e9tricos para cabeleireiro. A Sopro \u00e9 uma marca Portuguesa de equipamentos el\u00e9tricos do setor profissional de cabeleireiro.\",\"breadcrumb\":{\"@id\":\"https:\\\/\\\/www.sopro.pt\\\/es\\\/carrito\\\/#breadcrumb\"},\"inLanguage\":\"es\",\"potentialAction\":[{\"@type\":\"ReadAction\",\"target\":[\"https:\\\/\\\/www.sopro.pt\\\/es\\\/carrito\\\/\"]}]},{\"@type\":\"BreadcrumbList\",\"@id\":\"https:\\\/\\\/www.sopro.pt\\\/es\\\/carrito\\\/#breadcrumb\",\"itemListElement\":[{\"@type\":\"ListItem\",\"position\":1,\"name\":\"In\u00edcio\",\"item\":\"https:\\\/\\\/www.sopro.pt\\\/es\\\/home-2\\\/\"},{\"@type\":\"ListItem\",\"position\":2,\"name\":\"Carrito\"}]},{\"@type\":\"WebSite\",\"@id\":\"https:\\\/\\\/www.sopro.pt\\\/es\\\/#website\",\"url\":\"https:\\\/\\\/www.sopro.pt\\\/es\\\/\",\"name\":\"Sopro Professionals\",\"description\":\"Professional - Equipamentos el\u00e9tricos para cabeleireiro. A Sopro \u00e9 uma marca Portuguesa de equipamentos el\u00e9tricos do setor profissional de cabeleireiro.\",\"publisher\":{\"@id\":\"https:\\\/\\\/www.sopro.pt\\\/es\\\/#organization\"},\"alternateName\":\"Sopro\",\"potentialAction\":[{\"@type\":\"SearchAction\",\"target\":{\"@type\":\"EntryPoint\",\"urlTemplate\":\"https:\\\/\\\/www.sopro.pt\\\/es\\\/?s={search_term_string}\"},\"query-input\":{\"@type\":\"PropertyValueSpecification\",\"valueRequired\":true,\"valueName\":\"search_term_string\"}}],\"inLanguage\":\"es\"},{\"@type\":\"Organization\",\"@id\":\"https:\\\/\\\/www.sopro.pt\\\/es\\\/#organization\",\"name\":\"Sopro Professionals\",\"url\":\"https:\\\/\\\/www.sopro.pt\\\/es\\\/\",\"logo\":{\"@type\":\"ImageObject\",\"inLanguage\":\"es\",\"@id\":\"https:\\\/\\\/www.sopro.pt\\\/es\\\/#\\\/schema\\\/logo\\\/image\\\/\",\"url\":\"https:\\\/\\\/www.sopro.pt\\\/wp-content\\\/uploads\\\/2024\\\/01\\\/SOPRO-PROFESSIONALS-FAVICON-web.svg\",\"contentUrl\":\"https:\\\/\\\/www.sopro.pt\\\/wp-content\\\/uploads\\\/2024\\\/01\\\/SOPRO-PROFESSIONALS-FAVICON-web.svg\",\"width\":512,\"height\":512,\"caption\":\"Sopro Professionals\"},\"image\":{\"@id\":\"https:\\\/\\\/www.sopro.pt\\\/es\\\/#\\\/schema\\\/logo\\\/image\\\/\"},\"sameAs\":[\"https:\\\/\\\/www.facebook.com\\\/soproprofessionals\\\/\",\"https:\\\/\\\/www.instagram.com\\\/sopro_professionals\\\/\"]}]}<\/script>\n<!-- \/ Yoast SEO plugin. -->","yoast_head_json":{"title":"Carrito - Sopro - Equipamentos el\u00e9tricos para cabeleireiro","description":"Professional - Equipamentos el\u00e9tricos para cabeleireiro. A Sopro \u00e9 uma marca Portuguesa de equipamentos el\u00e9tricos do setor profissional de cabeleireiro.","robots":{"index":"index","follow":"follow","max-snippet":"max-snippet:-1","max-image-preview":"max-image-preview:large","max-video-preview":"max-video-preview:-1"},"canonical":"https:\/\/www.sopro.pt\/es\/carrito\/","og_locale":"es_ES","og_type":"article","og_title":"Carrito - Sopro - Equipamentos el\u00e9tricos para cabeleireiro","og_description":"Professional - Equipamentos el\u00e9tricos para cabeleireiro. A Sopro \u00e9 uma marca Portuguesa de equipamentos el\u00e9tricos do setor profissional de cabeleireiro.","og_url":"https:\/\/www.sopro.pt\/es\/carrito\/","og_site_name":"Sopro - Equipamentos el\u00e9tricos para cabeleireiro","article_publisher":"https:\/\/www.facebook.com\/soproprofessionals\/","article_modified_time":"2024-04-30T10:35:51+00:00","twitter_card":"summary_large_image","schema":{"@context":"https:\/\/schema.org","@graph":[{"@type":"WebPage","@id":"https:\/\/www.sopro.pt\/es\/carrito\/","url":"https:\/\/www.sopro.pt\/es\/carrito\/","name":"Carrito - Sopro - Equipamentos el\u00e9tricos para cabeleireiro","isPartOf":{"@id":"https:\/\/www.sopro.pt\/es\/#website"},"datePublished":"2024-04-30T10:35:31+00:00","dateModified":"2024-04-30T10:35:51+00:00","description":"Professional - Equipamentos el\u00e9tricos para cabeleireiro. A Sopro \u00e9 uma marca Portuguesa de equipamentos el\u00e9tricos do setor profissional de cabeleireiro.","breadcrumb":{"@id":"https:\/\/www.sopro.pt\/es\/carrito\/#breadcrumb"},"inLanguage":"es","potentialAction":[{"@type":"ReadAction","target":["https:\/\/www.sopro.pt\/es\/carrito\/"]}]},{"@type":"BreadcrumbList","@id":"https:\/\/www.sopro.pt\/es\/carrito\/#breadcrumb","itemListElement":[{"@type":"ListItem","position":1,"name":"In\u00edcio","item":"https:\/\/www.sopro.pt\/es\/home-2\/"},{"@type":"ListItem","position":2,"name":"Carrito"}]},{"@type":"WebSite","@id":"https:\/\/www.sopro.pt\/es\/#website","url":"https:\/\/www.sopro.pt\/es\/","name":"Sopro Professionals","description":"Professional - Equipamentos el\u00e9tricos para cabeleireiro. A Sopro \u00e9 uma marca Portuguesa de equipamentos el\u00e9tricos do setor profissional de cabeleireiro.","publisher":{"@id":"https:\/\/www.sopro.pt\/es\/#organization"},"alternateName":"Sopro","potentialAction":[{"@type":"SearchAction","target":{"@type":"EntryPoint","urlTemplate":"https:\/\/www.sopro.pt\/es\/?s={search_term_string}"},"query-input":{"@type":"PropertyValueSpecification","valueRequired":true,"valueName":"search_term_string"}}],"inLanguage":"es"},{"@type":"Organization","@id":"https:\/\/www.sopro.pt\/es\/#organization","name":"Sopro Professionals","url":"https:\/\/www.sopro.pt\/es\/","logo":{"@type":"ImageObject","inLanguage":"es","@id":"https:\/\/www.sopro.pt\/es\/#\/schema\/logo\/image\/","url":"https:\/\/www.sopro.pt\/wp-content\/uploads\/2024\/01\/SOPRO-PROFESSIONALS-FAVICON-web.svg","contentUrl":"https:\/\/www.sopro.pt\/wp-content\/uploads\/2024\/01\/SOPRO-PROFESSIONALS-FAVICON-web.svg","width":512,"height":512,"caption":"Sopro Professionals"},"image":{"@id":"https:\/\/www.sopro.pt\/es\/#\/schema\/logo\/image\/"},"sameAs":["https:\/\/www.facebook.com\/soproprofessionals\/","https:\/\/www.instagram.com\/sopro_professionals\/"]}]}},"_links":{"self":[{"href":"https:\/\/www.sopro.pt\/es\/wp-json\/wp\/v2\/pages\/9938","targetHints":{"allow":["GET"]}}],"collection":[{"href":"https:\/\/www.sopro.pt\/es\/wp-json\/wp\/v2\/pages"}],"about":[{"href":"https:\/\/www.sopro.pt\/es\/wp-json\/wp\/v2\/types\/page"}],"author":[{"embeddable":true,"href":"https:\/\/www.sopro.pt\/es\/wp-json\/wp\/v2\/users\/7"}],"replies":[{"embeddable":true,"href":"https:\/\/www.sopro.pt\/es\/wp-json\/wp\/v2\/comments?post=9938"}],"version-history":[{"count":0,"href":"https:\/\/www.sopro.pt\/es\/wp-json\/wp\/v2\/pages\/9938\/revisions"}],"wp:attachment":[{"href":"https:\/\/www.sopro.pt\/es\/wp-json\/wp\/v2\/media?parent=9938"}],"curies":[{"name":"wp","href":"https:\/\/api.w.org\/{rel}","templated":true}]}}