{"id":10595,"date":"2024-01-06T16:47:04","date_gmt":"2024-01-06T16:47:04","guid":{"rendered":"https:\/\/www.sopro.pt\/otros\/"},"modified":"2026-01-28T14:22:41","modified_gmt":"2026-01-28T14:22:41","slug":"otros","status":"publish","type":"page","link":"https:\/\/www.sopro.pt\/es\/otros\/","title":{"rendered":"Otros"},"content":{"rendered":"\t\t<div data-elementor-type=\"wp-page\" data-elementor-id=\"10595\" class=\"elementor elementor-10595 elementor-8752\" data-elementor-post-type=\"page\">\n\t\t\t\t\t\t<section class=\"elementor-section elementor-top-section elementor-element elementor-element-66f0e87 elementor-section-boxed elementor-section-height-default elementor-section-height-default\" data-id=\"66f0e87\" data-element_type=\"section\" data-e-type=\"section\">\n\t\t\t\t\t\t<div class=\"elementor-container elementor-column-gap-default\">\n\t\t\t\t\t<div class=\"elementor-column elementor-col-100 elementor-top-column elementor-element elementor-element-4b6a943\" data-id=\"4b6a943\" data-element_type=\"column\" data-e-type=\"column\">\n\t\t\t<div class=\"elementor-widget-wrap elementor-element-populated\">\n\t\t\t\t\t\t<div class=\"elementor-element elementor-element-e8b9e79 elementor-widget elementor-widget-heading\" data-id=\"e8b9e79\" data-element_type=\"widget\" data-e-type=\"widget\" data-widget_type=\"heading.default\">\n\t\t\t\t<div class=\"elementor-widget-container\">\n\t\t\t\t\t<h1 class=\"elementor-heading-title elementor-size-default\">DESINFECCI\u00d3N Y ORGANIZACI\u00d3N<\/h1>\t\t\t\t<\/div>\n\t\t\t\t<\/div>\n\t\t\t\t\t<\/div>\n\t\t<\/div>\n\t\t\t\t\t<\/div>\n\t\t<\/section>\n\t\t\t\t<section class=\"elementor-section elementor-top-section elementor-element elementor-element-a90876c elementor-section-boxed elementor-section-height-default elementor-section-height-default\" data-id=\"a90876c\" data-element_type=\"section\" data-e-type=\"section\">\n\t\t\t\t\t\t<div class=\"elementor-container elementor-column-gap-default\">\n\t\t\t\t\t<div class=\"elementor-column elementor-col-66 elementor-top-column elementor-element elementor-element-5ebcd66\" data-id=\"5ebcd66\" data-element_type=\"column\" data-e-type=\"column\">\n\t\t\t<div class=\"elementor-widget-wrap elementor-element-populated\">\n\t\t\t\t\t\t<div class=\"elementor-element elementor-element-8cab106 elementor-widget elementor-widget-heading\" data-id=\"8cab106\" data-element_type=\"widget\" data-e-type=\"widget\" data-widget_type=\"heading.default\">\n\t\t\t\t<div class=\"elementor-widget-container\">\n\t\t\t\t\t<h4 class=\"elementor-heading-title elementor-size-default\">Atenci\u00f3n profesional al alcance de todos<\/h4>\t\t\t\t<\/div>\n\t\t\t\t<\/div>\n\t\t\t\t<div class=\"elementor-element elementor-element-fe01ad3 elementor-widget elementor-widget-text-editor\" data-id=\"fe01ad3\" data-element_type=\"widget\" data-e-type=\"widget\" data-widget_type=\"text-editor.default\">\n\t\t\t\t<div class=\"elementor-widget-container\">\n\t\t\t\t\t\t\t\t\t<p>Mant\u00e9n tu espacio de trabajo limpio y organizado con nuestros productos.<\/p>\t\t\t\t\t\t\t\t<\/div>\n\t\t\t\t<\/div>\n\t\t\t\t\t<\/div>\n\t\t<\/div>\n\t\t\t\t<div class=\"elementor-column elementor-col-33 elementor-top-column elementor-element elementor-element-69d63dd\" data-id=\"69d63dd\" data-element_type=\"column\" data-e-type=\"column\">\n\t\t\t<div class=\"elementor-widget-wrap\">\n\t\t\t\t\t\t\t<\/div>\n\t\t<\/div>\n\t\t\t\t\t<\/div>\n\t\t<\/section>\n\t\t\t\t<section class=\"elementor-section elementor-top-section elementor-element elementor-element-5edb096 elementor-section-boxed elementor-section-height-default elementor-section-height-default elementor-invisible\" data-id=\"5edb096\" data-element_type=\"section\" data-e-type=\"section\" data-settings=\"{&quot;animation&quot;:&quot;zoomIn&quot;}\">\n\t\t\t\t\t\t<div class=\"elementor-container elementor-column-gap-default\">\n\t\t\t\t\t<div class=\"elementor-column elementor-col-100 elementor-top-column elementor-element elementor-element-5aa7e5b\" data-id=\"5aa7e5b\" data-element_type=\"column\" data-e-type=\"column\">\n\t\t\t<div class=\"elementor-widget-wrap elementor-element-populated\">\n\t\t\t\t\t\t<div class=\"elementor-element elementor-element-376da53 elementor-product-loop-item--align-left elementor-grid-mobile-1 elementor-grid-4 elementor-grid-tablet-3 elementor-products-grid elementor-wc-products elementor-widget elementor-widget-woocommerce-products\" data-id=\"376da53\" data-element_type=\"widget\" data-e-type=\"widget\" data-widget_type=\"woocommerce-products.default\">\n\t\t\t\t<div class=\"elementor-widget-container\">\n\t\t\t\t\t<div class=\"woocommerce columns-4 \"><ul class=\"products elementor-grid columns-4\">\n<li class=\"wpzoom-wc-spi-has-enabled product type-product post-11001 status-publish first instock product_cat-barbero product_cat-desinfeccion-sanitizacion-es product_cat-desinfeccion-sanitizacion product_cat-peluqueria product_cat-todas-las-categorias has-post-thumbnail shipping-taxable purchasable product-type-simple\">\n\t<a href=\"https:\/\/www.sopro.pt\/es\/produto\/cabina-de-desinfeccion-y-sanitizacion\/\" class=\"woocommerce-LoopProduct-link woocommerce-loop-product__link\"><img fetchpriority=\"high\" decoding=\"async\" width=\"300\" height=\"300\" src=\"https:\/\/www.sopro.pt\/wp-content\/uploads\/2021\/06\/SOPRO-CABINE-DE-DESINFECAO-300x300.png\" class=\"attachment-woocommerce_thumbnail size-woocommerce_thumbnail\" alt=\"CABINE DE DESINFE\u00c7\u00c3O E HIGIENIZA\u00c7\u00c3O - Sopro Professionals\" srcset=\"https:\/\/www.sopro.pt\/wp-content\/uploads\/2021\/06\/SOPRO-CABINE-DE-DESINFECAO-300x300.png 300w, https:\/\/www.sopro.pt\/wp-content\/uploads\/2021\/06\/SOPRO-CABINE-DE-DESINFECAO-100x100.png 100w, https:\/\/www.sopro.pt\/wp-content\/uploads\/2021\/06\/SOPRO-CABINE-DE-DESINFECAO-600x600.png 600w, https:\/\/www.sopro.pt\/wp-content\/uploads\/2021\/06\/SOPRO-CABINE-DE-DESINFECAO.png 1080w\" sizes=\"(max-width: 300px) 100vw, 300px\" \/><div class=\"wpzoom-secondary-image-container\"><img decoding=\"async\" width=\"300\" height=\"300\" src=\"https:\/\/www.sopro.pt\/wp-content\/uploads\/2021\/06\/SOPRO-CABINE-DE-DESINFECAO-E-HIGIENIZACAO-2-300x300.jpg\" class=\"attachment-woocommerce_thumbnail wpzoom-wc-spi-secondary-img wpzoom-wc-spi-transition\" alt=\"CABINE DE DESINFE\u00c7\u00c3O E HIGIENIZA\u00c7\u00c3O - Sopro Professionals\" srcset=\"https:\/\/www.sopro.pt\/wp-content\/uploads\/2021\/06\/SOPRO-CABINE-DE-DESINFECAO-E-HIGIENIZACAO-2-300x300.jpg 300w, https:\/\/www.sopro.pt\/wp-content\/uploads\/2021\/06\/SOPRO-CABINE-DE-DESINFECAO-E-HIGIENIZACAO-2-100x100.jpg 100w, https:\/\/www.sopro.pt\/wp-content\/uploads\/2021\/06\/SOPRO-CABINE-DE-DESINFECAO-E-HIGIENIZACAO-2-600x600.jpg 600w, https:\/\/www.sopro.pt\/wp-content\/uploads\/2021\/06\/SOPRO-CABINE-DE-DESINFECAO-E-HIGIENIZACAO-2.jpg 1080w\" sizes=\"(max-width: 300px) 100vw, 300px\" \/><\/div><h2 class=\"woocommerce-loop-product__title\">CABINA DE DESINFECCI\u00d3N Y SANITIZACI\u00d3N<\/h2>\n\t<span class=\"price\"><span class=\"woocommerce-Price-amount amount\"><bdi>499.00&nbsp;<span class=\"woocommerce-Price-currencySymbol\">&euro;<\/span><\/bdi><\/span><\/span>\n<\/a><div class=\"woocommerce-loop-product__buttons\"><a href=\"\/es\/wp-json\/wp\/v2\/pages\/10595?add-to-cart=11001\" aria-describedby=\"woocommerce_loop_add_to_cart_link_describedby_11001\" data-quantity=\"1\" class=\"button product_type_simple add_to_cart_button ajax_add_to_cart\" data-product_id=\"11001\" data-product_sku=\"SOPRO PROFESSIONALS\" aria-label=\"A\u00f1adir al carrito: &ldquo;CABINA DE DESINFECCI\u00d3N Y SANITIZACI\u00d3N&rdquo;\" rel=\"nofollow\" data-success_message=\"\u00abCABINA DE DESINFECCI\u00d3N Y SANITIZACI\u00d3N\u00bb se ha a\u00f1adido a tu carrito\" role=\"button\">A\u00f1adir al carrito<\/a><\/div>\t<span id=\"woocommerce_loop_add_to_cart_link_describedby_11001\" class=\"screen-reader-text\">\n\t\t\t<\/span>\n<span class=\"gtm4wp_productdata\" style=\"display:none; visibility:hidden;\" data-gtm4wp_product_data=\"{&quot;internal_id&quot;:11001,&quot;item_id&quot;:11001,&quot;item_name&quot;:&quot;CABINA DE DESINFECCI\\u00d3N Y SANITIZACI\\u00d3N&quot;,&quot;sku&quot;:&quot;SOPRO PROFESSIONALS&quot;,&quot;price&quot;:499,&quot;stocklevel&quot;:null,&quot;stockstatus&quot;:&quot;instock&quot;,&quot;google_business_vertical&quot;:&quot;retail&quot;,&quot;item_category&quot;:&quot;Desinfecci\\u00f3n - Sanitizaci\\u00f3n&quot;,&quot;id&quot;:11001,&quot;productlink&quot;:&quot;https:\\\/\\\/www.sopro.pt\\\/es\\\/produto\\\/cabina-de-desinfeccion-y-sanitizacion\\\/&quot;,&quot;item_list_name&quot;:&quot;Lista general de productos&quot;,&quot;index&quot;:1,&quot;product_type&quot;:&quot;simple&quot;,&quot;item_brand&quot;:&quot;&quot;}\"><\/span><\/li>\n<li class=\"wpzoom-wc-spi-has-enabled product type-product post-10654 status-publish instock product_cat-todas-las-categorias has-post-thumbnail shipping-taxable purchasable product-type-simple\">\n\t<a href=\"https:\/\/www.sopro.pt\/es\/produto\/trolley\/\" class=\"woocommerce-LoopProduct-link woocommerce-loop-product__link\"><img decoding=\"async\" width=\"300\" height=\"300\" src=\"https:\/\/www.sopro.pt\/wp-content\/uploads\/2024\/04\/Sopro-Professionals-Trolley-300x300.png\" class=\"attachment-woocommerce_thumbnail size-woocommerce_thumbnail\" alt=\"Trolley\" srcset=\"https:\/\/www.sopro.pt\/wp-content\/uploads\/2024\/04\/Sopro-Professionals-Trolley-300x300.png 300w, https:\/\/www.sopro.pt\/wp-content\/uploads\/2024\/04\/Sopro-Professionals-Trolley-600x600.png 600w, https:\/\/www.sopro.pt\/wp-content\/uploads\/2024\/04\/Sopro-Professionals-Trolley-100x100.png 100w, https:\/\/www.sopro.pt\/wp-content\/uploads\/2024\/04\/Sopro-Professionals-Trolley.png 1080w\" sizes=\"(max-width: 300px) 100vw, 300px\" \/><div class=\"wpzoom-secondary-image-container\"><img loading=\"lazy\" decoding=\"async\" width=\"300\" height=\"300\" src=\"https:\/\/www.sopro.pt\/wp-content\/uploads\/2024\/04\/Sopro-Professionals-Trolley-1-300x300.jpg\" class=\"attachment-woocommerce_thumbnail wpzoom-wc-spi-secondary-img wpzoom-wc-spi-transition\" alt=\"Trolley Cabeleireiro Profissional\" srcset=\"https:\/\/www.sopro.pt\/wp-content\/uploads\/2024\/04\/Sopro-Professionals-Trolley-1-300x300.jpg 300w, https:\/\/www.sopro.pt\/wp-content\/uploads\/2024\/04\/Sopro-Professionals-Trolley-1-600x600.jpg 600w, https:\/\/www.sopro.pt\/wp-content\/uploads\/2024\/04\/Sopro-Professionals-Trolley-1-100x100.jpg 100w, https:\/\/www.sopro.pt\/wp-content\/uploads\/2024\/04\/Sopro-Professionals-Trolley-1.jpg 1080w\" sizes=\"(max-width: 300px) 100vw, 300px\" \/><\/div><h2 class=\"woocommerce-loop-product__title\">Trolley<\/h2>\n\t<span class=\"price\"><span class=\"woocommerce-Price-amount amount\"><bdi>259.00&nbsp;<span class=\"woocommerce-Price-currencySymbol\">&euro;<\/span><\/bdi><\/span><\/span>\n<\/a><div class=\"woocommerce-loop-product__buttons\"><a href=\"\/es\/wp-json\/wp\/v2\/pages\/10595?add-to-cart=10654\" aria-describedby=\"woocommerce_loop_add_to_cart_link_describedby_10654\" data-quantity=\"1\" class=\"button product_type_simple add_to_cart_button ajax_add_to_cart\" data-product_id=\"10654\" data-product_sku=\"\" aria-label=\"A\u00f1adir al carrito: &ldquo;Trolley&rdquo;\" rel=\"nofollow\" data-success_message=\"\u00abTrolley\u00bb se ha a\u00f1adido a tu carrito\" role=\"button\">A\u00f1adir al carrito<\/a><\/div>\t<span id=\"woocommerce_loop_add_to_cart_link_describedby_10654\" class=\"screen-reader-text\">\n\t\t\t<\/span>\n<span class=\"gtm4wp_productdata\" style=\"display:none; visibility:hidden;\" data-gtm4wp_product_data=\"{&quot;internal_id&quot;:10654,&quot;item_id&quot;:10654,&quot;item_name&quot;:&quot;Trolley&quot;,&quot;sku&quot;:10654,&quot;price&quot;:259,&quot;stocklevel&quot;:null,&quot;stockstatus&quot;:&quot;instock&quot;,&quot;google_business_vertical&quot;:&quot;retail&quot;,&quot;item_category&quot;:&quot;Todas las categor\\u00edas&quot;,&quot;id&quot;:10654,&quot;productlink&quot;:&quot;https:\\\/\\\/www.sopro.pt\\\/es\\\/produto\\\/trolley\\\/&quot;,&quot;item_list_name&quot;:&quot;Lista general de productos&quot;,&quot;index&quot;:2,&quot;product_type&quot;:&quot;simple&quot;,&quot;item_brand&quot;:&quot;&quot;}\"><\/span><\/li>\n<li class=\"wpzoom-wc-spi-has-enabled product type-product post-10735 status-publish instock product_cat-peluqueria product_cat-todas-las-categorias has-post-thumbnail shipping-taxable purchasable product-type-simple\">\n\t<a href=\"https:\/\/www.sopro.pt\/es\/produto\/carrito-auxiliar\/\" class=\"woocommerce-LoopProduct-link woocommerce-loop-product__link\"><img loading=\"lazy\" decoding=\"async\" width=\"300\" height=\"300\" src=\"https:\/\/www.sopro.pt\/wp-content\/uploads\/2024\/02\/Sopro-Professionals-Carrinho-Auxiliar-300x300.png\" class=\"attachment-woocommerce_thumbnail size-woocommerce_thumbnail\" alt=\"Carrito Auxiliar Sopro Professionals\" srcset=\"https:\/\/www.sopro.pt\/wp-content\/uploads\/2024\/02\/Sopro-Professionals-Carrinho-Auxiliar-300x300.png 300w, https:\/\/www.sopro.pt\/wp-content\/uploads\/2024\/02\/Sopro-Professionals-Carrinho-Auxiliar-600x600.png 600w, https:\/\/www.sopro.pt\/wp-content\/uploads\/2024\/02\/Sopro-Professionals-Carrinho-Auxiliar-100x100.png 100w, https:\/\/www.sopro.pt\/wp-content\/uploads\/2024\/02\/Sopro-Professionals-Carrinho-Auxiliar.png 1080w\" sizes=\"(max-width: 300px) 100vw, 300px\" \/><div class=\"wpzoom-secondary-image-container\"><img loading=\"lazy\" decoding=\"async\" width=\"300\" height=\"300\" src=\"https:\/\/www.sopro.pt\/wp-content\/uploads\/2024\/02\/Carrinho-Auxiliar-Sopro-3-300x300.jpg\" class=\"attachment-woocommerce_thumbnail wpzoom-wc-spi-secondary-img wpzoom-wc-spi-transition\" alt=\"Carrito Auxiliar Sopro Professionals\" srcset=\"https:\/\/www.sopro.pt\/wp-content\/uploads\/2024\/02\/Carrinho-Auxiliar-Sopro-3-300x300.jpg 300w, https:\/\/www.sopro.pt\/wp-content\/uploads\/2024\/02\/Carrinho-Auxiliar-Sopro-3-600x600.jpg 600w, https:\/\/www.sopro.pt\/wp-content\/uploads\/2024\/02\/Carrinho-Auxiliar-Sopro-3-100x100.jpg 100w, https:\/\/www.sopro.pt\/wp-content\/uploads\/2024\/02\/Carrinho-Auxiliar-Sopro-3.jpg 1080w\" sizes=\"(max-width: 300px) 100vw, 300px\" \/><\/div><h2 class=\"woocommerce-loop-product__title\">Carrito Auxiliar<\/h2>\n\t<span class=\"price\"><span class=\"woocommerce-Price-amount amount\"><bdi>189.00&nbsp;<span class=\"woocommerce-Price-currencySymbol\">&euro;<\/span><\/bdi><\/span><\/span>\n<\/a><div class=\"woocommerce-loop-product__buttons\"><a href=\"\/es\/wp-json\/wp\/v2\/pages\/10595?add-to-cart=10735\" aria-describedby=\"woocommerce_loop_add_to_cart_link_describedby_10735\" data-quantity=\"1\" class=\"button product_type_simple add_to_cart_button ajax_add_to_cart\" data-product_id=\"10735\" data-product_sku=\"\" aria-label=\"A\u00f1adir al carrito: &ldquo;Carrito Auxiliar&rdquo;\" rel=\"nofollow\" data-success_message=\"\u00abCarrito Auxiliar\u00bb se ha a\u00f1adido a tu carrito\" role=\"button\">A\u00f1adir al carrito<\/a><\/div>\t<span id=\"woocommerce_loop_add_to_cart_link_describedby_10735\" class=\"screen-reader-text\">\n\t\t\t<\/span>\n<span class=\"gtm4wp_productdata\" style=\"display:none; visibility:hidden;\" data-gtm4wp_product_data=\"{&quot;internal_id&quot;:10735,&quot;item_id&quot;:10735,&quot;item_name&quot;:&quot;Carrito Auxiliar&quot;,&quot;sku&quot;:10735,&quot;price&quot;:189,&quot;stocklevel&quot;:null,&quot;stockstatus&quot;:&quot;instock&quot;,&quot;google_business_vertical&quot;:&quot;retail&quot;,&quot;item_category&quot;:&quot;Peluquer\\u00eda&quot;,&quot;id&quot;:10735,&quot;productlink&quot;:&quot;https:\\\/\\\/www.sopro.pt\\\/es\\\/produto\\\/carrito-auxiliar\\\/&quot;,&quot;item_list_name&quot;:&quot;Lista general de productos&quot;,&quot;index&quot;:3,&quot;product_type&quot;:&quot;simple&quot;,&quot;item_brand&quot;:&quot;&quot;}\"><\/span><\/li>\n<\/ul>\n<\/div>\t\t\t\t<\/div>\n\t\t\t\t<\/div>\n\t\t\t\t\t<\/div>\n\t\t<\/div>\n\t\t\t\t\t<\/div>\n\t\t<\/section>\n\t\t\t\t<section class=\"elementor-section elementor-top-section elementor-element elementor-element-2ddb71a elementor-section-boxed elementor-section-height-default elementor-section-height-default\" data-id=\"2ddb71a\" data-element_type=\"section\" data-e-type=\"section\">\n\t\t\t\t\t\t<div class=\"elementor-container elementor-column-gap-default\">\n\t\t\t\t\t<div class=\"elementor-column elementor-col-100 elementor-top-column elementor-element elementor-element-5efc2ec\" data-id=\"5efc2ec\" data-element_type=\"column\" data-e-type=\"column\">\n\t\t\t<div class=\"elementor-widget-wrap elementor-element-populated\">\n\t\t\t\t\t\t<div class=\"elementor-element elementor-element-e516982 elementor-widget elementor-widget-heading\" data-id=\"e516982\" data-element_type=\"widget\" data-e-type=\"widget\" data-widget_type=\"heading.default\">\n\t\t\t\t<div class=\"elementor-widget-container\">\n\t\t\t\t\t<h1 class=\"elementor-heading-title elementor-size-default\">CORTE<\/h1>\t\t\t\t<\/div>\n\t\t\t\t<\/div>\n\t\t\t\t\t<\/div>\n\t\t<\/div>\n\t\t\t\t\t<\/div>\n\t\t<\/section>\n\t\t\t\t<section class=\"elementor-section elementor-top-section elementor-element elementor-element-51d89572 elementor-section-boxed elementor-section-height-default elementor-section-height-default\" data-id=\"51d89572\" data-element_type=\"section\" data-e-type=\"section\">\n\t\t\t\t\t\t<div class=\"elementor-container elementor-column-gap-default\">\n\t\t\t\t\t<div class=\"elementor-column elementor-col-66 elementor-top-column elementor-element elementor-element-2817cd6b\" data-id=\"2817cd6b\" data-element_type=\"column\" data-e-type=\"column\">\n\t\t\t<div class=\"elementor-widget-wrap elementor-element-populated\">\n\t\t\t\t\t\t<div class=\"elementor-element elementor-element-4040faa5 elementor-widget elementor-widget-heading\" data-id=\"4040faa5\" data-element_type=\"widget\" data-e-type=\"widget\" data-widget_type=\"heading.default\">\n\t\t\t\t<div class=\"elementor-widget-container\">\n\t\t\t\t\t<h4 class=\"elementor-heading-title elementor-size-default\">Atenci\u00f3n profesional al alcance de todos<\/h4>\t\t\t\t<\/div>\n\t\t\t\t<\/div>\n\t\t\t\t<div class=\"elementor-element elementor-element-1054016f elementor-widget elementor-widget-text-editor\" data-id=\"1054016f\" data-element_type=\"widget\" data-e-type=\"widget\" data-widget_type=\"text-editor.default\">\n\t\t\t\t<div class=\"elementor-widget-container\">\n\t\t\t\t\t\t\t\t\t<p>Herramientas esenciales para un corte perfecto y preciso.<\/p>\t\t\t\t\t\t\t\t<\/div>\n\t\t\t\t<\/div>\n\t\t\t\t\t<\/div>\n\t\t<\/div>\n\t\t\t\t<div class=\"elementor-column elementor-col-33 elementor-top-column elementor-element elementor-element-697bef64\" data-id=\"697bef64\" data-element_type=\"column\" data-e-type=\"column\">\n\t\t\t<div class=\"elementor-widget-wrap\">\n\t\t\t\t\t\t\t<\/div>\n\t\t<\/div>\n\t\t\t\t\t<\/div>\n\t\t<\/section>\n\t\t\t\t<section class=\"elementor-section elementor-top-section elementor-element elementor-element-121cedc7 elementor-section-boxed elementor-section-height-default elementor-section-height-default elementor-invisible\" data-id=\"121cedc7\" data-element_type=\"section\" data-e-type=\"section\" data-settings=\"{&quot;animation&quot;:&quot;zoomIn&quot;}\">\n\t\t\t\t\t\t<div class=\"elementor-container elementor-column-gap-default\">\n\t\t\t\t\t<div class=\"elementor-column elementor-col-100 elementor-top-column elementor-element elementor-element-1f3e9b8a\" data-id=\"1f3e9b8a\" data-element_type=\"column\" data-e-type=\"column\">\n\t\t\t<div class=\"elementor-widget-wrap elementor-element-populated\">\n\t\t\t\t\t\t<div class=\"elementor-element elementor-element-198f5c9b elementor-product-loop-item--align-left elementor-grid-mobile-1 elementor-grid-4 elementor-grid-tablet-3 elementor-products-grid elementor-wc-products elementor-widget elementor-widget-woocommerce-products\" data-id=\"198f5c9b\" data-element_type=\"widget\" data-e-type=\"widget\" data-widget_type=\"woocommerce-products.default\">\n\t\t\t\t<div class=\"elementor-widget-container\">\n\t\t\t\t\t<div class=\"woocommerce columns-4 \"><ul class=\"products elementor-grid columns-4\">\n<li class=\"wpzoom-wc-spi-has-enabled product type-product post-10920 status-publish first instock product_cat-barbero product_cat-peluqueria product_cat-tijeras-es product_cat-tijeras product_cat-todas-las-categorias has-post-thumbnail shipping-taxable purchasable product-type-simple\">\n\t<a href=\"https:\/\/www.sopro.pt\/es\/produto\/kit-stx-tijeras-de-cortedesbaste-5-5-blackgold\/\" class=\"woocommerce-LoopProduct-link woocommerce-loop-product__link\"><img loading=\"lazy\" decoding=\"async\" width=\"300\" height=\"300\" src=\"https:\/\/www.sopro.pt\/wp-content\/uploads\/2022\/05\/SOPRO-KITTESOURASGOLD-5-300x300.png\" class=\"attachment-woocommerce_thumbnail size-woocommerce_thumbnail\" alt=\"Kit Tesouras - Sopro Professionals\" srcset=\"https:\/\/www.sopro.pt\/wp-content\/uploads\/2022\/05\/SOPRO-KITTESOURASGOLD-5-300x300.png 300w, https:\/\/www.sopro.pt\/wp-content\/uploads\/2022\/05\/SOPRO-KITTESOURASGOLD-5-100x100.png 100w, https:\/\/www.sopro.pt\/wp-content\/uploads\/2022\/05\/SOPRO-KITTESOURASGOLD-5-600x600.png 600w, https:\/\/www.sopro.pt\/wp-content\/uploads\/2022\/05\/SOPRO-KITTESOURASGOLD-5.png 1080w\" sizes=\"(max-width: 300px) 100vw, 300px\" \/><div class=\"wpzoom-secondary-image-container\"><img loading=\"lazy\" decoding=\"async\" width=\"300\" height=\"185\" src=\"https:\/\/www.sopro.pt\/wp-content\/uploads\/2022\/05\/SITETESOURA-300x185.jpg\" class=\"attachment-woocommerce_thumbnail wpzoom-wc-spi-secondary-img wpzoom-wc-spi-transition\" alt=\"Tesoura de corte - Sopro Professionals\" srcset=\"https:\/\/www.sopro.pt\/wp-content\/uploads\/2022\/05\/SITETESOURA-300x185.jpg 300w, https:\/\/www.sopro.pt\/wp-content\/uploads\/2022\/05\/SITETESOURA-600x370.jpg 600w, https:\/\/www.sopro.pt\/wp-content\/uploads\/2022\/05\/SITETESOURA.jpg 1355w\" sizes=\"(max-width: 300px) 100vw, 300px\" \/><\/div><h2 class=\"woocommerce-loop-product__title\">KIT STX &#8211; TIJERAS DE CORTE+DESBASTE 5.5&#8243; (BLACK&amp;GOLD)<\/h2>\n\t<span class=\"price\"><span class=\"woocommerce-Price-amount amount\"><bdi>130.00&nbsp;<span class=\"woocommerce-Price-currencySymbol\">&euro;<\/span><\/bdi><\/span><\/span>\n<\/a><div class=\"woocommerce-loop-product__buttons\"><a href=\"\/es\/wp-json\/wp\/v2\/pages\/10595?add-to-cart=10920\" aria-describedby=\"woocommerce_loop_add_to_cart_link_describedby_10920\" data-quantity=\"1\" class=\"button product_type_simple add_to_cart_button ajax_add_to_cart\" data-product_id=\"10920\" data-product_sku=\"KITTESOURAS5.5STX\" aria-label=\"A\u00f1adir al carrito: &ldquo;KIT STX - TIJERAS DE CORTE+DESBASTE 5.5&quot; (BLACK&amp;GOLD)&rdquo;\" rel=\"nofollow\" data-success_message=\"\u00abKIT STX - TIJERAS DE CORTE+DESBASTE 5.5&quot; (BLACK&amp;GOLD)\u00bb se ha a\u00f1adido a tu carrito\" role=\"button\">A\u00f1adir al carrito<\/a><\/div>\t<span id=\"woocommerce_loop_add_to_cart_link_describedby_10920\" class=\"screen-reader-text\">\n\t\t\t<\/span>\n<span class=\"gtm4wp_productdata\" style=\"display:none; visibility:hidden;\" data-gtm4wp_product_data=\"{&quot;internal_id&quot;:10920,&quot;item_id&quot;:10920,&quot;item_name&quot;:&quot;KIT STX - TIJERAS DE CORTE+DESBASTE 5.5\\&quot; (BLACK&amp;GOLD)&quot;,&quot;sku&quot;:&quot;KITTESOURAS5.5STX&quot;,&quot;price&quot;:130,&quot;stocklevel&quot;:null,&quot;stockstatus&quot;:&quot;instock&quot;,&quot;google_business_vertical&quot;:&quot;retail&quot;,&quot;item_category&quot;:&quot;Todas las categor\\u00edas&quot;,&quot;id&quot;:10920,&quot;productlink&quot;:&quot;https:\\\/\\\/www.sopro.pt\\\/es\\\/produto\\\/kit-stx-tijeras-de-cortedesbaste-5-5-blackgold\\\/&quot;,&quot;item_list_name&quot;:&quot;Lista general de productos&quot;,&quot;index&quot;:1,&quot;product_type&quot;:&quot;simple&quot;,&quot;item_brand&quot;:&quot;&quot;}\"><\/span><\/li>\n<li class=\"wpzoom-wc-spi-has-enabled product type-product post-11197 status-publish instock product_cat-todas-las-categorias has-post-thumbnail shipping-taxable purchasable product-type-simple\">\n\t<a href=\"https:\/\/www.sopro.pt\/es\/produto\/maquina-de-corte-gts\/\" class=\"woocommerce-LoopProduct-link woocommerce-loop-product__link\"><img loading=\"lazy\" decoding=\"async\" width=\"300\" height=\"300\" src=\"https:\/\/www.sopro.pt\/wp-content\/uploads\/2024\/05\/GTS-300x300.jpg\" class=\"attachment-woocommerce_thumbnail size-woocommerce_thumbnail\" alt=\"M\u00e1quina de corte profesional\" srcset=\"https:\/\/www.sopro.pt\/wp-content\/uploads\/2024\/05\/GTS-300x300.jpg 300w, https:\/\/www.sopro.pt\/wp-content\/uploads\/2024\/05\/GTS-600x600.jpg 600w, https:\/\/www.sopro.pt\/wp-content\/uploads\/2024\/05\/GTS-100x100.jpg 100w, https:\/\/www.sopro.pt\/wp-content\/uploads\/2024\/05\/GTS.jpg 1080w\" sizes=\"(max-width: 300px) 100vw, 300px\" \/><div class=\"wpzoom-secondary-image-container\"><img loading=\"lazy\" decoding=\"async\" width=\"300\" height=\"300\" src=\"https:\/\/www.sopro.pt\/wp-content\/uploads\/2024\/05\/205-300x300.jpg\" class=\"attachment-woocommerce_thumbnail wpzoom-wc-spi-secondary-img wpzoom-wc-spi-transition\" alt=\"M\u00e1quina de corte profesional\" srcset=\"https:\/\/www.sopro.pt\/wp-content\/uploads\/2024\/05\/205-300x300.jpg 300w, https:\/\/www.sopro.pt\/wp-content\/uploads\/2024\/05\/205-600x600.jpg 600w, https:\/\/www.sopro.pt\/wp-content\/uploads\/2024\/05\/205-100x100.jpg 100w, https:\/\/www.sopro.pt\/wp-content\/uploads\/2024\/05\/205.jpg 1080w\" sizes=\"(max-width: 300px) 100vw, 300px\" \/><\/div><h2 class=\"woocommerce-loop-product__title\">M\u00c1QUINA DE CORTE GTS<\/h2>\n\t<span class=\"price\"><span class=\"woocommerce-Price-amount amount\"><bdi>119.00&nbsp;<span class=\"woocommerce-Price-currencySymbol\">&euro;<\/span><\/bdi><\/span><\/span>\n<\/a><div class=\"woocommerce-loop-product__buttons\"><a href=\"\/es\/wp-json\/wp\/v2\/pages\/10595?add-to-cart=11197\" aria-describedby=\"woocommerce_loop_add_to_cart_link_describedby_11197\" data-quantity=\"1\" class=\"button product_type_simple add_to_cart_button ajax_add_to_cart\" data-product_id=\"11197\" data-product_sku=\"\" aria-label=\"A\u00f1adir al carrito: &ldquo;M\u00c1QUINA DE CORTE GTS&rdquo;\" rel=\"nofollow\" data-success_message=\"\u00abM\u00c1QUINA DE CORTE GTS\u00bb se ha a\u00f1adido a tu carrito\" role=\"button\">A\u00f1adir al carrito<\/a><\/div>\t<span id=\"woocommerce_loop_add_to_cart_link_describedby_11197\" class=\"screen-reader-text\">\n\t\t\t<\/span>\n<span class=\"gtm4wp_productdata\" style=\"display:none; visibility:hidden;\" data-gtm4wp_product_data=\"{&quot;internal_id&quot;:11197,&quot;item_id&quot;:11197,&quot;item_name&quot;:&quot;M\\u00c1QUINA DE CORTE GTS&quot;,&quot;sku&quot;:11197,&quot;price&quot;:119,&quot;stocklevel&quot;:null,&quot;stockstatus&quot;:&quot;instock&quot;,&quot;google_business_vertical&quot;:&quot;retail&quot;,&quot;item_category&quot;:&quot;Todas las categor\\u00edas&quot;,&quot;id&quot;:11197,&quot;productlink&quot;:&quot;https:\\\/\\\/www.sopro.pt\\\/es\\\/produto\\\/maquina-de-corte-gts\\\/&quot;,&quot;item_list_name&quot;:&quot;Lista general de productos&quot;,&quot;index&quot;:2,&quot;product_type&quot;:&quot;simple&quot;,&quot;item_brand&quot;:&quot;&quot;}\"><\/span><\/li>\n<li class=\"product type-product post-10980 status-publish instock product_cat-maquinas-de-corte-y-contornos product_cat-maquinas-de-corte-y-contornos-es product_cat-todas-las-categorias has-post-thumbnail shipping-taxable purchasable product-type-simple\">\n\t<a href=\"https:\/\/www.sopro.pt\/es\/produto\/maquina-de-contornos-gtx\/\" class=\"woocommerce-LoopProduct-link woocommerce-loop-product__link\"><img loading=\"lazy\" decoding=\"async\" width=\"300\" height=\"300\" src=\"https:\/\/www.sopro.pt\/wp-content\/uploads\/2021\/07\/SOPRO-Maquina-de-Contornos-GTX-300x300.png\" class=\"attachment-woocommerce_thumbnail size-woocommerce_thumbnail\" alt=\"M\u00e1quina de Contornos - barbeiro - Sopro Professionals\" srcset=\"https:\/\/www.sopro.pt\/wp-content\/uploads\/2021\/07\/SOPRO-Maquina-de-Contornos-GTX-300x300.png 300w, https:\/\/www.sopro.pt\/wp-content\/uploads\/2021\/07\/SOPRO-Maquina-de-Contornos-GTX-100x100.png 100w, https:\/\/www.sopro.pt\/wp-content\/uploads\/2021\/07\/SOPRO-Maquina-de-Contornos-GTX-600x600.png 600w, https:\/\/www.sopro.pt\/wp-content\/uploads\/2021\/07\/SOPRO-Maquina-de-Contornos-GTX.png 1080w\" sizes=\"(max-width: 300px) 100vw, 300px\" \/><h2 class=\"woocommerce-loop-product__title\">M\u00c1QUINA DE CONTORNOS GTX<\/h2>\n\t<span class=\"price\"><span class=\"woocommerce-Price-amount amount\"><bdi>109.00&nbsp;<span class=\"woocommerce-Price-currencySymbol\">&euro;<\/span><\/bdi><\/span><\/span>\n<\/a><div class=\"woocommerce-loop-product__buttons\"><a href=\"\/es\/wp-json\/wp\/v2\/pages\/10595?add-to-cart=10980\" aria-describedby=\"woocommerce_loop_add_to_cart_link_describedby_10980\" data-quantity=\"1\" class=\"button product_type_simple add_to_cart_button ajax_add_to_cart\" data-product_id=\"10980\" data-product_sku=\"PB7000\" aria-label=\"A\u00f1adir al carrito: &ldquo;M\u00c1QUINA DE CONTORNOS GTX&rdquo;\" rel=\"nofollow\" data-success_message=\"\u00abM\u00c1QUINA DE CONTORNOS GTX\u00bb se ha a\u00f1adido a tu carrito\" role=\"button\">A\u00f1adir al carrito<\/a><\/div>\t<span id=\"woocommerce_loop_add_to_cart_link_describedby_10980\" class=\"screen-reader-text\">\n\t\t\t<\/span>\n<span class=\"gtm4wp_productdata\" style=\"display:none; visibility:hidden;\" data-gtm4wp_product_data=\"{&quot;internal_id&quot;:10980,&quot;item_id&quot;:10980,&quot;item_name&quot;:&quot;M\\u00c1QUINA DE CONTORNOS GTX&quot;,&quot;sku&quot;:&quot;PB7000&quot;,&quot;price&quot;:109,&quot;stocklevel&quot;:null,&quot;stockstatus&quot;:&quot;instock&quot;,&quot;google_business_vertical&quot;:&quot;retail&quot;,&quot;item_category&quot;:&quot;M\\u00e1quinas de corte y contornos&quot;,&quot;id&quot;:10980,&quot;productlink&quot;:&quot;https:\\\/\\\/www.sopro.pt\\\/es\\\/produto\\\/maquina-de-contornos-gtx\\\/&quot;,&quot;item_list_name&quot;:&quot;Lista general de productos&quot;,&quot;index&quot;:3,&quot;product_type&quot;:&quot;simple&quot;,&quot;item_brand&quot;:&quot;&quot;}\"><\/span><\/li>\n<li class=\"product type-product post-10959 status-publish last instock product_cat-maquinas-de-corte-y-contornos product_cat-maquinas-de-corte-y-contornos-es product_cat-todas-las-categorias has-post-thumbnail shipping-taxable purchasable product-type-simple\">\n\t<a href=\"https:\/\/www.sopro.pt\/es\/produto\/maquina-de-corte-profesional-negra-pb8000\/\" class=\"woocommerce-LoopProduct-link woocommerce-loop-product__link\"><img loading=\"lazy\" decoding=\"async\" width=\"300\" height=\"300\" src=\"https:\/\/www.sopro.pt\/wp-content\/uploads\/2021\/09\/SOPRO-MAQUINA-DE-CORTE-PROFISSIONAL-PRETA-PB8000-300x300.png\" class=\"attachment-woocommerce_thumbnail size-woocommerce_thumbnail\" alt=\"MAQUINA DE CORTE PROFISSIONAL PRETA\" srcset=\"https:\/\/www.sopro.pt\/wp-content\/uploads\/2021\/09\/SOPRO-MAQUINA-DE-CORTE-PROFISSIONAL-PRETA-PB8000-300x300.png 300w, https:\/\/www.sopro.pt\/wp-content\/uploads\/2021\/09\/SOPRO-MAQUINA-DE-CORTE-PROFISSIONAL-PRETA-PB8000-100x100.png 100w, https:\/\/www.sopro.pt\/wp-content\/uploads\/2021\/09\/SOPRO-MAQUINA-DE-CORTE-PROFISSIONAL-PRETA-PB8000-600x600.png 600w, https:\/\/www.sopro.pt\/wp-content\/uploads\/2021\/09\/SOPRO-MAQUINA-DE-CORTE-PROFISSIONAL-PRETA-PB8000.png 1080w\" sizes=\"(max-width: 300px) 100vw, 300px\" \/><h2 class=\"woocommerce-loop-product__title\">M\u00c1QUINA DE CORTE PROFESIONAL NEGRA PB8000<\/h2>\n\t<span class=\"price\"><span class=\"woocommerce-Price-amount amount\"><bdi>109.00&nbsp;<span class=\"woocommerce-Price-currencySymbol\">&euro;<\/span><\/bdi><\/span><\/span>\n<\/a><div class=\"woocommerce-loop-product__buttons\"><a href=\"\/es\/wp-json\/wp\/v2\/pages\/10595?add-to-cart=10959\" aria-describedby=\"woocommerce_loop_add_to_cart_link_describedby_10959\" data-quantity=\"1\" class=\"button product_type_simple add_to_cart_button ajax_add_to_cart\" data-product_id=\"10959\" data-product_sku=\"PB8000\" aria-label=\"A\u00f1adir al carrito: &ldquo;M\u00c1QUINA DE CORTE PROFESIONAL NEGRA PB8000&rdquo;\" rel=\"nofollow\" data-success_message=\"\u00abM\u00c1QUINA DE CORTE PROFESIONAL NEGRA PB8000\u00bb se ha a\u00f1adido a tu carrito\" role=\"button\">A\u00f1adir al carrito<\/a><\/div>\t<span id=\"woocommerce_loop_add_to_cart_link_describedby_10959\" class=\"screen-reader-text\">\n\t\t\t<\/span>\n<span class=\"gtm4wp_productdata\" style=\"display:none; visibility:hidden;\" data-gtm4wp_product_data=\"{&quot;internal_id&quot;:10959,&quot;item_id&quot;:10959,&quot;item_name&quot;:&quot;M\\u00c1QUINA DE CORTE PROFESIONAL NEGRA PB8000&quot;,&quot;sku&quot;:&quot;PB8000&quot;,&quot;price&quot;:109,&quot;stocklevel&quot;:null,&quot;stockstatus&quot;:&quot;instock&quot;,&quot;google_business_vertical&quot;:&quot;retail&quot;,&quot;item_category&quot;:&quot;Todas las categor\\u00edas&quot;,&quot;id&quot;:10959,&quot;productlink&quot;:&quot;https:\\\/\\\/www.sopro.pt\\\/es\\\/produto\\\/maquina-de-corte-profesional-negra-pb8000\\\/&quot;,&quot;item_list_name&quot;:&quot;Lista general de productos&quot;,&quot;index&quot;:4,&quot;product_type&quot;:&quot;simple&quot;,&quot;item_brand&quot;:&quot;&quot;}\"><\/span><\/li>\n<li class=\"wpzoom-wc-spi-has-enabled product type-product post-10915 status-publish first instock product_cat-barbero product_cat-maquinas-de-corte-y-contornos product_cat-maquinas-de-corte-y-contornos-es product_cat-peluqueria product_cat-todas-las-categorias has-post-thumbnail shipping-taxable purchasable product-type-simple\">\n\t<a href=\"https:\/\/www.sopro.pt\/es\/produto\/shaver-pb6000\/\" class=\"woocommerce-LoopProduct-link woocommerce-loop-product__link\"><img loading=\"lazy\" decoding=\"async\" width=\"300\" height=\"300\" src=\"https:\/\/www.sopro.pt\/wp-content\/uploads\/2022\/06\/SOPRO-SHAVER-PB6000-300x300.png\" class=\"attachment-woocommerce_thumbnail size-woocommerce_thumbnail\" alt=\"Shaver Barbeiro - Sopro Professionals\" srcset=\"https:\/\/www.sopro.pt\/wp-content\/uploads\/2022\/06\/SOPRO-SHAVER-PB6000-300x300.png 300w, https:\/\/www.sopro.pt\/wp-content\/uploads\/2022\/06\/SOPRO-SHAVER-PB6000-100x100.png 100w, https:\/\/www.sopro.pt\/wp-content\/uploads\/2022\/06\/SOPRO-SHAVER-PB6000-600x600.png 600w, https:\/\/www.sopro.pt\/wp-content\/uploads\/2022\/06\/SOPRO-SHAVER-PB6000.png 1080w\" sizes=\"(max-width: 300px) 100vw, 300px\" \/><div class=\"wpzoom-secondary-image-container\"><img loading=\"lazy\" decoding=\"async\" width=\"300\" height=\"197\" src=\"https:\/\/www.sopro.pt\/wp-content\/uploads\/2022\/06\/shaver2-300x197.jpg\" class=\"attachment-woocommerce_thumbnail wpzoom-wc-spi-secondary-img wpzoom-wc-spi-transition\" alt=\"AFEITADORA PB6000\" srcset=\"https:\/\/www.sopro.pt\/wp-content\/uploads\/2022\/06\/shaver2-300x197.jpg 300w, https:\/\/www.sopro.pt\/wp-content\/uploads\/2022\/06\/shaver2-600x394.jpg 600w, https:\/\/www.sopro.pt\/wp-content\/uploads\/2022\/06\/shaver2.jpg 1340w\" sizes=\"(max-width: 300px) 100vw, 300px\" \/><\/div><h2 class=\"woocommerce-loop-product__title\">SHAVER<\/h2>\n\t<span class=\"price\"><span class=\"woocommerce-Price-amount amount\"><bdi>89.00&nbsp;<span class=\"woocommerce-Price-currencySymbol\">&euro;<\/span><\/bdi><\/span><\/span>\n<\/a><div class=\"woocommerce-loop-product__buttons\"><a href=\"\/es\/wp-json\/wp\/v2\/pages\/10595?add-to-cart=10915\" aria-describedby=\"woocommerce_loop_add_to_cart_link_describedby_10915\" data-quantity=\"1\" class=\"button product_type_simple add_to_cart_button ajax_add_to_cart\" data-product_id=\"10915\" data-product_sku=\"PB6000\" aria-label=\"A\u00f1adir al carrito: &ldquo;SHAVER&rdquo;\" rel=\"nofollow\" data-success_message=\"\u00abSHAVER\u00bb se ha a\u00f1adido a tu carrito\" role=\"button\">A\u00f1adir al carrito<\/a><\/div>\t<span id=\"woocommerce_loop_add_to_cart_link_describedby_10915\" class=\"screen-reader-text\">\n\t\t\t<\/span>\n<span class=\"gtm4wp_productdata\" style=\"display:none; visibility:hidden;\" data-gtm4wp_product_data=\"{&quot;internal_id&quot;:10915,&quot;item_id&quot;:10915,&quot;item_name&quot;:&quot;SHAVER&quot;,&quot;sku&quot;:&quot;PB6000&quot;,&quot;price&quot;:89,&quot;stocklevel&quot;:null,&quot;stockstatus&quot;:&quot;instock&quot;,&quot;google_business_vertical&quot;:&quot;retail&quot;,&quot;item_category&quot;:&quot;Todas las categor\\u00edas&quot;,&quot;id&quot;:10915,&quot;productlink&quot;:&quot;https:\\\/\\\/www.sopro.pt\\\/es\\\/produto\\\/shaver-pb6000\\\/&quot;,&quot;item_list_name&quot;:&quot;Lista general de productos&quot;,&quot;index&quot;:5,&quot;product_type&quot;:&quot;simple&quot;,&quot;item_brand&quot;:&quot;&quot;}\"><\/span><\/li>\n<li class=\"product type-product post-11014 status-publish instock product_cat-barbero product_cat-maquinas-de-corte-y-contornos product_cat-maquinas-de-corte-y-contornos-es product_cat-peluqueria product_cat-todas-las-categorias has-post-thumbnail shipping-taxable purchasable product-type-simple\">\n\t<a href=\"https:\/\/www.sopro.pt\/es\/produto\/maquina-de-contornos-pb6500\/\" class=\"woocommerce-LoopProduct-link woocommerce-loop-product__link\"><img loading=\"lazy\" decoding=\"async\" width=\"300\" height=\"300\" src=\"https:\/\/www.sopro.pt\/wp-content\/uploads\/2021\/06\/SOPRO-PB6500-MAQUINA-DE-CONTORNOS-300x300.png\" class=\"attachment-woocommerce_thumbnail size-woocommerce_thumbnail\" alt=\"M\u00e1quina de contornos - barbeiro - Sopro Professionals\" srcset=\"https:\/\/www.sopro.pt\/wp-content\/uploads\/2021\/06\/SOPRO-PB6500-MAQUINA-DE-CONTORNOS-300x300.png 300w, https:\/\/www.sopro.pt\/wp-content\/uploads\/2021\/06\/SOPRO-PB6500-MAQUINA-DE-CONTORNOS-100x100.png 100w, https:\/\/www.sopro.pt\/wp-content\/uploads\/2021\/06\/SOPRO-PB6500-MAQUINA-DE-CONTORNOS-600x600.png 600w, https:\/\/www.sopro.pt\/wp-content\/uploads\/2021\/06\/SOPRO-PB6500-MAQUINA-DE-CONTORNOS.png 1080w\" sizes=\"(max-width: 300px) 100vw, 300px\" \/><h2 class=\"woocommerce-loop-product__title\">M\u00c1QUINA DE CONTORNOS PB6500<\/h2>\n\t<span class=\"price\"><span class=\"woocommerce-Price-amount amount\"><bdi>89.00&nbsp;<span class=\"woocommerce-Price-currencySymbol\">&euro;<\/span><\/bdi><\/span><\/span>\n<\/a><div class=\"woocommerce-loop-product__buttons\"><a href=\"\/es\/wp-json\/wp\/v2\/pages\/10595?add-to-cart=11014\" aria-describedby=\"woocommerce_loop_add_to_cart_link_describedby_11014\" data-quantity=\"1\" class=\"button product_type_simple add_to_cart_button ajax_add_to_cart\" data-product_id=\"11014\" data-product_sku=\"PB6500\" aria-label=\"A\u00f1adir al carrito: &ldquo;M\u00c1QUINA DE CONTORNOS PB6500&rdquo;\" rel=\"nofollow\" data-success_message=\"\u00abM\u00c1QUINA DE CONTORNOS PB6500\u00bb se ha a\u00f1adido a tu carrito\" role=\"button\">A\u00f1adir al carrito<\/a><\/div>\t<span id=\"woocommerce_loop_add_to_cart_link_describedby_11014\" class=\"screen-reader-text\">\n\t\t\t<\/span>\n<span class=\"gtm4wp_productdata\" style=\"display:none; visibility:hidden;\" data-gtm4wp_product_data=\"{&quot;internal_id&quot;:11014,&quot;item_id&quot;:11014,&quot;item_name&quot;:&quot;M\\u00c1QUINA DE CONTORNOS PB6500&quot;,&quot;sku&quot;:&quot;PB6500&quot;,&quot;price&quot;:89,&quot;stocklevel&quot;:null,&quot;stockstatus&quot;:&quot;instock&quot;,&quot;google_business_vertical&quot;:&quot;retail&quot;,&quot;item_category&quot;:&quot;M\\u00e1quinas de corte y contornos&quot;,&quot;id&quot;:11014,&quot;productlink&quot;:&quot;https:\\\/\\\/www.sopro.pt\\\/es\\\/produto\\\/maquina-de-contornos-pb6500\\\/&quot;,&quot;item_list_name&quot;:&quot;Lista general de productos&quot;,&quot;index&quot;:6,&quot;product_type&quot;:&quot;simple&quot;,&quot;item_brand&quot;:&quot;&quot;}\"><\/span><\/li>\n<li class=\"product type-product post-10908 status-publish instock product_cat-tijeras-es product_cat-tijeras product_cat-todas-las-categorias has-post-thumbnail shipping-taxable purchasable product-type-simple\">\n\t<a href=\"https:\/\/www.sopro.pt\/es\/produto\/tesoura-de-corte-psx-6-chrom\/\" class=\"woocommerce-LoopProduct-link woocommerce-loop-product__link\"><img loading=\"lazy\" decoding=\"async\" width=\"300\" height=\"300\" src=\"https:\/\/www.sopro.pt\/wp-content\/uploads\/2022\/06\/SOPRO-TESOURA-DE-CORTE-PSX-6\u2033-CHROM-300x300.png\" class=\"attachment-woocommerce_thumbnail size-woocommerce_thumbnail\" alt=\"Tesoura de corte - Sopro Professionals\" srcset=\"https:\/\/www.sopro.pt\/wp-content\/uploads\/2022\/06\/SOPRO-TESOURA-DE-CORTE-PSX-6\u2033-CHROM-300x300.png 300w, https:\/\/www.sopro.pt\/wp-content\/uploads\/2022\/06\/SOPRO-TESOURA-DE-CORTE-PSX-6\u2033-CHROM-100x100.png 100w, https:\/\/www.sopro.pt\/wp-content\/uploads\/2022\/06\/SOPRO-TESOURA-DE-CORTE-PSX-6\u2033-CHROM-600x600.png 600w, https:\/\/www.sopro.pt\/wp-content\/uploads\/2022\/06\/SOPRO-TESOURA-DE-CORTE-PSX-6\u2033-CHROM.png 1080w\" sizes=\"(max-width: 300px) 100vw, 300px\" \/><h2 class=\"woocommerce-loop-product__title\">TIJERAS DE CORTE PSX 6&#8243; (CHROM)<\/h2>\n\t<span class=\"price\"><span class=\"woocommerce-Price-amount amount\"><bdi>79.00&nbsp;<span class=\"woocommerce-Price-currencySymbol\">&euro;<\/span><\/bdi><\/span><\/span>\n<\/a><div class=\"woocommerce-loop-product__buttons\"><a href=\"\/es\/wp-json\/wp\/v2\/pages\/10595?add-to-cart=10908\" aria-describedby=\"woocommerce_loop_add_to_cart_link_describedby_10908\" data-quantity=\"1\" class=\"button product_type_simple add_to_cart_button ajax_add_to_cart\" data-product_id=\"10908\" data-product_sku=\"PB280\" aria-label=\"A\u00f1adir al carrito: &ldquo;TIJERAS DE CORTE PSX 6&quot; (CHROM)&rdquo;\" rel=\"nofollow\" data-success_message=\"\u00abTIJERAS DE CORTE PSX 6&quot; (CHROM)\u00bb se ha a\u00f1adido a tu carrito\" role=\"button\">A\u00f1adir al carrito<\/a><\/div>\t<span id=\"woocommerce_loop_add_to_cart_link_describedby_10908\" class=\"screen-reader-text\">\n\t\t\t<\/span>\n<span class=\"gtm4wp_productdata\" style=\"display:none; visibility:hidden;\" data-gtm4wp_product_data=\"{&quot;internal_id&quot;:10908,&quot;item_id&quot;:10908,&quot;item_name&quot;:&quot;TIJERAS DE CORTE PSX 6\\&quot; (CHROM)&quot;,&quot;sku&quot;:&quot;PB280&quot;,&quot;price&quot;:79,&quot;stocklevel&quot;:null,&quot;stockstatus&quot;:&quot;instock&quot;,&quot;google_business_vertical&quot;:&quot;retail&quot;,&quot;item_category&quot;:&quot;Todas las categor\\u00edas&quot;,&quot;id&quot;:10908,&quot;productlink&quot;:&quot;https:\\\/\\\/www.sopro.pt\\\/es\\\/produto\\\/tesoura-de-corte-psx-6-chrom\\\/&quot;,&quot;item_list_name&quot;:&quot;Lista general de productos&quot;,&quot;index&quot;:7,&quot;product_type&quot;:&quot;simple&quot;,&quot;item_brand&quot;:&quot;&quot;}\"><\/span><\/li>\n<li class=\"product type-product post-10903 status-publish last instock product_cat-tijeras-es product_cat-tijeras product_cat-todas-las-categorias has-post-thumbnail shipping-taxable purchasable product-type-simple\">\n\t<a href=\"https:\/\/www.sopro.pt\/es\/produto\/tesoura-de-desbaste-psx-6-chrom\/\" class=\"woocommerce-LoopProduct-link woocommerce-loop-product__link\"><img loading=\"lazy\" decoding=\"async\" width=\"300\" height=\"300\" src=\"https:\/\/www.sopro.pt\/wp-content\/uploads\/2022\/06\/SOPRO-TESOURA-DE-DESBASTE-PSX-6\u2033-CHROM-300x300.png\" class=\"attachment-woocommerce_thumbnail size-woocommerce_thumbnail\" alt=\"Tesoura de desbaste - Sopro Professionals\" srcset=\"https:\/\/www.sopro.pt\/wp-content\/uploads\/2022\/06\/SOPRO-TESOURA-DE-DESBASTE-PSX-6\u2033-CHROM-300x300.png 300w, https:\/\/www.sopro.pt\/wp-content\/uploads\/2022\/06\/SOPRO-TESOURA-DE-DESBASTE-PSX-6\u2033-CHROM-100x100.png 100w, https:\/\/www.sopro.pt\/wp-content\/uploads\/2022\/06\/SOPRO-TESOURA-DE-DESBASTE-PSX-6\u2033-CHROM-600x600.png 600w, https:\/\/www.sopro.pt\/wp-content\/uploads\/2022\/06\/SOPRO-TESOURA-DE-DESBASTE-PSX-6\u2033-CHROM.png 1080w\" sizes=\"(max-width: 300px) 100vw, 300px\" \/><h2 class=\"woocommerce-loop-product__title\">TIJERAS DE DESBASTE PSX 6&#8243; (CHROM)<\/h2>\n\t<span class=\"price\"><span class=\"woocommerce-Price-amount amount\"><bdi>79.00&nbsp;<span class=\"woocommerce-Price-currencySymbol\">&euro;<\/span><\/bdi><\/span><\/span>\n<\/a><div class=\"woocommerce-loop-product__buttons\"><a href=\"\/es\/wp-json\/wp\/v2\/pages\/10595?add-to-cart=10903\" aria-describedby=\"woocommerce_loop_add_to_cart_link_describedby_10903\" data-quantity=\"1\" class=\"button product_type_simple add_to_cart_button ajax_add_to_cart\" data-product_id=\"10903\" data-product_sku=\"PB281\" aria-label=\"A\u00f1adir al carrito: &ldquo;TIJERAS DE DESBASTE PSX 6&quot; (CHROM)&rdquo;\" rel=\"nofollow\" data-success_message=\"\u00abTIJERAS DE DESBASTE PSX 6&quot; (CHROM)\u00bb se ha a\u00f1adido a tu carrito\" role=\"button\">A\u00f1adir al carrito<\/a><\/div>\t<span id=\"woocommerce_loop_add_to_cart_link_describedby_10903\" class=\"screen-reader-text\">\n\t\t\t<\/span>\n<span class=\"gtm4wp_productdata\" style=\"display:none; visibility:hidden;\" data-gtm4wp_product_data=\"{&quot;internal_id&quot;:10903,&quot;item_id&quot;:10903,&quot;item_name&quot;:&quot;TIJERAS DE DESBASTE PSX 6\\&quot; (CHROM)&quot;,&quot;sku&quot;:&quot;PB281&quot;,&quot;price&quot;:79,&quot;stocklevel&quot;:null,&quot;stockstatus&quot;:&quot;instock&quot;,&quot;google_business_vertical&quot;:&quot;retail&quot;,&quot;item_category&quot;:&quot;Todas las categor\\u00edas&quot;,&quot;id&quot;:10903,&quot;productlink&quot;:&quot;https:\\\/\\\/www.sopro.pt\\\/es\\\/produto\\\/tesoura-de-desbaste-psx-6-chrom\\\/&quot;,&quot;item_list_name&quot;:&quot;Lista general de productos&quot;,&quot;index&quot;:8,&quot;product_type&quot;:&quot;simple&quot;,&quot;item_brand&quot;:&quot;&quot;}\"><\/span><\/li>\n<li class=\"product type-product post-10954 status-publish first instock product_cat-barbero product_cat-peluqueria product_cat-tijeras product_cat-tijeras-es product_cat-todas-las-categorias has-post-thumbnail shipping-taxable purchasable product-type-simple\">\n\t<a href=\"https:\/\/www.sopro.pt\/es\/produto\/tesoura-de-corte-5-blackgold\/\" class=\"woocommerce-LoopProduct-link woocommerce-loop-product__link\"><img loading=\"lazy\" decoding=\"async\" width=\"300\" height=\"300\" src=\"https:\/\/www.sopro.pt\/wp-content\/uploads\/2022\/01\/SOPRO-TESOURA-DE-DESBASTE-SOPRO-TESOURA-CORTE-STX-55-BLACKGOLD-300x300.png\" class=\"attachment-woocommerce_thumbnail size-woocommerce_thumbnail\" alt=\"Tesoura de corte - Sopro Professionals\" srcset=\"https:\/\/www.sopro.pt\/wp-content\/uploads\/2022\/01\/SOPRO-TESOURA-DE-DESBASTE-SOPRO-TESOURA-CORTE-STX-55-BLACKGOLD-300x300.png 300w, https:\/\/www.sopro.pt\/wp-content\/uploads\/2022\/01\/SOPRO-TESOURA-DE-DESBASTE-SOPRO-TESOURA-CORTE-STX-55-BLACKGOLD-100x100.png 100w, https:\/\/www.sopro.pt\/wp-content\/uploads\/2022\/01\/SOPRO-TESOURA-DE-DESBASTE-SOPRO-TESOURA-CORTE-STX-55-BLACKGOLD-600x600.png 600w, https:\/\/www.sopro.pt\/wp-content\/uploads\/2022\/01\/SOPRO-TESOURA-DE-DESBASTE-SOPRO-TESOURA-CORTE-STX-55-BLACKGOLD.png 1080w\" sizes=\"(max-width: 300px) 100vw, 300px\" \/><h2 class=\"woocommerce-loop-product__title\">TIJERAS DE CORTE STX 5.5&#8243; (BLACK&amp;GOLD)<\/h2>\n\t<span class=\"price\"><span class=\"woocommerce-Price-amount amount\"><bdi>79.00&nbsp;<span class=\"woocommerce-Price-currencySymbol\">&euro;<\/span><\/bdi><\/span><\/span>\n<\/a><div class=\"woocommerce-loop-product__buttons\"><a href=\"\/es\/wp-json\/wp\/v2\/pages\/10595?add-to-cart=10954\" aria-describedby=\"woocommerce_loop_add_to_cart_link_describedby_10954\" data-quantity=\"1\" class=\"button product_type_simple add_to_cart_button ajax_add_to_cart\" data-product_id=\"10954\" data-product_sku=\"PB283\" aria-label=\"A\u00f1adir al carrito: &ldquo;TIJERAS DE CORTE STX 5.5&quot; (BLACK&amp;GOLD)&rdquo;\" rel=\"nofollow\" data-success_message=\"\u00abTIJERAS DE CORTE STX 5.5&quot; (BLACK&amp;GOLD)\u00bb se ha a\u00f1adido a tu carrito\" role=\"button\">A\u00f1adir al carrito<\/a><\/div>\t<span id=\"woocommerce_loop_add_to_cart_link_describedby_10954\" class=\"screen-reader-text\">\n\t\t\t<\/span>\n<span class=\"gtm4wp_productdata\" style=\"display:none; visibility:hidden;\" data-gtm4wp_product_data=\"{&quot;internal_id&quot;:10954,&quot;item_id&quot;:10954,&quot;item_name&quot;:&quot;TIJERAS DE CORTE STX 5.5\\&quot; (BLACK&amp;GOLD)&quot;,&quot;sku&quot;:&quot;PB283&quot;,&quot;price&quot;:79,&quot;stocklevel&quot;:null,&quot;stockstatus&quot;:&quot;instock&quot;,&quot;google_business_vertical&quot;:&quot;retail&quot;,&quot;item_category&quot;:&quot;Todas las categor\\u00edas&quot;,&quot;id&quot;:10954,&quot;productlink&quot;:&quot;https:\\\/\\\/www.sopro.pt\\\/es\\\/produto\\\/tesoura-de-corte-5-blackgold\\\/&quot;,&quot;item_list_name&quot;:&quot;Lista general de productos&quot;,&quot;index&quot;:9,&quot;product_type&quot;:&quot;simple&quot;,&quot;item_brand&quot;:&quot;&quot;}\"><\/span><\/li>\n<li class=\"product type-product post-10949 status-publish instock product_cat-barbero product_cat-peluqueria product_cat-tijeras-es product_cat-tijeras product_cat-todas-las-categorias has-post-thumbnail shipping-taxable purchasable product-type-simple\">\n\t<a href=\"https:\/\/www.sopro.pt\/es\/produto\/tesoura-de-corte-5-5-chrom\/\" class=\"woocommerce-LoopProduct-link woocommerce-loop-product__link\"><img loading=\"lazy\" decoding=\"async\" width=\"300\" height=\"300\" src=\"https:\/\/www.sopro.pt\/wp-content\/uploads\/2022\/01\/SOPRO-TESOURA-DE-CORTE-VTX-55-CHROM-300x300.png\" class=\"attachment-woocommerce_thumbnail size-woocommerce_thumbnail\" alt=\"Tesoura de corte - Sopro Professionals\" srcset=\"https:\/\/www.sopro.pt\/wp-content\/uploads\/2022\/01\/SOPRO-TESOURA-DE-CORTE-VTX-55-CHROM-300x300.png 300w, https:\/\/www.sopro.pt\/wp-content\/uploads\/2022\/01\/SOPRO-TESOURA-DE-CORTE-VTX-55-CHROM-100x100.png 100w, https:\/\/www.sopro.pt\/wp-content\/uploads\/2022\/01\/SOPRO-TESOURA-DE-CORTE-VTX-55-CHROM-600x600.png 600w, https:\/\/www.sopro.pt\/wp-content\/uploads\/2022\/01\/SOPRO-TESOURA-DE-CORTE-VTX-55-CHROM.png 1080w\" sizes=\"(max-width: 300px) 100vw, 300px\" \/><h2 class=\"woocommerce-loop-product__title\">TIJERAS DE CORTE VTX 5.5&#8243; (CHROM)<\/h2>\n\t<span class=\"price\"><span class=\"woocommerce-Price-amount amount\"><bdi>79.00&nbsp;<span class=\"woocommerce-Price-currencySymbol\">&euro;<\/span><\/bdi><\/span><\/span>\n<\/a><div class=\"woocommerce-loop-product__buttons\"><a href=\"\/es\/wp-json\/wp\/v2\/pages\/10595?add-to-cart=10949\" aria-describedby=\"woocommerce_loop_add_to_cart_link_describedby_10949\" data-quantity=\"1\" class=\"button product_type_simple add_to_cart_button ajax_add_to_cart\" data-product_id=\"10949\" data-product_sku=\"PB284\" aria-label=\"A\u00f1adir al carrito: &ldquo;TIJERAS DE CORTE VTX 5.5&quot; (CHROM)&rdquo;\" rel=\"nofollow\" data-success_message=\"\u00abTIJERAS DE CORTE VTX 5.5&quot; (CHROM)\u00bb se ha a\u00f1adido a tu carrito\" role=\"button\">A\u00f1adir al carrito<\/a><\/div>\t<span id=\"woocommerce_loop_add_to_cart_link_describedby_10949\" class=\"screen-reader-text\">\n\t\t\t<\/span>\n<span class=\"gtm4wp_productdata\" style=\"display:none; visibility:hidden;\" data-gtm4wp_product_data=\"{&quot;internal_id&quot;:10949,&quot;item_id&quot;:10949,&quot;item_name&quot;:&quot;TIJERAS DE CORTE VTX 5.5\\&quot; (CHROM)&quot;,&quot;sku&quot;:&quot;PB284&quot;,&quot;price&quot;:79,&quot;stocklevel&quot;:null,&quot;stockstatus&quot;:&quot;instock&quot;,&quot;google_business_vertical&quot;:&quot;retail&quot;,&quot;item_category&quot;:&quot;Todas las categor\\u00edas&quot;,&quot;id&quot;:10949,&quot;productlink&quot;:&quot;https:\\\/\\\/www.sopro.pt\\\/es\\\/produto\\\/tesoura-de-corte-5-5-chrom\\\/&quot;,&quot;item_list_name&quot;:&quot;Lista general de productos&quot;,&quot;index&quot;:10,&quot;product_type&quot;:&quot;simple&quot;,&quot;item_brand&quot;:&quot;&quot;}\"><\/span><\/li>\n<li class=\"wpzoom-wc-spi-has-enabled product type-product post-10935 status-publish instock product_cat-barbero product_cat-peluqueria product_cat-tijeras product_cat-tijeras-es product_cat-todas-las-categorias has-post-thumbnail shipping-taxable purchasable product-type-simple\">\n\t<a href=\"https:\/\/www.sopro.pt\/es\/produto\/tesoura-de-desbaste-blackgold-5-5\/\" class=\"woocommerce-LoopProduct-link woocommerce-loop-product__link\"><img loading=\"lazy\" decoding=\"async\" width=\"300\" height=\"300\" src=\"https:\/\/www.sopro.pt\/wp-content\/uploads\/2022\/05\/SOPRO-TESOURA-DE-DESBASTE-STX-55-BLACKGOLD-300x300.png\" class=\"attachment-woocommerce_thumbnail size-woocommerce_thumbnail\" alt=\"Tesoura de corte - Sopro Professionals\" srcset=\"https:\/\/www.sopro.pt\/wp-content\/uploads\/2022\/05\/SOPRO-TESOURA-DE-DESBASTE-STX-55-BLACKGOLD-300x300.png 300w, https:\/\/www.sopro.pt\/wp-content\/uploads\/2022\/05\/SOPRO-TESOURA-DE-DESBASTE-STX-55-BLACKGOLD-100x100.png 100w, https:\/\/www.sopro.pt\/wp-content\/uploads\/2022\/05\/SOPRO-TESOURA-DE-DESBASTE-STX-55-BLACKGOLD-600x600.png 600w, https:\/\/www.sopro.pt\/wp-content\/uploads\/2022\/05\/SOPRO-TESOURA-DE-DESBASTE-STX-55-BLACKGOLD.png 1080w\" sizes=\"(max-width: 300px) 100vw, 300px\" \/><div class=\"wpzoom-secondary-image-container\"><img loading=\"lazy\" decoding=\"async\" width=\"300\" height=\"185\" src=\"https:\/\/www.sopro.pt\/wp-content\/uploads\/2022\/05\/tesoura2-300x185.jpg\" class=\"attachment-woocommerce_thumbnail wpzoom-wc-spi-secondary-img wpzoom-wc-spi-transition\" alt=\"Tesoura de corte - Sopro Professionals\" srcset=\"https:\/\/www.sopro.pt\/wp-content\/uploads\/2022\/05\/tesoura2-300x185.jpg 300w, https:\/\/www.sopro.pt\/wp-content\/uploads\/2022\/05\/tesoura2-600x371.jpg 600w, https:\/\/www.sopro.pt\/wp-content\/uploads\/2022\/05\/tesoura2.jpg 1365w\" sizes=\"(max-width: 300px) 100vw, 300px\" \/><\/div><h2 class=\"woocommerce-loop-product__title\">TIJERAS DE DESBASTE STX 5.5&#8243; (BLACK&amp;GOLD)<\/h2>\n\t<span class=\"price\"><span class=\"woocommerce-Price-amount amount\"><bdi>79.00&nbsp;<span class=\"woocommerce-Price-currencySymbol\">&euro;<\/span><\/bdi><\/span><\/span>\n<\/a><div class=\"woocommerce-loop-product__buttons\"><a href=\"\/es\/wp-json\/wp\/v2\/pages\/10595?add-to-cart=10935\" aria-describedby=\"woocommerce_loop_add_to_cart_link_describedby_10935\" data-quantity=\"1\" class=\"button product_type_simple add_to_cart_button ajax_add_to_cart\" data-product_id=\"10935\" data-product_sku=\"PB287\" aria-label=\"A\u00f1adir al carrito: &ldquo;TIJERAS DE DESBASTE STX 5.5&quot; (BLACK&amp;GOLD)&rdquo;\" rel=\"nofollow\" data-success_message=\"\u00abTIJERAS DE DESBASTE STX 5.5&quot; (BLACK&amp;GOLD)\u00bb se ha a\u00f1adido a tu carrito\" role=\"button\">A\u00f1adir al carrito<\/a><\/div>\t<span id=\"woocommerce_loop_add_to_cart_link_describedby_10935\" class=\"screen-reader-text\">\n\t\t\t<\/span>\n<span class=\"gtm4wp_productdata\" style=\"display:none; visibility:hidden;\" data-gtm4wp_product_data=\"{&quot;internal_id&quot;:10935,&quot;item_id&quot;:10935,&quot;item_name&quot;:&quot;TIJERAS DE DESBASTE STX 5.5\\&quot; (BLACK&amp;GOLD)&quot;,&quot;sku&quot;:&quot;PB287&quot;,&quot;price&quot;:79,&quot;stocklevel&quot;:null,&quot;stockstatus&quot;:&quot;instock&quot;,&quot;google_business_vertical&quot;:&quot;retail&quot;,&quot;item_category&quot;:&quot;Barbero&quot;,&quot;id&quot;:10935,&quot;productlink&quot;:&quot;https:\\\/\\\/www.sopro.pt\\\/es\\\/produto\\\/tesoura-de-desbaste-blackgold-5-5\\\/&quot;,&quot;item_list_name&quot;:&quot;Lista general de productos&quot;,&quot;index&quot;:11,&quot;product_type&quot;:&quot;simple&quot;,&quot;item_brand&quot;:&quot;&quot;}\"><\/span><\/li>\n<li class=\"wpzoom-wc-spi-has-enabled product type-product post-10930 status-publish last instock product_cat-barbero product_cat-peluqueria product_cat-tijeras-es product_cat-tijeras product_cat-todas-las-categorias has-post-thumbnail shipping-taxable purchasable product-type-simple\">\n\t<a href=\"https:\/\/www.sopro.pt\/es\/produto\/tesoura-de-corte-black-5-5\/\" class=\"woocommerce-LoopProduct-link woocommerce-loop-product__link\"><img loading=\"lazy\" decoding=\"async\" width=\"300\" height=\"300\" src=\"https:\/\/www.sopro.pt\/wp-content\/uploads\/2022\/05\/SOPRO-TESOURA-DE-CORTE-TWX-55-BLACK-300x300.png\" class=\"attachment-woocommerce_thumbnail size-woocommerce_thumbnail\" alt=\"Tesoura de corte - Sopro Professionals\" srcset=\"https:\/\/www.sopro.pt\/wp-content\/uploads\/2022\/05\/SOPRO-TESOURA-DE-CORTE-TWX-55-BLACK-300x300.png 300w, https:\/\/www.sopro.pt\/wp-content\/uploads\/2022\/05\/SOPRO-TESOURA-DE-CORTE-TWX-55-BLACK-100x100.png 100w, https:\/\/www.sopro.pt\/wp-content\/uploads\/2022\/05\/SOPRO-TESOURA-DE-CORTE-TWX-55-BLACK-600x600.png 600w, https:\/\/www.sopro.pt\/wp-content\/uploads\/2022\/05\/SOPRO-TESOURA-DE-CORTE-TWX-55-BLACK.png 1080w\" sizes=\"(max-width: 300px) 100vw, 300px\" \/><div class=\"wpzoom-secondary-image-container\"><img loading=\"lazy\" decoding=\"async\" width=\"300\" height=\"199\" src=\"https:\/\/www.sopro.pt\/wp-content\/uploads\/2022\/05\/RESOURABLACK2-300x199.jpg\" class=\"attachment-woocommerce_thumbnail wpzoom-wc-spi-secondary-img wpzoom-wc-spi-transition\" alt=\"Tesoura de corte - Sopro Professionals\" srcset=\"https:\/\/www.sopro.pt\/wp-content\/uploads\/2022\/05\/RESOURABLACK2-300x199.jpg 300w, https:\/\/www.sopro.pt\/wp-content\/uploads\/2022\/05\/RESOURABLACK2-600x398.jpg 600w, https:\/\/www.sopro.pt\/wp-content\/uploads\/2022\/05\/RESOURABLACK2.jpg 1386w\" sizes=\"(max-width: 300px) 100vw, 300px\" \/><\/div><h2 class=\"woocommerce-loop-product__title\">TIJERAS DE CORTE TWX 5.5&#8243; (NEGRO)<\/h2>\n\t<span class=\"price\"><span class=\"woocommerce-Price-amount amount\"><bdi>79.00&nbsp;<span class=\"woocommerce-Price-currencySymbol\">&euro;<\/span><\/bdi><\/span><\/span>\n<\/a><div class=\"woocommerce-loop-product__buttons\"><a href=\"\/es\/wp-json\/wp\/v2\/pages\/10595?add-to-cart=10930\" aria-describedby=\"woocommerce_loop_add_to_cart_link_describedby_10930\" data-quantity=\"1\" class=\"button product_type_simple add_to_cart_button ajax_add_to_cart\" data-product_id=\"10930\" data-product_sku=\"PB286\" aria-label=\"A\u00f1adir al carrito: &ldquo;TIJERAS DE CORTE TWX 5.5&quot; (NEGRO)&rdquo;\" rel=\"nofollow\" data-success_message=\"\u00abTIJERAS DE CORTE TWX 5.5&quot; (NEGRO)\u00bb se ha a\u00f1adido a tu carrito\" role=\"button\">A\u00f1adir al carrito<\/a><\/div>\t<span id=\"woocommerce_loop_add_to_cart_link_describedby_10930\" class=\"screen-reader-text\">\n\t\t\t<\/span>\n<span class=\"gtm4wp_productdata\" style=\"display:none; visibility:hidden;\" data-gtm4wp_product_data=\"{&quot;internal_id&quot;:10930,&quot;item_id&quot;:10930,&quot;item_name&quot;:&quot;TIJERAS DE CORTE TWX 5.5\\&quot; (NEGRO)&quot;,&quot;sku&quot;:&quot;PB286&quot;,&quot;price&quot;:79,&quot;stocklevel&quot;:null,&quot;stockstatus&quot;:&quot;instock&quot;,&quot;google_business_vertical&quot;:&quot;retail&quot;,&quot;item_category&quot;:&quot;Todas las categor\\u00edas&quot;,&quot;id&quot;:10930,&quot;productlink&quot;:&quot;https:\\\/\\\/www.sopro.pt\\\/es\\\/produto\\\/tesoura-de-corte-black-5-5\\\/&quot;,&quot;item_list_name&quot;:&quot;Lista general de productos&quot;,&quot;index&quot;:12,&quot;product_type&quot;:&quot;simple&quot;,&quot;item_brand&quot;:&quot;&quot;}\"><\/span><\/li>\n<li class=\"wpzoom-wc-spi-has-enabled product type-product post-10925 status-publish first instock product_cat-barbero product_cat-peluqueria product_cat-tijeras product_cat-tijeras-es product_cat-todas-las-categorias has-post-thumbnail shipping-taxable purchasable product-type-simple\">\n\t<a href=\"https:\/\/www.sopro.pt\/es\/produto\/tesoura-de-corte-gold-5-5\/\" class=\"woocommerce-LoopProduct-link woocommerce-loop-product__link\"><img loading=\"lazy\" decoding=\"async\" width=\"300\" height=\"300\" src=\"https:\/\/www.sopro.pt\/wp-content\/uploads\/2022\/05\/SOPRO-TESOURA-DE-CORTE-KWX-55-GOLD-300x300.png\" class=\"attachment-woocommerce_thumbnail size-woocommerce_thumbnail\" alt=\"Tesoura de corte - Sopro Professionals\" srcset=\"https:\/\/www.sopro.pt\/wp-content\/uploads\/2022\/05\/SOPRO-TESOURA-DE-CORTE-KWX-55-GOLD-300x300.png 300w, https:\/\/www.sopro.pt\/wp-content\/uploads\/2022\/05\/SOPRO-TESOURA-DE-CORTE-KWX-55-GOLD-100x100.png 100w, https:\/\/www.sopro.pt\/wp-content\/uploads\/2022\/05\/SOPRO-TESOURA-DE-CORTE-KWX-55-GOLD-600x600.png 600w, https:\/\/www.sopro.pt\/wp-content\/uploads\/2022\/05\/SOPRO-TESOURA-DE-CORTE-KWX-55-GOLD.png 1080w\" sizes=\"(max-width: 300px) 100vw, 300px\" \/><div class=\"wpzoom-secondary-image-container\"><img loading=\"lazy\" decoding=\"async\" width=\"300\" height=\"197\" src=\"https:\/\/www.sopro.pt\/wp-content\/uploads\/2022\/05\/DETAILTESOURAGOLD-300x197.jpg\" class=\"attachment-woocommerce_thumbnail wpzoom-wc-spi-secondary-img wpzoom-wc-spi-transition\" alt=\"Tesoura de corte - Sopro Professionals\" srcset=\"https:\/\/www.sopro.pt\/wp-content\/uploads\/2022\/05\/DETAILTESOURAGOLD-300x197.jpg 300w, https:\/\/www.sopro.pt\/wp-content\/uploads\/2022\/05\/DETAILTESOURAGOLD-600x395.jpg 600w, https:\/\/www.sopro.pt\/wp-content\/uploads\/2022\/05\/DETAILTESOURAGOLD.jpg 1380w\" sizes=\"(max-width: 300px) 100vw, 300px\" \/><\/div><h2 class=\"woocommerce-loop-product__title\">TIJERAS DE CORTE KWX 5.5&#8243; (DORADO)<\/h2>\n\t<span class=\"price\"><span class=\"woocommerce-Price-amount amount\"><bdi>79.00&nbsp;<span class=\"woocommerce-Price-currencySymbol\">&euro;<\/span><\/bdi><\/span><\/span>\n<\/a><div class=\"woocommerce-loop-product__buttons\"><a href=\"\/es\/wp-json\/wp\/v2\/pages\/10595?add-to-cart=10925\" aria-describedby=\"woocommerce_loop_add_to_cart_link_describedby_10925\" data-quantity=\"1\" class=\"button product_type_simple add_to_cart_button ajax_add_to_cart\" data-product_id=\"10925\" data-product_sku=\"PB285\" aria-label=\"A\u00f1adir al carrito: &ldquo;TIJERAS DE CORTE KWX 5.5&quot; (DORADO)&rdquo;\" rel=\"nofollow\" data-success_message=\"\u00abTIJERAS DE CORTE KWX 5.5&quot; (DORADO)\u00bb se ha a\u00f1adido a tu carrito\" role=\"button\">A\u00f1adir al carrito<\/a><\/div>\t<span id=\"woocommerce_loop_add_to_cart_link_describedby_10925\" class=\"screen-reader-text\">\n\t\t\t<\/span>\n<span class=\"gtm4wp_productdata\" style=\"display:none; visibility:hidden;\" data-gtm4wp_product_data=\"{&quot;internal_id&quot;:10925,&quot;item_id&quot;:10925,&quot;item_name&quot;:&quot;TIJERAS DE CORTE KWX 5.5\\&quot; (DORADO)&quot;,&quot;sku&quot;:&quot;PB285&quot;,&quot;price&quot;:79,&quot;stocklevel&quot;:null,&quot;stockstatus&quot;:&quot;instock&quot;,&quot;google_business_vertical&quot;:&quot;retail&quot;,&quot;item_category&quot;:&quot;Todas las categor\\u00edas&quot;,&quot;id&quot;:10925,&quot;productlink&quot;:&quot;https:\\\/\\\/www.sopro.pt\\\/es\\\/produto\\\/tesoura-de-corte-gold-5-5\\\/&quot;,&quot;item_list_name&quot;:&quot;Lista general de productos&quot;,&quot;index&quot;:13,&quot;product_type&quot;:&quot;simple&quot;,&quot;item_brand&quot;:&quot;&quot;}\"><\/span><\/li>\n<\/ul>\n<\/div>\t\t\t\t<\/div>\n\t\t\t\t<\/div>\n\t\t\t\t\t<\/div>\n\t\t<\/div>\n\t\t\t\t\t<\/div>\n\t\t<\/section>\n\t\t\t\t<section class=\"elementor-section elementor-top-section elementor-element elementor-element-8456979 elementor-section-boxed elementor-section-height-default elementor-section-height-default\" data-id=\"8456979\" data-element_type=\"section\" data-e-type=\"section\">\n\t\t\t\t\t\t<div class=\"elementor-container elementor-column-gap-default\">\n\t\t\t\t\t<div class=\"elementor-column elementor-col-100 elementor-top-column elementor-element elementor-element-f7629a1\" data-id=\"f7629a1\" data-element_type=\"column\" data-e-type=\"column\">\n\t\t\t<div class=\"elementor-widget-wrap elementor-element-populated\">\n\t\t\t\t\t\t<div class=\"elementor-element elementor-element-29ddecc elementor-widget elementor-widget-heading\" data-id=\"29ddecc\" data-element_type=\"widget\" data-e-type=\"widget\" data-widget_type=\"heading.default\">\n\t\t\t\t<div class=\"elementor-widget-container\">\n\t\t\t\t\t<h1 class=\"elementor-heading-title elementor-size-default\">VAPORIZADORES<\/h1>\t\t\t\t<\/div>\n\t\t\t\t<\/div>\n\t\t\t\t\t<\/div>\n\t\t<\/div>\n\t\t\t\t\t<\/div>\n\t\t<\/section>\n\t\t\t\t<section class=\"elementor-section elementor-top-section elementor-element elementor-element-25630bc elementor-section-boxed elementor-section-height-default elementor-section-height-default\" data-id=\"25630bc\" data-element_type=\"section\" data-e-type=\"section\">\n\t\t\t\t\t\t<div class=\"elementor-container elementor-column-gap-default\">\n\t\t\t\t\t<div class=\"elementor-column elementor-col-66 elementor-top-column elementor-element elementor-element-a36b524\" data-id=\"a36b524\" data-element_type=\"column\" data-e-type=\"column\">\n\t\t\t<div class=\"elementor-widget-wrap elementor-element-populated\">\n\t\t\t\t\t\t<div class=\"elementor-element elementor-element-92070fa elementor-widget elementor-widget-heading\" data-id=\"92070fa\" data-element_type=\"widget\" data-e-type=\"widget\" data-widget_type=\"heading.default\">\n\t\t\t\t<div class=\"elementor-widget-container\">\n\t\t\t\t\t<h4 class=\"elementor-heading-title elementor-size-default\">Atenci\u00f3n profesional al alcance de todos<\/h4>\t\t\t\t<\/div>\n\t\t\t\t<\/div>\n\t\t\t\t<div class=\"elementor-element elementor-element-4cd7e00 elementor-widget elementor-widget-text-editor\" data-id=\"4cd7e00\" data-element_type=\"widget\" data-e-type=\"widget\" data-widget_type=\"text-editor.default\">\n\t\t\t\t<div class=\"elementor-widget-container\">\n\t\t\t\t\t\t\t\t\t<p>El vapor suaviza las cut\u00edculas capilares, abre los poros de la piel y facilita la absorci\u00f3n de nutrientes, asegurando tratamientos m\u00e1s eficientes.<\/p>\t\t\t\t\t\t\t\t<\/div>\n\t\t\t\t<\/div>\n\t\t\t\t\t<\/div>\n\t\t<\/div>\n\t\t\t\t<div class=\"elementor-column elementor-col-33 elementor-top-column elementor-element elementor-element-abfd64c\" data-id=\"abfd64c\" data-element_type=\"column\" data-e-type=\"column\">\n\t\t\t<div class=\"elementor-widget-wrap\">\n\t\t\t\t\t\t\t<\/div>\n\t\t<\/div>\n\t\t\t\t\t<\/div>\n\t\t<\/section>\n\t\t\t\t<section class=\"elementor-section elementor-top-section elementor-element elementor-element-fc2e41c elementor-section-boxed elementor-section-height-default elementor-section-height-default elementor-invisible\" data-id=\"fc2e41c\" data-element_type=\"section\" data-e-type=\"section\" data-settings=\"{&quot;animation&quot;:&quot;zoomIn&quot;}\">\n\t\t\t\t\t\t<div class=\"elementor-container elementor-column-gap-default\">\n\t\t\t\t\t<div class=\"elementor-column elementor-col-100 elementor-top-column elementor-element elementor-element-99edc7d\" data-id=\"99edc7d\" data-element_type=\"column\" data-e-type=\"column\">\n\t\t\t<div class=\"elementor-widget-wrap elementor-element-populated\">\n\t\t\t\t\t\t<div class=\"elementor-element elementor-element-3a3c518 elementor-product-loop-item--align-left elementor-grid-mobile-1 elementor-grid-4 elementor-grid-tablet-3 elementor-products-grid elementor-wc-products elementor-widget elementor-widget-woocommerce-products\" data-id=\"3a3c518\" data-element_type=\"widget\" data-e-type=\"widget\" data-widget_type=\"woocommerce-products.default\">\n\t\t\t\t<div class=\"elementor-widget-container\">\n\t\t\t\t\t<div class=\"woocommerce columns-4 \"><ul class=\"products elementor-grid columns-4\">\n<li class=\"wpzoom-wc-spi-has-enabled product type-product post-10876 status-publish first outofstock product_cat-peluqueria product_cat-termoestimuladores-es product_cat-todas-las-categorias has-post-thumbnail shipping-taxable purchasable product-type-simple\">\n\t<a href=\"https:\/\/www.sopro.pt\/es\/produto\/vaporizador-de-pie\/\" class=\"woocommerce-LoopProduct-link woocommerce-loop-product__link\"><img loading=\"lazy\" decoding=\"async\" width=\"300\" height=\"300\" src=\"https:\/\/www.sopro.pt\/wp-content\/uploads\/2022\/11\/Vaporizador-pe-300x300.png\" class=\"attachment-woocommerce_thumbnail size-woocommerce_thumbnail\" alt=\"Sopro Professionals Vaporizador de P\u00e9\" srcset=\"https:\/\/www.sopro.pt\/wp-content\/uploads\/2022\/11\/Vaporizador-pe-300x300.png 300w, https:\/\/www.sopro.pt\/wp-content\/uploads\/2022\/11\/Vaporizador-pe-100x100.png 100w, https:\/\/www.sopro.pt\/wp-content\/uploads\/2022\/11\/Vaporizador-pe-600x600.png 600w, https:\/\/www.sopro.pt\/wp-content\/uploads\/2022\/11\/Vaporizador-pe.png 1080w\" sizes=\"(max-width: 300px) 100vw, 300px\" \/><div class=\"wpzoom-secondary-image-container\"><img loading=\"lazy\" decoding=\"async\" width=\"300\" height=\"300\" src=\"https:\/\/www.sopro.pt\/wp-content\/uploads\/2022\/11\/Sopro-Vaporizador-pe-caracteristicas-1-300x300.jpg\" class=\"attachment-woocommerce_thumbnail wpzoom-wc-spi-secondary-img wpzoom-wc-spi-transition\" alt=\"Sopro Professionals Vaporizador de P\u00e9\" srcset=\"https:\/\/www.sopro.pt\/wp-content\/uploads\/2022\/11\/Sopro-Vaporizador-pe-caracteristicas-1-300x300.jpg 300w, https:\/\/www.sopro.pt\/wp-content\/uploads\/2022\/11\/Sopro-Vaporizador-pe-caracteristicas-1-100x100.jpg 100w, https:\/\/www.sopro.pt\/wp-content\/uploads\/2022\/11\/Sopro-Vaporizador-pe-caracteristicas-1-600x600.jpg 600w, https:\/\/www.sopro.pt\/wp-content\/uploads\/2022\/11\/Sopro-Vaporizador-pe-caracteristicas-1.jpg 1080w\" sizes=\"(max-width: 300px) 100vw, 300px\" \/><\/div><h2 class=\"woocommerce-loop-product__title\">VAPORIZADOR DE PIE<\/h2>\n\t<span class=\"price\"><span class=\"woocommerce-Price-amount amount\"><bdi>150.00&nbsp;<span class=\"woocommerce-Price-currencySymbol\">&euro;<\/span><\/bdi><\/span><\/span>\n<\/a><div class=\"woocommerce-loop-product__buttons\"><a href=\"https:\/\/www.sopro.pt\/es\/produto\/vaporizador-de-pie\/\" aria-describedby=\"woocommerce_loop_add_to_cart_link_describedby_10876\" data-quantity=\"1\" class=\"button product_type_simple\" data-product_id=\"10876\" data-product_sku=\"PB1445\" aria-label=\"Lee m\u00e1s sobre &ldquo;VAPORIZADOR DE PIE&rdquo;\" rel=\"nofollow\" data-success_message=\"\">Leer m\u00e1s<\/a><\/div>\t<span id=\"woocommerce_loop_add_to_cart_link_describedby_10876\" class=\"screen-reader-text\">\n\t\t\t<\/span>\n<span class=\"gtm4wp_productdata\" style=\"display:none; visibility:hidden;\" data-gtm4wp_product_data=\"{&quot;internal_id&quot;:10876,&quot;item_id&quot;:10876,&quot;item_name&quot;:&quot;VAPORIZADOR DE PIE&quot;,&quot;sku&quot;:&quot;PB1445&quot;,&quot;price&quot;:150,&quot;stocklevel&quot;:null,&quot;stockstatus&quot;:&quot;outofstock&quot;,&quot;google_business_vertical&quot;:&quot;retail&quot;,&quot;item_category&quot;:&quot;Todas las categor\\u00edas&quot;,&quot;id&quot;:10876,&quot;productlink&quot;:&quot;https:\\\/\\\/www.sopro.pt\\\/es\\\/produto\\\/vaporizador-de-pie\\\/&quot;,&quot;item_list_name&quot;:&quot;Lista general de productos&quot;,&quot;index&quot;:1,&quot;product_type&quot;:&quot;simple&quot;,&quot;item_brand&quot;:&quot;&quot;}\"><\/span><\/li>\n<li class=\"product type-product post-10987 status-publish instock product_cat-peluqueria product_cat-todas-las-categorias product_cat-vaporizador-de-cabello-portatil has-post-thumbnail shipping-taxable purchasable product-type-simple\">\n\t<a href=\"https:\/\/www.sopro.pt\/es\/produto\/vaporizador-portatil\/\" class=\"woocommerce-LoopProduct-link woocommerce-loop-product__link\"><img loading=\"lazy\" decoding=\"async\" width=\"300\" height=\"300\" src=\"https:\/\/www.sopro.pt\/wp-content\/uploads\/2024\/01\/SOPRO-Vaporizador-Portatil-preto-300x300.png\" class=\"attachment-woocommerce_thumbnail size-woocommerce_thumbnail\" alt=\"SOPRO - Vaporizador Portatil\" srcset=\"https:\/\/www.sopro.pt\/wp-content\/uploads\/2024\/01\/SOPRO-Vaporizador-Portatil-preto-300x300.png 300w, https:\/\/www.sopro.pt\/wp-content\/uploads\/2024\/01\/SOPRO-Vaporizador-Portatil-preto-100x100.png 100w, https:\/\/www.sopro.pt\/wp-content\/uploads\/2024\/01\/SOPRO-Vaporizador-Portatil-preto-600x600.png 600w, https:\/\/www.sopro.pt\/wp-content\/uploads\/2024\/01\/SOPRO-Vaporizador-Portatil-preto.png 1080w\" sizes=\"(max-width: 300px) 100vw, 300px\" \/><h2 class=\"woocommerce-loop-product__title\">VAPORIZADOR PORT\u00c1TIL<\/h2>\n\t<span class=\"price\"><span class=\"woocommerce-Price-amount amount\"><bdi>79.00&nbsp;<span class=\"woocommerce-Price-currencySymbol\">&euro;<\/span><\/bdi><\/span><\/span>\n<\/a><div class=\"woocommerce-loop-product__buttons\"><a href=\"\/es\/wp-json\/wp\/v2\/pages\/10595?add-to-cart=10987\" aria-describedby=\"woocommerce_loop_add_to_cart_link_describedby_10987\" data-quantity=\"1\" class=\"button product_type_simple add_to_cart_button ajax_add_to_cart\" data-product_id=\"10987\" data-product_sku=\"PB453B 1.0\" aria-label=\"A\u00f1adir al carrito: &ldquo;VAPORIZADOR PORT\u00c1TIL&rdquo;\" rel=\"nofollow\" data-success_message=\"\u00abVAPORIZADOR PORT\u00c1TIL\u00bb se ha a\u00f1adido a tu carrito\" role=\"button\">A\u00f1adir al carrito<\/a><\/div>\t<span id=\"woocommerce_loop_add_to_cart_link_describedby_10987\" class=\"screen-reader-text\">\n\t\t\t<\/span>\n<span class=\"gtm4wp_productdata\" style=\"display:none; visibility:hidden;\" data-gtm4wp_product_data=\"{&quot;internal_id&quot;:10987,&quot;item_id&quot;:10987,&quot;item_name&quot;:&quot;VAPORIZADOR PORT\\u00c1TIL&quot;,&quot;sku&quot;:&quot;PB453B 1.0&quot;,&quot;price&quot;:79,&quot;stocklevel&quot;:null,&quot;stockstatus&quot;:&quot;instock&quot;,&quot;google_business_vertical&quot;:&quot;retail&quot;,&quot;item_category&quot;:&quot;Vaporizador de cabello port\\u00e1til&quot;,&quot;id&quot;:10987,&quot;productlink&quot;:&quot;https:\\\/\\\/www.sopro.pt\\\/es\\\/produto\\\/vaporizador-portatil\\\/&quot;,&quot;item_list_name&quot;:&quot;Lista general de productos&quot;,&quot;index&quot;:2,&quot;product_type&quot;:&quot;simple&quot;,&quot;item_brand&quot;:&quot;&quot;}\"><\/span><\/li>\n<\/ul>\n<\/div>\t\t\t\t<\/div>\n\t\t\t\t<\/div>\n\t\t\t\t\t<\/div>\n\t\t<\/div>\n\t\t\t\t\t<\/div>\n\t\t<\/section>\n\t\t\t\t<section class=\"elementor-section elementor-top-section elementor-element elementor-element-c24dad1 elementor-section-boxed elementor-section-height-default elementor-section-height-default\" data-id=\"c24dad1\" data-element_type=\"section\" data-e-type=\"section\">\n\t\t\t\t\t\t<div class=\"elementor-container elementor-column-gap-default\">\n\t\t\t\t\t<div class=\"elementor-column elementor-col-100 elementor-top-column elementor-element elementor-element-38a0161\" data-id=\"38a0161\" data-element_type=\"column\" data-e-type=\"column\">\n\t\t\t<div class=\"elementor-widget-wrap elementor-element-populated\">\n\t\t\t\t\t\t<div class=\"elementor-element elementor-element-090d623 elementor-widget elementor-widget-heading\" data-id=\"090d623\" data-element_type=\"widget\" data-e-type=\"widget\" data-widget_type=\"heading.default\">\n\t\t\t\t<div class=\"elementor-widget-container\">\n\t\t\t\t\t<h1 class=\"elementor-heading-title elementor-size-default\">Accesorios<\/h1>\t\t\t\t<\/div>\n\t\t\t\t<\/div>\n\t\t\t\t\t<\/div>\n\t\t<\/div>\n\t\t\t\t\t<\/div>\n\t\t<\/section>\n\t\t\t\t<section class=\"elementor-section elementor-top-section elementor-element elementor-element-39e747c elementor-section-boxed elementor-section-height-default elementor-section-height-default\" data-id=\"39e747c\" data-element_type=\"section\" data-e-type=\"section\">\n\t\t\t\t\t\t<div class=\"elementor-container elementor-column-gap-default\">\n\t\t\t\t\t<div class=\"elementor-column elementor-col-66 elementor-top-column elementor-element elementor-element-a18ddb6\" data-id=\"a18ddb6\" data-element_type=\"column\" data-e-type=\"column\">\n\t\t\t<div class=\"elementor-widget-wrap elementor-element-populated\">\n\t\t\t\t\t\t<div class=\"elementor-element elementor-element-c407029 elementor-widget elementor-widget-heading\" data-id=\"c407029\" data-element_type=\"widget\" data-e-type=\"widget\" data-widget_type=\"heading.default\">\n\t\t\t\t<div class=\"elementor-widget-container\">\n\t\t\t\t\t<h4 class=\"elementor-heading-title elementor-size-default\">Atenci\u00f3n profesional al alcance de todos<\/h4>\t\t\t\t<\/div>\n\t\t\t\t<\/div>\n\t\t\t\t<div class=\"elementor-element elementor-element-e55f7b0 elementor-widget elementor-widget-text-editor\" data-id=\"e55f7b0\" data-element_type=\"widget\" data-e-type=\"widget\" data-widget_type=\"text-editor.default\">\n\t\t\t\t<div class=\"elementor-widget-container\">\n\t\t\t\t\t\t\t\t\t<p>Accesorios esenciales para complementar y optimizar tu trabajo.<\/p>\t\t\t\t\t\t\t\t<\/div>\n\t\t\t\t<\/div>\n\t\t\t\t\t<\/div>\n\t\t<\/div>\n\t\t\t\t<div class=\"elementor-column elementor-col-33 elementor-top-column elementor-element elementor-element-4d233e4\" data-id=\"4d233e4\" data-element_type=\"column\" data-e-type=\"column\">\n\t\t\t<div class=\"elementor-widget-wrap\">\n\t\t\t\t\t\t\t<\/div>\n\t\t<\/div>\n\t\t\t\t\t<\/div>\n\t\t<\/section>\n\t\t\t\t<section class=\"elementor-section elementor-top-section elementor-element elementor-element-e88bce6 elementor-section-boxed elementor-section-height-default elementor-section-height-default elementor-invisible\" data-id=\"e88bce6\" data-element_type=\"section\" data-e-type=\"section\" data-settings=\"{&quot;animation&quot;:&quot;zoomIn&quot;}\">\n\t\t\t\t\t\t<div class=\"elementor-container elementor-column-gap-default\">\n\t\t\t\t\t<div class=\"elementor-column elementor-col-100 elementor-top-column elementor-element elementor-element-0e5d9a6\" data-id=\"0e5d9a6\" data-element_type=\"column\" data-e-type=\"column\">\n\t\t\t<div class=\"elementor-widget-wrap elementor-element-populated\">\n\t\t\t\t\t\t<div class=\"elementor-element elementor-element-515232b elementor-product-loop-item--align-left elementor-grid-mobile-1 elementor-grid-4 elementor-grid-tablet-3 elementor-products-grid elementor-wc-products elementor-widget elementor-widget-woocommerce-products\" data-id=\"515232b\" data-element_type=\"widget\" data-e-type=\"widget\" data-widget_type=\"woocommerce-products.default\">\n\t\t\t\t<div class=\"elementor-widget-container\">\n\t\t\t\t\t<div class=\"woocommerce columns-4 \"><ul class=\"products elementor-grid columns-4\">\n<li class=\"wpzoom-wc-spi-has-enabled product type-product post-10945 status-publish first instock product_cat-termoestimuladores-es has-post-thumbnail shipping-taxable purchasable product-type-simple\">\n\t<a href=\"https:\/\/www.sopro.pt\/es\/produto\/kit-de-spa-para-el-cabello-para-nano-mist\/\" class=\"woocommerce-LoopProduct-link woocommerce-loop-product__link\"><img loading=\"lazy\" decoding=\"async\" width=\"300\" height=\"300\" src=\"https:\/\/www.sopro.pt\/wp-content\/uploads\/2022\/04\/183-300x300.jpg\" class=\"attachment-woocommerce_thumbnail size-woocommerce_thumbnail\" alt=\"KIT DE ACESS\u00d3RIOS PARA NANO MIST\" srcset=\"https:\/\/www.sopro.pt\/wp-content\/uploads\/2022\/04\/183-300x300.jpg 300w, https:\/\/www.sopro.pt\/wp-content\/uploads\/2022\/04\/183-600x600.jpg 600w, https:\/\/www.sopro.pt\/wp-content\/uploads\/2022\/04\/183-100x100.jpg 100w, https:\/\/www.sopro.pt\/wp-content\/uploads\/2022\/04\/183.jpg 1080w\" sizes=\"(max-width: 300px) 100vw, 300px\" \/><div class=\"wpzoom-secondary-image-container\"><img loading=\"lazy\" decoding=\"async\" width=\"300\" height=\"300\" src=\"https:\/\/www.sopro.pt\/wp-content\/uploads\/2022\/04\/176-300x300.jpg\" class=\"attachment-woocommerce_thumbnail wpzoom-wc-spi-secondary-img wpzoom-wc-spi-transition\" alt=\"Kit Spa Capilar para Nano Mist\u00ae\" srcset=\"https:\/\/www.sopro.pt\/wp-content\/uploads\/2022\/04\/176-300x300.jpg 300w, https:\/\/www.sopro.pt\/wp-content\/uploads\/2022\/04\/176-600x600.jpg 600w, https:\/\/www.sopro.pt\/wp-content\/uploads\/2022\/04\/176-100x100.jpg 100w, https:\/\/www.sopro.pt\/wp-content\/uploads\/2022\/04\/176.jpg 1080w\" sizes=\"(max-width: 300px) 100vw, 300px\" \/><\/div><h2 class=\"woocommerce-loop-product__title\">KIT DE SPA CAPILAR PARA NANO MIST\u00ae<\/h2>\n\t<span class=\"price\"><span class=\"woocommerce-Price-amount amount\"><bdi>199.00&nbsp;<span class=\"woocommerce-Price-currencySymbol\">&euro;<\/span><\/bdi><\/span><\/span>\n<\/a><div class=\"woocommerce-loop-product__buttons\"><a href=\"\/es\/wp-json\/wp\/v2\/pages\/10595?add-to-cart=10945\" aria-describedby=\"woocommerce_loop_add_to_cart_link_describedby_10945\" data-quantity=\"1\" class=\"button product_type_simple add_to_cart_button ajax_add_to_cart\" data-product_id=\"10945\" data-product_sku=\"PB1408KT\" aria-label=\"A\u00f1adir al carrito: &ldquo;KIT DE SPA CAPILAR PARA NANO MIST\u00ae&rdquo;\" rel=\"nofollow\" data-success_message=\"\u00abKIT DE SPA CAPILAR PARA NANO MIST\u00ae\u00bb se ha a\u00f1adido a tu carrito\" role=\"button\">A\u00f1adir al carrito<\/a><\/div>\t<span id=\"woocommerce_loop_add_to_cart_link_describedby_10945\" class=\"screen-reader-text\">\n\t\t\t<\/span>\n<span class=\"gtm4wp_productdata\" style=\"display:none; visibility:hidden;\" data-gtm4wp_product_data=\"{&quot;internal_id&quot;:10945,&quot;item_id&quot;:10945,&quot;item_name&quot;:&quot;KIT DE SPA CAPILAR PARA NANO MIST\\u00ae&quot;,&quot;sku&quot;:&quot;PB1408KT&quot;,&quot;price&quot;:199,&quot;stocklevel&quot;:null,&quot;stockstatus&quot;:&quot;instock&quot;,&quot;google_business_vertical&quot;:&quot;retail&quot;,&quot;item_category&quot;:&quot;Termoestimuladores&quot;,&quot;id&quot;:10945,&quot;productlink&quot;:&quot;https:\\\/\\\/www.sopro.pt\\\/es\\\/produto\\\/kit-de-spa-para-el-cabello-para-nano-mist\\\/&quot;,&quot;item_list_name&quot;:&quot;Lista general de productos&quot;,&quot;index&quot;:1,&quot;product_type&quot;:&quot;simple&quot;,&quot;item_brand&quot;:&quot;&quot;}\"><\/span><\/li>\n<li class=\"wpzoom-wc-spi-has-enabled product type-product post-10940 status-publish instock product_cat-accesorios-y-utensilios product_cat-todas-las-categorias has-post-thumbnail shipping-taxable purchasable product-type-simple\">\n\t<a href=\"https:\/\/www.sopro.pt\/es\/produto\/peine-masajeador-con-aplicador-de-liquido\/\" class=\"woocommerce-LoopProduct-link woocommerce-loop-product__link\"><img loading=\"lazy\" decoding=\"async\" width=\"300\" height=\"300\" src=\"https:\/\/www.sopro.pt\/wp-content\/uploads\/2022\/04\/SOPRO-PENTEMASSAJADOR-COM-APLICADOR-DE-LIQUIDO-300x300.png\" class=\"attachment-woocommerce_thumbnail size-woocommerce_thumbnail\" alt=\"PENTE MASSAJADOR COM APLICADOR DE LIQUIDO\" srcset=\"https:\/\/www.sopro.pt\/wp-content\/uploads\/2022\/04\/SOPRO-PENTEMASSAJADOR-COM-APLICADOR-DE-LIQUIDO-300x300.png 300w, https:\/\/www.sopro.pt\/wp-content\/uploads\/2022\/04\/SOPRO-PENTEMASSAJADOR-COM-APLICADOR-DE-LIQUIDO-100x100.png 100w, https:\/\/www.sopro.pt\/wp-content\/uploads\/2022\/04\/SOPRO-PENTEMASSAJADOR-COM-APLICADOR-DE-LIQUIDO-600x600.png 600w, https:\/\/www.sopro.pt\/wp-content\/uploads\/2022\/04\/SOPRO-PENTEMASSAJADOR-COM-APLICADOR-DE-LIQUIDO.png 1080w\" sizes=\"(max-width: 300px) 100vw, 300px\" \/><div class=\"wpzoom-secondary-image-container\"><img loading=\"lazy\" decoding=\"async\" width=\"300\" height=\"200\" src=\"https:\/\/www.sopro.pt\/wp-content\/uploads\/2022\/04\/20210420135752_IMG_0477-scaled-300x200.jpg\" class=\"attachment-woocommerce_thumbnail wpzoom-wc-spi-secondary-img wpzoom-wc-spi-transition\" alt=\"PENTE \/ MASSAJADOR COM APLICADOR DE L\u00cdQUIDO\" srcset=\"https:\/\/www.sopro.pt\/wp-content\/uploads\/2022\/04\/20210420135752_IMG_0477-scaled-300x200.jpg 300w, https:\/\/www.sopro.pt\/wp-content\/uploads\/2022\/04\/20210420135752_IMG_0477-scaled-600x400.jpg 600w, https:\/\/www.sopro.pt\/wp-content\/uploads\/2022\/04\/20210420135752_IMG_0477-1536x1024.jpg 1536w, https:\/\/www.sopro.pt\/wp-content\/uploads\/2022\/04\/20210420135752_IMG_0477-2048x1365.jpg 2048w\" sizes=\"(max-width: 300px) 100vw, 300px\" \/><\/div><h2 class=\"woocommerce-loop-product__title\">PEINE\/MASAJEADOR CON APLICADOR DE L\u00cdQUIDO<\/h2>\n\t<span class=\"price\"><span class=\"woocommerce-Price-amount amount\"><bdi>39.00&nbsp;<span class=\"woocommerce-Price-currencySymbol\">&euro;<\/span><\/bdi><\/span><\/span>\n<\/a><div class=\"woocommerce-loop-product__buttons\"><a href=\"\/es\/wp-json\/wp\/v2\/pages\/10595?add-to-cart=10940\" aria-describedby=\"woocommerce_loop_add_to_cart_link_describedby_10940\" data-quantity=\"1\" class=\"button product_type_simple add_to_cart_button ajax_add_to_cart\" data-product_id=\"10940\" data-product_sku=\"SPPLM\" aria-label=\"A\u00f1adir al carrito: &ldquo;PEINE\/MASAJEADOR CON APLICADOR DE L\u00cdQUIDO&rdquo;\" rel=\"nofollow\" data-success_message=\"\u00abPEINE\/MASAJEADOR CON APLICADOR DE L\u00cdQUIDO\u00bb se ha a\u00f1adido a tu carrito\" role=\"button\">A\u00f1adir al carrito<\/a><\/div>\t<span id=\"woocommerce_loop_add_to_cart_link_describedby_10940\" class=\"screen-reader-text\">\n\t\t\t<\/span>\n<span class=\"gtm4wp_productdata\" style=\"display:none; visibility:hidden;\" data-gtm4wp_product_data=\"{&quot;internal_id&quot;:10940,&quot;item_id&quot;:10940,&quot;item_name&quot;:&quot;PEINE\\\/MASAJEADOR CON APLICADOR DE L\\u00cdQUIDO&quot;,&quot;sku&quot;:&quot;SPPLM&quot;,&quot;price&quot;:39,&quot;stocklevel&quot;:null,&quot;stockstatus&quot;:&quot;instock&quot;,&quot;google_business_vertical&quot;:&quot;retail&quot;,&quot;item_category&quot;:&quot;Todas las categor\\u00edas&quot;,&quot;id&quot;:10940,&quot;productlink&quot;:&quot;https:\\\/\\\/www.sopro.pt\\\/es\\\/produto\\\/peine-masajeador-con-aplicador-de-liquido\\\/&quot;,&quot;item_list_name&quot;:&quot;Lista general de productos&quot;,&quot;index&quot;:2,&quot;product_type&quot;:&quot;simple&quot;,&quot;item_brand&quot;:&quot;&quot;}\"><\/span><\/li>\n<li class=\"wpzoom-wc-spi-has-enabled product type-product post-10976 status-publish instock product_cat-accesorios-y-utensilios product_cat-todas-las-categorias has-post-thumbnail shipping-taxable purchasable product-type-simple\">\n\t<a href=\"https:\/\/www.sopro.pt\/es\/produto\/guante-termico\/\" class=\"woocommerce-LoopProduct-link woocommerce-loop-product__link\"><img loading=\"lazy\" decoding=\"async\" width=\"300\" height=\"300\" src=\"https:\/\/www.sopro.pt\/wp-content\/uploads\/2021\/09\/SOPRO-Luva-termica-300x300.png\" class=\"attachment-woocommerce_thumbnail size-woocommerce_thumbnail\" alt=\"Luva t\u00e9rmica Sopro Professionals\" srcset=\"https:\/\/www.sopro.pt\/wp-content\/uploads\/2021\/09\/SOPRO-Luva-termica-300x300.png 300w, https:\/\/www.sopro.pt\/wp-content\/uploads\/2021\/09\/SOPRO-Luva-termica-100x100.png 100w, https:\/\/www.sopro.pt\/wp-content\/uploads\/2021\/09\/SOPRO-Luva-termica-600x600.png 600w, https:\/\/www.sopro.pt\/wp-content\/uploads\/2021\/09\/SOPRO-Luva-termica.png 1080w\" sizes=\"(max-width: 300px) 100vw, 300px\" \/><div class=\"wpzoom-secondary-image-container\"><img loading=\"lazy\" decoding=\"async\" width=\"300\" height=\"219\" src=\"https:\/\/www.sopro.pt\/wp-content\/uploads\/2021\/09\/LUVATERMICA-300x219.jpg\" class=\"attachment-woocommerce_thumbnail wpzoom-wc-spi-secondary-img wpzoom-wc-spi-transition\" alt=\"\" srcset=\"https:\/\/www.sopro.pt\/wp-content\/uploads\/2021\/09\/LUVATERMICA-300x219.jpg 300w, https:\/\/www.sopro.pt\/wp-content\/uploads\/2021\/09\/LUVATERMICA-600x438.jpg 600w, https:\/\/www.sopro.pt\/wp-content\/uploads\/2021\/09\/LUVATERMICA.jpg 935w\" sizes=\"(max-width: 300px) 100vw, 300px\" \/><\/div><h2 class=\"woocommerce-loop-product__title\">GUANTE T\u00c9RMICO<\/h2>\n\t<span class=\"price\"><span class=\"woocommerce-Price-amount amount\"><bdi>12.00&nbsp;<span class=\"woocommerce-Price-currencySymbol\">&euro;<\/span><\/bdi><\/span><\/span>\n<\/a><div class=\"woocommerce-loop-product__buttons\"><a href=\"\/es\/wp-json\/wp\/v2\/pages\/10595?add-to-cart=10976\" aria-describedby=\"woocommerce_loop_add_to_cart_link_describedby_10976\" data-quantity=\"1\" class=\"button product_type_simple add_to_cart_button ajax_add_to_cart\" data-product_id=\"10976\" data-product_sku=\"LUVATERM\" aria-label=\"A\u00f1adir al carrito: &ldquo;GUANTE T\u00c9RMICO&rdquo;\" rel=\"nofollow\" data-success_message=\"\u00abGUANTE T\u00c9RMICO\u00bb se ha a\u00f1adido a tu carrito\" role=\"button\">A\u00f1adir al carrito<\/a><\/div>\t<span id=\"woocommerce_loop_add_to_cart_link_describedby_10976\" class=\"screen-reader-text\">\n\t\t\t<\/span>\n<span class=\"gtm4wp_productdata\" style=\"display:none; visibility:hidden;\" data-gtm4wp_product_data=\"{&quot;internal_id&quot;:10976,&quot;item_id&quot;:10976,&quot;item_name&quot;:&quot;GUANTE T\\u00c9RMICO&quot;,&quot;sku&quot;:&quot;LUVATERM&quot;,&quot;price&quot;:12,&quot;stocklevel&quot;:null,&quot;stockstatus&quot;:&quot;instock&quot;,&quot;google_business_vertical&quot;:&quot;retail&quot;,&quot;item_category&quot;:&quot;Todas las categor\\u00edas&quot;,&quot;id&quot;:10976,&quot;productlink&quot;:&quot;https:\\\/\\\/www.sopro.pt\\\/es\\\/produto\\\/guante-termico\\\/&quot;,&quot;item_list_name&quot;:&quot;Lista general de productos&quot;,&quot;index&quot;:3,&quot;product_type&quot;:&quot;simple&quot;,&quot;item_brand&quot;:&quot;&quot;}\"><\/span><\/li>\n<\/ul>\n<\/div>\t\t\t\t<\/div>\n\t\t\t\t<\/div>\n\t\t\t\t\t<\/div>\n\t\t<\/div>\n\t\t\t\t\t<\/div>\n\t\t<\/section>\n\t\t\t\t<\/div>\n\t\t","protected":false},"excerpt":{"rendered":"<p>DESINFECCI\u00d3N Y ORGANIZACI\u00d3N Atenci\u00f3n profesional al alcance de todos Mant\u00e9n tu espacio de trabajo limpio y organizado con nuestros productos. CORTE Atenci\u00f3n profesional al alcance de todos Herramientas esenciales para un corte perfecto y preciso. VAPORIZADORES Atenci\u00f3n profesional al alcance de todos El vapor suaviza las cut\u00edculas capilares, abre los poros de la piel y [&hellip;]<\/p>\n","protected":false},"author":7,"featured_media":0,"parent":0,"menu_order":0,"comment_status":"closed","ping_status":"closed","template":"","meta":{"footnotes":""},"class_list":["post-10595","page","type-page","status-publish","hentry"],"yoast_head":"<!-- This site is optimized with the Yoast SEO plugin v27.3 - https:\/\/yoast.com\/product\/yoast-seo-wordpress\/ -->\n<title>Otros - Sopro - Equipamentos el\u00e9tricos para cabeleireiro<\/title>\n<meta name=\"description\" content=\"Professional - Equipamentos el\u00e9tricos para cabeleireiro. A Sopro \u00e9 uma marca Portuguesa de equipamentos el\u00e9tricos do setor profissional de cabeleireiro.\" \/>\n<meta name=\"robots\" content=\"index, follow, max-snippet:-1, max-image-preview:large, max-video-preview:-1\" \/>\n<link rel=\"canonical\" href=\"https:\/\/www.sopro.pt\/es\/otros\/\" \/>\n<meta property=\"og:locale\" content=\"es_ES\" \/>\n<meta property=\"og:type\" content=\"article\" \/>\n<meta property=\"og:title\" content=\"Otros - Sopro - Equipamentos el\u00e9tricos para cabeleireiro\" \/>\n<meta property=\"og:description\" content=\"Professional - Equipamentos el\u00e9tricos para cabeleireiro. A Sopro \u00e9 uma marca Portuguesa de equipamentos el\u00e9tricos do setor profissional de cabeleireiro.\" \/>\n<meta property=\"og:url\" content=\"https:\/\/www.sopro.pt\/es\/otros\/\" \/>\n<meta property=\"og:site_name\" content=\"Sopro - Equipamentos el\u00e9tricos para cabeleireiro\" \/>\n<meta property=\"article:publisher\" content=\"https:\/\/www.facebook.com\/soproprofessionals\/\" \/>\n<meta property=\"article:modified_time\" content=\"2026-01-28T14:22:41+00:00\" \/>\n<meta name=\"twitter:card\" content=\"summary_large_image\" \/>\n<script type=\"application\/ld+json\" class=\"yoast-schema-graph\">{\"@context\":\"https:\\\/\\\/schema.org\",\"@graph\":[{\"@type\":\"WebPage\",\"@id\":\"https:\\\/\\\/www.sopro.pt\\\/es\\\/otros\\\/\",\"url\":\"https:\\\/\\\/www.sopro.pt\\\/es\\\/otros\\\/\",\"name\":\"Otros - Sopro - Equipamentos el\u00e9tricos para cabeleireiro\",\"isPartOf\":{\"@id\":\"https:\\\/\\\/www.sopro.pt\\\/es\\\/#website\"},\"datePublished\":\"2024-01-06T16:47:04+00:00\",\"dateModified\":\"2026-01-28T14:22:41+00:00\",\"description\":\"Professional - Equipamentos el\u00e9tricos para cabeleireiro. A Sopro \u00e9 uma marca Portuguesa de equipamentos el\u00e9tricos do setor profissional de cabeleireiro.\",\"breadcrumb\":{\"@id\":\"https:\\\/\\\/www.sopro.pt\\\/es\\\/otros\\\/#breadcrumb\"},\"inLanguage\":\"es\",\"potentialAction\":[{\"@type\":\"ReadAction\",\"target\":[\"https:\\\/\\\/www.sopro.pt\\\/es\\\/otros\\\/\"]}]},{\"@type\":\"BreadcrumbList\",\"@id\":\"https:\\\/\\\/www.sopro.pt\\\/es\\\/otros\\\/#breadcrumb\",\"itemListElement\":[{\"@type\":\"ListItem\",\"position\":1,\"name\":\"In\u00edcio\",\"item\":\"https:\\\/\\\/www.sopro.pt\\\/es\\\/home-2\\\/\"},{\"@type\":\"ListItem\",\"position\":2,\"name\":\"Otros\"}]},{\"@type\":\"WebSite\",\"@id\":\"https:\\\/\\\/www.sopro.pt\\\/es\\\/#website\",\"url\":\"https:\\\/\\\/www.sopro.pt\\\/es\\\/\",\"name\":\"Sopro Professionals\",\"description\":\"Professional - Equipamentos el\u00e9tricos para cabeleireiro. A Sopro \u00e9 uma marca Portuguesa de equipamentos el\u00e9tricos do setor profissional de cabeleireiro.\",\"publisher\":{\"@id\":\"https:\\\/\\\/www.sopro.pt\\\/es\\\/#organization\"},\"alternateName\":\"Sopro\",\"potentialAction\":[{\"@type\":\"SearchAction\",\"target\":{\"@type\":\"EntryPoint\",\"urlTemplate\":\"https:\\\/\\\/www.sopro.pt\\\/es\\\/?s={search_term_string}\"},\"query-input\":{\"@type\":\"PropertyValueSpecification\",\"valueRequired\":true,\"valueName\":\"search_term_string\"}}],\"inLanguage\":\"es\"},{\"@type\":\"Organization\",\"@id\":\"https:\\\/\\\/www.sopro.pt\\\/es\\\/#organization\",\"name\":\"Sopro Professionals\",\"url\":\"https:\\\/\\\/www.sopro.pt\\\/es\\\/\",\"logo\":{\"@type\":\"ImageObject\",\"inLanguage\":\"es\",\"@id\":\"https:\\\/\\\/www.sopro.pt\\\/es\\\/#\\\/schema\\\/logo\\\/image\\\/\",\"url\":\"https:\\\/\\\/www.sopro.pt\\\/wp-content\\\/uploads\\\/2024\\\/01\\\/SOPRO-PROFESSIONALS-FAVICON-web.svg\",\"contentUrl\":\"https:\\\/\\\/www.sopro.pt\\\/wp-content\\\/uploads\\\/2024\\\/01\\\/SOPRO-PROFESSIONALS-FAVICON-web.svg\",\"width\":512,\"height\":512,\"caption\":\"Sopro Professionals\"},\"image\":{\"@id\":\"https:\\\/\\\/www.sopro.pt\\\/es\\\/#\\\/schema\\\/logo\\\/image\\\/\"},\"sameAs\":[\"https:\\\/\\\/www.facebook.com\\\/soproprofessionals\\\/\",\"https:\\\/\\\/www.instagram.com\\\/sopro_professionals\\\/\"]}]}<\/script>\n<!-- \/ Yoast SEO plugin. -->","yoast_head_json":{"title":"Otros - Sopro - Equipamentos el\u00e9tricos para cabeleireiro","description":"Professional - Equipamentos el\u00e9tricos para cabeleireiro. A Sopro \u00e9 uma marca Portuguesa de equipamentos el\u00e9tricos do setor profissional de cabeleireiro.","robots":{"index":"index","follow":"follow","max-snippet":"max-snippet:-1","max-image-preview":"max-image-preview:large","max-video-preview":"max-video-preview:-1"},"canonical":"https:\/\/www.sopro.pt\/es\/otros\/","og_locale":"es_ES","og_type":"article","og_title":"Otros - Sopro - Equipamentos el\u00e9tricos para cabeleireiro","og_description":"Professional - Equipamentos el\u00e9tricos para cabeleireiro. A Sopro \u00e9 uma marca Portuguesa de equipamentos el\u00e9tricos do setor profissional de cabeleireiro.","og_url":"https:\/\/www.sopro.pt\/es\/otros\/","og_site_name":"Sopro - Equipamentos el\u00e9tricos para cabeleireiro","article_publisher":"https:\/\/www.facebook.com\/soproprofessionals\/","article_modified_time":"2026-01-28T14:22:41+00:00","twitter_card":"summary_large_image","schema":{"@context":"https:\/\/schema.org","@graph":[{"@type":"WebPage","@id":"https:\/\/www.sopro.pt\/es\/otros\/","url":"https:\/\/www.sopro.pt\/es\/otros\/","name":"Otros - Sopro - Equipamentos el\u00e9tricos para cabeleireiro","isPartOf":{"@id":"https:\/\/www.sopro.pt\/es\/#website"},"datePublished":"2024-01-06T16:47:04+00:00","dateModified":"2026-01-28T14:22:41+00:00","description":"Professional - Equipamentos el\u00e9tricos para cabeleireiro. A Sopro \u00e9 uma marca Portuguesa de equipamentos el\u00e9tricos do setor profissional de cabeleireiro.","breadcrumb":{"@id":"https:\/\/www.sopro.pt\/es\/otros\/#breadcrumb"},"inLanguage":"es","potentialAction":[{"@type":"ReadAction","target":["https:\/\/www.sopro.pt\/es\/otros\/"]}]},{"@type":"BreadcrumbList","@id":"https:\/\/www.sopro.pt\/es\/otros\/#breadcrumb","itemListElement":[{"@type":"ListItem","position":1,"name":"In\u00edcio","item":"https:\/\/www.sopro.pt\/es\/home-2\/"},{"@type":"ListItem","position":2,"name":"Otros"}]},{"@type":"WebSite","@id":"https:\/\/www.sopro.pt\/es\/#website","url":"https:\/\/www.sopro.pt\/es\/","name":"Sopro Professionals","description":"Professional - Equipamentos el\u00e9tricos para cabeleireiro. A Sopro \u00e9 uma marca Portuguesa de equipamentos el\u00e9tricos do setor profissional de cabeleireiro.","publisher":{"@id":"https:\/\/www.sopro.pt\/es\/#organization"},"alternateName":"Sopro","potentialAction":[{"@type":"SearchAction","target":{"@type":"EntryPoint","urlTemplate":"https:\/\/www.sopro.pt\/es\/?s={search_term_string}"},"query-input":{"@type":"PropertyValueSpecification","valueRequired":true,"valueName":"search_term_string"}}],"inLanguage":"es"},{"@type":"Organization","@id":"https:\/\/www.sopro.pt\/es\/#organization","name":"Sopro Professionals","url":"https:\/\/www.sopro.pt\/es\/","logo":{"@type":"ImageObject","inLanguage":"es","@id":"https:\/\/www.sopro.pt\/es\/#\/schema\/logo\/image\/","url":"https:\/\/www.sopro.pt\/wp-content\/uploads\/2024\/01\/SOPRO-PROFESSIONALS-FAVICON-web.svg","contentUrl":"https:\/\/www.sopro.pt\/wp-content\/uploads\/2024\/01\/SOPRO-PROFESSIONALS-FAVICON-web.svg","width":512,"height":512,"caption":"Sopro Professionals"},"image":{"@id":"https:\/\/www.sopro.pt\/es\/#\/schema\/logo\/image\/"},"sameAs":["https:\/\/www.facebook.com\/soproprofessionals\/","https:\/\/www.instagram.com\/sopro_professionals\/"]}]}},"_links":{"self":[{"href":"https:\/\/www.sopro.pt\/es\/wp-json\/wp\/v2\/pages\/10595","targetHints":{"allow":["GET"]}}],"collection":[{"href":"https:\/\/www.sopro.pt\/es\/wp-json\/wp\/v2\/pages"}],"about":[{"href":"https:\/\/www.sopro.pt\/es\/wp-json\/wp\/v2\/types\/page"}],"author":[{"embeddable":true,"href":"https:\/\/www.sopro.pt\/es\/wp-json\/wp\/v2\/users\/7"}],"replies":[{"embeddable":true,"href":"https:\/\/www.sopro.pt\/es\/wp-json\/wp\/v2\/comments?post=10595"}],"version-history":[{"count":12,"href":"https:\/\/www.sopro.pt\/es\/wp-json\/wp\/v2\/pages\/10595\/revisions"}],"predecessor-version":[{"id":12687,"href":"https:\/\/www.sopro.pt\/es\/wp-json\/wp\/v2\/pages\/10595\/revisions\/12687"}],"wp:attachment":[{"href":"https:\/\/www.sopro.pt\/es\/wp-json\/wp\/v2\/media?parent=10595"}],"curies":[{"name":"wp","href":"https:\/\/api.w.org\/{rel}","templated":true}]}}