{"id":10535,"date":"2024-01-06T16:46:56","date_gmt":"2024-01-06T16:46:56","guid":{"rendered":"https:\/\/www.sopro.pt\/campanas\/"},"modified":"2026-01-30T10:45:47","modified_gmt":"2026-01-30T10:45:47","slug":"campanhas-para-peluqueria-profesional","status":"publish","type":"page","link":"https:\/\/www.sopro.pt\/es\/campanhas-para-peluqueria-profesional\/","title":{"rendered":"Campa\u00f1as"},"content":{"rendered":"\t\t<div data-elementor-type=\"wp-page\" data-elementor-id=\"10535\" class=\"elementor elementor-10535 elementor-8746\" data-elementor-post-type=\"page\">\n\t\t\t\t\t\t<section class=\"elementor-section elementor-top-section elementor-element elementor-element-ec5e583 elementor-section-boxed elementor-section-height-default elementor-section-height-default\" data-id=\"ec5e583\" data-element_type=\"section\" data-e-type=\"section\">\n\t\t\t\t\t\t<div class=\"elementor-container elementor-column-gap-default\">\n\t\t\t\t\t<div class=\"elementor-column elementor-col-100 elementor-top-column elementor-element elementor-element-ba5fa5b\" data-id=\"ba5fa5b\" data-element_type=\"column\" data-e-type=\"column\">\n\t\t\t<div class=\"elementor-widget-wrap elementor-element-populated\">\n\t\t\t\t\t\t<section class=\"elementor-section elementor-inner-section elementor-element elementor-element-d87ffba elementor-reverse-tablet elementor-reverse-mobile elementor-section-boxed elementor-section-height-default elementor-section-height-default\" data-id=\"d87ffba\" data-element_type=\"section\" data-e-type=\"section\">\n\t\t\t\t\t\t<div class=\"elementor-container elementor-column-gap-default\">\n\t\t\t\t\t<div class=\"elementor-column elementor-col-50 elementor-inner-column elementor-element elementor-element-679e6d6\" data-id=\"679e6d6\" data-element_type=\"column\" data-e-type=\"column\">\n\t\t\t<div class=\"elementor-widget-wrap elementor-element-populated\">\n\t\t\t\t\t\t<div class=\"elementor-element elementor-element-c71e420 elementor-widget elementor-widget-text-editor\" data-id=\"c71e420\" data-element_type=\"widget\" data-e-type=\"widget\" data-widget_type=\"text-editor.default\">\n\t\t\t\t<div class=\"elementor-widget-container\">\n\t\t\t\t\t\t\t\t\t<p>Explora nuestras campa\u00f1as exclusivas, especialmente creadas para profesionales de la belleza que buscan una calidad excepcional a precios irresistibles.<\/p><p>Desde herramientas de peinado hasta tratamientos capilares avanzados, nuestras campa\u00f1as est\u00e1n dise\u00f1adas para elevar el nivel de tu sal\u00f3n de belleza. Descubre oportunidades \u00fanicas y sorprende a tus clientes con innovaci\u00f3n y excelencia.<\/p><p>Aprovecha ahora nuestras ofertas a medida para ti, que buscas lo mejor.<\/p>\t\t\t\t\t\t\t\t<\/div>\n\t\t\t\t<\/div>\n\t\t\t\t\t<\/div>\n\t\t<\/div>\n\t\t\t\t<div class=\"elementor-column elementor-col-50 elementor-inner-column elementor-element elementor-element-2ce3316\" data-id=\"2ce3316\" data-element_type=\"column\" data-e-type=\"column\">\n\t\t\t<div class=\"elementor-widget-wrap\">\n\t\t\t\t\t\t\t<\/div>\n\t\t<\/div>\n\t\t\t\t\t<\/div>\n\t\t<\/section>\n\t\t\t\t\t<\/div>\n\t\t<\/div>\n\t\t\t\t\t<\/div>\n\t\t<\/section>\n\t\t\t\t<section class=\"elementor-section elementor-top-section elementor-element elementor-element-2e4084a6 elementor-section-boxed elementor-section-height-default elementor-section-height-default\" data-id=\"2e4084a6\" data-element_type=\"section\" data-e-type=\"section\">\n\t\t\t\t\t\t<div class=\"elementor-container elementor-column-gap-default\">\n\t\t\t\t\t<div class=\"elementor-column elementor-col-100 elementor-top-column elementor-element elementor-element-365833bb\" data-id=\"365833bb\" data-element_type=\"column\" data-e-type=\"column\">\n\t\t\t<div class=\"elementor-widget-wrap elementor-element-populated\">\n\t\t\t\t\t\t<div class=\"elementor-element elementor-element-6ac35601 elementor-product-loop-item--align-left elementor-grid-mobile-1 elementor-grid-4 elementor-grid-tablet-3 elementor-products-grid elementor-wc-products elementor-widget elementor-widget-woocommerce-products\" data-id=\"6ac35601\" data-element_type=\"widget\" data-e-type=\"widget\" data-widget_type=\"woocommerce-products.default\">\n\t\t\t\t<div class=\"elementor-widget-container\">\n\t\t\t\t\t<div class=\"woocommerce columns-4 \"><ul class=\"products elementor-grid columns-4\">\n<li class=\"wpzoom-wc-spi-has-enabled product type-product post-11219 status-publish first instock product_cat-todas-las-categorias has-post-thumbnail sale shipping-taxable purchasable product-type-simple\">\n\t<a href=\"https:\/\/www.sopro.pt\/es\/produto\/duo-infra-rojos\/\" class=\"woocommerce-LoopProduct-link woocommerce-loop-product__link\">\n\t<span class=\"onsale\">\u00a1Oferta!<\/span>\n\t<img fetchpriority=\"high\" decoding=\"async\" width=\"300\" height=\"300\" src=\"https:\/\/www.sopro.pt\/wp-content\/uploads\/2024\/05\/Sopro-Duo-Infravermelhos-2-300x300.jpg\" class=\"attachment-woocommerce_thumbnail size-woocommerce_thumbnail\" alt=\"Secador y Plancha Infra-rojos\" srcset=\"https:\/\/www.sopro.pt\/wp-content\/uploads\/2024\/05\/Sopro-Duo-Infravermelhos-2-300x300.jpg 300w, https:\/\/www.sopro.pt\/wp-content\/uploads\/2024\/05\/Sopro-Duo-Infravermelhos-2-600x600.jpg 600w, https:\/\/www.sopro.pt\/wp-content\/uploads\/2024\/05\/Sopro-Duo-Infravermelhos-2-100x100.jpg 100w, https:\/\/www.sopro.pt\/wp-content\/uploads\/2024\/05\/Sopro-Duo-Infravermelhos-2.jpg 1080w\" sizes=\"(max-width: 300px) 100vw, 300px\" \/><div class=\"wpzoom-secondary-image-container\"><img decoding=\"async\" width=\"300\" height=\"300\" src=\"https:\/\/www.sopro.pt\/wp-content\/uploads\/2024\/05\/Sopro-Duo-Infravermelhos-1-300x300.jpg\" class=\"attachment-woocommerce_thumbnail wpzoom-wc-spi-secondary-img wpzoom-wc-spi-transition\" alt=\"Secador y Plancha Infra-rojos\" srcset=\"https:\/\/www.sopro.pt\/wp-content\/uploads\/2024\/05\/Sopro-Duo-Infravermelhos-1-300x300.jpg 300w, https:\/\/www.sopro.pt\/wp-content\/uploads\/2024\/05\/Sopro-Duo-Infravermelhos-1-600x600.jpg 600w, https:\/\/www.sopro.pt\/wp-content\/uploads\/2024\/05\/Sopro-Duo-Infravermelhos-1-100x100.jpg 100w, https:\/\/www.sopro.pt\/wp-content\/uploads\/2024\/05\/Sopro-Duo-Infravermelhos-1.jpg 1080w\" sizes=\"(max-width: 300px) 100vw, 300px\" \/><\/div><h2 class=\"woocommerce-loop-product__title\">DUO INFRA-ROJOS<\/h2>\n\t<span class=\"price\"><del aria-hidden=\"true\"><span class=\"woocommerce-Price-amount amount\"><bdi>282.00&nbsp;<span class=\"woocommerce-Price-currencySymbol\">&euro;<\/span><\/bdi><\/span><\/del> <span class=\"screen-reader-text\">El precio original era: 282.00&nbsp;&euro;.<\/span><ins aria-hidden=\"true\"><span class=\"woocommerce-Price-amount amount\"><bdi>239.00&nbsp;<span class=\"woocommerce-Price-currencySymbol\">&euro;<\/span><\/bdi><\/span><\/ins><span class=\"screen-reader-text\">El precio actual es: 239.00&nbsp;&euro;.<\/span><\/span>\n<\/a><div class=\"woocommerce-loop-product__buttons\"><a href=\"\/es\/wp-json\/wp\/v2\/pages\/10535?add-to-cart=11219\" aria-describedby=\"woocommerce_loop_add_to_cart_link_describedby_11219\" data-quantity=\"1\" class=\"button product_type_simple add_to_cart_button ajax_add_to_cart\" data-product_id=\"11219\" data-product_sku=\"\" aria-label=\"A\u00f1adir al carrito: &ldquo;DUO INFRA-ROJOS&rdquo;\" rel=\"nofollow\" data-success_message=\"\u00abDUO INFRA-ROJOS\u00bb se ha a\u00f1adido a tu carrito\" role=\"button\">A\u00f1adir al carrito<\/a><\/div>\t<span id=\"woocommerce_loop_add_to_cart_link_describedby_11219\" class=\"screen-reader-text\">\n\t\t\t<\/span>\n<span class=\"gtm4wp_productdata\" style=\"display:none; visibility:hidden;\" data-gtm4wp_product_data=\"{&quot;internal_id&quot;:11219,&quot;item_id&quot;:11219,&quot;item_name&quot;:&quot;DUO INFRA-ROJOS&quot;,&quot;sku&quot;:11219,&quot;price&quot;:239,&quot;stocklevel&quot;:null,&quot;stockstatus&quot;:&quot;instock&quot;,&quot;google_business_vertical&quot;:&quot;retail&quot;,&quot;item_category&quot;:&quot;Todas las categor\\u00edas&quot;,&quot;id&quot;:11219,&quot;productlink&quot;:&quot;https:\\\/\\\/www.sopro.pt\\\/es\\\/produto\\\/duo-infra-rojos\\\/&quot;,&quot;item_list_name&quot;:&quot;Lista general de productos&quot;,&quot;index&quot;:1,&quot;product_type&quot;:&quot;simple&quot;,&quot;item_brand&quot;:&quot;&quot;}\"><\/span><\/li>\n<li class=\"product type-product post-10822 status-publish instock product_cat-campanas-exclusivo-profesionales product_cat-todas-las-categorias has-post-thumbnail sale shipping-taxable purchasable product-type-simple\">\n\t<a href=\"https:\/\/www.sopro.pt\/es\/produto\/campanha-special-liss\/\" class=\"woocommerce-LoopProduct-link woocommerce-loop-product__link\">\n\t<span class=\"onsale\">\u00a1Oferta!<\/span>\n\t<img decoding=\"async\" width=\"300\" height=\"300\" src=\"https:\/\/www.sopro.pt\/wp-content\/uploads\/2023\/02\/IG-posts-31-300x300.jpg\" class=\"attachment-woocommerce_thumbnail size-woocommerce_thumbnail\" alt=\"CAMPA\u00d1A SPECIAL LISS \u2013 SECADOR FORCE + GUANTE T\u00c9RMICO\" srcset=\"https:\/\/www.sopro.pt\/wp-content\/uploads\/2023\/02\/IG-posts-31-300x300.jpg 300w, https:\/\/www.sopro.pt\/wp-content\/uploads\/2023\/02\/IG-posts-31-100x100.jpg 100w, https:\/\/www.sopro.pt\/wp-content\/uploads\/2023\/02\/IG-posts-31-600x600.jpg 600w, https:\/\/www.sopro.pt\/wp-content\/uploads\/2023\/02\/IG-posts-31.jpg 1080w\" sizes=\"(max-width: 300px) 100vw, 300px\" \/><h2 class=\"woocommerce-loop-product__title\">PROMOCI\u00d3N SPECIAL LISS<\/h2>\n\t<span class=\"price\"><del aria-hidden=\"true\"><span class=\"woocommerce-Price-amount amount\"><bdi>249.00&nbsp;<span class=\"woocommerce-Price-currencySymbol\">&euro;<\/span><\/bdi><\/span><\/del> <span class=\"screen-reader-text\">El precio original era: 249.00&nbsp;&euro;.<\/span><ins aria-hidden=\"true\"><span class=\"woocommerce-Price-amount amount\"><bdi>199.00&nbsp;<span class=\"woocommerce-Price-currencySymbol\">&euro;<\/span><\/bdi><\/span><\/ins><span class=\"screen-reader-text\">El precio actual es: 199.00&nbsp;&euro;.<\/span><\/span>\n<\/a><div class=\"woocommerce-loop-product__buttons\"><a href=\"\/es\/wp-json\/wp\/v2\/pages\/10535?add-to-cart=10822\" aria-describedby=\"woocommerce_loop_add_to_cart_link_describedby_10822\" data-quantity=\"1\" class=\"button product_type_simple add_to_cart_button ajax_add_to_cart\" data-product_id=\"10822\" data-product_sku=\"CAMPANHASPECIALISS\" aria-label=\"A\u00f1adir al carrito: &ldquo;PROMOCI\u00d3N SPECIAL LISS&rdquo;\" rel=\"nofollow\" data-success_message=\"\u00abPROMOCI\u00d3N SPECIAL LISS\u00bb se ha a\u00f1adido a tu carrito\" role=\"button\">A\u00f1adir al carrito<\/a><\/div>\t<span id=\"woocommerce_loop_add_to_cart_link_describedby_10822\" class=\"screen-reader-text\">\n\t\t\t<\/span>\n<span class=\"gtm4wp_productdata\" style=\"display:none; visibility:hidden;\" data-gtm4wp_product_data=\"{&quot;internal_id&quot;:10822,&quot;item_id&quot;:10822,&quot;item_name&quot;:&quot;PROMOCI\\u00d3N SPECIAL LISS&quot;,&quot;sku&quot;:&quot;CAMPANHASPECIALISS&quot;,&quot;price&quot;:199,&quot;stocklevel&quot;:null,&quot;stockstatus&quot;:&quot;instock&quot;,&quot;google_business_vertical&quot;:&quot;retail&quot;,&quot;item_category&quot;:&quot;Todas las categor\\u00edas&quot;,&quot;id&quot;:10822,&quot;productlink&quot;:&quot;https:\\\/\\\/www.sopro.pt\\\/es\\\/produto\\\/campanha-special-liss\\\/&quot;,&quot;item_list_name&quot;:&quot;Lista general de productos&quot;,&quot;index&quot;:2,&quot;product_type&quot;:&quot;simple&quot;,&quot;item_brand&quot;:&quot;&quot;}\"><\/span><\/li>\n<li class=\"wpzoom-wc-spi-has-enabled product type-product post-12722 status-publish instock product_cat-todas-las-categorias has-post-thumbnail sale shipping-taxable purchasable product-type-variable\">\n\t<a href=\"https:\/\/www.sopro.pt\/es\/produto\/promocion-nuevos-colores-first3500-copia\/\" class=\"woocommerce-LoopProduct-link woocommerce-loop-product__link\">\n\t<span class=\"onsale\">\u00a1Oferta!<\/span>\n\t<img loading=\"lazy\" decoding=\"async\" width=\"300\" height=\"300\" src=\"https:\/\/www.sopro.pt\/wp-content\/uploads\/2026\/01\/SoproProfessionals-campanha-secador-First-300x300.webp\" class=\"attachment-woocommerce_thumbnail size-woocommerce_thumbnail\" alt=\"Campanha 3x2 secadores First\" srcset=\"https:\/\/www.sopro.pt\/wp-content\/uploads\/2026\/01\/SoproProfessionals-campanha-secador-First-300x300.webp 300w, https:\/\/www.sopro.pt\/wp-content\/uploads\/2026\/01\/SoproProfessionals-campanha-secador-First-600x600.webp 600w, https:\/\/www.sopro.pt\/wp-content\/uploads\/2026\/01\/SoproProfessionals-campanha-secador-First-100x100.webp 100w, https:\/\/www.sopro.pt\/wp-content\/uploads\/2026\/01\/SoproProfessionals-campanha-secador-First.webp 810w\" sizes=\"(max-width: 300px) 100vw, 300px\" \/><div class=\"wpzoom-secondary-image-container\"><img loading=\"lazy\" decoding=\"async\" width=\"300\" height=\"300\" src=\"https:\/\/www.sopro.pt\/wp-content\/uploads\/2021\/06\/SOPRO-Secador-FIRST3500-3-300x300.webp\" class=\"attachment-woocommerce_thumbnail wpzoom-wc-spi-secondary-img wpzoom-wc-spi-transition\" alt=\"Secador de Cabelo Profissional - First3500 - Sopro Professionals\" srcset=\"https:\/\/www.sopro.pt\/wp-content\/uploads\/2021\/06\/SOPRO-Secador-FIRST3500-3-300x300.webp 300w, https:\/\/www.sopro.pt\/wp-content\/uploads\/2021\/06\/SOPRO-Secador-FIRST3500-3-600x600.webp 600w, https:\/\/www.sopro.pt\/wp-content\/uploads\/2021\/06\/SOPRO-Secador-FIRST3500-3-100x100.webp 100w, https:\/\/www.sopro.pt\/wp-content\/uploads\/2021\/06\/SOPRO-Secador-FIRST3500-3.jpg 1080w\" sizes=\"(max-width: 300px) 100vw, 300px\" \/><\/div><h2 class=\"woocommerce-loop-product__title\">Promoci\u00f3n Nuevos Colores First3500 (C\u00f3pia)<\/h2>\n\t<span class=\"price\"><del aria-hidden=\"true\"><span class=\"woocommerce-Price-amount amount\"><bdi>285.00&nbsp;<span class=\"woocommerce-Price-currencySymbol\">&euro;<\/span><\/bdi><\/span><\/del> <span class=\"screen-reader-text\">El precio original era: 285.00&nbsp;&euro;.<\/span><ins aria-hidden=\"true\"><span class=\"woocommerce-Price-amount amount\"><bdi>190.00&nbsp;<span class=\"woocommerce-Price-currencySymbol\">&euro;<\/span><\/bdi><\/span><\/ins><span class=\"screen-reader-text\">El precio actual es: 190.00&nbsp;&euro;.<\/span><\/span>\n<\/a><div class=\"woocommerce-loop-product__buttons\"><a href=\"https:\/\/www.sopro.pt\/es\/produto\/promocion-nuevos-colores-first3500-copia\/\" aria-describedby=\"woocommerce_loop_add_to_cart_link_describedby_12722\" data-quantity=\"1\" class=\"button product_type_variable add_to_cart_button cfvsw_ajax_add_to_cart\" data-product_id=\"12722\" data-product_sku=\"\" aria-label=\"Elige las opciones para &ldquo;Promoci\u00f3n Nuevos Colores First3500 (C\u00f3pia)&rdquo;\" rel=\"nofollow\" data-add_to_cart_text=\"A\u00f1adir al carrito\" data-select_options_text=\"Seleccionar opciones\">Seleccionar opciones<\/a><\/div>\t<span id=\"woocommerce_loop_add_to_cart_link_describedby_12722\" class=\"screen-reader-text\">\n\t\tEste producto tiene m\u00faltiples variantes. Las opciones se pueden elegir en la p\u00e1gina de producto\t<\/span>\n<span class=\"gtm4wp_productdata\" style=\"display:none; visibility:hidden;\" data-gtm4wp_product_data=\"{&quot;internal_id&quot;:12722,&quot;item_id&quot;:12722,&quot;item_name&quot;:&quot;Promoci\\u00f3n Nuevos Colores First3500 (C\\u00f3pia)&quot;,&quot;sku&quot;:12722,&quot;price&quot;:190,&quot;stocklevel&quot;:null,&quot;stockstatus&quot;:&quot;instock&quot;,&quot;google_business_vertical&quot;:&quot;retail&quot;,&quot;item_category&quot;:&quot;Todas las categor\\u00edas&quot;,&quot;id&quot;:12722,&quot;productlink&quot;:&quot;https:\\\/\\\/www.sopro.pt\\\/es\\\/produto\\\/promocion-nuevos-colores-first3500-copia\\\/&quot;,&quot;item_list_name&quot;:&quot;Lista general de productos&quot;,&quot;index&quot;:3,&quot;product_type&quot;:&quot;variable&quot;,&quot;item_brand&quot;:&quot;&quot;}\"><\/span><\/li>\n<li class=\"product type-product post-10808 status-publish last instock product_cat-campanas-exclusivo-profesionales product_cat-todas-las-categorias has-post-thumbnail sale shipping-taxable purchasable product-type-simple\">\n\t<a href=\"https:\/\/www.sopro.pt\/es\/produto\/campanha-maquina-gtx-tesoura\/\" class=\"woocommerce-LoopProduct-link woocommerce-loop-product__link\">\n\t<span class=\"onsale\">\u00a1Oferta!<\/span>\n\t<img loading=\"lazy\" decoding=\"async\" width=\"300\" height=\"300\" src=\"https:\/\/www.sopro.pt\/wp-content\/uploads\/2023\/05\/SOPRO-CAMPANHA-MAQUINA-GTX-TESOURA-DE-CORTE-5.5\u2033-web-300x300.jpg\" class=\"attachment-woocommerce_thumbnail size-woocommerce_thumbnail\" alt=\"Campa\u00f1a barbero Sopro Professionals\" srcset=\"https:\/\/www.sopro.pt\/wp-content\/uploads\/2023\/05\/SOPRO-CAMPANHA-MAQUINA-GTX-TESOURA-DE-CORTE-5.5\u2033-web-300x300.jpg 300w, https:\/\/www.sopro.pt\/wp-content\/uploads\/2023\/05\/SOPRO-CAMPANHA-MAQUINA-GTX-TESOURA-DE-CORTE-5.5\u2033-web-100x100.jpg 100w, https:\/\/www.sopro.pt\/wp-content\/uploads\/2023\/05\/SOPRO-CAMPANHA-MAQUINA-GTX-TESOURA-DE-CORTE-5.5\u2033-web-600x600.jpg 600w, https:\/\/www.sopro.pt\/wp-content\/uploads\/2023\/05\/SOPRO-CAMPANHA-MAQUINA-GTX-TESOURA-DE-CORTE-5.5\u2033-web-1536x1536.jpg 1536w, https:\/\/www.sopro.pt\/wp-content\/uploads\/2023\/05\/SOPRO-CAMPANHA-MAQUINA-GTX-TESOURA-DE-CORTE-5.5\u2033-web-2048x2048.jpg 2048w\" sizes=\"(max-width: 300px) 100vw, 300px\" \/><h2 class=\"woocommerce-loop-product__title\">CAMPA\u00d1A \u2013 M\u00c1QUINA GTX + TIJERAS DE CORTE 5.5\u2033<\/h2>\n\t<span class=\"price\"><del aria-hidden=\"true\"><span class=\"woocommerce-Price-amount amount\"><bdi>188.00&nbsp;<span class=\"woocommerce-Price-currencySymbol\">&euro;<\/span><\/bdi><\/span><\/del> <span class=\"screen-reader-text\">El precio original era: 188.00&nbsp;&euro;.<\/span><ins aria-hidden=\"true\"><span class=\"woocommerce-Price-amount amount\"><bdi>149.00&nbsp;<span class=\"woocommerce-Price-currencySymbol\">&euro;<\/span><\/bdi><\/span><\/ins><span class=\"screen-reader-text\">El precio actual es: 149.00&nbsp;&euro;.<\/span><\/span>\n<\/a><div class=\"woocommerce-loop-product__buttons\"><a href=\"\/es\/wp-json\/wp\/v2\/pages\/10535?add-to-cart=10808\" aria-describedby=\"woocommerce_loop_add_to_cart_link_describedby_10808\" data-quantity=\"1\" class=\"button product_type_simple add_to_cart_button ajax_add_to_cart\" data-product_id=\"10808\" data-product_sku=\"CAMPANHAGTXETESOURA\" aria-label=\"A\u00f1adir al carrito: &ldquo;CAMPA\u00d1A \u2013 M\u00c1QUINA GTX + TIJERAS DE CORTE 5.5\u2033&rdquo;\" rel=\"nofollow\" data-success_message=\"\u00abCAMPA\u00d1A \u2013 M\u00c1QUINA GTX + TIJERAS DE CORTE 5.5\u2033\u00bb se ha a\u00f1adido a tu carrito\" role=\"button\">A\u00f1adir al carrito<\/a><\/div>\t<span id=\"woocommerce_loop_add_to_cart_link_describedby_10808\" class=\"screen-reader-text\">\n\t\t\t<\/span>\n<span class=\"gtm4wp_productdata\" style=\"display:none; visibility:hidden;\" data-gtm4wp_product_data=\"{&quot;internal_id&quot;:10808,&quot;item_id&quot;:10808,&quot;item_name&quot;:&quot;CAMPA\\u00d1A \\u2013 M\\u00c1QUINA GTX + TIJERAS DE CORTE 5.5\\u2033&quot;,&quot;sku&quot;:&quot;CAMPANHAGTXETESOURA&quot;,&quot;price&quot;:149,&quot;stocklevel&quot;:null,&quot;stockstatus&quot;:&quot;instock&quot;,&quot;google_business_vertical&quot;:&quot;retail&quot;,&quot;item_category&quot;:&quot;Todas las categor\\u00edas&quot;,&quot;id&quot;:10808,&quot;productlink&quot;:&quot;https:\\\/\\\/www.sopro.pt\\\/es\\\/produto\\\/campanha-maquina-gtx-tesoura\\\/&quot;,&quot;item_list_name&quot;:&quot;Lista general de productos&quot;,&quot;index&quot;:4,&quot;product_type&quot;:&quot;simple&quot;,&quot;item_brand&quot;:&quot;&quot;}\"><\/span><\/li>\n<li class=\"wpzoom-wc-spi-has-enabled product type-product post-10818 status-publish first instock product_cat-campanas-exclusivo-profesionales product_cat-todas-las-categorias has-post-thumbnail sale shipping-taxable purchasable product-type-simple\">\n\t<a href=\"https:\/\/www.sopro.pt\/es\/produto\/campanha-escovas-desembaracar\/\" class=\"woocommerce-LoopProduct-link woocommerce-loop-product__link\">\n\t<span class=\"onsale\">\u00a1Oferta!<\/span>\n\t<img loading=\"lazy\" decoding=\"async\" width=\"300\" height=\"300\" src=\"https:\/\/www.sopro.pt\/wp-content\/uploads\/2023\/03\/SOPRO-Campanha-ESCOVAS-DE-DESEMBARACAR-300x300.webp\" class=\"attachment-woocommerce_thumbnail size-woocommerce_thumbnail\" alt=\"Campanha Escovas Desembara\u00e7ar\" srcset=\"https:\/\/www.sopro.pt\/wp-content\/uploads\/2023\/03\/SOPRO-Campanha-ESCOVAS-DE-DESEMBARACAR-300x300.webp 300w, https:\/\/www.sopro.pt\/wp-content\/uploads\/2023\/03\/SOPRO-Campanha-ESCOVAS-DE-DESEMBARACAR-600x600.webp 600w, https:\/\/www.sopro.pt\/wp-content\/uploads\/2023\/03\/SOPRO-Campanha-ESCOVAS-DE-DESEMBARACAR-100x100.webp 100w, https:\/\/www.sopro.pt\/wp-content\/uploads\/2023\/03\/SOPRO-Campanha-ESCOVAS-DE-DESEMBARACAR.webp 1080w\" sizes=\"(max-width: 300px) 100vw, 300px\" \/><div class=\"wpzoom-secondary-image-container\"><img loading=\"lazy\" decoding=\"async\" width=\"300\" height=\"300\" src=\"https:\/\/www.sopro.pt\/wp-content\/uploads\/2022\/12\/117-300x300.webp\" class=\"attachment-woocommerce_thumbnail wpzoom-wc-spi-secondary-img wpzoom-wc-spi-transition\" alt=\"Escovas Desembara\u00e7ar - Sopro Professionals\" srcset=\"https:\/\/www.sopro.pt\/wp-content\/uploads\/2022\/12\/117-300x300.webp 300w, https:\/\/www.sopro.pt\/wp-content\/uploads\/2022\/12\/117-600x600.webp 600w, https:\/\/www.sopro.pt\/wp-content\/uploads\/2022\/12\/117-100x100.webp 100w, https:\/\/www.sopro.pt\/wp-content\/uploads\/2022\/12\/117.webp 1080w\" sizes=\"(max-width: 300px) 100vw, 300px\" \/><\/div><h2 class=\"woocommerce-loop-product__title\">CAMPA\u00d1A 15 CEPILLOS + EXPOSITOR<\/h2>\n\t<span class=\"price\"><del aria-hidden=\"true\"><span class=\"woocommerce-Price-amount amount\"><bdi>240.00&nbsp;<span class=\"woocommerce-Price-currencySymbol\">&euro;<\/span><\/bdi><\/span><\/del> <span class=\"screen-reader-text\">El precio original era: 240.00&nbsp;&euro;.<\/span><ins aria-hidden=\"true\"><span class=\"woocommerce-Price-amount amount\"><bdi>120.00&nbsp;<span class=\"woocommerce-Price-currencySymbol\">&euro;<\/span><\/bdi><\/span><\/ins><span class=\"screen-reader-text\">El precio actual es: 120.00&nbsp;&euro;.<\/span><\/span>\n<\/a><div class=\"woocommerce-loop-product__buttons\"><a href=\"\/es\/wp-json\/wp\/v2\/pages\/10535?add-to-cart=10818\" aria-describedby=\"woocommerce_loop_add_to_cart_link_describedby_10818\" data-quantity=\"1\" class=\"button product_type_simple add_to_cart_button ajax_add_to_cart\" data-product_id=\"10818\" data-product_sku=\"CAMPANHA15ESCOVAS\" aria-label=\"A\u00f1adir al carrito: &ldquo;CAMPA\u00d1A 15 CEPILLOS + EXPOSITOR&rdquo;\" rel=\"nofollow\" data-success_message=\"\u00abCAMPA\u00d1A 15 CEPILLOS + EXPOSITOR\u00bb se ha a\u00f1adido a tu carrito\" role=\"button\">A\u00f1adir al carrito<\/a><\/div>\t<span id=\"woocommerce_loop_add_to_cart_link_describedby_10818\" class=\"screen-reader-text\">\n\t\t\t<\/span>\n<span class=\"gtm4wp_productdata\" style=\"display:none; visibility:hidden;\" data-gtm4wp_product_data=\"{&quot;internal_id&quot;:10818,&quot;item_id&quot;:10818,&quot;item_name&quot;:&quot;CAMPA\\u00d1A 15 CEPILLOS + EXPOSITOR&quot;,&quot;sku&quot;:&quot;CAMPANHA15ESCOVAS&quot;,&quot;price&quot;:120,&quot;stocklevel&quot;:null,&quot;stockstatus&quot;:&quot;instock&quot;,&quot;google_business_vertical&quot;:&quot;retail&quot;,&quot;item_category&quot;:&quot;Todas las categor\\u00edas&quot;,&quot;id&quot;:10818,&quot;productlink&quot;:&quot;https:\\\/\\\/www.sopro.pt\\\/es\\\/produto\\\/campanha-escovas-desembaracar\\\/&quot;,&quot;item_list_name&quot;:&quot;Lista general de productos&quot;,&quot;index&quot;:5,&quot;product_type&quot;:&quot;simple&quot;,&quot;item_brand&quot;:&quot;&quot;}\"><\/span><\/li>\n<li class=\"product type-product post-10812 status-publish instock product_cat-campanas-exclusivo-profesionales product_cat-todas-las-categorias has-post-thumbnail sale shipping-taxable purchasable product-type-simple\">\n\t<a href=\"https:\/\/www.sopro.pt\/es\/produto\/campanha-4-escovas-termicas\/\" class=\"woocommerce-LoopProduct-link woocommerce-loop-product__link\">\n\t<span class=\"onsale\">\u00a1Oferta!<\/span>\n\t<img loading=\"lazy\" decoding=\"async\" width=\"300\" height=\"300\" src=\"https:\/\/www.sopro.pt\/wp-content\/uploads\/2023\/03\/campanha-escovas-termicas-300x300.jpg\" class=\"attachment-woocommerce_thumbnail size-woocommerce_thumbnail\" alt=\"Escovas T\u00e9rmicas - Sopro Professionals\" srcset=\"https:\/\/www.sopro.pt\/wp-content\/uploads\/2023\/03\/campanha-escovas-termicas-300x300.jpg 300w, https:\/\/www.sopro.pt\/wp-content\/uploads\/2023\/03\/campanha-escovas-termicas-100x100.jpg 100w, https:\/\/www.sopro.pt\/wp-content\/uploads\/2023\/03\/campanha-escovas-termicas-600x600.jpg 600w, https:\/\/www.sopro.pt\/wp-content\/uploads\/2023\/03\/campanha-escovas-termicas.jpg 1080w\" sizes=\"(max-width: 300px) 100vw, 300px\" \/><h2 class=\"woocommerce-loop-product__title\">CAMPA\u00d1A 4 CEPILLOS T\u00c9RMICOS + 1<\/h2>\n\t<span class=\"price\"><del aria-hidden=\"true\"><span class=\"woocommerce-Price-amount amount\"><bdi>94.00&nbsp;<span class=\"woocommerce-Price-currencySymbol\">&euro;<\/span><\/bdi><\/span><\/del> <span class=\"screen-reader-text\">El precio original era: 94.00&nbsp;&euro;.<\/span><ins aria-hidden=\"true\"><span class=\"woocommerce-Price-amount amount\"><bdi>86.00&nbsp;<span class=\"woocommerce-Price-currencySymbol\">&euro;<\/span><\/bdi><\/span><\/ins><span class=\"screen-reader-text\">El precio actual es: 86.00&nbsp;&euro;.<\/span><\/span>\n<\/a><div class=\"woocommerce-loop-product__buttons\"><a href=\"\/es\/wp-json\/wp\/v2\/pages\/10535?add-to-cart=10812\" aria-describedby=\"woocommerce_loop_add_to_cart_link_describedby_10812\" data-quantity=\"1\" class=\"button product_type_simple add_to_cart_button ajax_add_to_cart\" data-product_id=\"10812\" data-product_sku=\"PACKESCOVASTERMICAS+1\" aria-label=\"A\u00f1adir al carrito: &ldquo;CAMPA\u00d1A 4 CEPILLOS T\u00c9RMICOS + 1&rdquo;\" rel=\"nofollow\" data-success_message=\"\u00abCAMPA\u00d1A 4 CEPILLOS T\u00c9RMICOS + 1\u00bb se ha a\u00f1adido a tu carrito\" role=\"button\">A\u00f1adir al carrito<\/a><\/div>\t<span id=\"woocommerce_loop_add_to_cart_link_describedby_10812\" class=\"screen-reader-text\">\n\t\t\t<\/span>\n<span class=\"gtm4wp_productdata\" style=\"display:none; visibility:hidden;\" data-gtm4wp_product_data=\"{&quot;internal_id&quot;:10812,&quot;item_id&quot;:10812,&quot;item_name&quot;:&quot;CAMPA\\u00d1A 4 CEPILLOS T\\u00c9RMICOS + 1&quot;,&quot;sku&quot;:&quot;PACKESCOVASTERMICAS+1&quot;,&quot;price&quot;:86,&quot;stocklevel&quot;:null,&quot;stockstatus&quot;:&quot;instock&quot;,&quot;google_business_vertical&quot;:&quot;retail&quot;,&quot;item_category&quot;:&quot;Todas las categor\\u00edas&quot;,&quot;id&quot;:10812,&quot;productlink&quot;:&quot;https:\\\/\\\/www.sopro.pt\\\/es\\\/produto\\\/campanha-4-escovas-termicas\\\/&quot;,&quot;item_list_name&quot;:&quot;Lista general de productos&quot;,&quot;index&quot;:6,&quot;product_type&quot;:&quot;simple&quot;,&quot;item_brand&quot;:&quot;&quot;}\"><\/span><\/li>\n<li class=\"wpzoom-wc-spi-has-enabled product type-product post-10729 status-publish instock product_cat-todas-las-categorias has-post-thumbnail sale shipping-taxable purchasable product-type-simple\">\n\t<a href=\"https:\/\/www.sopro.pt\/es\/produto\/aquecedor-portatil-de-cera-depilatoria\/\" class=\"woocommerce-LoopProduct-link woocommerce-loop-product__link\">\n\t<span class=\"onsale\">\u00a1Oferta!<\/span>\n\t<img loading=\"lazy\" decoding=\"async\" width=\"300\" height=\"300\" src=\"https:\/\/www.sopro.pt\/wp-content\/uploads\/2024\/04\/Sopro-Professionals-AQUECEDOR-PORTATIL-DE-CERA-300x300.jpg\" class=\"attachment-woocommerce_thumbnail size-woocommerce_thumbnail\" alt=\"CALENTADOR PORT\u00c1TIL DE CERA \/ ROLL-ON\" srcset=\"https:\/\/www.sopro.pt\/wp-content\/uploads\/2024\/04\/Sopro-Professionals-AQUECEDOR-PORTATIL-DE-CERA-300x300.jpg 300w, https:\/\/www.sopro.pt\/wp-content\/uploads\/2024\/04\/Sopro-Professionals-AQUECEDOR-PORTATIL-DE-CERA-600x600.jpg 600w, https:\/\/www.sopro.pt\/wp-content\/uploads\/2024\/04\/Sopro-Professionals-AQUECEDOR-PORTATIL-DE-CERA-100x100.jpg 100w, https:\/\/www.sopro.pt\/wp-content\/uploads\/2024\/04\/Sopro-Professionals-AQUECEDOR-PORTATIL-DE-CERA.jpg 1080w\" sizes=\"(max-width: 300px) 100vw, 300px\" \/><div class=\"wpzoom-secondary-image-container\"><img loading=\"lazy\" decoding=\"async\" width=\"300\" height=\"300\" src=\"https:\/\/www.sopro.pt\/wp-content\/uploads\/2024\/04\/Sopro-Professionals-AQUECEDOR-PORTATIL-DE-CERA-1-300x300.jpg\" class=\"attachment-woocommerce_thumbnail wpzoom-wc-spi-secondary-img wpzoom-wc-spi-transition\" alt=\"CALENTADOR PORT\u00c1TIL DE CERA \/ ROLL-ON\" srcset=\"https:\/\/www.sopro.pt\/wp-content\/uploads\/2024\/04\/Sopro-Professionals-AQUECEDOR-PORTATIL-DE-CERA-1-300x300.jpg 300w, https:\/\/www.sopro.pt\/wp-content\/uploads\/2024\/04\/Sopro-Professionals-AQUECEDOR-PORTATIL-DE-CERA-1-600x600.jpg 600w, https:\/\/www.sopro.pt\/wp-content\/uploads\/2024\/04\/Sopro-Professionals-AQUECEDOR-PORTATIL-DE-CERA-1-100x100.jpg 100w, https:\/\/www.sopro.pt\/wp-content\/uploads\/2024\/04\/Sopro-Professionals-AQUECEDOR-PORTATIL-DE-CERA-1.jpg 1080w\" sizes=\"(max-width: 300px) 100vw, 300px\" \/><\/div><h2 class=\"woocommerce-loop-product__title\">CALENTADOR PORT\u00c1TIL DE CERA DEPILATORIA<\/h2>\n\t<span class=\"price\"><del aria-hidden=\"true\"><span class=\"woocommerce-Price-amount amount\"><bdi>40.00&nbsp;<span class=\"woocommerce-Price-currencySymbol\">&euro;<\/span><\/bdi><\/span><\/del> <span class=\"screen-reader-text\">El precio original era: 40.00&nbsp;&euro;.<\/span><ins aria-hidden=\"true\"><span class=\"woocommerce-Price-amount amount\"><bdi>25.00&nbsp;<span class=\"woocommerce-Price-currencySymbol\">&euro;<\/span><\/bdi><\/span><\/ins><span class=\"screen-reader-text\">El precio actual es: 25.00&nbsp;&euro;.<\/span><\/span>\n<\/a><div class=\"woocommerce-loop-product__buttons\"><a href=\"\/es\/wp-json\/wp\/v2\/pages\/10535?add-to-cart=10729\" aria-describedby=\"woocommerce_loop_add_to_cart_link_describedby_10729\" data-quantity=\"1\" class=\"button product_type_simple add_to_cart_button ajax_add_to_cart\" data-product_id=\"10729\" data-product_sku=\"\" aria-label=\"A\u00f1adir al carrito: &ldquo;CALENTADOR PORT\u00c1TIL DE CERA DEPILATORIA&rdquo;\" rel=\"nofollow\" data-success_message=\"\u00abCALENTADOR PORT\u00c1TIL DE CERA DEPILATORIA\u00bb se ha a\u00f1adido a tu carrito\" role=\"button\">A\u00f1adir al carrito<\/a><\/div>\t<span id=\"woocommerce_loop_add_to_cart_link_describedby_10729\" class=\"screen-reader-text\">\n\t\t\t<\/span>\n<span class=\"gtm4wp_productdata\" style=\"display:none; visibility:hidden;\" data-gtm4wp_product_data=\"{&quot;internal_id&quot;:10729,&quot;item_id&quot;:10729,&quot;item_name&quot;:&quot;CALENTADOR PORT\\u00c1TIL DE CERA DEPILATORIA&quot;,&quot;sku&quot;:10729,&quot;price&quot;:25,&quot;stocklevel&quot;:null,&quot;stockstatus&quot;:&quot;instock&quot;,&quot;google_business_vertical&quot;:&quot;retail&quot;,&quot;item_category&quot;:&quot;Todas las categor\\u00edas&quot;,&quot;id&quot;:10729,&quot;productlink&quot;:&quot;https:\\\/\\\/www.sopro.pt\\\/es\\\/produto\\\/aquecedor-portatil-de-cera-depilatoria\\\/&quot;,&quot;item_list_name&quot;:&quot;Lista general de productos&quot;,&quot;index&quot;:7,&quot;product_type&quot;:&quot;simple&quot;,&quot;item_brand&quot;:&quot;&quot;}\"><\/span><\/li>\n<\/ul>\n<\/div>\t\t\t\t<\/div>\n\t\t\t\t<\/div>\n\t\t\t\t\t<\/div>\n\t\t<\/div>\n\t\t\t\t\t<\/div>\n\t\t<\/section>\n\t\t\t\t<\/div>\n\t\t","protected":false},"excerpt":{"rendered":"<p>Explora nuestras campa\u00f1as exclusivas, especialmente creadas para profesionales de la belleza que buscan una calidad excepcional a precios irresistibles. Desde herramientas de peinado hasta tratamientos capilares avanzados, nuestras campa\u00f1as est\u00e1n dise\u00f1adas para elevar el nivel de tu sal\u00f3n de belleza. Descubre oportunidades \u00fanicas y sorprende a tus clientes con innovaci\u00f3n y excelencia. Aprovecha ahora nuestras [&hellip;]<\/p>\n","protected":false},"author":7,"featured_media":0,"parent":0,"menu_order":0,"comment_status":"closed","ping_status":"closed","template":"","meta":{"footnotes":""},"class_list":["post-10535","page","type-page","status-publish","hentry"],"yoast_head":"<!-- This site is optimized with the Yoast SEO plugin v27.3 - https:\/\/yoast.com\/product\/yoast-seo-wordpress\/ -->\n<title>Campa\u00f1as para peluquer\u00eda profesional<\/title>\n<meta name=\"description\" content=\"Campa\u00f1as exclusivas, creadas especialmente para profesionales de la belleza que buscan calidad a precios irresistibles.\" \/>\n<meta name=\"robots\" content=\"index, follow, max-snippet:-1, max-image-preview:large, max-video-preview:-1\" \/>\n<link rel=\"canonical\" href=\"https:\/\/www.sopro.pt\/es\/campanhas-para-peluqueria-profesional\/\" \/>\n<meta property=\"og:locale\" content=\"es_ES\" \/>\n<meta property=\"og:type\" content=\"article\" \/>\n<meta property=\"og:title\" content=\"Campa\u00f1as para peluquer\u00eda profesional\" \/>\n<meta property=\"og:description\" content=\"Campa\u00f1as exclusivas, creadas especialmente para profesionales de la belleza que buscan calidad a precios irresistibles.\" \/>\n<meta property=\"og:url\" content=\"https:\/\/www.sopro.pt\/es\/campanhas-para-peluqueria-profesional\/\" \/>\n<meta property=\"og:site_name\" content=\"Sopro - Equipamentos el\u00e9tricos para cabeleireiro\" \/>\n<meta property=\"article:publisher\" content=\"https:\/\/www.facebook.com\/soproprofessionals\/\" \/>\n<meta property=\"article:modified_time\" content=\"2026-01-30T10:45:47+00:00\" \/>\n<meta name=\"twitter:card\" content=\"summary_large_image\" \/>\n<script type=\"application\/ld+json\" class=\"yoast-schema-graph\">{\"@context\":\"https:\\\/\\\/schema.org\",\"@graph\":[{\"@type\":\"WebPage\",\"@id\":\"https:\\\/\\\/www.sopro.pt\\\/es\\\/campanhas-para-peluqueria-profesional\\\/\",\"url\":\"https:\\\/\\\/www.sopro.pt\\\/es\\\/campanhas-para-peluqueria-profesional\\\/\",\"name\":\"Campa\u00f1as para peluquer\u00eda profesional\",\"isPartOf\":{\"@id\":\"https:\\\/\\\/www.sopro.pt\\\/es\\\/#website\"},\"datePublished\":\"2024-01-06T16:46:56+00:00\",\"dateModified\":\"2026-01-30T10:45:47+00:00\",\"description\":\"Campa\u00f1as exclusivas, creadas especialmente para profesionales de la belleza que buscan calidad a precios irresistibles.\",\"breadcrumb\":{\"@id\":\"https:\\\/\\\/www.sopro.pt\\\/es\\\/campanhas-para-peluqueria-profesional\\\/#breadcrumb\"},\"inLanguage\":\"es\",\"potentialAction\":[{\"@type\":\"ReadAction\",\"target\":[\"https:\\\/\\\/www.sopro.pt\\\/es\\\/campanhas-para-peluqueria-profesional\\\/\"]}]},{\"@type\":\"BreadcrumbList\",\"@id\":\"https:\\\/\\\/www.sopro.pt\\\/es\\\/campanhas-para-peluqueria-profesional\\\/#breadcrumb\",\"itemListElement\":[{\"@type\":\"ListItem\",\"position\":1,\"name\":\"In\u00edcio\",\"item\":\"https:\\\/\\\/www.sopro.pt\\\/es\\\/home-2\\\/\"},{\"@type\":\"ListItem\",\"position\":2,\"name\":\"Campa\u00f1as\"}]},{\"@type\":\"WebSite\",\"@id\":\"https:\\\/\\\/www.sopro.pt\\\/es\\\/#website\",\"url\":\"https:\\\/\\\/www.sopro.pt\\\/es\\\/\",\"name\":\"Sopro Professionals\",\"description\":\"Professional - Equipamentos el\u00e9tricos para cabeleireiro. A Sopro \u00e9 uma marca Portuguesa de equipamentos el\u00e9tricos do setor profissional de cabeleireiro.\",\"publisher\":{\"@id\":\"https:\\\/\\\/www.sopro.pt\\\/es\\\/#organization\"},\"alternateName\":\"Sopro\",\"potentialAction\":[{\"@type\":\"SearchAction\",\"target\":{\"@type\":\"EntryPoint\",\"urlTemplate\":\"https:\\\/\\\/www.sopro.pt\\\/es\\\/?s={search_term_string}\"},\"query-input\":{\"@type\":\"PropertyValueSpecification\",\"valueRequired\":true,\"valueName\":\"search_term_string\"}}],\"inLanguage\":\"es\"},{\"@type\":\"Organization\",\"@id\":\"https:\\\/\\\/www.sopro.pt\\\/es\\\/#organization\",\"name\":\"Sopro Professionals\",\"url\":\"https:\\\/\\\/www.sopro.pt\\\/es\\\/\",\"logo\":{\"@type\":\"ImageObject\",\"inLanguage\":\"es\",\"@id\":\"https:\\\/\\\/www.sopro.pt\\\/es\\\/#\\\/schema\\\/logo\\\/image\\\/\",\"url\":\"https:\\\/\\\/www.sopro.pt\\\/wp-content\\\/uploads\\\/2024\\\/01\\\/SOPRO-PROFESSIONALS-FAVICON-web.svg\",\"contentUrl\":\"https:\\\/\\\/www.sopro.pt\\\/wp-content\\\/uploads\\\/2024\\\/01\\\/SOPRO-PROFESSIONALS-FAVICON-web.svg\",\"width\":512,\"height\":512,\"caption\":\"Sopro Professionals\"},\"image\":{\"@id\":\"https:\\\/\\\/www.sopro.pt\\\/es\\\/#\\\/schema\\\/logo\\\/image\\\/\"},\"sameAs\":[\"https:\\\/\\\/www.facebook.com\\\/soproprofessionals\\\/\",\"https:\\\/\\\/www.instagram.com\\\/sopro_professionals\\\/\"]}]}<\/script>\n<!-- \/ Yoast SEO plugin. -->","yoast_head_json":{"title":"Campa\u00f1as para peluquer\u00eda profesional","description":"Campa\u00f1as exclusivas, creadas especialmente para profesionales de la belleza que buscan calidad a precios irresistibles.","robots":{"index":"index","follow":"follow","max-snippet":"max-snippet:-1","max-image-preview":"max-image-preview:large","max-video-preview":"max-video-preview:-1"},"canonical":"https:\/\/www.sopro.pt\/es\/campanhas-para-peluqueria-profesional\/","og_locale":"es_ES","og_type":"article","og_title":"Campa\u00f1as para peluquer\u00eda profesional","og_description":"Campa\u00f1as exclusivas, creadas especialmente para profesionales de la belleza que buscan calidad a precios irresistibles.","og_url":"https:\/\/www.sopro.pt\/es\/campanhas-para-peluqueria-profesional\/","og_site_name":"Sopro - Equipamentos el\u00e9tricos para cabeleireiro","article_publisher":"https:\/\/www.facebook.com\/soproprofessionals\/","article_modified_time":"2026-01-30T10:45:47+00:00","twitter_card":"summary_large_image","schema":{"@context":"https:\/\/schema.org","@graph":[{"@type":"WebPage","@id":"https:\/\/www.sopro.pt\/es\/campanhas-para-peluqueria-profesional\/","url":"https:\/\/www.sopro.pt\/es\/campanhas-para-peluqueria-profesional\/","name":"Campa\u00f1as para peluquer\u00eda profesional","isPartOf":{"@id":"https:\/\/www.sopro.pt\/es\/#website"},"datePublished":"2024-01-06T16:46:56+00:00","dateModified":"2026-01-30T10:45:47+00:00","description":"Campa\u00f1as exclusivas, creadas especialmente para profesionales de la belleza que buscan calidad a precios irresistibles.","breadcrumb":{"@id":"https:\/\/www.sopro.pt\/es\/campanhas-para-peluqueria-profesional\/#breadcrumb"},"inLanguage":"es","potentialAction":[{"@type":"ReadAction","target":["https:\/\/www.sopro.pt\/es\/campanhas-para-peluqueria-profesional\/"]}]},{"@type":"BreadcrumbList","@id":"https:\/\/www.sopro.pt\/es\/campanhas-para-peluqueria-profesional\/#breadcrumb","itemListElement":[{"@type":"ListItem","position":1,"name":"In\u00edcio","item":"https:\/\/www.sopro.pt\/es\/home-2\/"},{"@type":"ListItem","position":2,"name":"Campa\u00f1as"}]},{"@type":"WebSite","@id":"https:\/\/www.sopro.pt\/es\/#website","url":"https:\/\/www.sopro.pt\/es\/","name":"Sopro Professionals","description":"Professional - Equipamentos el\u00e9tricos para cabeleireiro. A Sopro \u00e9 uma marca Portuguesa de equipamentos el\u00e9tricos do setor profissional de cabeleireiro.","publisher":{"@id":"https:\/\/www.sopro.pt\/es\/#organization"},"alternateName":"Sopro","potentialAction":[{"@type":"SearchAction","target":{"@type":"EntryPoint","urlTemplate":"https:\/\/www.sopro.pt\/es\/?s={search_term_string}"},"query-input":{"@type":"PropertyValueSpecification","valueRequired":true,"valueName":"search_term_string"}}],"inLanguage":"es"},{"@type":"Organization","@id":"https:\/\/www.sopro.pt\/es\/#organization","name":"Sopro Professionals","url":"https:\/\/www.sopro.pt\/es\/","logo":{"@type":"ImageObject","inLanguage":"es","@id":"https:\/\/www.sopro.pt\/es\/#\/schema\/logo\/image\/","url":"https:\/\/www.sopro.pt\/wp-content\/uploads\/2024\/01\/SOPRO-PROFESSIONALS-FAVICON-web.svg","contentUrl":"https:\/\/www.sopro.pt\/wp-content\/uploads\/2024\/01\/SOPRO-PROFESSIONALS-FAVICON-web.svg","width":512,"height":512,"caption":"Sopro Professionals"},"image":{"@id":"https:\/\/www.sopro.pt\/es\/#\/schema\/logo\/image\/"},"sameAs":["https:\/\/www.facebook.com\/soproprofessionals\/","https:\/\/www.instagram.com\/sopro_professionals\/"]}]}},"_links":{"self":[{"href":"https:\/\/www.sopro.pt\/es\/wp-json\/wp\/v2\/pages\/10535","targetHints":{"allow":["GET"]}}],"collection":[{"href":"https:\/\/www.sopro.pt\/es\/wp-json\/wp\/v2\/pages"}],"about":[{"href":"https:\/\/www.sopro.pt\/es\/wp-json\/wp\/v2\/types\/page"}],"author":[{"embeddable":true,"href":"https:\/\/www.sopro.pt\/es\/wp-json\/wp\/v2\/users\/7"}],"replies":[{"embeddable":true,"href":"https:\/\/www.sopro.pt\/es\/wp-json\/wp\/v2\/comments?post=10535"}],"version-history":[{"count":12,"href":"https:\/\/www.sopro.pt\/es\/wp-json\/wp\/v2\/pages\/10535\/revisions"}],"predecessor-version":[{"id":12750,"href":"https:\/\/www.sopro.pt\/es\/wp-json\/wp\/v2\/pages\/10535\/revisions\/12750"}],"wp:attachment":[{"href":"https:\/\/www.sopro.pt\/es\/wp-json\/wp\/v2\/media?parent=10535"}],"curies":[{"name":"wp","href":"https:\/\/api.w.org\/{rel}","templated":true}]}}