{"id":10519,"date":"2024-01-06T16:47:11","date_gmt":"2024-01-06T16:47:11","guid":{"rendered":"https:\/\/www.sopro.pt\/cepillos\/"},"modified":"2026-01-28T14:12:05","modified_gmt":"2026-01-28T14:12:05","slug":"cepillos","status":"publish","type":"page","link":"https:\/\/www.sopro.pt\/es\/cepillos\/","title":{"rendered":"Cepillos"},"content":{"rendered":"\t\t<div data-elementor-type=\"wp-page\" data-elementor-id=\"10519\" class=\"elementor elementor-10519 elementor-8758\" data-elementor-post-type=\"page\">\n\t\t\t\t\t\t<section class=\"elementor-section elementor-top-section elementor-element elementor-element-7d6f7f1d elementor-section-boxed elementor-section-height-default elementor-section-height-default\" data-id=\"7d6f7f1d\" data-element_type=\"section\" data-e-type=\"section\" data-settings=\"{&quot;background_background&quot;:&quot;classic&quot;}\">\n\t\t\t\t\t\t<div class=\"elementor-container elementor-column-gap-default\">\n\t\t\t\t\t<div class=\"elementor-column elementor-col-100 elementor-top-column elementor-element elementor-element-72c93c32\" data-id=\"72c93c32\" data-element_type=\"column\" data-e-type=\"column\">\n\t\t\t<div class=\"elementor-widget-wrap elementor-element-populated\">\n\t\t\t\t\t\t<div class=\"elementor-element elementor-element-4888d62b elementor-widget elementor-widget-heading\" data-id=\"4888d62b\" data-element_type=\"widget\" data-e-type=\"widget\" data-widget_type=\"heading.default\">\n\t\t\t\t<div class=\"elementor-widget-container\">\n\t\t\t\t\t<h1 class=\"elementor-heading-title elementor-size-default\">CEPILLOS<\/h1>\t\t\t\t<\/div>\n\t\t\t\t<\/div>\n\t\t\t\t\t<\/div>\n\t\t<\/div>\n\t\t\t\t\t<\/div>\n\t\t<\/section>\n\t\t\t\t<section class=\"elementor-section elementor-top-section elementor-element elementor-element-6793e9da elementor-section-boxed elementor-section-height-default elementor-section-height-default\" data-id=\"6793e9da\" data-element_type=\"section\" data-e-type=\"section\" data-settings=\"{&quot;motion_fx_motion_fx_scrolling&quot;:&quot;yes&quot;,&quot;background_background&quot;:&quot;classic&quot;,&quot;motion_fx_translateY_effect&quot;:&quot;yes&quot;,&quot;motion_fx_translateY_speed&quot;:{&quot;unit&quot;:&quot;px&quot;,&quot;size&quot;:5.4000000000000003552713678800500929355621337890625,&quot;sizes&quot;:[]},&quot;motion_fx_translateY_affectedRange&quot;:{&quot;unit&quot;:&quot;%&quot;,&quot;size&quot;:&quot;&quot;,&quot;sizes&quot;:{&quot;start&quot;:44,&quot;end&quot;:59}},&quot;motion_fx_devices&quot;:[&quot;desktop&quot;,&quot;laptop&quot;,&quot;tablet&quot;,&quot;mobile_extra&quot;,&quot;mobile&quot;]}\">\n\t\t\t\t\t\t<div class=\"elementor-container elementor-column-gap-default\">\n\t\t\t\t\t<div class=\"elementor-column elementor-col-100 elementor-top-column elementor-element elementor-element-18091a28\" data-id=\"18091a28\" data-element_type=\"column\" data-e-type=\"column\">\n\t\t\t<div class=\"elementor-widget-wrap elementor-element-populated\">\n\t\t\t\t\t\t<div class=\"elementor-element elementor-element-479dffa4 elementor-widget elementor-widget-heading\" data-id=\"479dffa4\" data-element_type=\"widget\" data-e-type=\"widget\" data-widget_type=\"heading.default\">\n\t\t\t\t<div class=\"elementor-widget-container\">\n\t\t\t\t\t<h2 class=\"elementor-heading-title elementor-size-default\">cepillos t\u00e9rmicos profesionales<\/h2>\t\t\t\t<\/div>\n\t\t\t\t<\/div>\n\t\t\t\t<div class=\"elementor-element elementor-element-74bec5f8 elementor-widget-divider--view-line elementor-widget elementor-widget-divider\" data-id=\"74bec5f8\" data-element_type=\"widget\" data-e-type=\"widget\" data-widget_type=\"divider.default\">\n\t\t\t\t<div class=\"elementor-widget-container\">\n\t\t\t\t\t\t\t<div class=\"elementor-divider\">\n\t\t\t<span class=\"elementor-divider-separator\">\n\t\t\t\t\t\t<\/span>\n\t\t<\/div>\n\t\t\t\t\t\t<\/div>\n\t\t\t\t<\/div>\n\t\t\t\t<section class=\"elementor-section elementor-inner-section elementor-element elementor-element-27fe439d elementor-reverse-tablet elementor-reverse-mobile elementor-section-boxed elementor-section-height-default elementor-section-height-default\" data-id=\"27fe439d\" data-element_type=\"section\" data-e-type=\"section\">\n\t\t\t\t\t\t<div class=\"elementor-container elementor-column-gap-default\">\n\t\t\t\t\t<div class=\"elementor-column elementor-col-50 elementor-inner-column elementor-element elementor-element-65aaa864\" data-id=\"65aaa864\" data-element_type=\"column\" data-e-type=\"column\">\n\t\t\t<div class=\"elementor-widget-wrap\">\n\t\t\t\t\t\t\t<\/div>\n\t\t<\/div>\n\t\t\t\t<div class=\"elementor-column elementor-col-50 elementor-inner-column elementor-element elementor-element-5c16f51a\" data-id=\"5c16f51a\" data-element_type=\"column\" data-e-type=\"column\">\n\t\t\t<div class=\"elementor-widget-wrap elementor-element-populated\">\n\t\t\t\t\t\t<div class=\"elementor-element elementor-element-67790fdb elementor-widget elementor-widget-text-editor\" data-id=\"67790fdb\" data-element_type=\"widget\" data-e-type=\"widget\" data-widget_type=\"text-editor.default\">\n\t\t\t\t<div class=\"elementor-widget-container\">\n\t\t\t\t\t\t\t\t\t<p>Cada cepillo cuenta con cerdas de nailon y de jabal\u00ed, lo que proporciona el equilibrio perfecto entre desenredar suavemente y peinar con precisi\u00f3n.<\/p><p>Ya sea para peinados elegantes o alisamientos impecables, estos cepillos son imprescindibles para cualquier profesional de la belleza.<\/p>\t\t\t\t\t\t\t\t<\/div>\n\t\t\t\t<\/div>\n\t\t\t\t\t<\/div>\n\t\t<\/div>\n\t\t\t\t\t<\/div>\n\t\t<\/section>\n\t\t\t\t<section class=\"elementor-section elementor-inner-section elementor-element elementor-element-6390a244 elementor-reverse-tablet elementor-section-boxed elementor-section-height-default elementor-section-height-default\" data-id=\"6390a244\" data-element_type=\"section\" data-e-type=\"section\">\n\t\t\t\t\t\t<div class=\"elementor-container elementor-column-gap-default\">\n\t\t\t\t\t<div class=\"elementor-column elementor-col-50 elementor-inner-column elementor-element elementor-element-357e05cc\" data-id=\"357e05cc\" data-element_type=\"column\" data-e-type=\"column\">\n\t\t\t<div class=\"elementor-widget-wrap elementor-element-populated\">\n\t\t\t\t\t\t<div class=\"elementor-element elementor-element-37f32 elementor-grid-1 elementor-product-loop-item--align-left elementor-grid-tablet-1 elementor-grid-mobile-1 elementor-products-grid elementor-wc-products elementor-widget elementor-widget-woocommerce-products\" data-id=\"37f32\" data-element_type=\"widget\" data-e-type=\"widget\" data-widget_type=\"woocommerce-products.default\">\n\t\t\t\t<div class=\"elementor-widget-container\">\n\t\t\t\t\t<div class=\"woocommerce columns-1 \"><ul class=\"products elementor-grid columns-1\">\n<li class=\"product type-product post-10812 status-publish first instock product_cat-campanas-exclusivo-profesionales product_cat-todas-las-categorias has-post-thumbnail sale shipping-taxable purchasable product-type-simple\">\n\t<a href=\"https:\/\/www.sopro.pt\/es\/produto\/campanha-4-escovas-termicas\/\" class=\"woocommerce-LoopProduct-link woocommerce-loop-product__link\">\n\t<span class=\"onsale\">\u00a1Oferta!<\/span>\n\t<img fetchpriority=\"high\" decoding=\"async\" width=\"300\" height=\"300\" src=\"https:\/\/www.sopro.pt\/wp-content\/uploads\/2023\/03\/campanha-escovas-termicas-300x300.jpg\" class=\"attachment-woocommerce_thumbnail size-woocommerce_thumbnail\" alt=\"Escovas T\u00e9rmicas - Sopro Professionals\" srcset=\"https:\/\/www.sopro.pt\/wp-content\/uploads\/2023\/03\/campanha-escovas-termicas-300x300.jpg 300w, https:\/\/www.sopro.pt\/wp-content\/uploads\/2023\/03\/campanha-escovas-termicas-100x100.jpg 100w, https:\/\/www.sopro.pt\/wp-content\/uploads\/2023\/03\/campanha-escovas-termicas-600x600.jpg 600w, https:\/\/www.sopro.pt\/wp-content\/uploads\/2023\/03\/campanha-escovas-termicas.jpg 1080w\" sizes=\"(max-width: 300px) 100vw, 300px\" \/><h2 class=\"woocommerce-loop-product__title\">CAMPA\u00d1A 4 CEPILLOS T\u00c9RMICOS + 1<\/h2>\n\t<span class=\"price\"><del aria-hidden=\"true\"><span class=\"woocommerce-Price-amount amount\"><bdi>94.00&nbsp;<span class=\"woocommerce-Price-currencySymbol\">&euro;<\/span><\/bdi><\/span><\/del> <span class=\"screen-reader-text\">El precio original era: 94.00&nbsp;&euro;.<\/span><ins aria-hidden=\"true\"><span class=\"woocommerce-Price-amount amount\"><bdi>86.00&nbsp;<span class=\"woocommerce-Price-currencySymbol\">&euro;<\/span><\/bdi><\/span><\/ins><span class=\"screen-reader-text\">El precio actual es: 86.00&nbsp;&euro;.<\/span><\/span>\n<\/a><div class=\"woocommerce-loop-product__buttons\"><a href=\"\/es\/wp-json\/wp\/v2\/pages\/10519?add-to-cart=10812\" aria-describedby=\"woocommerce_loop_add_to_cart_link_describedby_10812\" data-quantity=\"1\" class=\"button product_type_simple add_to_cart_button ajax_add_to_cart\" data-product_id=\"10812\" data-product_sku=\"PACKESCOVASTERMICAS+1\" aria-label=\"A\u00f1adir al carrito: &ldquo;CAMPA\u00d1A 4 CEPILLOS T\u00c9RMICOS + 1&rdquo;\" rel=\"nofollow\" data-success_message=\"\u00abCAMPA\u00d1A 4 CEPILLOS T\u00c9RMICOS + 1\u00bb se ha a\u00f1adido a tu carrito\" role=\"button\">A\u00f1adir al carrito<\/a><\/div>\t<span id=\"woocommerce_loop_add_to_cart_link_describedby_10812\" class=\"screen-reader-text\">\n\t\t\t<\/span>\n<span class=\"gtm4wp_productdata\" style=\"display:none; visibility:hidden;\" data-gtm4wp_product_data=\"{&quot;internal_id&quot;:10812,&quot;item_id&quot;:10812,&quot;item_name&quot;:&quot;CAMPA\\u00d1A 4 CEPILLOS T\\u00c9RMICOS + 1&quot;,&quot;sku&quot;:&quot;PACKESCOVASTERMICAS+1&quot;,&quot;price&quot;:86,&quot;stocklevel&quot;:null,&quot;stockstatus&quot;:&quot;instock&quot;,&quot;google_business_vertical&quot;:&quot;retail&quot;,&quot;item_category&quot;:&quot;Todas las categor\\u00edas&quot;,&quot;id&quot;:10812,&quot;productlink&quot;:&quot;https:\\\/\\\/www.sopro.pt\\\/es\\\/produto\\\/campanha-4-escovas-termicas\\\/&quot;,&quot;item_list_name&quot;:&quot;Lista general de productos&quot;,&quot;index&quot;:1,&quot;product_type&quot;:&quot;simple&quot;,&quot;item_brand&quot;:&quot;&quot;}\"><\/span><\/li>\n<\/ul>\n<\/div>\t\t\t\t<\/div>\n\t\t\t\t<\/div>\n\t\t\t\t\t<\/div>\n\t\t<\/div>\n\t\t\t\t<div class=\"elementor-column elementor-col-50 elementor-inner-column elementor-element elementor-element-416f7f44\" data-id=\"416f7f44\" data-element_type=\"column\" data-e-type=\"column\">\n\t\t\t<div class=\"elementor-widget-wrap elementor-element-populated\">\n\t\t\t\t\t\t<div class=\"elementor-element elementor-element-4ad089d0 elementor-product-loop-item--align-left elementor-grid-mobile-1 elementor-grid-1 elementor-grid-tablet-1 elementor-products-grid elementor-wc-products elementor-widget elementor-widget-woocommerce-products\" data-id=\"4ad089d0\" data-element_type=\"widget\" data-e-type=\"widget\" data-widget_type=\"woocommerce-products.default\">\n\t\t\t\t<div class=\"elementor-widget-container\">\n\t\t\t\t\t<div class=\"woocommerce columns-1 \"><ul class=\"products elementor-grid columns-1\">\n<li class=\"wpzoom-wc-spi-has-enabled product type-product post-10894 status-publish first instock product_cat-cepillos-peines product_cat-peluqueria product_cat-todas-las-categorias has-post-thumbnail shipping-taxable purchasable product-type-variable\">\n\t<a href=\"https:\/\/www.sopro.pt\/es\/produto\/cepillo-termico-estocolmo\/\" class=\"woocommerce-LoopProduct-link woocommerce-loop-product__link\"><img decoding=\"async\" width=\"300\" height=\"300\" src=\"https:\/\/www.sopro.pt\/wp-content\/uploads\/2022\/06\/SOPRO-ESCOVA-TERMICA-ESTOCOLMO-300x300.png\" class=\"attachment-woocommerce_thumbnail size-woocommerce_thumbnail\" alt=\"SOPRO - ESCOVA T\u00c9RMICA ESTOCOLMO\" srcset=\"https:\/\/www.sopro.pt\/wp-content\/uploads\/2022\/06\/SOPRO-ESCOVA-TERMICA-ESTOCOLMO-300x300.png 300w, https:\/\/www.sopro.pt\/wp-content\/uploads\/2022\/06\/SOPRO-ESCOVA-TERMICA-ESTOCOLMO-100x100.png 100w, https:\/\/www.sopro.pt\/wp-content\/uploads\/2022\/06\/SOPRO-ESCOVA-TERMICA-ESTOCOLMO-600x600.png 600w, https:\/\/www.sopro.pt\/wp-content\/uploads\/2022\/06\/SOPRO-ESCOVA-TERMICA-ESTOCOLMO.png 1080w\" sizes=\"(max-width: 300px) 100vw, 300px\" \/><div class=\"wpzoom-secondary-image-container\"><img decoding=\"async\" width=\"300\" height=\"300\" src=\"https:\/\/www.sopro.pt\/wp-content\/uploads\/2022\/06\/SOPRO-ESCOVA-TERMICA-ESTOCOLMO-4-300x300.jpg\" class=\"attachment-woocommerce_thumbnail wpzoom-wc-spi-secondary-img wpzoom-wc-spi-transition\" alt=\"SOPRO ESCOVA T\u00c9RMICA ESTOCOLMO\" srcset=\"https:\/\/www.sopro.pt\/wp-content\/uploads\/2022\/06\/SOPRO-ESCOVA-TERMICA-ESTOCOLMO-4-300x300.jpg 300w, https:\/\/www.sopro.pt\/wp-content\/uploads\/2022\/06\/SOPRO-ESCOVA-TERMICA-ESTOCOLMO-4-100x100.jpg 100w, https:\/\/www.sopro.pt\/wp-content\/uploads\/2022\/06\/SOPRO-ESCOVA-TERMICA-ESTOCOLMO-4-600x600.jpg 600w, https:\/\/www.sopro.pt\/wp-content\/uploads\/2022\/06\/SOPRO-ESCOVA-TERMICA-ESTOCOLMO-4.jpg 1080w\" sizes=\"(max-width: 300px) 100vw, 300px\" \/><\/div><h2 class=\"woocommerce-loop-product__title\">CEPILLO T\u00c9RMICO ESTOCOLMO<\/h2>\n\t<span class=\"price\"><span class=\"woocommerce-Price-amount amount\" aria-hidden=\"true\"><bdi>19.00&nbsp;<span class=\"woocommerce-Price-currencySymbol\">&euro;<\/span><\/bdi><\/span> <span aria-hidden=\"true\">-<\/span> <span class=\"woocommerce-Price-amount amount\" aria-hidden=\"true\"><bdi>20.00&nbsp;<span class=\"woocommerce-Price-currencySymbol\">&euro;<\/span><\/bdi><\/span><span class=\"screen-reader-text\">Rango de precios: desde 19.00&nbsp;&euro; hasta 20.00&nbsp;&euro;<\/span><\/span>\n<\/a><div class=\"woocommerce-loop-product__buttons\"><a href=\"https:\/\/www.sopro.pt\/es\/produto\/cepillo-termico-estocolmo\/\" aria-describedby=\"woocommerce_loop_add_to_cart_link_describedby_10894\" data-quantity=\"1\" class=\"button product_type_variable add_to_cart_button cfvsw_ajax_add_to_cart\" data-product_id=\"10894\" data-product_sku=\"ESCTERMEST35\" aria-label=\"Elige las opciones para &ldquo;CEPILLO T\u00c9RMICO ESTOCOLMO&rdquo;\" rel=\"nofollow\" data-add_to_cart_text=\"A\u00f1adir al carrito\" data-select_options_text=\"Seleccionar opciones\">Seleccionar opciones<\/a><\/div>\t<span id=\"woocommerce_loop_add_to_cart_link_describedby_10894\" class=\"screen-reader-text\">\n\t\tEste producto tiene m\u00faltiples variantes. Las opciones se pueden elegir en la p\u00e1gina de producto\t<\/span>\n<span class=\"gtm4wp_productdata\" style=\"display:none; visibility:hidden;\" data-gtm4wp_product_data=\"{&quot;internal_id&quot;:10894,&quot;item_id&quot;:10894,&quot;item_name&quot;:&quot;CEPILLO T\\u00c9RMICO ESTOCOLMO&quot;,&quot;sku&quot;:&quot;ESCTERMEST35&quot;,&quot;price&quot;:19,&quot;stocklevel&quot;:null,&quot;stockstatus&quot;:&quot;instock&quot;,&quot;google_business_vertical&quot;:&quot;retail&quot;,&quot;item_category&quot;:&quot;Todas las categor\\u00edas&quot;,&quot;id&quot;:10894,&quot;productlink&quot;:&quot;https:\\\/\\\/www.sopro.pt\\\/es\\\/produto\\\/cepillo-termico-estocolmo\\\/&quot;,&quot;item_list_name&quot;:&quot;Lista general de productos&quot;,&quot;index&quot;:1,&quot;product_type&quot;:&quot;variable&quot;,&quot;item_brand&quot;:&quot;&quot;}\"><\/span><\/li>\n<\/ul>\n<\/div>\t\t\t\t<\/div>\n\t\t\t\t<\/div>\n\t\t\t\t\t<\/div>\n\t\t<\/div>\n\t\t\t\t\t<\/div>\n\t\t<\/section>\n\t\t\t\t\t<\/div>\n\t\t<\/div>\n\t\t\t\t\t<\/div>\n\t\t<\/section>\n\t\t\t\t<section class=\"elementor-section elementor-top-section elementor-element elementor-element-3e706da elementor-section-boxed elementor-section-height-default elementor-section-height-default\" data-id=\"3e706da\" data-element_type=\"section\" data-e-type=\"section\" data-settings=\"{&quot;motion_fx_motion_fx_scrolling&quot;:&quot;yes&quot;,&quot;background_background&quot;:&quot;classic&quot;,&quot;motion_fx_translateY_effect&quot;:&quot;yes&quot;,&quot;motion_fx_translateY_speed&quot;:{&quot;unit&quot;:&quot;px&quot;,&quot;size&quot;:5.4000000000000003552713678800500929355621337890625,&quot;sizes&quot;:[]},&quot;motion_fx_translateY_affectedRange&quot;:{&quot;unit&quot;:&quot;%&quot;,&quot;size&quot;:&quot;&quot;,&quot;sizes&quot;:{&quot;start&quot;:44,&quot;end&quot;:59}},&quot;motion_fx_devices&quot;:[&quot;desktop&quot;,&quot;laptop&quot;,&quot;tablet&quot;,&quot;mobile_extra&quot;,&quot;mobile&quot;]}\">\n\t\t\t\t\t\t<div class=\"elementor-container elementor-column-gap-default\">\n\t\t\t\t\t<div class=\"elementor-column elementor-col-100 elementor-top-column elementor-element elementor-element-25e3fd4a\" data-id=\"25e3fd4a\" data-element_type=\"column\" data-e-type=\"column\">\n\t\t\t<div class=\"elementor-widget-wrap elementor-element-populated\">\n\t\t\t\t\t\t<div class=\"elementor-element elementor-element-26e5ef8d elementor-widget elementor-widget-heading\" data-id=\"26e5ef8d\" data-element_type=\"widget\" data-e-type=\"widget\" data-widget_type=\"heading.default\">\n\t\t\t\t<div class=\"elementor-widget-container\">\n\t\t\t\t\t<h2 class=\"elementor-heading-title elementor-size-default\">CEPILLOS DESENREDANTES<\/h2>\t\t\t\t<\/div>\n\t\t\t\t<\/div>\n\t\t\t\t<div class=\"elementor-element elementor-element-84f489b elementor-widget-divider--view-line elementor-widget elementor-widget-divider\" data-id=\"84f489b\" data-element_type=\"widget\" data-e-type=\"widget\" data-widget_type=\"divider.default\">\n\t\t\t\t<div class=\"elementor-widget-container\">\n\t\t\t\t\t\t\t<div class=\"elementor-divider\">\n\t\t\t<span class=\"elementor-divider-separator\">\n\t\t\t\t\t\t<\/span>\n\t\t<\/div>\n\t\t\t\t\t\t<\/div>\n\t\t\t\t<\/div>\n\t\t\t\t<section class=\"elementor-section elementor-inner-section elementor-element elementor-element-2be9f9ea elementor-reverse-tablet elementor-reverse-mobile elementor-section-boxed elementor-section-height-default elementor-section-height-default\" data-id=\"2be9f9ea\" data-element_type=\"section\" data-e-type=\"section\">\n\t\t\t\t\t\t<div class=\"elementor-container elementor-column-gap-default\">\n\t\t\t\t\t<div class=\"elementor-column elementor-col-50 elementor-inner-column elementor-element elementor-element-247485c9\" data-id=\"247485c9\" data-element_type=\"column\" data-e-type=\"column\">\n\t\t\t<div class=\"elementor-widget-wrap\">\n\t\t\t\t\t\t\t<\/div>\n\t\t<\/div>\n\t\t\t\t<div class=\"elementor-column elementor-col-50 elementor-inner-column elementor-element elementor-element-52bed58c\" data-id=\"52bed58c\" data-element_type=\"column\" data-e-type=\"column\">\n\t\t\t<div class=\"elementor-widget-wrap elementor-element-populated\">\n\t\t\t\t\t\t<div class=\"elementor-element elementor-element-18e92c14 elementor-widget elementor-widget-text-editor\" data-id=\"18e92c14\" data-element_type=\"widget\" data-e-type=\"widget\" data-widget_type=\"text-editor.default\">\n\t\t\t\t<div class=\"elementor-widget-container\">\n\t\t\t\t\t\t\t\t\t<p>Nuestros cepillos desenredantes no s\u00f3lo son coloridos, \u00a1son extraordinarios!<\/p><p>Con cerdas de javal\u00ed e pines de nylon, deslizan suavemente por el cabello, desenredando casi imperceptiblemente.<\/p><p>Ligero, f\u00e1cil de usar y disponible en 5 colores vibrantes para combinar con el estilo de tus clientes.<\/p><p>\u00a1Transforma tu ritual de peinado en una experiencia suave y eficaz!<\/p><p><\/p><p><\/p>\t\t\t\t\t\t\t\t<\/div>\n\t\t\t\t<\/div>\n\t\t\t\t\t<\/div>\n\t\t<\/div>\n\t\t\t\t\t<\/div>\n\t\t<\/section>\n\t\t\t\t<section class=\"elementor-section elementor-inner-section elementor-element elementor-element-5923efa3 elementor-reverse-tablet elementor-reverse-mobile elementor-section-boxed elementor-section-height-default elementor-section-height-default\" data-id=\"5923efa3\" data-element_type=\"section\" data-e-type=\"section\">\n\t\t\t\t\t\t<div class=\"elementor-container elementor-column-gap-default\">\n\t\t\t\t\t<div class=\"elementor-column elementor-col-50 elementor-inner-column elementor-element elementor-element-6f58c3fd\" data-id=\"6f58c3fd\" data-element_type=\"column\" data-e-type=\"column\">\n\t\t\t<div class=\"elementor-widget-wrap elementor-element-populated\">\n\t\t\t\t\t\t<div class=\"elementor-element elementor-element-647624c8 elementor-grid-1 elementor-product-loop-item--align-left elementor-grid-tablet-1 elementor-grid-mobile-1 elementor-products-grid elementor-wc-products elementor-widget elementor-widget-woocommerce-products\" data-id=\"647624c8\" data-element_type=\"widget\" data-e-type=\"widget\" data-widget_type=\"woocommerce-products.default\">\n\t\t\t\t<div class=\"elementor-widget-container\">\n\t\t\t\t\t<div class=\"woocommerce columns-1 \"><ul class=\"products elementor-grid columns-1\">\n<li class=\"wpzoom-wc-spi-has-enabled product type-product post-10818 status-publish first instock product_cat-campanas-exclusivo-profesionales product_cat-todas-las-categorias has-post-thumbnail sale shipping-taxable purchasable product-type-simple\">\n\t<a href=\"https:\/\/www.sopro.pt\/es\/produto\/campanha-escovas-desembaracar\/\" class=\"woocommerce-LoopProduct-link woocommerce-loop-product__link\">\n\t<span class=\"onsale\">\u00a1Oferta!<\/span>\n\t<img loading=\"lazy\" decoding=\"async\" width=\"300\" height=\"300\" src=\"https:\/\/www.sopro.pt\/wp-content\/uploads\/2023\/03\/SOPRO-Campanha-ESCOVAS-DE-DESEMBARACAR-300x300.webp\" class=\"attachment-woocommerce_thumbnail size-woocommerce_thumbnail\" alt=\"Campanha Escovas Desembara\u00e7ar\" srcset=\"https:\/\/www.sopro.pt\/wp-content\/uploads\/2023\/03\/SOPRO-Campanha-ESCOVAS-DE-DESEMBARACAR-300x300.webp 300w, https:\/\/www.sopro.pt\/wp-content\/uploads\/2023\/03\/SOPRO-Campanha-ESCOVAS-DE-DESEMBARACAR-600x600.webp 600w, https:\/\/www.sopro.pt\/wp-content\/uploads\/2023\/03\/SOPRO-Campanha-ESCOVAS-DE-DESEMBARACAR-100x100.webp 100w, https:\/\/www.sopro.pt\/wp-content\/uploads\/2023\/03\/SOPRO-Campanha-ESCOVAS-DE-DESEMBARACAR.webp 1080w\" sizes=\"(max-width: 300px) 100vw, 300px\" \/><div class=\"wpzoom-secondary-image-container\"><img loading=\"lazy\" decoding=\"async\" width=\"300\" height=\"300\" src=\"https:\/\/www.sopro.pt\/wp-content\/uploads\/2022\/12\/117-300x300.webp\" class=\"attachment-woocommerce_thumbnail wpzoom-wc-spi-secondary-img wpzoom-wc-spi-transition\" alt=\"Escovas Desembara\u00e7ar - Sopro Professionals\" srcset=\"https:\/\/www.sopro.pt\/wp-content\/uploads\/2022\/12\/117-300x300.webp 300w, https:\/\/www.sopro.pt\/wp-content\/uploads\/2022\/12\/117-600x600.webp 600w, https:\/\/www.sopro.pt\/wp-content\/uploads\/2022\/12\/117-100x100.webp 100w, https:\/\/www.sopro.pt\/wp-content\/uploads\/2022\/12\/117.webp 1080w\" sizes=\"(max-width: 300px) 100vw, 300px\" \/><\/div><h2 class=\"woocommerce-loop-product__title\">CAMPA\u00d1A 15 CEPILLOS + EXPOSITOR<\/h2>\n\t<span class=\"price\"><del aria-hidden=\"true\"><span class=\"woocommerce-Price-amount amount\"><bdi>240.00&nbsp;<span class=\"woocommerce-Price-currencySymbol\">&euro;<\/span><\/bdi><\/span><\/del> <span class=\"screen-reader-text\">El precio original era: 240.00&nbsp;&euro;.<\/span><ins aria-hidden=\"true\"><span class=\"woocommerce-Price-amount amount\"><bdi>120.00&nbsp;<span class=\"woocommerce-Price-currencySymbol\">&euro;<\/span><\/bdi><\/span><\/ins><span class=\"screen-reader-text\">El precio actual es: 120.00&nbsp;&euro;.<\/span><\/span>\n<\/a><div class=\"woocommerce-loop-product__buttons\"><a href=\"\/es\/wp-json\/wp\/v2\/pages\/10519?add-to-cart=10818\" aria-describedby=\"woocommerce_loop_add_to_cart_link_describedby_10818\" data-quantity=\"1\" class=\"button product_type_simple add_to_cart_button ajax_add_to_cart\" data-product_id=\"10818\" data-product_sku=\"CAMPANHA15ESCOVAS\" aria-label=\"A\u00f1adir al carrito: &ldquo;CAMPA\u00d1A 15 CEPILLOS + EXPOSITOR&rdquo;\" rel=\"nofollow\" data-success_message=\"\u00abCAMPA\u00d1A 15 CEPILLOS + EXPOSITOR\u00bb se ha a\u00f1adido a tu carrito\" role=\"button\">A\u00f1adir al carrito<\/a><\/div>\t<span id=\"woocommerce_loop_add_to_cart_link_describedby_10818\" class=\"screen-reader-text\">\n\t\t\t<\/span>\n<span class=\"gtm4wp_productdata\" style=\"display:none; visibility:hidden;\" data-gtm4wp_product_data=\"{&quot;internal_id&quot;:10818,&quot;item_id&quot;:10818,&quot;item_name&quot;:&quot;CAMPA\\u00d1A 15 CEPILLOS + EXPOSITOR&quot;,&quot;sku&quot;:&quot;CAMPANHA15ESCOVAS&quot;,&quot;price&quot;:120,&quot;stocklevel&quot;:null,&quot;stockstatus&quot;:&quot;instock&quot;,&quot;google_business_vertical&quot;:&quot;retail&quot;,&quot;item_category&quot;:&quot;Todas las categor\\u00edas&quot;,&quot;id&quot;:10818,&quot;productlink&quot;:&quot;https:\\\/\\\/www.sopro.pt\\\/es\\\/produto\\\/campanha-escovas-desembaracar\\\/&quot;,&quot;item_list_name&quot;:&quot;Lista general de productos&quot;,&quot;index&quot;:1,&quot;product_type&quot;:&quot;simple&quot;,&quot;item_brand&quot;:&quot;&quot;}\"><\/span><\/li>\n<\/ul>\n<\/div>\t\t\t\t<\/div>\n\t\t\t\t<\/div>\n\t\t\t\t\t<\/div>\n\t\t<\/div>\n\t\t\t\t<div class=\"elementor-column elementor-col-50 elementor-inner-column elementor-element elementor-element-1582242d\" data-id=\"1582242d\" data-element_type=\"column\" data-e-type=\"column\">\n\t\t\t<div class=\"elementor-widget-wrap elementor-element-populated\">\n\t\t\t\t\t\t<div class=\"elementor-element elementor-element-5c3335ee elementor-product-loop-item--align-left elementor-grid-mobile-1 elementor-grid-1 elementor-grid-tablet-1 elementor-products-grid elementor-wc-products elementor-widget elementor-widget-woocommerce-products\" data-id=\"5c3335ee\" data-element_type=\"widget\" data-e-type=\"widget\" data-widget_type=\"woocommerce-products.default\">\n\t\t\t\t<div class=\"elementor-widget-container\">\n\t\t\t\t\t<div class=\"woocommerce columns-1 \"><ul class=\"products elementor-grid columns-1\">\n<li class=\"wpzoom-wc-spi-has-enabled product type-product post-10856 status-publish first instock product_cat-cepillos-peines product_cat-peluqueria product_cat-todas-las-categorias has-post-thumbnail shipping-taxable purchasable product-type-variable\">\n\t<a href=\"https:\/\/www.sopro.pt\/es\/produto\/cepillo-desenredante\/\" class=\"woocommerce-LoopProduct-link woocommerce-loop-product__link\"><img loading=\"lazy\" decoding=\"async\" width=\"300\" height=\"300\" src=\"https:\/\/www.sopro.pt\/wp-content\/uploads\/2022\/12\/Sopro-Campanha-Escovas-Desembaracar-300x300.webp\" class=\"attachment-woocommerce_thumbnail size-woocommerce_thumbnail\" alt=\"Campanha Escovas Desembara\u00e7ar\" srcset=\"https:\/\/www.sopro.pt\/wp-content\/uploads\/2022\/12\/Sopro-Campanha-Escovas-Desembaracar-300x300.webp 300w, https:\/\/www.sopro.pt\/wp-content\/uploads\/2022\/12\/Sopro-Campanha-Escovas-Desembaracar-600x600.webp 600w, https:\/\/www.sopro.pt\/wp-content\/uploads\/2022\/12\/Sopro-Campanha-Escovas-Desembaracar-100x100.webp 100w, https:\/\/www.sopro.pt\/wp-content\/uploads\/2022\/12\/Sopro-Campanha-Escovas-Desembaracar.jpg 1080w\" sizes=\"(max-width: 300px) 100vw, 300px\" \/><div class=\"wpzoom-secondary-image-container\"><img loading=\"lazy\" decoding=\"async\" width=\"300\" height=\"300\" src=\"https:\/\/www.sopro.pt\/wp-content\/uploads\/2022\/12\/116-300x300.webp\" class=\"attachment-woocommerce_thumbnail wpzoom-wc-spi-secondary-img wpzoom-wc-spi-transition\" alt=\"Escovas Desembara\u00e7ar - Sopro Professionals\" srcset=\"https:\/\/www.sopro.pt\/wp-content\/uploads\/2022\/12\/116-300x300.webp 300w, https:\/\/www.sopro.pt\/wp-content\/uploads\/2022\/12\/116-600x600.webp 600w, https:\/\/www.sopro.pt\/wp-content\/uploads\/2022\/12\/116-100x100.webp 100w, https:\/\/www.sopro.pt\/wp-content\/uploads\/2022\/12\/116.webp 1080w\" sizes=\"(max-width: 300px) 100vw, 300px\" \/><\/div><h2 class=\"woocommerce-loop-product__title\">CEPILLO DESENREDANTE<\/h2>\n\t<span class=\"price\"><span class=\"woocommerce-Price-amount amount\"><bdi>16.00&nbsp;<span class=\"woocommerce-Price-currencySymbol\">&euro;<\/span><\/bdi><\/span><\/span>\n<\/a><div class=\"woocommerce-loop-product__buttons\"><a href=\"https:\/\/www.sopro.pt\/es\/produto\/cepillo-desenredante\/\" aria-describedby=\"woocommerce_loop_add_to_cart_link_describedby_10856\" data-quantity=\"1\" class=\"button product_type_variable add_to_cart_button cfvsw_ajax_add_to_cart\" data-product_id=\"10856\" data-product_sku=\"ESCDESSYDRO\" aria-label=\"Elige las opciones para &ldquo;CEPILLO DESENREDANTE&rdquo;\" rel=\"nofollow\" data-add_to_cart_text=\"A\u00f1adir al carrito\" data-select_options_text=\"Seleccionar opciones\">Seleccionar opciones<\/a><\/div>\t<span id=\"woocommerce_loop_add_to_cart_link_describedby_10856\" class=\"screen-reader-text\">\n\t\tEste producto tiene m\u00faltiples variantes. Las opciones se pueden elegir en la p\u00e1gina de producto\t<\/span>\n<span class=\"gtm4wp_productdata\" style=\"display:none; visibility:hidden;\" data-gtm4wp_product_data=\"{&quot;internal_id&quot;:10856,&quot;item_id&quot;:10856,&quot;item_name&quot;:&quot;CEPILLO DESENREDANTE&quot;,&quot;sku&quot;:&quot;ESCDESSYDRO&quot;,&quot;price&quot;:16,&quot;stocklevel&quot;:null,&quot;stockstatus&quot;:&quot;instock&quot;,&quot;google_business_vertical&quot;:&quot;retail&quot;,&quot;item_category&quot;:&quot;Todas las categor\\u00edas&quot;,&quot;id&quot;:10856,&quot;productlink&quot;:&quot;https:\\\/\\\/www.sopro.pt\\\/es\\\/produto\\\/cepillo-desenredante\\\/&quot;,&quot;item_list_name&quot;:&quot;Lista general de productos&quot;,&quot;index&quot;:1,&quot;product_type&quot;:&quot;variable&quot;,&quot;item_brand&quot;:&quot;&quot;}\"><\/span><\/li>\n<\/ul>\n<\/div>\t\t\t\t<\/div>\n\t\t\t\t<\/div>\n\t\t\t\t\t<\/div>\n\t\t<\/div>\n\t\t\t\t\t<\/div>\n\t\t<\/section>\n\t\t\t\t\t<\/div>\n\t\t<\/div>\n\t\t\t\t\t<\/div>\n\t\t<\/section>\n\t\t\t\t<section class=\"elementor-section elementor-top-section elementor-element elementor-element-1b40af4e elementor-section-boxed elementor-section-height-default elementor-section-height-default\" data-id=\"1b40af4e\" data-element_type=\"section\" data-e-type=\"section\" data-settings=\"{&quot;motion_fx_motion_fx_scrolling&quot;:&quot;yes&quot;,&quot;background_background&quot;:&quot;classic&quot;,&quot;motion_fx_translateY_effect&quot;:&quot;yes&quot;,&quot;motion_fx_translateY_speed&quot;:{&quot;unit&quot;:&quot;px&quot;,&quot;size&quot;:5.4000000000000003552713678800500929355621337890625,&quot;sizes&quot;:[]},&quot;motion_fx_translateY_affectedRange&quot;:{&quot;unit&quot;:&quot;%&quot;,&quot;size&quot;:&quot;&quot;,&quot;sizes&quot;:{&quot;start&quot;:44,&quot;end&quot;:59}},&quot;motion_fx_devices&quot;:[&quot;desktop&quot;,&quot;laptop&quot;,&quot;tablet&quot;,&quot;mobile_extra&quot;,&quot;mobile&quot;]}\">\n\t\t\t\t\t\t<div class=\"elementor-container elementor-column-gap-default\">\n\t\t\t\t\t<div class=\"elementor-column elementor-col-100 elementor-top-column elementor-element elementor-element-4a866f59\" data-id=\"4a866f59\" data-element_type=\"column\" data-e-type=\"column\">\n\t\t\t<div class=\"elementor-widget-wrap elementor-element-populated\">\n\t\t\t\t\t\t<div class=\"elementor-element elementor-element-a7725b2 elementor-widget elementor-widget-heading\" data-id=\"a7725b2\" data-element_type=\"widget\" data-e-type=\"widget\" data-widget_type=\"heading.default\">\n\t\t\t\t<div class=\"elementor-widget-container\">\n\t\t\t\t\t<h2 class=\"elementor-heading-title elementor-size-default\">un material m\u00e1s sostenible<\/h2>\t\t\t\t<\/div>\n\t\t\t\t<\/div>\n\t\t\t\t<div class=\"elementor-element elementor-element-3fb26215 elementor-widget-divider--view-line elementor-widget elementor-widget-divider\" data-id=\"3fb26215\" data-element_type=\"widget\" data-e-type=\"widget\" data-widget_type=\"divider.default\">\n\t\t\t\t<div class=\"elementor-widget-container\">\n\t\t\t\t\t\t\t<div class=\"elementor-divider\">\n\t\t\t<span class=\"elementor-divider-separator\">\n\t\t\t\t\t\t<\/span>\n\t\t<\/div>\n\t\t\t\t\t\t<\/div>\n\t\t\t\t<\/div>\n\t\t\t\t<section class=\"elementor-section elementor-inner-section elementor-element elementor-element-3793dbc1 elementor-reverse-tablet elementor-reverse-mobile elementor-section-boxed elementor-section-height-default elementor-section-height-default\" data-id=\"3793dbc1\" data-element_type=\"section\" data-e-type=\"section\">\n\t\t\t\t\t\t<div class=\"elementor-container elementor-column-gap-default\">\n\t\t\t\t\t<div class=\"elementor-column elementor-col-50 elementor-inner-column elementor-element elementor-element-be03465\" data-id=\"be03465\" data-element_type=\"column\" data-e-type=\"column\">\n\t\t\t<div class=\"elementor-widget-wrap\">\n\t\t\t\t\t\t\t<\/div>\n\t\t<\/div>\n\t\t\t\t<div class=\"elementor-column elementor-col-50 elementor-inner-column elementor-element elementor-element-59eceb69\" data-id=\"59eceb69\" data-element_type=\"column\" data-e-type=\"column\">\n\t\t\t<div class=\"elementor-widget-wrap elementor-element-populated\">\n\t\t\t\t\t\t<div class=\"elementor-element elementor-element-ba933c elementor-widget elementor-widget-text-editor\" data-id=\"ba933c\" data-element_type=\"widget\" data-e-type=\"widget\" data-widget_type=\"text-editor.default\">\n\t\t\t\t<div class=\"elementor-widget-container\">\n\t\t\t\t\t\t\t\t\t<p>Presentamos nuestra exquisita gama de Peines y Cepillos de Madera, donde la naturaleza se une a la sofisticaci\u00f3n.<\/p><p>Fabricados con madera de la mejor calidad, estos peines y cepillos ofrecen un toque elegante a tu rutina de cuidado del cabello. Experimenta el suave deslizamiento y el dise\u00f1o ergon\u00f3mico que garantizan un desenredado sin electricidad est\u00e1tica.<\/p><p>Disfruta de la belleza natural de la madera con cada pincelada.<\/p><p><\/p><p><\/p><p><\/p>\t\t\t\t\t\t\t\t<\/div>\n\t\t\t\t<\/div>\n\t\t\t\t\t<\/div>\n\t\t<\/div>\n\t\t\t\t\t<\/div>\n\t\t<\/section>\n\t\t\t\t<div class=\"elementor-element elementor-element-325d096c elementor-product-loop-item--align-left elementor-grid-mobile-1 elementor-grid-3 elementor-grid-tablet-3 elementor-products-grid elementor-wc-products elementor-widget elementor-widget-woocommerce-products\" data-id=\"325d096c\" data-element_type=\"widget\" data-e-type=\"widget\" data-widget_type=\"woocommerce-products.default\">\n\t\t\t\t<div class=\"elementor-widget-container\">\n\t\t\t\t\t<div class=\"woocommerce columns-3 \"><ul class=\"products elementor-grid columns-3\">\n<li class=\"product type-product post-10847 status-publish first instock product_cat-cepillos-peines product_cat-peluqueria product_cat-todas-las-categorias has-post-thumbnail shipping-taxable purchasable product-type-simple\">\n\t<a href=\"https:\/\/www.sopro.pt\/es\/produto\/peine-de-sandalo\/\" class=\"woocommerce-LoopProduct-link woocommerce-loop-product__link\"><img loading=\"lazy\" decoding=\"async\" width=\"300\" height=\"300\" src=\"https:\/\/www.sopro.pt\/wp-content\/uploads\/2022\/12\/Pente-Madeira-de-sandalo-300x300.png\" class=\"attachment-woocommerce_thumbnail size-woocommerce_thumbnail\" alt=\"Peine Madera de s\u00e1ndalo\" srcset=\"https:\/\/www.sopro.pt\/wp-content\/uploads\/2022\/12\/Pente-Madeira-de-sandalo-300x300.png 300w, https:\/\/www.sopro.pt\/wp-content\/uploads\/2022\/12\/Pente-Madeira-de-sandalo-100x100.png 100w, https:\/\/www.sopro.pt\/wp-content\/uploads\/2022\/12\/Pente-Madeira-de-sandalo-600x600.png 600w, https:\/\/www.sopro.pt\/wp-content\/uploads\/2022\/12\/Pente-Madeira-de-sandalo-1536x1536.png 1536w, https:\/\/www.sopro.pt\/wp-content\/uploads\/2022\/12\/Pente-Madeira-de-sandalo.png 2000w\" sizes=\"(max-width: 300px) 100vw, 300px\" \/><h2 class=\"woocommerce-loop-product__title\">PEINE DE S\u00c1NDALO<\/h2>\n\t<span class=\"price\"><span class=\"woocommerce-Price-amount amount\"><bdi>16.00&nbsp;<span class=\"woocommerce-Price-currencySymbol\">&euro;<\/span><\/bdi><\/span><\/span>\n<\/a><div class=\"woocommerce-loop-product__buttons\"><a href=\"\/es\/wp-json\/wp\/v2\/pages\/10519?add-to-cart=10847\" aria-describedby=\"woocommerce_loop_add_to_cart_link_describedby_10847\" data-quantity=\"1\" class=\"button product_type_simple add_to_cart_button ajax_add_to_cart\" data-product_id=\"10847\" data-product_sku=\"PENTESLO\" aria-label=\"A\u00f1adir al carrito: &ldquo;PEINE DE S\u00c1NDALO&rdquo;\" rel=\"nofollow\" data-success_message=\"\u00abPEINE DE S\u00c1NDALO\u00bb se ha a\u00f1adido a tu carrito\" role=\"button\">A\u00f1adir al carrito<\/a><\/div>\t<span id=\"woocommerce_loop_add_to_cart_link_describedby_10847\" class=\"screen-reader-text\">\n\t\t\t<\/span>\n<span class=\"gtm4wp_productdata\" style=\"display:none; visibility:hidden;\" data-gtm4wp_product_data=\"{&quot;internal_id&quot;:10847,&quot;item_id&quot;:10847,&quot;item_name&quot;:&quot;PEINE DE S\\u00c1NDALO&quot;,&quot;sku&quot;:&quot;PENTESLO&quot;,&quot;price&quot;:16,&quot;stocklevel&quot;:null,&quot;stockstatus&quot;:&quot;instock&quot;,&quot;google_business_vertical&quot;:&quot;retail&quot;,&quot;item_category&quot;:&quot;Todas las categor\\u00edas&quot;,&quot;id&quot;:10847,&quot;productlink&quot;:&quot;https:\\\/\\\/www.sopro.pt\\\/es\\\/produto\\\/peine-de-sandalo\\\/&quot;,&quot;item_list_name&quot;:&quot;Lista general de productos&quot;,&quot;index&quot;:1,&quot;product_type&quot;:&quot;simple&quot;,&quot;item_brand&quot;:&quot;&quot;}\"><\/span><\/li>\n<li class=\"wpzoom-wc-spi-has-enabled product type-product post-10885 status-publish instock product_cat-cepillos-peines product_cat-peluqueria product_cat-todas-las-categorias has-post-thumbnail shipping-taxable purchasable product-type-simple\">\n\t<a href=\"https:\/\/www.sopro.pt\/es\/produto\/cepillo-con-pines-de-bambu-sakura\/\" class=\"woocommerce-LoopProduct-link woocommerce-loop-product__link\"><img loading=\"lazy\" decoding=\"async\" width=\"300\" height=\"300\" src=\"https:\/\/www.sopro.pt\/wp-content\/uploads\/2022\/07\/Sopro-ESCOVA-DE-CABELO-PINOS-BAMBU-SAKURA-300x300.png\" class=\"attachment-woocommerce_thumbnail size-woocommerce_thumbnail\" alt=\"Sopro Professionals Escova de Cabelo Madeira\" srcset=\"https:\/\/www.sopro.pt\/wp-content\/uploads\/2022\/07\/Sopro-ESCOVA-DE-CABELO-PINOS-BAMBU-SAKURA-300x300.png 300w, https:\/\/www.sopro.pt\/wp-content\/uploads\/2022\/07\/Sopro-ESCOVA-DE-CABELO-PINOS-BAMBU-SAKURA-100x100.png 100w, https:\/\/www.sopro.pt\/wp-content\/uploads\/2022\/07\/Sopro-ESCOVA-DE-CABELO-PINOS-BAMBU-SAKURA-600x600.png 600w, https:\/\/www.sopro.pt\/wp-content\/uploads\/2022\/07\/Sopro-ESCOVA-DE-CABELO-PINOS-BAMBU-SAKURA-1536x1536.png 1536w, https:\/\/www.sopro.pt\/wp-content\/uploads\/2022\/07\/Sopro-ESCOVA-DE-CABELO-PINOS-BAMBU-SAKURA.png 2000w\" sizes=\"(max-width: 300px) 100vw, 300px\" \/><div class=\"wpzoom-secondary-image-container\"><img loading=\"lazy\" decoding=\"async\" width=\"300\" height=\"300\" src=\"https:\/\/www.sopro.pt\/wp-content\/uploads\/2022\/07\/Sopro-ESCOVA-DE-CABELO-PINOS-BAMBU-SAKURA-2-300x300.jpg\" class=\"attachment-woocommerce_thumbnail wpzoom-wc-spi-secondary-img wpzoom-wc-spi-transition\" alt=\"Sopro Professionals Escova de Cabelo Madeira\" srcset=\"https:\/\/www.sopro.pt\/wp-content\/uploads\/2022\/07\/Sopro-ESCOVA-DE-CABELO-PINOS-BAMBU-SAKURA-2-300x300.jpg 300w, https:\/\/www.sopro.pt\/wp-content\/uploads\/2022\/07\/Sopro-ESCOVA-DE-CABELO-PINOS-BAMBU-SAKURA-2-100x100.jpg 100w, https:\/\/www.sopro.pt\/wp-content\/uploads\/2022\/07\/Sopro-ESCOVA-DE-CABELO-PINOS-BAMBU-SAKURA-2-600x600.jpg 600w, https:\/\/www.sopro.pt\/wp-content\/uploads\/2022\/07\/Sopro-ESCOVA-DE-CABELO-PINOS-BAMBU-SAKURA-2.jpg 1080w\" sizes=\"(max-width: 300px) 100vw, 300px\" \/><\/div><h2 class=\"woocommerce-loop-product__title\">CEPILLO CON PINES DE BAMB\u00da &#8211; SAKURA<\/h2>\n\t<span class=\"price\"><span class=\"woocommerce-Price-amount amount\"><bdi>25.00&nbsp;<span class=\"woocommerce-Price-currencySymbol\">&euro;<\/span><\/bdi><\/span><\/span>\n<\/a><div class=\"woocommerce-loop-product__buttons\"><a href=\"\/es\/wp-json\/wp\/v2\/pages\/10519?add-to-cart=10885\" aria-describedby=\"woocommerce_loop_add_to_cart_link_describedby_10885\" data-quantity=\"1\" class=\"button product_type_simple add_to_cart_button ajax_add_to_cart\" data-product_id=\"10885\" data-product_sku=\"PB346\" aria-label=\"A\u00f1adir al carrito: &ldquo;CEPILLO CON PINES DE BAMB\u00da - SAKURA&rdquo;\" rel=\"nofollow\" data-success_message=\"\u00abCEPILLO CON PINES DE BAMB\u00da - SAKURA\u00bb se ha a\u00f1adido a tu carrito\" role=\"button\">A\u00f1adir al carrito<\/a><\/div>\t<span id=\"woocommerce_loop_add_to_cart_link_describedby_10885\" class=\"screen-reader-text\">\n\t\t\t<\/span>\n<span class=\"gtm4wp_productdata\" style=\"display:none; visibility:hidden;\" data-gtm4wp_product_data=\"{&quot;internal_id&quot;:10885,&quot;item_id&quot;:10885,&quot;item_name&quot;:&quot;CEPILLO CON PINES DE BAMB\\u00da - SAKURA&quot;,&quot;sku&quot;:&quot;PB346&quot;,&quot;price&quot;:25,&quot;stocklevel&quot;:null,&quot;stockstatus&quot;:&quot;instock&quot;,&quot;google_business_vertical&quot;:&quot;retail&quot;,&quot;item_category&quot;:&quot;Todas las categor\\u00edas&quot;,&quot;id&quot;:10885,&quot;productlink&quot;:&quot;https:\\\/\\\/www.sopro.pt\\\/es\\\/produto\\\/cepillo-con-pines-de-bambu-sakura\\\/&quot;,&quot;item_list_name&quot;:&quot;Lista general de productos&quot;,&quot;index&quot;:2,&quot;product_type&quot;:&quot;simple&quot;,&quot;item_brand&quot;:&quot;&quot;}\"><\/span><\/li>\n<li class=\"product type-product post-10998 status-publish last instock product_cat-barbero product_cat-cepillos-peines product_cat-cepillos-peines-es product_cat-peluqueria product_cat-todas-las-categorias has-post-thumbnail shipping-taxable purchasable product-type-simple\">\n\t<a href=\"https:\/\/www.sopro.pt\/es\/produto\/cepillo-de-madera\/\" class=\"woocommerce-LoopProduct-link woocommerce-loop-product__link\"><img loading=\"lazy\" decoding=\"async\" width=\"300\" height=\"300\" src=\"https:\/\/www.sopro.pt\/wp-content\/uploads\/2021\/06\/Sopro-ESCOVA-MADEIRA-300x300.png\" class=\"attachment-woocommerce_thumbnail size-woocommerce_thumbnail\" alt=\"Sopro - ESCOVA MADEIRA\" srcset=\"https:\/\/www.sopro.pt\/wp-content\/uploads\/2021\/06\/Sopro-ESCOVA-MADEIRA-300x300.png 300w, https:\/\/www.sopro.pt\/wp-content\/uploads\/2021\/06\/Sopro-ESCOVA-MADEIRA-100x100.png 100w, https:\/\/www.sopro.pt\/wp-content\/uploads\/2021\/06\/Sopro-ESCOVA-MADEIRA-600x600.png 600w, https:\/\/www.sopro.pt\/wp-content\/uploads\/2021\/06\/Sopro-ESCOVA-MADEIRA.png 1080w\" sizes=\"(max-width: 300px) 100vw, 300px\" \/><h2 class=\"woocommerce-loop-product__title\">CEPILLO DE MADERA<\/h2>\n\t<span class=\"price\"><span class=\"woocommerce-Price-amount amount\"><bdi>12.00&nbsp;<span class=\"woocommerce-Price-currencySymbol\">&euro;<\/span><\/bdi><\/span><\/span>\n<\/a><div class=\"woocommerce-loop-product__buttons\"><a href=\"\/es\/wp-json\/wp\/v2\/pages\/10519?add-to-cart=10998\" aria-describedby=\"woocommerce_loop_add_to_cart_link_describedby_10998\" data-quantity=\"1\" class=\"button product_type_simple add_to_cart_button ajax_add_to_cart\" data-product_id=\"10998\" data-product_sku=\"PB336\" aria-label=\"A\u00f1adir al carrito: &ldquo;CEPILLO DE MADERA&rdquo;\" rel=\"nofollow\" data-success_message=\"\u00abCEPILLO DE MADERA\u00bb se ha a\u00f1adido a tu carrito\" role=\"button\">A\u00f1adir al carrito<\/a><\/div>\t<span id=\"woocommerce_loop_add_to_cart_link_describedby_10998\" class=\"screen-reader-text\">\n\t\t\t<\/span>\n<span class=\"gtm4wp_productdata\" style=\"display:none; visibility:hidden;\" data-gtm4wp_product_data=\"{&quot;internal_id&quot;:10998,&quot;item_id&quot;:10998,&quot;item_name&quot;:&quot;CEPILLO DE MADERA&quot;,&quot;sku&quot;:&quot;PB336&quot;,&quot;price&quot;:12,&quot;stocklevel&quot;:null,&quot;stockstatus&quot;:&quot;instock&quot;,&quot;google_business_vertical&quot;:&quot;retail&quot;,&quot;item_category&quot;:&quot;Cepillos &quot;,&quot;item_category2&quot;:&quot; Peines&quot;,&quot;id&quot;:10998,&quot;productlink&quot;:&quot;https:\\\/\\\/www.sopro.pt\\\/es\\\/produto\\\/cepillo-de-madera\\\/&quot;,&quot;item_list_name&quot;:&quot;Lista general de productos&quot;,&quot;index&quot;:3,&quot;product_type&quot;:&quot;simple&quot;,&quot;item_brand&quot;:&quot;&quot;}\"><\/span><\/li>\n<\/ul>\n<\/div>\t\t\t\t<\/div>\n\t\t\t\t<\/div>\n\t\t\t\t\t<\/div>\n\t\t<\/div>\n\t\t\t\t\t<\/div>\n\t\t<\/section>\n\t\t\t\t<section class=\"elementor-section elementor-top-section elementor-element elementor-element-76224b1d elementor-section-boxed elementor-section-height-default elementor-section-height-default elementor-invisible\" data-id=\"76224b1d\" data-element_type=\"section\" data-e-type=\"section\" data-settings=\"{&quot;background_background&quot;:&quot;classic&quot;,&quot;animation&quot;:&quot;slideInDown&quot;}\">\n\t\t\t\t\t\t<div class=\"elementor-container elementor-column-gap-default\">\n\t\t\t\t\t<div class=\"elementor-column elementor-col-100 elementor-top-column elementor-element elementor-element-2fd1d6bb\" data-id=\"2fd1d6bb\" data-element_type=\"column\" data-e-type=\"column\">\n\t\t\t<div class=\"elementor-widget-wrap elementor-element-populated\">\n\t\t\t\t\t\t<div class=\"elementor-element elementor-element-158de0ac elementor-widget elementor-widget-heading\" data-id=\"158de0ac\" data-element_type=\"widget\" data-e-type=\"widget\" data-widget_type=\"heading.default\">\n\t\t\t\t<div class=\"elementor-widget-container\">\n\t\t\t\t\t<h2 class=\"elementor-heading-title elementor-size-default\">\u00bfQU\u00c9 DICEN TUS COLEGAS DE NUESTROS CEPILLOS?<\/h2>\t\t\t\t<\/div>\n\t\t\t\t<\/div>\n\t\t\t\t\t<\/div>\n\t\t<\/div>\n\t\t\t\t\t<\/div>\n\t\t<\/section>\n\t\t\t\t<section class=\"elementor-section elementor-top-section elementor-element elementor-element-1db53730 elementor-section-boxed elementor-section-height-default elementor-section-height-default\" data-id=\"1db53730\" data-element_type=\"section\" data-e-type=\"section\">\n\t\t\t\t\t\t<div class=\"elementor-container elementor-column-gap-default\">\n\t\t\t\t\t<div class=\"elementor-column elementor-col-100 elementor-top-column elementor-element elementor-element-7d84cbc2\" data-id=\"7d84cbc2\" data-element_type=\"column\" data-e-type=\"column\">\n\t\t\t<div class=\"elementor-widget-wrap elementor-element-populated\">\n\t\t\t\t\t\t<div class=\"elementor-element elementor-element-392e50ff elementor-widget elementor-widget-testimonials-carousel-bottom\" data-id=\"392e50ff\" data-element_type=\"widget\" data-e-type=\"widget\" data-settings=\"{&quot;slide&quot;:[{&quot;slide_content&quot;:&quot;&lt;p class=\\&quot;p1\\&quot;&gt;\\u201cEm Micas Hairstyle temos muito gosto em estarmos associados \\u00e1 marca Sopro.&lt;\\\/p&gt;&lt;p class=\\&quot;p1\\&quot;&gt;Material com uma \\u00f3tima rela\\u00e7\\u00e3o pre\\u00e7o\\\/qualidade.&lt;\\\/p&gt;&lt;p class=\\&quot;p1\\&quot;&gt;O feedback das clientes tem sido \\u00f3timo e obviamente para al\\u00e9m da qualidade a Sopro presenteia-nos sempre com cole\\u00e7\\u00f5es com cores vibrantes.&lt;\\\/p&gt;&lt;p class=\\&quot;p1\\&quot;&gt;\\u00c9 com muito gosto que somos clientes Sopro.\\u201d&lt;\\\/p&gt;&quot;,&quot;slide_image&quot;:{&quot;url&quot;:&quot;https:\\\/\\\/www.sopro.pt\\\/wp-content\\\/uploads\\\/2024\\\/01\\\/SOPRO-Veredito-Escovas-Micas-Hairstyle.jpeg&quot;,&quot;id&quot;:8987,&quot;size&quot;:&quot;&quot;,&quot;alt&quot;:&quot;&quot;,&quot;source&quot;:&quot;library&quot;},&quot;slide_name&quot;:&quot;Micas Hair Style&quot;,&quot;slide_subtitle&quot;:&quot;Funchal&quot;,&quot;slide_read_more&quot;:&quot;+&quot;,&quot;_id&quot;:&quot;28c263d&quot;,&quot;slide_show_image&quot;:&quot;yes&quot;},{&quot;_id&quot;:&quot;aaf96b4&quot;,&quot;slide_content&quot;:&quot;&lt;p&gt;\\u201cEstive h\\u00e1 dias numa cabeleireira em Lisboa que me penteou com uma escova Vossa, que me desembara\\u00e7ou o cabelo em segundos penteando-o muito facilmente (em casa, demoro cerca de 5min a pentear-me, mesmo com produtos que supostamente ajudam a desembara\\u00e7ar\\\/pentear).&lt;\\\/p&gt;&lt;p&gt;Fiquei t\\u00e3o maravilhada.&lt;\\\/p&gt;&lt;p&gt;Realizei a encomenda h\\u00e1 instantes :)&lt;\\\/p&gt;&lt;p&gt;Com os meus mais sinceros cumprimentos, Joana F.\\u201d&lt;\\\/p&gt;&quot;,&quot;slide_image&quot;:{&quot;url&quot;:&quot;https:\\\/\\\/www.sopro.pt\\\/wp-content\\\/uploads\\\/2024\\\/01\\\/SOPRO-Veredito-Escovas-Joana.jpg&quot;,&quot;id&quot;:8986,&quot;size&quot;:&quot;&quot;,&quot;alt&quot;:&quot;&quot;,&quot;source&quot;:&quot;library&quot;},&quot;slide_name&quot;:&quot;Particular&quot;,&quot;slide_subtitle&quot;:&quot;Lisboa&quot;,&quot;slide_read_more&quot;:&quot;+&quot;,&quot;slide_show_image&quot;:&quot;yes&quot;},{&quot;slide_content&quot;:&quot;&lt;p&gt;\\u201cAs escovas de desembara\\u00e7ar, foram projetadas para facilitar a remo\\u00e7\\u00e3o de n\\u00f3s e emaranhados no cabelo, minimizando a quebra, a tra\\u00e7\\u00e3o e o desconforto.&lt;\\\/p&gt;&lt;p&gt;S\\u00e3o uma garantia de sucesso junto das clientes e todas querem levar uma para casa!\\u201d&lt;\\\/p&gt;&quot;,&quot;slide_image&quot;:{&quot;url&quot;:&quot;https:\\\/\\\/www.sopro.pt\\\/wp-content\\\/uploads\\\/2024\\\/01\\\/SOPRO-Veredito-Prancha-de-Gelo-Vanessa-Fernandes.jpg&quot;,&quot;id&quot;:9015,&quot;size&quot;:&quot;&quot;,&quot;alt&quot;:&quot;&quot;,&quot;source&quot;:&quot;library&quot;},&quot;slide_name&quot;:&quot;Vanessa Fernandes&quot;,&quot;slide_subtitle&quot;:&quot;Viana do Castelo&quot;,&quot;slide_read_more&quot;:&quot;+&quot;,&quot;_id&quot;:&quot;22e4f3b&quot;,&quot;slide_show_image&quot;:&quot;yes&quot;},{&quot;slide_content&quot;:&quot;&lt;p&gt;\\u201cSobre as maravilhosas escovas da Sopro:&lt;\\\/p&gt;&lt;p class=\\&quot;p1\\&quot;&gt;N\\u00f3s adoramos e as nossas clientes tamb\\u00e9m! S\\u00e3o super suaves.&lt;\\\/p&gt;&lt;p class=\\&quot;p1\\&quot;&gt;Ao desembara\\u00e7ar n\\u00e3o corremos o risco de quebrar o fio, e n\\u00e3o magoam as nossas princesas mais novas.&lt;\\\/p&gt;&lt;p class=\\&quot;p1\\&quot;&gt;J\\u00e1 viciamos\\u2728\\u2728\\u2728\\u201d&lt;\\\/p&gt;&quot;,&quot;slide_image&quot;:{&quot;url&quot;:&quot;https:\\\/\\\/www.sopro.pt\\\/wp-content\\\/uploads\\\/2024\\\/01\\\/SOPRO-Veredito-Escovas-Inspiracao.png&quot;,&quot;id&quot;:9394,&quot;size&quot;:&quot;&quot;,&quot;alt&quot;:&quot;&quot;,&quot;source&quot;:&quot;library&quot;},&quot;slide_name&quot;:&quot;F\\u00e1bio Oliveira&quot;,&quot;slide_subtitle&quot;:&quot;Porto&quot;,&quot;slide_read_more&quot;:&quot;+&quot;,&quot;_id&quot;:&quot;8a1d4c8&quot;,&quot;slide_show_image&quot;:&quot;yes&quot;},{&quot;slide_content&quot;:&quot;&lt;p&gt;\\u201cA compra escovas t\\u00e9rmicas Estocolmo foi uma das melhores decis\\u00f5es que tomei, s\\u00e3o espetaculares, trabalha-se muito melhor o cabelo e s\\u00e3o super leves.&lt;\\\/p&gt;&lt;p&gt;Adoro-as!!! J\\u00e1 n\\u00e3o quero outras!\\u201d&lt;\\\/p&gt;&quot;,&quot;slide_image&quot;:{&quot;url&quot;:&quot;https:\\\/\\\/www.sopro.pt\\\/wp-content\\\/uploads\\\/2024\\\/01\\\/SOPRO-Veredito-escovas-Hairbybianka.png&quot;,&quot;id&quot;:9399,&quot;size&quot;:&quot;&quot;,&quot;alt&quot;:&quot;&quot;,&quot;source&quot;:&quot;library&quot;},&quot;slide_name&quot;:&quot;Bianca Rocha&quot;,&quot;slide_subtitle&quot;:&quot;Alcochete&quot;,&quot;slide_read_more&quot;:&quot;+&quot;,&quot;_id&quot;:&quot;8826178&quot;,&quot;slide_show_image&quot;:&quot;yes&quot;}],&quot;slides_to_show&quot;:&quot;3&quot;,&quot;show_line_text&quot;:9,&quot;navigation&quot;:&quot;arrows&quot;,&quot;slides_to_show_tablet&quot;:&quot;3&quot;,&quot;slides_to_show_mobile&quot;:&quot;1&quot;,&quot;slides_to_scroll_mobile&quot;:&quot;1&quot;,&quot;slider_global_show_images&quot;:&quot;yes&quot;,&quot;slider_random&quot;:&quot;no&quot;,&quot;slider_loop&quot;:&quot;yes&quot;,&quot;autoplay&quot;:&quot;yes&quot;,&quot;autoplay_speed&quot;:5000,&quot;disable_interaction&quot;:&quot;yes&quot;}\" data-widget_type=\"testimonials-carousel-bottom.default\">\n\t\t\t\t<div class=\"elementor-widget-container\">\n\t\t\t\t\t\n      <section class=\"swiper mySwiper myTestimonials mySwiperBottom \">\n        <ul class=\"swiper-wrapper\" role=\"list\">\n                      <li class=\"swiper-slide slider-container-background\">\n              <div class=\"block-shadow slider-container-block-background\">\n                <div class=\"slide-content\">\n                  <div class=\"slide-description\"\n                       style=\"line-height: 22px;-webkit-line-clamp: 9\"><p class=\"p1\">\u201cEm Micas Hairstyle temos muito gosto em estarmos associados \u00e1 marca Sopro.<\/p><p class=\"p1\">Material com uma \u00f3tima rela\u00e7\u00e3o pre\u00e7o\/qualidade.<\/p><p class=\"p1\">O feedback das clientes tem sido \u00f3timo e obviamente para al\u00e9m da qualidade a Sopro presenteia-nos sempre com cole\u00e7\u00f5es com cores vibrantes.<\/p><p class=\"p1\">\u00c9 com muito gosto que somos clientes Sopro.\u201d<\/p><\/div>\n                <\/div>\n                <div class=\"slide-block\">\n                  <div class=\"slide-basic-info\">\n                                          <div class=\"slide-image\">\n                        <img decoding=\"async\" src=\"https:\/\/www.sopro.pt\/wp-content\/uploads\/2024\/01\/SOPRO-Veredito-Escovas-Micas-Hairstyle.jpeg\"\n                             alt=\"Slide Image\">\n                      <\/div>\n                                        <div class=\"slide-info\">\n                      <span class=\"slide-title\">Micas Hair Style<\/span>\n                      <span class=\"slide-subtitle\">Funchal<\/span>\n                    <\/div>\n                  <\/div>\n                  <div class=\"slide-read-more\">+<\/div>\n                <\/div>\n              <\/div>\n            <\/li>\n                      <li class=\"swiper-slide slider-container-background\">\n              <div class=\"block-shadow slider-container-block-background\">\n                <div class=\"slide-content\">\n                  <div class=\"slide-description\"\n                       style=\"line-height: 22px;-webkit-line-clamp: 9\"><p>\u201cEstive h\u00e1 dias numa cabeleireira em Lisboa que me penteou com uma escova Vossa, que me desembara\u00e7ou o cabelo em segundos penteando-o muito facilmente (em casa, demoro cerca de 5min a pentear-me, mesmo com produtos que supostamente ajudam a desembara\u00e7ar\/pentear).<\/p><p>Fiquei t\u00e3o maravilhada.<\/p><p>Realizei a encomenda h\u00e1 instantes \ud83d\ude42<\/p><p>Com os meus mais sinceros cumprimentos, Joana F.\u201d<\/p><\/div>\n                <\/div>\n                <div class=\"slide-block\">\n                  <div class=\"slide-basic-info\">\n                                          <div class=\"slide-image\">\n                        <img decoding=\"async\" src=\"https:\/\/www.sopro.pt\/wp-content\/uploads\/2024\/01\/SOPRO-Veredito-Escovas-Joana.jpg\"\n                             alt=\"Slide Image\">\n                      <\/div>\n                                        <div class=\"slide-info\">\n                      <span class=\"slide-title\">Particular<\/span>\n                      <span class=\"slide-subtitle\">Lisboa<\/span>\n                    <\/div>\n                  <\/div>\n                  <div class=\"slide-read-more\">+<\/div>\n                <\/div>\n              <\/div>\n            <\/li>\n                      <li class=\"swiper-slide slider-container-background\">\n              <div class=\"block-shadow slider-container-block-background\">\n                <div class=\"slide-content\">\n                  <div class=\"slide-description\"\n                       style=\"line-height: 22px;-webkit-line-clamp: 9\"><p>\u201cAs escovas de desembara\u00e7ar, foram projetadas para facilitar a remo\u00e7\u00e3o de n\u00f3s e emaranhados no cabelo, minimizando a quebra, a tra\u00e7\u00e3o e o desconforto.<\/p><p>S\u00e3o uma garantia de sucesso junto das clientes e todas querem levar uma para casa!\u201d<\/p><\/div>\n                <\/div>\n                <div class=\"slide-block\">\n                  <div class=\"slide-basic-info\">\n                                          <div class=\"slide-image\">\n                        <img decoding=\"async\" src=\"https:\/\/www.sopro.pt\/wp-content\/uploads\/2024\/01\/SOPRO-Veredito-Prancha-de-Gelo-Vanessa-Fernandes.jpg\"\n                             alt=\"Slide Image\">\n                      <\/div>\n                                        <div class=\"slide-info\">\n                      <span class=\"slide-title\">Vanessa Fernandes<\/span>\n                      <span class=\"slide-subtitle\">Viana do Castelo<\/span>\n                    <\/div>\n                  <\/div>\n                  <div class=\"slide-read-more\">+<\/div>\n                <\/div>\n              <\/div>\n            <\/li>\n                      <li class=\"swiper-slide slider-container-background\">\n              <div class=\"block-shadow slider-container-block-background\">\n                <div class=\"slide-content\">\n                  <div class=\"slide-description\"\n                       style=\"line-height: 22px;-webkit-line-clamp: 9\"><p>\u201cSobre as maravilhosas escovas da Sopro:<\/p><p class=\"p1\">N\u00f3s adoramos e as nossas clientes tamb\u00e9m! S\u00e3o super suaves.<\/p><p class=\"p1\">Ao desembara\u00e7ar n\u00e3o corremos o risco de quebrar o fio, e n\u00e3o magoam as nossas princesas mais novas.<\/p><p class=\"p1\">J\u00e1 viciamos\u2728\u2728\u2728\u201d<\/p><\/div>\n                <\/div>\n                <div class=\"slide-block\">\n                  <div class=\"slide-basic-info\">\n                                          <div class=\"slide-image\">\n                        <img decoding=\"async\" src=\"https:\/\/www.sopro.pt\/wp-content\/uploads\/2024\/01\/SOPRO-Veredito-Escovas-Inspiracao.png\"\n                             alt=\"Slide Image\">\n                      <\/div>\n                                        <div class=\"slide-info\">\n                      <span class=\"slide-title\">F\u00e1bio Oliveira<\/span>\n                      <span class=\"slide-subtitle\">Porto<\/span>\n                    <\/div>\n                  <\/div>\n                  <div class=\"slide-read-more\">+<\/div>\n                <\/div>\n              <\/div>\n            <\/li>\n                      <li class=\"swiper-slide slider-container-background\">\n              <div class=\"block-shadow slider-container-block-background\">\n                <div class=\"slide-content\">\n                  <div class=\"slide-description\"\n                       style=\"line-height: 22px;-webkit-line-clamp: 9\"><p>\u201cA compra escovas t\u00e9rmicas Estocolmo foi uma das melhores decis\u00f5es que tomei, s\u00e3o espetaculares, trabalha-se muito melhor o cabelo e s\u00e3o super leves.<\/p><p>Adoro-as!!! J\u00e1 n\u00e3o quero outras!\u201d<\/p><\/div>\n                <\/div>\n                <div class=\"slide-block\">\n                  <div class=\"slide-basic-info\">\n                                          <div class=\"slide-image\">\n                        <img decoding=\"async\" src=\"https:\/\/www.sopro.pt\/wp-content\/uploads\/2024\/01\/SOPRO-Veredito-escovas-Hairbybianka.png\"\n                             alt=\"Slide Image\">\n                      <\/div>\n                                        <div class=\"slide-info\">\n                      <span class=\"slide-title\">Bianca Rocha<\/span>\n                      <span class=\"slide-subtitle\">Alcochete<\/span>\n                    <\/div>\n                  <\/div>\n                  <div class=\"slide-read-more\">+<\/div>\n                <\/div>\n              <\/div>\n            <\/li>\n                  <\/ul>\n        <div class=\"swiper-bottom-buttons-block\">\n          <div class=\"swiper-button-prev swiper-bottom-button-prev\"><\/div>\n          <div class=\"swiper-pagination swiper-bottom-pagination\"><\/div>\n          <div class=\"swiper-button-next swiper-bottom-button-next\"><\/div>\n        <\/div>\n      <\/section>\n      <div class=\"slider-modal slider-bottom-modal\" id=\"slider-modal\">\n        <div class=\"slider-modal-bg slider-modal-exit\"><\/div>\n        <div class=\"slider-modal-container slider-container-background slider-container-block-background\">\n          <div class=\"slider-modal-container-info\"><\/div>\n          <button class=\"slider-modal-close slider-bottom-modal-exit slider-modal-exit icon-close\"><\/button>\n        <\/div>\n      <\/div>\n      \t\t\t\t<\/div>\n\t\t\t\t<\/div>\n\t\t\t\t\t<\/div>\n\t\t<\/div>\n\t\t\t\t\t<\/div>\n\t\t<\/section>\n\t\t\t\t<\/div>\n\t\t","protected":false},"excerpt":{"rendered":"<p>CEPILLOS cepillos t\u00e9rmicos profesionales Cada cepillo cuenta con cerdas de nailon y de jabal\u00ed, lo que proporciona el equilibrio perfecto entre desenredar suavemente y peinar con precisi\u00f3n. Ya sea para peinados elegantes o alisamientos impecables, estos cepillos son imprescindibles para cualquier profesional de la belleza. CEPILLOS DESENREDANTES Nuestros cepillos desenredantes no s\u00f3lo son coloridos, \u00a1son [&hellip;]<\/p>\n","protected":false},"author":7,"featured_media":0,"parent":0,"menu_order":0,"comment_status":"closed","ping_status":"closed","template":"","meta":{"footnotes":""},"class_list":["post-10519","page","type-page","status-publish","hentry"],"yoast_head":"<!-- This site is optimized with the Yoast SEO plugin v27.3 - https:\/\/yoast.com\/product\/yoast-seo-wordpress\/ -->\n<title>Cepillos - Sopro - Equipamentos el\u00e9tricos para cabeleireiro<\/title>\n<meta name=\"description\" content=\"Ya sea para peinados elegantes o alisamientos \u200b\u200bimpecables, estos cepillos son imprescindibles para cualquier profesional de la belleza.\" \/>\n<meta name=\"robots\" content=\"index, follow, max-snippet:-1, max-image-preview:large, max-video-preview:-1\" \/>\n<link rel=\"canonical\" href=\"https:\/\/www.sopro.pt\/es\/cepillos\/\" \/>\n<meta property=\"og:locale\" content=\"es_ES\" \/>\n<meta property=\"og:type\" content=\"article\" \/>\n<meta property=\"og:title\" content=\"Cepillos - Sopro - Equipamentos el\u00e9tricos para cabeleireiro\" \/>\n<meta property=\"og:description\" content=\"Ya sea para peinados elegantes o alisamientos \u200b\u200bimpecables, estos cepillos son imprescindibles para cualquier profesional de la belleza.\" \/>\n<meta property=\"og:url\" content=\"https:\/\/www.sopro.pt\/es\/cepillos\/\" \/>\n<meta property=\"og:site_name\" content=\"Sopro - Equipamentos el\u00e9tricos para cabeleireiro\" \/>\n<meta property=\"article:publisher\" content=\"https:\/\/www.facebook.com\/soproprofessionals\/\" \/>\n<meta property=\"article:modified_time\" content=\"2026-01-28T14:12:05+00:00\" \/>\n<meta property=\"og:image\" content=\"https:\/\/www.sopro.pt\/wp-content\/uploads\/2024\/01\/SOPRO-Veredito-Escovas-Micas-Hairstyle.jpeg\" \/>\n<meta name=\"twitter:card\" content=\"summary_large_image\" \/>\n<meta name=\"twitter:label1\" content=\"Tiempo de lectura\" \/>\n\t<meta name=\"twitter:data1\" content=\"2 minutos\" \/>\n<script type=\"application\/ld+json\" class=\"yoast-schema-graph\">{\"@context\":\"https:\\\/\\\/schema.org\",\"@graph\":[{\"@type\":\"WebPage\",\"@id\":\"https:\\\/\\\/www.sopro.pt\\\/es\\\/cepillos\\\/\",\"url\":\"https:\\\/\\\/www.sopro.pt\\\/es\\\/cepillos\\\/\",\"name\":\"Cepillos - Sopro - Equipamentos el\u00e9tricos para cabeleireiro\",\"isPartOf\":{\"@id\":\"https:\\\/\\\/www.sopro.pt\\\/es\\\/#website\"},\"primaryImageOfPage\":{\"@id\":\"https:\\\/\\\/www.sopro.pt\\\/es\\\/cepillos\\\/#primaryimage\"},\"image\":{\"@id\":\"https:\\\/\\\/www.sopro.pt\\\/es\\\/cepillos\\\/#primaryimage\"},\"thumbnailUrl\":\"https:\\\/\\\/www.sopro.pt\\\/wp-content\\\/uploads\\\/2024\\\/01\\\/SOPRO-Veredito-Escovas-Micas-Hairstyle.jpeg\",\"datePublished\":\"2024-01-06T16:47:11+00:00\",\"dateModified\":\"2026-01-28T14:12:05+00:00\",\"description\":\"Ya sea para peinados elegantes o alisamientos \u200b\u200bimpecables, estos cepillos son imprescindibles para cualquier profesional de la belleza.\",\"breadcrumb\":{\"@id\":\"https:\\\/\\\/www.sopro.pt\\\/es\\\/cepillos\\\/#breadcrumb\"},\"inLanguage\":\"es\",\"potentialAction\":[{\"@type\":\"ReadAction\",\"target\":[\"https:\\\/\\\/www.sopro.pt\\\/es\\\/cepillos\\\/\"]}]},{\"@type\":\"ImageObject\",\"inLanguage\":\"es\",\"@id\":\"https:\\\/\\\/www.sopro.pt\\\/es\\\/cepillos\\\/#primaryimage\",\"url\":\"https:\\\/\\\/www.sopro.pt\\\/wp-content\\\/uploads\\\/2024\\\/01\\\/SOPRO-Veredito-Escovas-Micas-Hairstyle.jpeg\",\"contentUrl\":\"https:\\\/\\\/www.sopro.pt\\\/wp-content\\\/uploads\\\/2024\\\/01\\\/SOPRO-Veredito-Escovas-Micas-Hairstyle.jpeg\"},{\"@type\":\"BreadcrumbList\",\"@id\":\"https:\\\/\\\/www.sopro.pt\\\/es\\\/cepillos\\\/#breadcrumb\",\"itemListElement\":[{\"@type\":\"ListItem\",\"position\":1,\"name\":\"In\u00edcio\",\"item\":\"https:\\\/\\\/www.sopro.pt\\\/es\\\/home-2\\\/\"},{\"@type\":\"ListItem\",\"position\":2,\"name\":\"Cepillos\"}]},{\"@type\":\"WebSite\",\"@id\":\"https:\\\/\\\/www.sopro.pt\\\/es\\\/#website\",\"url\":\"https:\\\/\\\/www.sopro.pt\\\/es\\\/\",\"name\":\"Sopro Professionals\",\"description\":\"Professional - Equipamentos el\u00e9tricos para cabeleireiro. A Sopro \u00e9 uma marca Portuguesa de equipamentos el\u00e9tricos do setor profissional de cabeleireiro.\",\"publisher\":{\"@id\":\"https:\\\/\\\/www.sopro.pt\\\/es\\\/#organization\"},\"alternateName\":\"Sopro\",\"potentialAction\":[{\"@type\":\"SearchAction\",\"target\":{\"@type\":\"EntryPoint\",\"urlTemplate\":\"https:\\\/\\\/www.sopro.pt\\\/es\\\/?s={search_term_string}\"},\"query-input\":{\"@type\":\"PropertyValueSpecification\",\"valueRequired\":true,\"valueName\":\"search_term_string\"}}],\"inLanguage\":\"es\"},{\"@type\":\"Organization\",\"@id\":\"https:\\\/\\\/www.sopro.pt\\\/es\\\/#organization\",\"name\":\"Sopro Professionals\",\"url\":\"https:\\\/\\\/www.sopro.pt\\\/es\\\/\",\"logo\":{\"@type\":\"ImageObject\",\"inLanguage\":\"es\",\"@id\":\"https:\\\/\\\/www.sopro.pt\\\/es\\\/#\\\/schema\\\/logo\\\/image\\\/\",\"url\":\"https:\\\/\\\/www.sopro.pt\\\/wp-content\\\/uploads\\\/2024\\\/01\\\/SOPRO-PROFESSIONALS-FAVICON-web.svg\",\"contentUrl\":\"https:\\\/\\\/www.sopro.pt\\\/wp-content\\\/uploads\\\/2024\\\/01\\\/SOPRO-PROFESSIONALS-FAVICON-web.svg\",\"width\":512,\"height\":512,\"caption\":\"Sopro Professionals\"},\"image\":{\"@id\":\"https:\\\/\\\/www.sopro.pt\\\/es\\\/#\\\/schema\\\/logo\\\/image\\\/\"},\"sameAs\":[\"https:\\\/\\\/www.facebook.com\\\/soproprofessionals\\\/\",\"https:\\\/\\\/www.instagram.com\\\/sopro_professionals\\\/\"]}]}<\/script>\n<!-- \/ Yoast SEO plugin. -->","yoast_head_json":{"title":"Cepillos - Sopro - Equipamentos el\u00e9tricos para cabeleireiro","description":"Ya sea para peinados elegantes o alisamientos \u200b\u200bimpecables, estos cepillos son imprescindibles para cualquier profesional de la belleza.","robots":{"index":"index","follow":"follow","max-snippet":"max-snippet:-1","max-image-preview":"max-image-preview:large","max-video-preview":"max-video-preview:-1"},"canonical":"https:\/\/www.sopro.pt\/es\/cepillos\/","og_locale":"es_ES","og_type":"article","og_title":"Cepillos - Sopro - Equipamentos el\u00e9tricos para cabeleireiro","og_description":"Ya sea para peinados elegantes o alisamientos \u200b\u200bimpecables, estos cepillos son imprescindibles para cualquier profesional de la belleza.","og_url":"https:\/\/www.sopro.pt\/es\/cepillos\/","og_site_name":"Sopro - Equipamentos el\u00e9tricos para cabeleireiro","article_publisher":"https:\/\/www.facebook.com\/soproprofessionals\/","article_modified_time":"2026-01-28T14:12:05+00:00","og_image":[{"url":"https:\/\/www.sopro.pt\/wp-content\/uploads\/2024\/01\/SOPRO-Veredito-Escovas-Micas-Hairstyle.jpeg","type":"","width":"","height":""}],"twitter_card":"summary_large_image","twitter_misc":{"Tiempo de lectura":"2 minutos"},"schema":{"@context":"https:\/\/schema.org","@graph":[{"@type":"WebPage","@id":"https:\/\/www.sopro.pt\/es\/cepillos\/","url":"https:\/\/www.sopro.pt\/es\/cepillos\/","name":"Cepillos - Sopro - Equipamentos el\u00e9tricos para cabeleireiro","isPartOf":{"@id":"https:\/\/www.sopro.pt\/es\/#website"},"primaryImageOfPage":{"@id":"https:\/\/www.sopro.pt\/es\/cepillos\/#primaryimage"},"image":{"@id":"https:\/\/www.sopro.pt\/es\/cepillos\/#primaryimage"},"thumbnailUrl":"https:\/\/www.sopro.pt\/wp-content\/uploads\/2024\/01\/SOPRO-Veredito-Escovas-Micas-Hairstyle.jpeg","datePublished":"2024-01-06T16:47:11+00:00","dateModified":"2026-01-28T14:12:05+00:00","description":"Ya sea para peinados elegantes o alisamientos \u200b\u200bimpecables, estos cepillos son imprescindibles para cualquier profesional de la belleza.","breadcrumb":{"@id":"https:\/\/www.sopro.pt\/es\/cepillos\/#breadcrumb"},"inLanguage":"es","potentialAction":[{"@type":"ReadAction","target":["https:\/\/www.sopro.pt\/es\/cepillos\/"]}]},{"@type":"ImageObject","inLanguage":"es","@id":"https:\/\/www.sopro.pt\/es\/cepillos\/#primaryimage","url":"https:\/\/www.sopro.pt\/wp-content\/uploads\/2024\/01\/SOPRO-Veredito-Escovas-Micas-Hairstyle.jpeg","contentUrl":"https:\/\/www.sopro.pt\/wp-content\/uploads\/2024\/01\/SOPRO-Veredito-Escovas-Micas-Hairstyle.jpeg"},{"@type":"BreadcrumbList","@id":"https:\/\/www.sopro.pt\/es\/cepillos\/#breadcrumb","itemListElement":[{"@type":"ListItem","position":1,"name":"In\u00edcio","item":"https:\/\/www.sopro.pt\/es\/home-2\/"},{"@type":"ListItem","position":2,"name":"Cepillos"}]},{"@type":"WebSite","@id":"https:\/\/www.sopro.pt\/es\/#website","url":"https:\/\/www.sopro.pt\/es\/","name":"Sopro Professionals","description":"Professional - Equipamentos el\u00e9tricos para cabeleireiro. A Sopro \u00e9 uma marca Portuguesa de equipamentos el\u00e9tricos do setor profissional de cabeleireiro.","publisher":{"@id":"https:\/\/www.sopro.pt\/es\/#organization"},"alternateName":"Sopro","potentialAction":[{"@type":"SearchAction","target":{"@type":"EntryPoint","urlTemplate":"https:\/\/www.sopro.pt\/es\/?s={search_term_string}"},"query-input":{"@type":"PropertyValueSpecification","valueRequired":true,"valueName":"search_term_string"}}],"inLanguage":"es"},{"@type":"Organization","@id":"https:\/\/www.sopro.pt\/es\/#organization","name":"Sopro Professionals","url":"https:\/\/www.sopro.pt\/es\/","logo":{"@type":"ImageObject","inLanguage":"es","@id":"https:\/\/www.sopro.pt\/es\/#\/schema\/logo\/image\/","url":"https:\/\/www.sopro.pt\/wp-content\/uploads\/2024\/01\/SOPRO-PROFESSIONALS-FAVICON-web.svg","contentUrl":"https:\/\/www.sopro.pt\/wp-content\/uploads\/2024\/01\/SOPRO-PROFESSIONALS-FAVICON-web.svg","width":512,"height":512,"caption":"Sopro Professionals"},"image":{"@id":"https:\/\/www.sopro.pt\/es\/#\/schema\/logo\/image\/"},"sameAs":["https:\/\/www.facebook.com\/soproprofessionals\/","https:\/\/www.instagram.com\/sopro_professionals\/"]}]}},"_links":{"self":[{"href":"https:\/\/www.sopro.pt\/es\/wp-json\/wp\/v2\/pages\/10519","targetHints":{"allow":["GET"]}}],"collection":[{"href":"https:\/\/www.sopro.pt\/es\/wp-json\/wp\/v2\/pages"}],"about":[{"href":"https:\/\/www.sopro.pt\/es\/wp-json\/wp\/v2\/types\/page"}],"author":[{"embeddable":true,"href":"https:\/\/www.sopro.pt\/es\/wp-json\/wp\/v2\/users\/7"}],"replies":[{"embeddable":true,"href":"https:\/\/www.sopro.pt\/es\/wp-json\/wp\/v2\/comments?post=10519"}],"version-history":[{"count":7,"href":"https:\/\/www.sopro.pt\/es\/wp-json\/wp\/v2\/pages\/10519\/revisions"}],"predecessor-version":[{"id":12681,"href":"https:\/\/www.sopro.pt\/es\/wp-json\/wp\/v2\/pages\/10519\/revisions\/12681"}],"wp:attachment":[{"href":"https:\/\/www.sopro.pt\/es\/wp-json\/wp\/v2\/media?parent=10519"}],"curies":[{"name":"wp","href":"https:\/\/api.w.org\/{rel}","templated":true}]}}