{"id":10580,"date":"2021-06-16T14:02:31","date_gmt":"2021-06-16T14:02:31","guid":{"rendered":"https:\/\/www.sopro.pt\/alternative-dispute-resolution\/"},"modified":"2024-04-30T10:44:09","modified_gmt":"2024-04-30T10:44:09","slug":"alternative-dispute-resolution","status":"publish","type":"page","link":"https:\/\/www.sopro.pt\/en\/alternative-dispute-resolution\/","title":{"rendered":"Alternative Dispute Resolution"},"content":{"rendered":"\t\t<div data-elementor-type=\"wp-page\" data-elementor-id=\"10580\" class=\"elementor elementor-10580 elementor-3445\" data-elementor-post-type=\"page\">\n\t\t\t\t\t\t<section class=\"elementor-section elementor-top-section elementor-element elementor-element-93a2730 elementor-section-boxed elementor-section-height-default elementor-section-height-default\" data-id=\"93a2730\" data-element_type=\"section\" data-e-type=\"section\">\n\t\t\t\t\t\t<div class=\"elementor-container elementor-column-gap-default\">\n\t\t\t\t\t<div class=\"elementor-column elementor-col-100 elementor-top-column elementor-element elementor-element-16224bb0\" data-id=\"16224bb0\" data-element_type=\"column\" data-e-type=\"column\">\n\t\t\t<div class=\"elementor-widget-wrap elementor-element-populated\">\n\t\t\t\t\t\t<div class=\"elementor-element elementor-element-5329f093 elementor-widget elementor-widget-text-editor\" data-id=\"5329f093\" data-element_type=\"widget\" data-e-type=\"widget\" data-widget_type=\"text-editor.default\">\n\t\t\t\t<div class=\"elementor-widget-container\">\n\t\t\t\t\t\t\t\t\t<p>In the event of a dispute, the consumer can turn to an Alternative Dispute Resolution Body.<\/p>\n<p>List of Alternative Dispute Resolution Bodies<br \/>(under Law no. 144\/2015, of September 8)<\/p>\n<p><b>ARBITRATION CENTERS OF GENERAL JURISDICTION<\/b><\/p>\n<p>National Center for Consumer Conflict Information and Arbitration<br \/>Acting throughout the national territory, in areas not covered by another arbitration center with regional jurisdiction<br \/>Contacts CNIACC &#8211; National Center for Consumer Conflict Information and Arbitration<br \/>Nova University Law School<br \/>Campolide Campus<br \/>1099-032 Lisbon<br \/>Tel: 213 847 484<br \/>E-mail: cniacc@fd.unl.pt<br \/>Web: www.arbitragemdeconsumo.org<\/p>\n<p><b>Algarve Consumer Conflict Information, Measurement and Arbitration Center<\/b><br \/>Geographical area covered: Contracts concluded in the District of Faro.<br \/>Contacts CIMAAL &#8211; Algarve Consumer Conflict Information, Mediation and Arbitration Center<br \/>Edif\u00edcio Ninho de Empresas, Estrada da Penha, 8005-131 Faro<br \/>Tel: 289 823 135<br \/>E-mail: apoio@consumidoronline.pt; cimaal@mail.telepac.pt<br \/>Web: www.consumidoronline.pt<\/p>\n<p><b>Consumer Conflict Arbitration Center of the District of Coimbra<\/b><br \/>Geographical area covered: Contracts signed in the municipalities of Arganil, Cantanhede, Coimbra, Condeixa-a-Nova, Figueira da Foz, G\u00f3is, Lous\u00e3, Mira, Miranda do Corvo, Montemor-o-Velho, Oliveira do Hospital, Penacova, Penela, Soure, T\u00e1bua, Vila Nova de Poiares.<br \/>Contacts Postal address:<br \/>Av. Fern\u00e3o Magalh\u00e3es, n.\u00ba 240, 1\u00ba &#8211; 3000-172 COIMBRA<br \/>Tel.: 239 821 690<br \/>E-mail: geral@centrodearbitragemdecoimbra.com<br \/>Web: www.centrodearbitragemdecoimbra.com<\/p>\n<p><b>Lisbon Consumer Conflict Arbitration Center<\/b><br \/>Geographical area covered: Contracts signed in the Lisbon Metropolitan Area, Alcochete, Almada, Amadora, Azambuja, Barreiro, Cascais, Lisboa, Loures, Mafra, Moita, Montijo, Odivelas, Oeiras, Palmela, Seixal, Sesimbra, Set\u00fabal, Sintra and Vila Franca de Xira.<br \/>Contacts Postal address: Rua dos Douradores, 116, 2\u00ba &#8211; 1100-207 LISBOA<br \/>Tel: 218 807 030<br \/>E-mail: juridico@centroarbitragemlisboa.pt \/ director@centroarbitragemlisboa.pt<br \/>Web: www.centroarbitragemlisboa.pt<\/p>\n<p><b>Porto Consumer Information and Arbitration Center<\/b><br \/>Geographical area covered: Contracts signed in the Metropolitan Area of Porto, Arouca, Espinho, Gondomar, Maia, Matosinhos, Oliveira de Azem\u00e9is, Porto, P\u00f3voa de Varzim, Santa Maria da Feira, Santo Tirso, S\u00e3o Jo\u00e3o da Madeira, Trofa, Vale de Cambra, Valongo, Vila do Conde and Vila Nova de Gaia.<br \/>Contacts Postal address: Rua Dami\u00e3o de G\u00f3is, 31 &#8211; Loja 6 &#8211; 4050-225 Porto<br \/>Tel: 225 508 349<br \/>E-mail: cicap@mail.telepac.pt<br \/>web: www.cicap.pt<\/p>\n<p><b>Consumer Information, Mediation and Arbitration Center (Consumer Arbitration Court)<\/b><br \/>Geographical area covered: Contracts signed in the municipalities of Amares, Arcos de Valdevez, Barcelos, Braga, Caminha, Esposende, Melga\u00e7o, Mon\u00e7\u00e3o, Montalegre, Paredes de Coura, Ponte da Barca, P\u00f3voa do Lanhoso, Terras do Bouro, Valen\u00e7a, Viana do Castelo, Vila Nova de Cerveira, Vieira do Minho, Vila Verde.<br \/>Contact BRAGA:<br \/>Rua D Afonso Henriques, n\u00ba 1 (Ed Junta de Freguesia da S\u00e9) 4700 &#8211; 030 BRAGA<br \/>Tel: 253 617 604<br \/>E-mail: geral@ciab.pt<br \/>VIANA DO CASTELO<br \/>Av Rocha Paris, n\u00ba 103 (Edif\u00edcio Vila Rosa) 4900 &#8211; 394 VIANA DO CASTELO<br \/>Tel: 258 809 335<br \/>E-mail: ciab.viana@cm-viana-castelo.pt<br \/>Web: www.ciab.pt<\/p>\n<p><b>Madeira Consumer Conflict Arbitration Center<\/b><br \/>Geographical area of coverage Contracts signed in the Autonomous Region of Madeira.<br \/>Contacts Postal address: Rua Direita n\u00ba. 27 &#8211; 1\u00ba andar &#8211; 9050-405 Funchal<br \/>Tel.: 291 215 070<br \/>E-mail: centroarbitragem.srias@madeira.gov.pt<br \/>Web:%C3%<\/p>\n<p><b>Centro de Arbitragem de Conflitos de Consumo do Vale do Ave \/ Arbitration Court<\/b><br \/>Geographical area covered: Contracts signed in the municipalities of Cabeceiras de Basto, Fafe, Felgueiras, Guimar\u00e3es, P\u00f3voa de Lanhoso, P\u00f3voa de Varzim, Santo Tirso, Trofa, Vila do Conde, Vila Nova de Famalic\u00e3o, Vizela, Vieira do Minho and Vizela.<br \/>Contacts Postal address: Rua Capit\u00e3o Alfredo Guimar\u00e3es, n.\u00ba 1, 4800-019, Guimar\u00e3es  <br \/>Tel.: 253 422 410  <br \/>E-mail: triave@gmail.com  <br \/>Web: www.triave.pt<\/p>\n<p>More information on the Consumer Portal <u><br \/>\n  <b>www.consumidor.pt<\/b><br \/>\n<\/u><\/p>\n\t\t\t\t\t\t\t\t<\/div>\n\t\t\t\t<\/div>\n\t\t\t\t\t<\/div>\n\t\t<\/div>\n\t\t\t\t\t<\/div>\n\t\t<\/section>\n\t\t\t\t<\/div>\n\t\t","protected":false},"excerpt":{"rendered":"<p>In the event of a dispute, the consumer can turn to an Alternative Dispute Resolution Body. List of Alternative Dispute Resolution Bodies(under Law no. 144\/2015, of September 8) ARBITRATION CENTERS OF GENERAL JURISDICTION National Center for Consumer Conflict Information and ArbitrationActing throughout the national territory, in areas not covered by another arbitration center with regional [&hellip;]<\/p>\n","protected":false},"author":1,"featured_media":0,"parent":0,"menu_order":0,"comment_status":"closed","ping_status":"closed","template":"","meta":{"footnotes":""},"class_list":["post-10580","page","type-page","status-publish","hentry"],"yoast_head":"<!-- This site is optimized with the Yoast SEO plugin v27.3 - https:\/\/yoast.com\/product\/yoast-seo-wordpress\/ -->\n<title>Alternative Dispute Resolution - Sopro - Equipamentos el\u00e9tricos para cabeleireiro<\/title>\n<meta name=\"description\" content=\"Professional - Equipamentos el\u00e9tricos para cabeleireiro. A Sopro \u00e9 uma marca Portuguesa de equipamentos el\u00e9tricos do setor profissional de cabeleireiro.\" \/>\n<meta name=\"robots\" content=\"index, follow, max-snippet:-1, max-image-preview:large, max-video-preview:-1\" \/>\n<link rel=\"canonical\" href=\"https:\/\/www.sopro.pt\/en\/alternative-dispute-resolution\/\" \/>\n<meta property=\"og:locale\" content=\"en_US\" \/>\n<meta property=\"og:type\" content=\"article\" \/>\n<meta property=\"og:title\" content=\"Alternative Dispute Resolution - Sopro - Equipamentos el\u00e9tricos para cabeleireiro\" \/>\n<meta property=\"og:description\" content=\"Professional - Equipamentos el\u00e9tricos para cabeleireiro. A Sopro \u00e9 uma marca Portuguesa de equipamentos el\u00e9tricos do setor profissional de cabeleireiro.\" \/>\n<meta property=\"og:url\" content=\"https:\/\/www.sopro.pt\/en\/alternative-dispute-resolution\/\" \/>\n<meta property=\"og:site_name\" content=\"Sopro - Equipamentos el\u00e9tricos para cabeleireiro\" \/>\n<meta property=\"article:publisher\" content=\"https:\/\/www.facebook.com\/soproprofessionals\/\" \/>\n<meta property=\"article:modified_time\" content=\"2024-04-30T10:44:09+00:00\" \/>\n<meta name=\"twitter:card\" content=\"summary_large_image\" \/>\n<meta name=\"twitter:label1\" content=\"Est. reading time\" \/>\n\t<meta name=\"twitter:data1\" content=\"3 minutes\" \/>\n<script type=\"application\/ld+json\" class=\"yoast-schema-graph\">{\"@context\":\"https:\\\/\\\/schema.org\",\"@graph\":[{\"@type\":\"WebPage\",\"@id\":\"https:\\\/\\\/www.sopro.pt\\\/en\\\/alternative-dispute-resolution\\\/\",\"url\":\"https:\\\/\\\/www.sopro.pt\\\/en\\\/alternative-dispute-resolution\\\/\",\"name\":\"Alternative Dispute Resolution - Sopro - Equipamentos el\u00e9tricos para cabeleireiro\",\"isPartOf\":{\"@id\":\"https:\\\/\\\/www.sopro.pt\\\/en\\\/#website\"},\"datePublished\":\"2021-06-16T14:02:31+00:00\",\"dateModified\":\"2024-04-30T10:44:09+00:00\",\"description\":\"Professional - Equipamentos el\u00e9tricos para cabeleireiro. A Sopro \u00e9 uma marca Portuguesa de equipamentos el\u00e9tricos do setor profissional de cabeleireiro.\",\"breadcrumb\":{\"@id\":\"https:\\\/\\\/www.sopro.pt\\\/en\\\/alternative-dispute-resolution\\\/#breadcrumb\"},\"inLanguage\":\"en-US\",\"potentialAction\":[{\"@type\":\"ReadAction\",\"target\":[\"https:\\\/\\\/www.sopro.pt\\\/en\\\/alternative-dispute-resolution\\\/\"]}]},{\"@type\":\"BreadcrumbList\",\"@id\":\"https:\\\/\\\/www.sopro.pt\\\/en\\\/alternative-dispute-resolution\\\/#breadcrumb\",\"itemListElement\":[{\"@type\":\"ListItem\",\"position\":1,\"name\":\"In\u00edcio\",\"item\":\"https:\\\/\\\/www.sopro.pt\\\/en\\\/home-2\\\/\"},{\"@type\":\"ListItem\",\"position\":2,\"name\":\"Alternative Dispute Resolution\"}]},{\"@type\":\"WebSite\",\"@id\":\"https:\\\/\\\/www.sopro.pt\\\/en\\\/#website\",\"url\":\"https:\\\/\\\/www.sopro.pt\\\/en\\\/\",\"name\":\"Sopro Professionals\",\"description\":\"Professional - Equipamentos el\u00e9tricos para cabeleireiro. A Sopro \u00e9 uma marca Portuguesa de equipamentos el\u00e9tricos do setor profissional de cabeleireiro.\",\"publisher\":{\"@id\":\"https:\\\/\\\/www.sopro.pt\\\/en\\\/#organization\"},\"alternateName\":\"Sopro\",\"potentialAction\":[{\"@type\":\"SearchAction\",\"target\":{\"@type\":\"EntryPoint\",\"urlTemplate\":\"https:\\\/\\\/www.sopro.pt\\\/en\\\/?s={search_term_string}\"},\"query-input\":{\"@type\":\"PropertyValueSpecification\",\"valueRequired\":true,\"valueName\":\"search_term_string\"}}],\"inLanguage\":\"en-US\"},{\"@type\":\"Organization\",\"@id\":\"https:\\\/\\\/www.sopro.pt\\\/en\\\/#organization\",\"name\":\"Sopro Professionals\",\"url\":\"https:\\\/\\\/www.sopro.pt\\\/en\\\/\",\"logo\":{\"@type\":\"ImageObject\",\"inLanguage\":\"en-US\",\"@id\":\"https:\\\/\\\/www.sopro.pt\\\/en\\\/#\\\/schema\\\/logo\\\/image\\\/\",\"url\":\"https:\\\/\\\/www.sopro.pt\\\/wp-content\\\/uploads\\\/2024\\\/01\\\/SOPRO-PROFESSIONALS-FAVICON-web.svg\",\"contentUrl\":\"https:\\\/\\\/www.sopro.pt\\\/wp-content\\\/uploads\\\/2024\\\/01\\\/SOPRO-PROFESSIONALS-FAVICON-web.svg\",\"width\":512,\"height\":512,\"caption\":\"Sopro Professionals\"},\"image\":{\"@id\":\"https:\\\/\\\/www.sopro.pt\\\/en\\\/#\\\/schema\\\/logo\\\/image\\\/\"},\"sameAs\":[\"https:\\\/\\\/www.facebook.com\\\/soproprofessionals\\\/\",\"https:\\\/\\\/www.instagram.com\\\/sopro_professionals\\\/\"]}]}<\/script>\n<!-- \/ Yoast SEO plugin. -->","yoast_head_json":{"title":"Alternative Dispute Resolution - Sopro - Equipamentos el\u00e9tricos para cabeleireiro","description":"Professional - Equipamentos el\u00e9tricos para cabeleireiro. A Sopro \u00e9 uma marca Portuguesa de equipamentos el\u00e9tricos do setor profissional de cabeleireiro.","robots":{"index":"index","follow":"follow","max-snippet":"max-snippet:-1","max-image-preview":"max-image-preview:large","max-video-preview":"max-video-preview:-1"},"canonical":"https:\/\/www.sopro.pt\/en\/alternative-dispute-resolution\/","og_locale":"en_US","og_type":"article","og_title":"Alternative Dispute Resolution - Sopro - Equipamentos el\u00e9tricos para cabeleireiro","og_description":"Professional - Equipamentos el\u00e9tricos para cabeleireiro. A Sopro \u00e9 uma marca Portuguesa de equipamentos el\u00e9tricos do setor profissional de cabeleireiro.","og_url":"https:\/\/www.sopro.pt\/en\/alternative-dispute-resolution\/","og_site_name":"Sopro - Equipamentos el\u00e9tricos para cabeleireiro","article_publisher":"https:\/\/www.facebook.com\/soproprofessionals\/","article_modified_time":"2024-04-30T10:44:09+00:00","twitter_card":"summary_large_image","twitter_misc":{"Est. reading time":"3 minutes"},"schema":{"@context":"https:\/\/schema.org","@graph":[{"@type":"WebPage","@id":"https:\/\/www.sopro.pt\/en\/alternative-dispute-resolution\/","url":"https:\/\/www.sopro.pt\/en\/alternative-dispute-resolution\/","name":"Alternative Dispute Resolution - Sopro - Equipamentos el\u00e9tricos para cabeleireiro","isPartOf":{"@id":"https:\/\/www.sopro.pt\/en\/#website"},"datePublished":"2021-06-16T14:02:31+00:00","dateModified":"2024-04-30T10:44:09+00:00","description":"Professional - Equipamentos el\u00e9tricos para cabeleireiro. A Sopro \u00e9 uma marca Portuguesa de equipamentos el\u00e9tricos do setor profissional de cabeleireiro.","breadcrumb":{"@id":"https:\/\/www.sopro.pt\/en\/alternative-dispute-resolution\/#breadcrumb"},"inLanguage":"en-US","potentialAction":[{"@type":"ReadAction","target":["https:\/\/www.sopro.pt\/en\/alternative-dispute-resolution\/"]}]},{"@type":"BreadcrumbList","@id":"https:\/\/www.sopro.pt\/en\/alternative-dispute-resolution\/#breadcrumb","itemListElement":[{"@type":"ListItem","position":1,"name":"In\u00edcio","item":"https:\/\/www.sopro.pt\/en\/home-2\/"},{"@type":"ListItem","position":2,"name":"Alternative Dispute Resolution"}]},{"@type":"WebSite","@id":"https:\/\/www.sopro.pt\/en\/#website","url":"https:\/\/www.sopro.pt\/en\/","name":"Sopro Professionals","description":"Professional - Equipamentos el\u00e9tricos para cabeleireiro. A Sopro \u00e9 uma marca Portuguesa de equipamentos el\u00e9tricos do setor profissional de cabeleireiro.","publisher":{"@id":"https:\/\/www.sopro.pt\/en\/#organization"},"alternateName":"Sopro","potentialAction":[{"@type":"SearchAction","target":{"@type":"EntryPoint","urlTemplate":"https:\/\/www.sopro.pt\/en\/?s={search_term_string}"},"query-input":{"@type":"PropertyValueSpecification","valueRequired":true,"valueName":"search_term_string"}}],"inLanguage":"en-US"},{"@type":"Organization","@id":"https:\/\/www.sopro.pt\/en\/#organization","name":"Sopro Professionals","url":"https:\/\/www.sopro.pt\/en\/","logo":{"@type":"ImageObject","inLanguage":"en-US","@id":"https:\/\/www.sopro.pt\/en\/#\/schema\/logo\/image\/","url":"https:\/\/www.sopro.pt\/wp-content\/uploads\/2024\/01\/SOPRO-PROFESSIONALS-FAVICON-web.svg","contentUrl":"https:\/\/www.sopro.pt\/wp-content\/uploads\/2024\/01\/SOPRO-PROFESSIONALS-FAVICON-web.svg","width":512,"height":512,"caption":"Sopro Professionals"},"image":{"@id":"https:\/\/www.sopro.pt\/en\/#\/schema\/logo\/image\/"},"sameAs":["https:\/\/www.facebook.com\/soproprofessionals\/","https:\/\/www.instagram.com\/sopro_professionals\/"]}]}},"_links":{"self":[{"href":"https:\/\/www.sopro.pt\/en\/wp-json\/wp\/v2\/pages\/10580","targetHints":{"allow":["GET"]}}],"collection":[{"href":"https:\/\/www.sopro.pt\/en\/wp-json\/wp\/v2\/pages"}],"about":[{"href":"https:\/\/www.sopro.pt\/en\/wp-json\/wp\/v2\/types\/page"}],"author":[{"embeddable":true,"href":"https:\/\/www.sopro.pt\/en\/wp-json\/wp\/v2\/users\/1"}],"replies":[{"embeddable":true,"href":"https:\/\/www.sopro.pt\/en\/wp-json\/wp\/v2\/comments?post=10580"}],"version-history":[{"count":3,"href":"https:\/\/www.sopro.pt\/en\/wp-json\/wp\/v2\/pages\/10580\/revisions"}],"predecessor-version":[{"id":10609,"href":"https:\/\/www.sopro.pt\/en\/wp-json\/wp\/v2\/pages\/10580\/revisions\/10609"}],"wp:attachment":[{"href":"https:\/\/www.sopro.pt\/en\/wp-json\/wp\/v2\/media?parent=10580"}],"curies":[{"name":"wp","href":"https:\/\/api.w.org\/{rel}","templated":true}]}}