{"id":10542,"date":"2024-01-06T16:47:18","date_gmt":"2024-01-06T16:47:18","guid":{"rendered":"https:\/\/www.sopro.pt\/curlers\/"},"modified":"2025-01-09T12:25:38","modified_gmt":"2025-01-09T12:25:38","slug":"curlers","status":"publish","type":"page","link":"https:\/\/www.sopro.pt\/en\/curlers\/","title":{"rendered":"Curlers"},"content":{"rendered":"\t\t<div data-elementor-type=\"wp-page\" data-elementor-id=\"10542\" class=\"elementor elementor-10542 elementor-8764\" data-elementor-post-type=\"page\">\n\t\t\t\t\t\t<section class=\"elementor-section elementor-top-section elementor-element elementor-element-7a9ad91 elementor-section-boxed elementor-section-height-default elementor-section-height-default\" data-id=\"7a9ad91\" data-element_type=\"section\" data-e-type=\"section\">\n\t\t\t\t\t\t<div class=\"elementor-container elementor-column-gap-default\">\n\t\t\t\t\t<div class=\"elementor-column elementor-col-100 elementor-top-column elementor-element elementor-element-f85173b\" data-id=\"f85173b\" data-element_type=\"column\" data-e-type=\"column\">\n\t\t\t<div class=\"elementor-widget-wrap elementor-element-populated\">\n\t\t\t\t\t\t<section class=\"elementor-section elementor-inner-section elementor-element elementor-element-f1aa784 elementor-reverse-tablet elementor-reverse-mobile elementor-section-boxed elementor-section-height-default elementor-section-height-default\" data-id=\"f1aa784\" data-element_type=\"section\" data-e-type=\"section\">\n\t\t\t\t\t\t<div class=\"elementor-container elementor-column-gap-default\">\n\t\t\t\t\t<div class=\"elementor-column elementor-col-50 elementor-inner-column elementor-element elementor-element-1f8008d\" data-id=\"1f8008d\" data-element_type=\"column\" data-e-type=\"column\">\n\t\t\t<div class=\"elementor-widget-wrap elementor-element-populated\">\n\t\t\t\t\t\t<div class=\"elementor-element elementor-element-b3af130 elementor-widget elementor-widget-text-editor\" data-id=\"b3af130\" data-element_type=\"widget\" data-e-type=\"widget\" data-widget_type=\"text-editor.default\">\n\t\t\t\t<div class=\"elementor-widget-container\">\n\t\t\t\t\t\t\t\t\t<p style=\"letter-spacing: normal;\">Our 25 mm, 32 mm professional curlers are ideal for creating perfect long lasting hairstyles. Made with high-quality materials, they guarantee a uniform heat distribution, resulting in soft, defined curls. <\/p>\n<p style=\"letter-spacing: normal;\">In addition, this technology offers precise temperature control, adapting to different hair types. For professional hairdressers or enthusiasts for exceptional results, our curlers are the ideal choice. <\/p>\n\t\t\t\t\t\t\t\t<\/div>\n\t\t\t\t<\/div>\n\t\t\t\t\t<\/div>\n\t\t<\/div>\n\t\t\t\t<div class=\"elementor-column elementor-col-50 elementor-inner-column elementor-element elementor-element-e4722d6\" data-id=\"e4722d6\" data-element_type=\"column\" data-e-type=\"column\">\n\t\t\t<div class=\"elementor-widget-wrap\">\n\t\t\t\t\t\t\t<\/div>\n\t\t<\/div>\n\t\t\t\t\t<\/div>\n\t\t<\/section>\n\t\t\t\t\t<\/div>\n\t\t<\/div>\n\t\t\t\t\t<\/div>\n\t\t<\/section>\n\t\t\t\t<section class=\"elementor-section elementor-top-section elementor-element elementor-element-493c97c3 elementor-section-boxed elementor-section-height-default elementor-section-height-default\" data-id=\"493c97c3\" data-element_type=\"section\" data-e-type=\"section\">\n\t\t\t\t\t\t<div class=\"elementor-container elementor-column-gap-default\">\n\t\t\t\t\t<div class=\"elementor-column elementor-col-100 elementor-top-column elementor-element elementor-element-1a980e32\" data-id=\"1a980e32\" data-element_type=\"column\" data-e-type=\"column\">\n\t\t\t<div class=\"elementor-widget-wrap elementor-element-populated\">\n\t\t\t\t\t\t<div class=\"elementor-element elementor-element-248f81e2 elementor-grid-3 elementor-product-loop-item--align-left elementor-grid-mobile-1 elementor-grid-tablet-3 elementor-products-grid elementor-wc-products elementor-widget elementor-widget-woocommerce-products\" data-id=\"248f81e2\" data-element_type=\"widget\" data-e-type=\"widget\" data-widget_type=\"woocommerce-products.default\">\n\t\t\t\t<div class=\"elementor-widget-container\">\n\t\t\t\t\t<div class=\"woocommerce columns-3 \"><ul class=\"products elementor-grid columns-3\">\n<li class=\"wpzoom-wc-spi-has-enabled product type-product post-10794 status-publish first instock product_cat-all-categories product_cat-curlers product_cat-cabeleireiro-en has-post-thumbnail shipping-taxable purchasable product-type-simple\">\n\t<a href=\"https:\/\/www.sopro.pt\/en\/produto\/curling-wand-32-mm\/\" class=\"woocommerce-LoopProduct-link woocommerce-loop-product__link\"><img fetchpriority=\"high\" decoding=\"async\" width=\"300\" height=\"300\" src=\"https:\/\/www.sopro.pt\/wp-content\/uploads\/2023\/06\/SOPRO-MODELADOR-25-600x600-1-300x300.png\" class=\"attachment-woocommerce_thumbnail size-woocommerce_thumbnail\" alt=\"Modelador de Cabelo Sopro Professionals\" srcset=\"https:\/\/www.sopro.pt\/wp-content\/uploads\/2023\/06\/SOPRO-MODELADOR-25-600x600-1-300x300.png 300w, https:\/\/www.sopro.pt\/wp-content\/uploads\/2023\/06\/SOPRO-MODELADOR-25-600x600-1-100x100.png 100w, https:\/\/www.sopro.pt\/wp-content\/uploads\/2023\/06\/SOPRO-MODELADOR-25-600x600-1.png 600w\" sizes=\"(max-width: 300px) 100vw, 300px\" \/><div class=\"wpzoom-secondary-image-container\"><img decoding=\"async\" width=\"300\" height=\"300\" src=\"https:\/\/www.sopro.pt\/wp-content\/uploads\/2023\/06\/Sopro-modeladores-curlhair-300x300.jpg\" class=\"attachment-woocommerce_thumbnail wpzoom-wc-spi-secondary-img wpzoom-wc-spi-transition\" alt=\"Modeladores de Cabelo - Sopro Professionals\" srcset=\"https:\/\/www.sopro.pt\/wp-content\/uploads\/2023\/06\/Sopro-modeladores-curlhair-300x300.jpg 300w, https:\/\/www.sopro.pt\/wp-content\/uploads\/2023\/06\/Sopro-modeladores-curlhair-100x100.jpg 100w, https:\/\/www.sopro.pt\/wp-content\/uploads\/2023\/06\/Sopro-modeladores-curlhair-600x600.jpg 600w, https:\/\/www.sopro.pt\/wp-content\/uploads\/2023\/06\/Sopro-modeladores-curlhair.jpg 1080w\" sizes=\"(max-width: 300px) 100vw, 300px\" \/><\/div><h2 class=\"woocommerce-loop-product__title\">CURLING WAND (32 MM)<\/h2>\n\t<span class=\"price\"><span class=\"woocommerce-Price-amount amount\"><bdi>89.00&nbsp;<span class=\"woocommerce-Price-currencySymbol\">&euro;<\/span><\/bdi><\/span><\/span>\n<\/a><div class=\"woocommerce-loop-product__buttons\"><a href=\"\/en\/wp-json\/wp\/v2\/pages\/10542?add-to-cart=10794\" aria-describedby=\"woocommerce_loop_add_to_cart_link_describedby_10794\" data-quantity=\"1\" class=\"button product_type_simple add_to_cart_button ajax_add_to_cart\" data-product_id=\"10794\" data-product_sku=\"PB514\" aria-label=\"Add to cart: &ldquo;CURLING WAND (32 MM)&rdquo;\" rel=\"nofollow\" data-success_message=\"&ldquo;CURLING WAND (32 MM)&rdquo; has been added to your cart\" role=\"button\">Add to cart<\/a><\/div>\t<span id=\"woocommerce_loop_add_to_cart_link_describedby_10794\" class=\"screen-reader-text\">\n\t\t\t<\/span>\n<span class=\"gtm4wp_productdata\" style=\"display:none; visibility:hidden;\" data-gtm4wp_product_data=\"{&quot;internal_id&quot;:10794,&quot;item_id&quot;:10794,&quot;item_name&quot;:&quot;CURLING WAND (32 MM)&quot;,&quot;sku&quot;:&quot;PB514&quot;,&quot;price&quot;:89,&quot;stocklevel&quot;:null,&quot;stockstatus&quot;:&quot;instock&quot;,&quot;google_business_vertical&quot;:&quot;retail&quot;,&quot;item_category&quot;:&quot;All Categories&quot;,&quot;id&quot;:10794,&quot;productlink&quot;:&quot;https:\\\/\\\/www.sopro.pt\\\/en\\\/produto\\\/curling-wand-32-mm\\\/&quot;,&quot;item_list_name&quot;:&quot;General Product List&quot;,&quot;index&quot;:1,&quot;product_type&quot;:&quot;simple&quot;,&quot;item_brand&quot;:&quot;&quot;}\"><\/span><\/li>\n<li class=\"wpzoom-wc-spi-has-enabled product type-product post-10796 status-publish instock product_cat-all-categories product_cat-curlers product_cat-cabeleireiro-en has-post-thumbnail shipping-taxable purchasable product-type-simple\">\n\t<a href=\"https:\/\/www.sopro.pt\/en\/produto\/curling-wand-25-mm\/\" class=\"woocommerce-LoopProduct-link woocommerce-loop-product__link\"><img fetchpriority=\"high\" decoding=\"async\" width=\"300\" height=\"300\" src=\"https:\/\/www.sopro.pt\/wp-content\/uploads\/2023\/06\/SOPRO-MODELADOR-25-600x600-1-300x300.png\" class=\"attachment-woocommerce_thumbnail size-woocommerce_thumbnail\" alt=\"Modelador de Cabelo Sopro Professionals\" srcset=\"https:\/\/www.sopro.pt\/wp-content\/uploads\/2023\/06\/SOPRO-MODELADOR-25-600x600-1-300x300.png 300w, https:\/\/www.sopro.pt\/wp-content\/uploads\/2023\/06\/SOPRO-MODELADOR-25-600x600-1-100x100.png 100w, https:\/\/www.sopro.pt\/wp-content\/uploads\/2023\/06\/SOPRO-MODELADOR-25-600x600-1.png 600w\" sizes=\"(max-width: 300px) 100vw, 300px\" \/><div class=\"wpzoom-secondary-image-container\"><img decoding=\"async\" width=\"300\" height=\"300\" src=\"https:\/\/www.sopro.pt\/wp-content\/uploads\/2023\/06\/Sopro-modeladores-curlhair-300x300.jpg\" class=\"attachment-woocommerce_thumbnail wpzoom-wc-spi-secondary-img wpzoom-wc-spi-transition\" alt=\"Modeladores de Cabelo - Sopro Professionals\" srcset=\"https:\/\/www.sopro.pt\/wp-content\/uploads\/2023\/06\/Sopro-modeladores-curlhair-300x300.jpg 300w, https:\/\/www.sopro.pt\/wp-content\/uploads\/2023\/06\/Sopro-modeladores-curlhair-100x100.jpg 100w, https:\/\/www.sopro.pt\/wp-content\/uploads\/2023\/06\/Sopro-modeladores-curlhair-600x600.jpg 600w, https:\/\/www.sopro.pt\/wp-content\/uploads\/2023\/06\/Sopro-modeladores-curlhair.jpg 1080w\" sizes=\"(max-width: 300px) 100vw, 300px\" \/><\/div><h2 class=\"woocommerce-loop-product__title\">CURLING WAND (25 MM)<\/h2>\n\t<span class=\"price\"><span class=\"woocommerce-Price-amount amount\"><bdi>85.00&nbsp;<span class=\"woocommerce-Price-currencySymbol\">&euro;<\/span><\/bdi><\/span><\/span>\n<\/a><div class=\"woocommerce-loop-product__buttons\"><a href=\"\/en\/wp-json\/wp\/v2\/pages\/10542?add-to-cart=10796\" aria-describedby=\"woocommerce_loop_add_to_cart_link_describedby_10796\" data-quantity=\"1\" class=\"button product_type_simple add_to_cart_button ajax_add_to_cart\" data-product_id=\"10796\" data-product_sku=\"PB513\" aria-label=\"Add to cart: &ldquo;CURLING WAND (25 MM)&rdquo;\" rel=\"nofollow\" data-success_message=\"&ldquo;CURLING WAND (25 MM)&rdquo; has been added to your cart\" role=\"button\">Add to cart<\/a><\/div>\t<span id=\"woocommerce_loop_add_to_cart_link_describedby_10796\" class=\"screen-reader-text\">\n\t\t\t<\/span>\n<span class=\"gtm4wp_productdata\" style=\"display:none; visibility:hidden;\" data-gtm4wp_product_data=\"{&quot;internal_id&quot;:10796,&quot;item_id&quot;:10796,&quot;item_name&quot;:&quot;CURLING WAND (25 MM)&quot;,&quot;sku&quot;:&quot;PB513&quot;,&quot;price&quot;:85,&quot;stocklevel&quot;:null,&quot;stockstatus&quot;:&quot;instock&quot;,&quot;google_business_vertical&quot;:&quot;retail&quot;,&quot;item_category&quot;:&quot;All Categories&quot;,&quot;id&quot;:10796,&quot;productlink&quot;:&quot;https:\\\/\\\/www.sopro.pt\\\/en\\\/produto\\\/curling-wand-25-mm\\\/&quot;,&quot;item_list_name&quot;:&quot;General Product List&quot;,&quot;index&quot;:2,&quot;product_type&quot;:&quot;simple&quot;,&quot;item_brand&quot;:&quot;&quot;}\"><\/span><\/li>\n<\/ul>\n<\/div>\t\t\t\t<\/div>\n\t\t\t\t<\/div>\n\t\t\t\t\t<\/div>\n\t\t<\/div>\n\t\t\t\t\t<\/div>\n\t\t<\/section>\n\t\t\t\t<\/div>\n\t\t","protected":false},"excerpt":{"rendered":"<p>Our 25 mm, 32 mm professional curlers are ideal for creating perfect long lasting hairstyles. Made with high-quality materials, they guarantee a uniform heat distribution, resulting in soft, defined curls. In addition, this technology offers precise temperature control, adapting to different hair types. For professional hairdressers or enthusiasts for exceptional results, our curlers are the [&hellip;]<\/p>\n","protected":false},"author":7,"featured_media":0,"parent":0,"menu_order":0,"comment_status":"closed","ping_status":"closed","template":"","meta":{"footnotes":""},"class_list":["post-10542","page","type-page","status-publish","hentry"],"yoast_head":"<!-- This site is optimized with the Yoast SEO plugin v27.3 - https:\/\/yoast.com\/product\/yoast-seo-wordpress\/ -->\n<title>Curlers - Sopro - Equipamentos el\u00e9tricos para cabeleireiro<\/title>\n<meta name=\"description\" content=\"Our professional curling wands in 25 mm and 32 mm sizes are ideal for creating perfect and long-lasting curls.\" \/>\n<meta name=\"robots\" content=\"index, follow, max-snippet:-1, max-image-preview:large, max-video-preview:-1\" \/>\n<link rel=\"canonical\" href=\"https:\/\/www.sopro.pt\/en\/curlers\/\" \/>\n<meta property=\"og:locale\" content=\"en_US\" \/>\n<meta property=\"og:type\" content=\"article\" \/>\n<meta property=\"og:title\" content=\"Curlers - Sopro - Equipamentos el\u00e9tricos para cabeleireiro\" \/>\n<meta property=\"og:description\" content=\"Our professional curling wands in 25 mm and 32 mm sizes are ideal for creating perfect and long-lasting curls.\" \/>\n<meta property=\"og:url\" content=\"https:\/\/www.sopro.pt\/en\/curlers\/\" \/>\n<meta property=\"og:site_name\" content=\"Sopro - Equipamentos el\u00e9tricos para cabeleireiro\" \/>\n<meta property=\"article:publisher\" content=\"https:\/\/www.facebook.com\/soproprofessionals\/\" \/>\n<meta property=\"article:modified_time\" content=\"2025-01-09T12:25:38+00:00\" \/>\n<meta name=\"twitter:card\" content=\"summary_large_image\" \/>\n<script type=\"application\/ld+json\" class=\"yoast-schema-graph\">{\"@context\":\"https:\\\/\\\/schema.org\",\"@graph\":[{\"@type\":\"WebPage\",\"@id\":\"https:\\\/\\\/www.sopro.pt\\\/en\\\/curlers\\\/\",\"url\":\"https:\\\/\\\/www.sopro.pt\\\/en\\\/curlers\\\/\",\"name\":\"Curlers - Sopro - Equipamentos el\u00e9tricos para cabeleireiro\",\"isPartOf\":{\"@id\":\"https:\\\/\\\/www.sopro.pt\\\/en\\\/#website\"},\"datePublished\":\"2024-01-06T16:47:18+00:00\",\"dateModified\":\"2025-01-09T12:25:38+00:00\",\"description\":\"Our professional curling wands in 25 mm and 32 mm sizes are ideal for creating perfect and long-lasting curls.\",\"breadcrumb\":{\"@id\":\"https:\\\/\\\/www.sopro.pt\\\/en\\\/curlers\\\/#breadcrumb\"},\"inLanguage\":\"en-US\",\"potentialAction\":[{\"@type\":\"ReadAction\",\"target\":[\"https:\\\/\\\/www.sopro.pt\\\/en\\\/curlers\\\/\"]}]},{\"@type\":\"BreadcrumbList\",\"@id\":\"https:\\\/\\\/www.sopro.pt\\\/en\\\/curlers\\\/#breadcrumb\",\"itemListElement\":[{\"@type\":\"ListItem\",\"position\":1,\"name\":\"In\u00edcio\",\"item\":\"https:\\\/\\\/www.sopro.pt\\\/en\\\/home-2\\\/\"},{\"@type\":\"ListItem\",\"position\":2,\"name\":\"Curlers\"}]},{\"@type\":\"WebSite\",\"@id\":\"https:\\\/\\\/www.sopro.pt\\\/en\\\/#website\",\"url\":\"https:\\\/\\\/www.sopro.pt\\\/en\\\/\",\"name\":\"Sopro Professionals\",\"description\":\"Professional - Equipamentos el\u00e9tricos para cabeleireiro. A Sopro \u00e9 uma marca Portuguesa de equipamentos el\u00e9tricos do setor profissional de cabeleireiro.\",\"publisher\":{\"@id\":\"https:\\\/\\\/www.sopro.pt\\\/en\\\/#organization\"},\"alternateName\":\"Sopro\",\"potentialAction\":[{\"@type\":\"SearchAction\",\"target\":{\"@type\":\"EntryPoint\",\"urlTemplate\":\"https:\\\/\\\/www.sopro.pt\\\/en\\\/?s={search_term_string}\"},\"query-input\":{\"@type\":\"PropertyValueSpecification\",\"valueRequired\":true,\"valueName\":\"search_term_string\"}}],\"inLanguage\":\"en-US\"},{\"@type\":\"Organization\",\"@id\":\"https:\\\/\\\/www.sopro.pt\\\/en\\\/#organization\",\"name\":\"Sopro Professionals\",\"url\":\"https:\\\/\\\/www.sopro.pt\\\/en\\\/\",\"logo\":{\"@type\":\"ImageObject\",\"inLanguage\":\"en-US\",\"@id\":\"https:\\\/\\\/www.sopro.pt\\\/en\\\/#\\\/schema\\\/logo\\\/image\\\/\",\"url\":\"https:\\\/\\\/www.sopro.pt\\\/wp-content\\\/uploads\\\/2024\\\/01\\\/SOPRO-PROFESSIONALS-FAVICON-web.svg\",\"contentUrl\":\"https:\\\/\\\/www.sopro.pt\\\/wp-content\\\/uploads\\\/2024\\\/01\\\/SOPRO-PROFESSIONALS-FAVICON-web.svg\",\"width\":512,\"height\":512,\"caption\":\"Sopro Professionals\"},\"image\":{\"@id\":\"https:\\\/\\\/www.sopro.pt\\\/en\\\/#\\\/schema\\\/logo\\\/image\\\/\"},\"sameAs\":[\"https:\\\/\\\/www.facebook.com\\\/soproprofessionals\\\/\",\"https:\\\/\\\/www.instagram.com\\\/sopro_professionals\\\/\"]}]}<\/script>\n<!-- \/ Yoast SEO plugin. -->","yoast_head_json":{"title":"Curlers - Sopro - Equipamentos el\u00e9tricos para cabeleireiro","description":"Our professional curling wands in 25 mm and 32 mm sizes are ideal for creating perfect and long-lasting curls.","robots":{"index":"index","follow":"follow","max-snippet":"max-snippet:-1","max-image-preview":"max-image-preview:large","max-video-preview":"max-video-preview:-1"},"canonical":"https:\/\/www.sopro.pt\/en\/curlers\/","og_locale":"en_US","og_type":"article","og_title":"Curlers - Sopro - Equipamentos el\u00e9tricos para cabeleireiro","og_description":"Our professional curling wands in 25 mm and 32 mm sizes are ideal for creating perfect and long-lasting curls.","og_url":"https:\/\/www.sopro.pt\/en\/curlers\/","og_site_name":"Sopro - Equipamentos el\u00e9tricos para cabeleireiro","article_publisher":"https:\/\/www.facebook.com\/soproprofessionals\/","article_modified_time":"2025-01-09T12:25:38+00:00","twitter_card":"summary_large_image","schema":{"@context":"https:\/\/schema.org","@graph":[{"@type":"WebPage","@id":"https:\/\/www.sopro.pt\/en\/curlers\/","url":"https:\/\/www.sopro.pt\/en\/curlers\/","name":"Curlers - Sopro - Equipamentos el\u00e9tricos para cabeleireiro","isPartOf":{"@id":"https:\/\/www.sopro.pt\/en\/#website"},"datePublished":"2024-01-06T16:47:18+00:00","dateModified":"2025-01-09T12:25:38+00:00","description":"Our professional curling wands in 25 mm and 32 mm sizes are ideal for creating perfect and long-lasting curls.","breadcrumb":{"@id":"https:\/\/www.sopro.pt\/en\/curlers\/#breadcrumb"},"inLanguage":"en-US","potentialAction":[{"@type":"ReadAction","target":["https:\/\/www.sopro.pt\/en\/curlers\/"]}]},{"@type":"BreadcrumbList","@id":"https:\/\/www.sopro.pt\/en\/curlers\/#breadcrumb","itemListElement":[{"@type":"ListItem","position":1,"name":"In\u00edcio","item":"https:\/\/www.sopro.pt\/en\/home-2\/"},{"@type":"ListItem","position":2,"name":"Curlers"}]},{"@type":"WebSite","@id":"https:\/\/www.sopro.pt\/en\/#website","url":"https:\/\/www.sopro.pt\/en\/","name":"Sopro Professionals","description":"Professional - Equipamentos el\u00e9tricos para cabeleireiro. A Sopro \u00e9 uma marca Portuguesa de equipamentos el\u00e9tricos do setor profissional de cabeleireiro.","publisher":{"@id":"https:\/\/www.sopro.pt\/en\/#organization"},"alternateName":"Sopro","potentialAction":[{"@type":"SearchAction","target":{"@type":"EntryPoint","urlTemplate":"https:\/\/www.sopro.pt\/en\/?s={search_term_string}"},"query-input":{"@type":"PropertyValueSpecification","valueRequired":true,"valueName":"search_term_string"}}],"inLanguage":"en-US"},{"@type":"Organization","@id":"https:\/\/www.sopro.pt\/en\/#organization","name":"Sopro Professionals","url":"https:\/\/www.sopro.pt\/en\/","logo":{"@type":"ImageObject","inLanguage":"en-US","@id":"https:\/\/www.sopro.pt\/en\/#\/schema\/logo\/image\/","url":"https:\/\/www.sopro.pt\/wp-content\/uploads\/2024\/01\/SOPRO-PROFESSIONALS-FAVICON-web.svg","contentUrl":"https:\/\/www.sopro.pt\/wp-content\/uploads\/2024\/01\/SOPRO-PROFESSIONALS-FAVICON-web.svg","width":512,"height":512,"caption":"Sopro Professionals"},"image":{"@id":"https:\/\/www.sopro.pt\/en\/#\/schema\/logo\/image\/"},"sameAs":["https:\/\/www.facebook.com\/soproprofessionals\/","https:\/\/www.instagram.com\/sopro_professionals\/"]}]}},"_links":{"self":[{"href":"https:\/\/www.sopro.pt\/en\/wp-json\/wp\/v2\/pages\/10542","targetHints":{"allow":["GET"]}}],"collection":[{"href":"https:\/\/www.sopro.pt\/en\/wp-json\/wp\/v2\/pages"}],"about":[{"href":"https:\/\/www.sopro.pt\/en\/wp-json\/wp\/v2\/types\/page"}],"author":[{"embeddable":true,"href":"https:\/\/www.sopro.pt\/en\/wp-json\/wp\/v2\/users\/7"}],"replies":[{"embeddable":true,"href":"https:\/\/www.sopro.pt\/en\/wp-json\/wp\/v2\/comments?post=10542"}],"version-history":[{"count":5,"href":"https:\/\/www.sopro.pt\/en\/wp-json\/wp\/v2\/pages\/10542\/revisions"}],"predecessor-version":[{"id":11882,"href":"https:\/\/www.sopro.pt\/en\/wp-json\/wp\/v2\/pages\/10542\/revisions\/11882"}],"wp:attachment":[{"href":"https:\/\/www.sopro.pt\/en\/wp-json\/wp\/v2\/media?parent=10542"}],"curies":[{"name":"wp","href":"https:\/\/api.w.org\/{rel}","templated":true}]}}